{"id":1368,"date":"2018-05-02T22:17:06","date_gmt":"2018-05-02T20:17:06","guid":{"rendered":"https:\/\/jamonesibericosmadrid.com\/?page_id=1368"},"modified":"2021-12-01T20:06:33","modified_gmt":"2021-12-01T19:06:33","slug":"online-store","status":"publish","type":"page","link":"https:\/\/jamonesibericosmadrid.com\/en\/","title":{"rendered":"Online store"},"content":{"rendered":"<p><div class=\"fusion-fullwidth fullwidth-box fusion-builder-row-1 fusion-parallax-none hundred-percent-fullwidth non-hundred-percent-height-scrolling lazyload\" style=\"--awb-border-radius-top-left:0px;--awb-border-radius-top-right:0px;--awb-border-radius-bottom-right:0px;--awb-border-radius-bottom-left:0px;--awb-padding-top:20%;--awb-padding-bottom:18%;--awb-margin-top:0px;--awb-margin-bottom:0px;--awb-background-color:rgba(255,255,255,0);--awb-background-size:cover;--awb-flex-wrap:wrap;\" data-bg=\"https:\/\/jamonesibericosmadrid.com\/wp-content\/uploads\/2018\/04\/jamones-ibericos-madrid-slider-1-1.jpg\" ><div class=\"fusion-builder-row fusion-row\"><div class=\"fusion-layout-column fusion_builder_column fusion-builder-column-0 fusion_builder_column_1_1 1_1 fusion-one-full fusion-column-first fusion-column-last\" style=\"--awb-bg-size:cover;\"><div class=\"fusion-column-wrapper fusion-flex-column-wrapper-legacy\"><div class=\"fusion-clearfix\"><\/div><\/div><\/div><\/div><\/div><div class=\"fusion-fullwidth fullwidth-box fusion-builder-row-2 nonhundred-percent-fullwidth non-hundred-percent-height-scrolling\" style=\"--awb-border-radius-top-left:0px;--awb-border-radius-top-right:0px;--awb-border-radius-bottom-right:0px;--awb-border-radius-bottom-left:0px;--awb-margin-top:20px;--awb-flex-wrap:wrap;\" ><div class=\"fusion-builder-row fusion-row\"><div class=\"fusion-layout-column fusion_builder_column fusion-builder-column-1 fusion_builder_column_1_1 1_1 fusion-one-full fusion-column-first fusion-column-last\" style=\"--awb-bg-size:cover;\"><div class=\"fusion-column-wrapper fusion-flex-column-wrapper-legacy\"><div class=\"fusion-tabs fusion-tabs-1 clean nav-is-justified pestanas horizontal-tabs icon-position-left mobile-mode-accordion\" style=\"--awb-title-border-radius-top-left:0px;--awb-title-border-radius-top-right:0px;--awb-title-border-radius-bottom-right:0px;--awb-title-border-radius-bottom-left:0px;--awb-inactive-color:#9a8d78;--awb-background-color:#2c292a;--awb-border-color:#9a8d78;--awb-active-border-color:#966b58;\"><div class=\"nav\"><ul class=\"nav-tabs nav-justified\" role=\"tablist\"><li class=\"active\" role=\"presentation\"><a class=\"tab-link\" data-toggle=\"tab\" role=\"tab\" aria-controls=\"tab-f7241ff4e2974e15632\" aria-selected=\"true\" id=\"fusion-tab-slicedhams\" href=\"#tab-f7241ff4e2974e15632\"><h4 class=\"fusion-tab-heading\">SLICED HAMS<\/h4><\/a><\/li><li role=\"presentation\"><a class=\"tab-link\" data-toggle=\"tab\" role=\"tab\" aria-controls=\"tab-183fe7f67a5bd101b3c\" aria-selected=\"false\" tabindex=\"-1\" id=\"fusion-tab-wholehams\" href=\"#tab-183fe7f67a5bd101b3c\"><h4 class=\"fusion-tab-heading\">WHOLE HAMS<\/h4><\/a><\/li><li role=\"presentation\"><a class=\"tab-link\" data-toggle=\"tab\" role=\"tab\" aria-controls=\"tab-71328282aefae0635ec\" aria-selected=\"false\" tabindex=\"-1\" id=\"fusion-tab-slicedshoulder\" href=\"#tab-71328282aefae0635ec\"><h4 class=\"fusion-tab-heading\">SLICED SHOULDER<\/h4><\/a><\/li><li role=\"presentation\"><a class=\"tab-link\" data-toggle=\"tab\" role=\"tab\" aria-controls=\"tab-996a2814be15619851d\" aria-selected=\"false\" tabindex=\"-1\" id=\"fusion-tab-wholeshoulder\" href=\"#tab-996a2814be15619851d\"><h4 class=\"fusion-tab-heading\">WHOLE SHOULDER<\/h4><\/a><\/li><li role=\"presentation\"><a class=\"tab-link\" data-toggle=\"tab\" role=\"tab\" aria-controls=\"tab-2a405f524e285686653\" aria-selected=\"false\" tabindex=\"-1\" id=\"fusion-tab-coldmeat\" href=\"#tab-2a405f524e285686653\"><h4 class=\"fusion-tab-heading\">COLD MEAT<\/h4><\/a><\/li><li role=\"presentation\"><a class=\"tab-link\" data-toggle=\"tab\" role=\"tab\" aria-controls=\"tab-ae81e2c1c69808aaca4\" aria-selected=\"false\" tabindex=\"-1\" id=\"fusion-tab-cheeses\" href=\"#tab-ae81e2c1c69808aaca4\"><h4 class=\"fusion-tab-heading\">CHEESES<\/h4><\/a><\/li><li role=\"presentation\"><a class=\"tab-link\" data-toggle=\"tab\" role=\"tab\" aria-controls=\"tab-5d6d5106fdf556183da\" aria-selected=\"false\" tabindex=\"-1\" id=\"fusion-tab-wines\" href=\"#tab-5d6d5106fdf556183da\"><h4 class=\"fusion-tab-heading\">WINES<\/h4><\/a><\/li><li role=\"presentation\"><a class=\"tab-link\" data-toggle=\"tab\" role=\"tab\" aria-controls=\"tab-6dcdf1c4d4eb8c73e63\" aria-selected=\"false\" tabindex=\"-1\" id=\"fusion-tab-champagnes\" href=\"#tab-6dcdf1c4d4eb8c73e63\"><h4 class=\"fusion-tab-heading\">CHAMPAGNES<\/h4><\/a><\/li><li role=\"presentation\"><a class=\"tab-link\" data-toggle=\"tab\" role=\"tab\" aria-controls=\"tab-1accb42e19b0c566232\" aria-selected=\"false\" tabindex=\"-1\" id=\"fusion-tab-oils\" href=\"#tab-1accb42e19b0c566232\"><h4 class=\"fusion-tab-heading\">OILS<\/h4><\/a><\/li><\/ul><\/div><div class=\"tab-content\"><div class=\"nav fusion-mobile-tab-nav\"><ul class=\"nav-tabs nav-justified\" role=\"tablist\"><li class=\"active\" role=\"presentation\"><a class=\"tab-link\" data-toggle=\"tab\" role=\"tab\" aria-controls=\"tab-f7241ff4e2974e15632\" aria-selected=\"true\" id=\"mobile-fusion-tab-slicedhams\" href=\"#tab-f7241ff4e2974e15632\"><h4 class=\"fusion-tab-heading\">SLICED HAMS<\/h4><\/a><\/li><\/ul><\/div><div class=\"tab-pane fade fusion-clearfix in active\" role=\"tabpanel\" tabindex=\"0\" aria-labelledby=\"fusion-tab-slicedhams\" id=\"tab-f7241ff4e2974e15632\">\n<p style=\"text-align: center;\">All sliced packs on our website \u201cL\u00f3pez Pascual 1.919\u201d are sliced with a knife exclusively at the time of receiving your order. It is delicately presented in thin slices and immediately vacuum packed to preserve its incredible aromatic richness. It is then identified by mentioning its origin, maturing and best-before date. The maximum and necessary precision: each package contains the best of L\u00f3pez Pascual and must be an intense flavor experience. True craftsmanship.<\/p>\n<div class=\"woocommerce columns-3 \"><ul class=\"products clearfix products-3\">\n<li class=\"tm-no-options product type-product post-7899 status-publish first instock product_cat-ham-hand-sliced product_cat-iberian-hams has-post-thumbnail taxable shipping-taxable purchasable product-type-variable product-grid-view\">\n\t<div class=\"fusion-product-wrapper\">\n\n<div class=\"fusion-clean-product-image-wrapper \">\n\t<div  class=\"fusion-image-wrapper fusion-image-size-fixed\" aria-haspopup=\"true\">\n\t\t\t\t<img decoding=\"async\" width=\"500\" height=\"500\" src=\"https:\/\/jamonesibericosmadrid.com\/wp-content\/uploads\/2018\/02\/jamon-1-castano-det1-1.png\" class=\"attachment-woocommerce_thumbnail size-woocommerce_thumbnail lazyload wp-post-image\" alt=\"Pure Iberian ham Vintage 2020 hand carved\" srcset=\"data:image\/svg+xml,%3Csvg%20xmlns%3D%27http%3A%2F%2Fwww.w3.org%2F2000%2Fsvg%27%20width%3D%27850%27%20height%3D%27850%27%20viewBox%3D%270%200%20850%20850%27%3E%3Crect%20width%3D%27850%27%20height%3D%27850%27%20fill-opacity%3D%220%22%2F%3E%3C%2Fsvg%3E\" data-orig-src=\"https:\/\/jamonesibericosmadrid.com\/wp-content\/uploads\/2018\/02\/jamon-1-castano-det1-1.png\" data-srcset=\"https:\/\/jamonesibericosmadrid.com\/wp-content\/uploads\/2018\/02\/jamon-1-castano-det1-1-100x100.png 100w, https:\/\/jamonesibericosmadrid.com\/wp-content\/uploads\/2018\/02\/jamon-1-castano-det1-1.png 850w\" data-sizes=\"auto\" \/><div class=\"fusion-rollover\">\n\t<div class=\"fusion-rollover-content\">\n\n\t\t\t\t\n\t\t\n\t\t\t\t\t\t\t\t\n\t\t\t\t\t\t\t\t\n\t\t\n\t\t\t\t\t\t\t\t\t\t\t\t\t\t\t\n\t\t\t\t\t\t\n\t\t\t\t\t\t\t\t\t\t<div class=\"fusion-product-buttons\">\n\t\t\t\t\t<a href=\"https:\/\/jamonesibericosmadrid.com\/en\/producto\/jamon-de-guijuelo-pureza-hand-carved\/\" aria-describedby=\"woocommerce_loop_add_to_cart_link_describedby_7899\" data-quantity=\"1\" class=\"button product_type_variable add_to_cart_button\" data-product_id=\"7899\" data-product_sku=\"\" aria-label=\"Select options for &ldquo;Jam\u00f3n Ib\u00e9rico de bellota Vintage 2018&rdquo;\" rel=\"nofollow\">Select options<\/a>\t<span id=\"woocommerce_loop_add_to_cart_link_describedby_7899\" class=\"screen-reader-text\">\n\t\tThis product has multiple variants. The options may be chosen on the product page\t<\/span>\n<span class=\"fusion-rollover-linebreak\">\n\t\/<\/span>\n\n<a href=\"https:\/\/jamonesibericosmadrid.com\/en\/producto\/jamon-de-guijuelo-pureza-hand-carved\/\" class=\"show_details_button\">\n\tDetails<\/a>\n\n\t\t\t\t<\/div>\n\t\t\t\t\t\t\t\t\t<a class=\"fusion-link-wrapper\" href=\"https:\/\/jamonesibericosmadrid.com\/en\/producto\/jamon-de-guijuelo-pureza-hand-carved\/\" aria-label=\"Jam\u00f3n Ib\u00e9rico de bellota Vintage 2018\"><\/a>\n\t<\/div>\n<\/div>\n<\/div>\n<\/div>\n<div class=\"fusion-product-content\">\n\t<div class=\"product-details\">\n\t\t<div class=\"product-details-container\">\n<h3 class=\"product-title\">\n\t<a href=\"https:\/\/jamonesibericosmadrid.com\/en\/producto\/jamon-de-guijuelo-pureza-hand-carved\/\">\n\t\tJam\u00f3n Ib\u00e9rico de bellota Vintage 2018\t<\/a>\n<\/h3>\n<div class=\"fusion-price-rating\">\n\n\t<span class=\"price\"><span class=\"woocommerce-Price-amount amount\" aria-hidden=\"true\"><bdi>26,00<span class=\"woocommerce-Price-currencySymbol\">&euro;<\/span><\/bdi><\/span> <span aria-hidden=\"true\">&ndash;<\/span> <span class=\"woocommerce-Price-amount amount\" aria-hidden=\"true\"><bdi>260,00<span class=\"woocommerce-Price-currencySymbol\">&euro;<\/span><\/bdi><\/span><span class=\"screen-reader-text\">Price range: 26,00&euro; through 260,00&euro;<\/span> <small><\/small><\/span>\n\t\t<\/div>\n\t<\/div>\n<\/div>\n\n\t<\/div> \n\n\n<\/div>\n<\/li>\n<li class=\"product type-product post-7450 status-publish instock product_cat-ham-hand-sliced product_cat-iberian-hams has-post-thumbnail taxable shipping-taxable purchasable product-type-variable product-grid-view\">\n\t<div class=\"fusion-product-wrapper\">\n\n<div class=\"fusion-clean-product-image-wrapper \">\n\t<div  class=\"fusion-image-wrapper fusion-image-size-fixed\" aria-haspopup=\"true\">\n\t\t\t\t<img decoding=\"async\" width=\"500\" height=\"500\" src=\"https:\/\/jamonesibericosmadrid.com\/wp-content\/uploads\/2018\/02\/jamon-1-castano-det1-1.png\" class=\"attachment-woocommerce_thumbnail size-woocommerce_thumbnail lazyload wp-post-image\" alt=\"Pure Iberian ham Vintage 2020 hand carved\" srcset=\"data:image\/svg+xml,%3Csvg%20xmlns%3D%27http%3A%2F%2Fwww.w3.org%2F2000%2Fsvg%27%20width%3D%27850%27%20height%3D%27850%27%20viewBox%3D%270%200%20850%20850%27%3E%3Crect%20width%3D%27850%27%20height%3D%27850%27%20fill-opacity%3D%220%22%2F%3E%3C%2Fsvg%3E\" data-orig-src=\"https:\/\/jamonesibericosmadrid.com\/wp-content\/uploads\/2018\/02\/jamon-1-castano-det1-1.png\" data-srcset=\"https:\/\/jamonesibericosmadrid.com\/wp-content\/uploads\/2018\/02\/jamon-1-castano-det1-1-100x100.png 100w, https:\/\/jamonesibericosmadrid.com\/wp-content\/uploads\/2018\/02\/jamon-1-castano-det1-1.png 850w\" data-sizes=\"auto\" \/><div class=\"fusion-rollover\">\n\t<div class=\"fusion-rollover-content\">\n\n\t\t\t\t\n\t\t\n\t\t\t\t\t\t\t\t\n\t\t\t\t\t\t\t\t\n\t\t\n\t\t\t\t\t\t\t\t\t\t\t\t\t\t\t\n\t\t\t\t\t\t\n\t\t\t\t\t\t\t\t\t\t<div class=\"fusion-product-buttons\">\n\t\t\t\t\t<a href=\"https:\/\/jamonesibericosmadrid.com\/en\/producto\/jamon-joselito-gran-reserva-2020\/\" aria-describedby=\"woocommerce_loop_add_to_cart_link_describedby_7450\" data-quantity=\"1\" class=\"button product_type_variable add_to_cart_button\" data-product_id=\"7450\" data-product_sku=\"\" aria-label=\"Select options for &ldquo;Jam\u00f3n Joselito Gran Reserva 2020&rdquo;\" rel=\"nofollow\">Select options<\/a>\t<span id=\"woocommerce_loop_add_to_cart_link_describedby_7450\" class=\"screen-reader-text\">\n\t\tThis product has multiple variants. The options may be chosen on the product page\t<\/span>\n<span class=\"fusion-rollover-linebreak\">\n\t\/<\/span>\n\n<a href=\"https:\/\/jamonesibericosmadrid.com\/en\/producto\/jamon-joselito-gran-reserva-2020\/\" class=\"show_details_button\">\n\tDetails<\/a>\n\n\t\t\t\t<\/div>\n\t\t\t\t\t\t\t\t\t<a class=\"fusion-link-wrapper\" href=\"https:\/\/jamonesibericosmadrid.com\/en\/producto\/jamon-joselito-gran-reserva-2020\/\" aria-label=\"Jam\u00f3n Joselito Gran Reserva 2020\"><\/a>\n\t<\/div>\n<\/div>\n<\/div>\n<\/div>\n<div class=\"fusion-product-content\">\n\t<div class=\"product-details\">\n\t\t<div class=\"product-details-container\">\n<h3 class=\"product-title\">\n\t<a href=\"https:\/\/jamonesibericosmadrid.com\/en\/producto\/jamon-joselito-gran-reserva-2020\/\">\n\t\tJam\u00f3n Joselito Gran Reserva 2020\t<\/a>\n<\/h3>\n<div class=\"fusion-price-rating\">\n\n\t<span class=\"price\"><span class=\"woocommerce-Price-amount amount\" aria-hidden=\"true\"><bdi>24,00<span class=\"woocommerce-Price-currencySymbol\">&euro;<\/span><\/bdi><\/span> <span aria-hidden=\"true\">&ndash;<\/span> <span class=\"woocommerce-Price-amount amount\" aria-hidden=\"true\"><bdi>230,00<span class=\"woocommerce-Price-currencySymbol\">&euro;<\/span><\/bdi><\/span><span class=\"screen-reader-text\">Price range: 24,00&euro; through 230,00&euro;<\/span> <small><\/small><\/span>\n\t\t<\/div>\n\t<\/div>\n<\/div>\n\n\t<\/div> \n\n\n<\/div>\n<\/li>\n<li class=\"product type-product post-4910 status-publish last instock product_cat-ham-hand-sliced product_cat-iberian-hams has-post-thumbnail taxable shipping-taxable purchasable product-type-variable product-grid-view\">\n\t<div class=\"fusion-product-wrapper\">\n\n<div class=\"fusion-clean-product-image-wrapper \">\n\t<div  class=\"fusion-image-wrapper fusion-image-size-fixed\" aria-haspopup=\"true\">\n\t\t\t\t<img decoding=\"async\" width=\"500\" height=\"500\" src=\"https:\/\/jamonesibericosmadrid.com\/wp-content\/uploads\/2021\/03\/detalle-castano-1-500x500.jpg\" class=\"attachment-woocommerce_thumbnail size-woocommerce_thumbnail lazyload wp-post-image\" alt=\"Jam\u00f3n de bellota 100% ib\u00e9rico 3 a\u00f1os\" srcset=\"data:image\/svg+xml,%3Csvg%20xmlns%3D%27http%3A%2F%2Fwww.w3.org%2F2000%2Fsvg%27%20width%3D%27850%27%20height%3D%27850%27%20viewBox%3D%270%200%20850%20850%27%3E%3Crect%20width%3D%27850%27%20height%3D%27850%27%20fill-opacity%3D%220%22%2F%3E%3C%2Fsvg%3E\" data-orig-src=\"https:\/\/jamonesibericosmadrid.com\/wp-content\/uploads\/2021\/03\/detalle-castano-1-500x500.jpg\" data-srcset=\"https:\/\/jamonesibericosmadrid.com\/wp-content\/uploads\/2021\/03\/detalle-castano-1-66x66.jpg 66w, https:\/\/jamonesibericosmadrid.com\/wp-content\/uploads\/2021\/03\/detalle-castano-1-100x100.jpg 100w, https:\/\/jamonesibericosmadrid.com\/wp-content\/uploads\/2021\/03\/detalle-castano-1-150x150.jpg 150w, https:\/\/jamonesibericosmadrid.com\/wp-content\/uploads\/2021\/03\/detalle-castano-1-200x200.jpg 200w, https:\/\/jamonesibericosmadrid.com\/wp-content\/uploads\/2021\/03\/detalle-castano-1-300x300.jpg 300w, https:\/\/jamonesibericosmadrid.com\/wp-content\/uploads\/2021\/03\/detalle-castano-1-400x400.jpg 400w, https:\/\/jamonesibericosmadrid.com\/wp-content\/uploads\/2021\/03\/detalle-castano-1-500x500.jpg 500w, https:\/\/jamonesibericosmadrid.com\/wp-content\/uploads\/2021\/03\/detalle-castano-1-600x600.jpg 600w, https:\/\/jamonesibericosmadrid.com\/wp-content\/uploads\/2021\/03\/detalle-castano-1-700x700.jpg 700w, https:\/\/jamonesibericosmadrid.com\/wp-content\/uploads\/2021\/03\/detalle-castano-1-768x768.jpg 768w, https:\/\/jamonesibericosmadrid.com\/wp-content\/uploads\/2021\/03\/detalle-castano-1-800x800.jpg 800w, https:\/\/jamonesibericosmadrid.com\/wp-content\/uploads\/2021\/03\/detalle-castano-1.jpg 850w\" data-sizes=\"auto\" \/><div class=\"fusion-rollover\">\n\t<div class=\"fusion-rollover-content\">\n\n\t\t\t\t\n\t\t\n\t\t\t\t\t\t\t\t\n\t\t\t\t\t\t\t\t\n\t\t\n\t\t\t\t\t\t\t\t\t\t\t\t\t\t\t\n\t\t\t\t\t\t\n\t\t\t\t\t\t\t\t\t\t<div class=\"fusion-product-buttons\">\n\t\t\t\t\t<a href=\"https:\/\/jamonesibericosmadrid.com\/en\/producto\/3-years-old-acorn-fed-pure-iberian-ham-hand-sliced\/\" aria-describedby=\"woocommerce_loop_add_to_cart_link_describedby_4910\" data-quantity=\"1\" class=\"button product_type_variable add_to_cart_button\" data-product_id=\"4910\" data-product_sku=\"\" aria-label=\"Select options for &ldquo;3 years old acorn-fed pure Iberian ham hand sliced&rdquo;\" rel=\"nofollow\">Select options<\/a>\t<span id=\"woocommerce_loop_add_to_cart_link_describedby_4910\" class=\"screen-reader-text\">\n\t\tThis product has multiple variants. The options may be chosen on the product page\t<\/span>\n<span class=\"fusion-rollover-linebreak\">\n\t\/<\/span>\n\n<a href=\"https:\/\/jamonesibericosmadrid.com\/en\/producto\/3-years-old-acorn-fed-pure-iberian-ham-hand-sliced\/\" class=\"show_details_button\">\n\tDetails<\/a>\n\n\t\t\t\t<\/div>\n\t\t\t\t\t\t\t\t\t<a class=\"fusion-link-wrapper\" href=\"https:\/\/jamonesibericosmadrid.com\/en\/producto\/3-years-old-acorn-fed-pure-iberian-ham-hand-sliced\/\" aria-label=\"3 years old acorn-fed pure Iberian ham hand sliced\"><\/a>\n\t<\/div>\n<\/div>\n<\/div>\n<\/div>\n<div class=\"fusion-product-content\">\n\t<div class=\"product-details\">\n\t\t<div class=\"product-details-container\">\n<h3 class=\"product-title\">\n\t<a href=\"https:\/\/jamonesibericosmadrid.com\/en\/producto\/3-years-old-acorn-fed-pure-iberian-ham-hand-sliced\/\">\n\t\t3 years old acorn-fed pure Iberian ham hand sliced\t<\/a>\n<\/h3>\n<div class=\"fusion-price-rating\">\n\n\t<span class=\"price\"><span class=\"woocommerce-Price-amount amount\" aria-hidden=\"true\"><bdi>17,00<span class=\"woocommerce-Price-currencySymbol\">&euro;<\/span><\/bdi><\/span> <span aria-hidden=\"true\">&ndash;<\/span> <span class=\"woocommerce-Price-amount amount\" aria-hidden=\"true\"><bdi>170,00<span class=\"woocommerce-Price-currencySymbol\">&euro;<\/span><\/bdi><\/span><span class=\"screen-reader-text\">Price range: 17,00&euro; through 170,00&euro;<\/span> <small><\/small><\/span>\n\t\t<\/div>\n\t<\/div>\n<\/div>\n\n\t<\/div> \n\n\n<\/div>\n<\/li>\n<li class=\"product type-product post-4649 status-publish first instock product_cat-ham-hand-sliced product_cat-iberian-hams has-post-thumbnail taxable shipping-taxable purchasable product-type-variable product-grid-view\">\n\t<div class=\"fusion-product-wrapper\">\n\n<div class=\"fusion-clean-product-image-wrapper \">\n\t<div  class=\"fusion-image-wrapper fusion-image-size-fixed\" aria-haspopup=\"true\">\n\t\t\t\t<img decoding=\"async\" width=\"500\" height=\"500\" src=\"https:\/\/jamonesibericosmadrid.com\/wp-content\/uploads\/2021\/02\/Jamon-5-jotas-1-500x500.png\" class=\"attachment-woocommerce_thumbnail size-woocommerce_thumbnail lazyload wp-post-image\" alt=\"5 Jotas acorn-fed Iberian ham hand sliced\" srcset=\"data:image\/svg+xml,%3Csvg%20xmlns%3D%27http%3A%2F%2Fwww.w3.org%2F2000%2Fsvg%27%20width%3D%27850%27%20height%3D%27850%27%20viewBox%3D%270%200%20850%20850%27%3E%3Crect%20width%3D%27850%27%20height%3D%27850%27%20fill-opacity%3D%220%22%2F%3E%3C%2Fsvg%3E\" data-orig-src=\"https:\/\/jamonesibericosmadrid.com\/wp-content\/uploads\/2021\/02\/Jamon-5-jotas-1-500x500.png\" data-srcset=\"https:\/\/jamonesibericosmadrid.com\/wp-content\/uploads\/2021\/02\/Jamon-5-jotas-1-66x66.png 66w, https:\/\/jamonesibericosmadrid.com\/wp-content\/uploads\/2021\/02\/Jamon-5-jotas-1-100x100.png 100w, https:\/\/jamonesibericosmadrid.com\/wp-content\/uploads\/2021\/02\/Jamon-5-jotas-1-150x150.png 150w, https:\/\/jamonesibericosmadrid.com\/wp-content\/uploads\/2021\/02\/Jamon-5-jotas-1-200x200.png 200w, https:\/\/jamonesibericosmadrid.com\/wp-content\/uploads\/2021\/02\/Jamon-5-jotas-1-300x300.png 300w, https:\/\/jamonesibericosmadrid.com\/wp-content\/uploads\/2021\/02\/Jamon-5-jotas-1-400x400.png 400w, https:\/\/jamonesibericosmadrid.com\/wp-content\/uploads\/2021\/02\/Jamon-5-jotas-1-500x500.png 500w, https:\/\/jamonesibericosmadrid.com\/wp-content\/uploads\/2021\/02\/Jamon-5-jotas-1-600x600.png 600w, https:\/\/jamonesibericosmadrid.com\/wp-content\/uploads\/2021\/02\/Jamon-5-jotas-1-700x700.png 700w, https:\/\/jamonesibericosmadrid.com\/wp-content\/uploads\/2021\/02\/Jamon-5-jotas-1-768x768.png 768w, https:\/\/jamonesibericosmadrid.com\/wp-content\/uploads\/2021\/02\/Jamon-5-jotas-1-800x800.png 800w, https:\/\/jamonesibericosmadrid.com\/wp-content\/uploads\/2021\/02\/Jamon-5-jotas-1.png 850w\" data-sizes=\"auto\" \/><div class=\"fusion-rollover\">\n\t<div class=\"fusion-rollover-content\">\n\n\t\t\t\t\n\t\t\n\t\t\t\t\t\t\t\t\n\t\t\t\t\t\t\t\t\n\t\t\n\t\t\t\t\t\t\t\t\t\t\t\t\t\t\t\n\t\t\t\t\t\t\n\t\t\t\t\t\t\t\t\t\t<div class=\"fusion-product-buttons\">\n\t\t\t\t\t<a href=\"https:\/\/jamonesibericosmadrid.com\/en\/producto\/5-jotas-acorn-fed-iberian-ham-hand-sliced\/\" aria-describedby=\"woocommerce_loop_add_to_cart_link_describedby_4649\" data-quantity=\"1\" class=\"button product_type_variable add_to_cart_button\" data-product_id=\"4649\" data-product_sku=\"\" aria-label=\"Select options for &ldquo;5 Jotas acorn-fed Iberian ham hand sliced&rdquo;\" rel=\"nofollow\">Select options<\/a>\t<span id=\"woocommerce_loop_add_to_cart_link_describedby_4649\" class=\"screen-reader-text\">\n\t\tThis product has multiple variants. The options may be chosen on the product page\t<\/span>\n<span class=\"fusion-rollover-linebreak\">\n\t\/<\/span>\n\n<a href=\"https:\/\/jamonesibericosmadrid.com\/en\/producto\/5-jotas-acorn-fed-iberian-ham-hand-sliced\/\" class=\"show_details_button\">\n\tDetails<\/a>\n\n\t\t\t\t<\/div>\n\t\t\t\t\t\t\t\t\t<a class=\"fusion-link-wrapper\" href=\"https:\/\/jamonesibericosmadrid.com\/en\/producto\/5-jotas-acorn-fed-iberian-ham-hand-sliced\/\" aria-label=\"5 Jotas acorn-fed Iberian ham hand sliced\"><\/a>\n\t<\/div>\n<\/div>\n<\/div>\n<\/div>\n<div class=\"fusion-product-content\">\n\t<div class=\"product-details\">\n\t\t<div class=\"product-details-container\">\n<h3 class=\"product-title\">\n\t<a href=\"https:\/\/jamonesibericosmadrid.com\/en\/producto\/5-jotas-acorn-fed-iberian-ham-hand-sliced\/\">\n\t\t5 Jotas acorn-fed Iberian ham hand sliced\t<\/a>\n<\/h3>\n<div class=\"fusion-price-rating\">\n\n\t<span class=\"price\"><span class=\"woocommerce-Price-amount amount\" aria-hidden=\"true\"><bdi>23,50<span class=\"woocommerce-Price-currencySymbol\">&euro;<\/span><\/bdi><\/span> <span aria-hidden=\"true\">&ndash;<\/span> <span class=\"woocommerce-Price-amount amount\" aria-hidden=\"true\"><bdi>230,00<span class=\"woocommerce-Price-currencySymbol\">&euro;<\/span><\/bdi><\/span><span class=\"screen-reader-text\">Price range: 23,50&euro; through 230,00&euro;<\/span> <small><\/small><\/span>\n\t\t<\/div>\n\t<\/div>\n<\/div>\n\n\t<\/div> \n\n\n<\/div>\n<\/li>\n<li class=\"product type-product post-4614 status-publish instock product_cat-ham-hand-sliced product_cat-iberian-hams has-post-thumbnail taxable shipping-taxable purchasable product-type-variable product-grid-view\">\n\t<div class=\"fusion-product-wrapper\">\n\n<div class=\"fusion-clean-product-image-wrapper \">\n\t<div  class=\"fusion-image-wrapper fusion-image-size-fixed\" aria-haspopup=\"true\">\n\t\t\t\t<img decoding=\"async\" width=\"500\" height=\"500\" src=\"https:\/\/jamonesibericosmadrid.com\/wp-content\/uploads\/2018\/02\/Castano-cebo-500x500.png\" class=\"attachment-woocommerce_thumbnail size-woocommerce_thumbnail lazyload wp-post-image\" alt=\"Gabriel Casta\u00f1o cebo de campo Iberian ham hand sliced\" srcset=\"data:image\/svg+xml,%3Csvg%20xmlns%3D%27http%3A%2F%2Fwww.w3.org%2F2000%2Fsvg%27%20width%3D%27850%27%20height%3D%27850%27%20viewBox%3D%270%200%20850%20850%27%3E%3Crect%20width%3D%27850%27%20height%3D%27850%27%20fill-opacity%3D%220%22%2F%3E%3C%2Fsvg%3E\" data-orig-src=\"https:\/\/jamonesibericosmadrid.com\/wp-content\/uploads\/2018\/02\/Castano-cebo-500x500.png\" data-srcset=\"https:\/\/jamonesibericosmadrid.com\/wp-content\/uploads\/2018\/02\/Castano-cebo-66x66.png 66w, https:\/\/jamonesibericosmadrid.com\/wp-content\/uploads\/2018\/02\/Castano-cebo-100x100.png 100w, https:\/\/jamonesibericosmadrid.com\/wp-content\/uploads\/2018\/02\/Castano-cebo-150x150.png 150w, https:\/\/jamonesibericosmadrid.com\/wp-content\/uploads\/2018\/02\/Castano-cebo-200x200.png 200w, https:\/\/jamonesibericosmadrid.com\/wp-content\/uploads\/2018\/02\/Castano-cebo-300x300.png 300w, https:\/\/jamonesibericosmadrid.com\/wp-content\/uploads\/2018\/02\/Castano-cebo-400x400.png 400w, https:\/\/jamonesibericosmadrid.com\/wp-content\/uploads\/2018\/02\/Castano-cebo-500x500.png 500w, https:\/\/jamonesibericosmadrid.com\/wp-content\/uploads\/2018\/02\/Castano-cebo-600x600.png 600w, https:\/\/jamonesibericosmadrid.com\/wp-content\/uploads\/2018\/02\/Castano-cebo-700x700.png 700w, https:\/\/jamonesibericosmadrid.com\/wp-content\/uploads\/2018\/02\/Castano-cebo-768x768.png 768w, https:\/\/jamonesibericosmadrid.com\/wp-content\/uploads\/2018\/02\/Castano-cebo-800x800.png 800w, https:\/\/jamonesibericosmadrid.com\/wp-content\/uploads\/2018\/02\/Castano-cebo.png 850w\" data-sizes=\"auto\" \/><div class=\"fusion-rollover\">\n\t<div class=\"fusion-rollover-content\">\n\n\t\t\t\t\n\t\t\n\t\t\t\t\t\t\t\t\n\t\t\t\t\t\t\t\t\n\t\t\n\t\t\t\t\t\t\t\t\t\t\t\t\t\t\t\n\t\t\t\t\t\t\n\t\t\t\t\t\t\t\t\t\t<div class=\"fusion-product-buttons\">\n\t\t\t\t\t<a href=\"https:\/\/jamonesibericosmadrid.com\/en\/producto\/gabriel-castano-iberian-ham-cebo-de-campo-hand-sliced\/\" aria-describedby=\"woocommerce_loop_add_to_cart_link_describedby_4614\" data-quantity=\"1\" class=\"button product_type_variable add_to_cart_button\" data-product_id=\"4614\" data-product_sku=\"\" aria-label=\"Select options for &ldquo;Gabriel Casta\u00f1o iberian ham &quot;cebo de campo&quot; hand sliced&rdquo;\" rel=\"nofollow\">Select options<\/a>\t<span id=\"woocommerce_loop_add_to_cart_link_describedby_4614\" class=\"screen-reader-text\">\n\t\tThis product has multiple variants. The options may be chosen on the product page\t<\/span>\n<span class=\"fusion-rollover-linebreak\">\n\t\/<\/span>\n\n<a href=\"https:\/\/jamonesibericosmadrid.com\/en\/producto\/gabriel-castano-iberian-ham-cebo-de-campo-hand-sliced\/\" class=\"show_details_button\">\n\tDetails<\/a>\n\n\t\t\t\t<\/div>\n\t\t\t\t\t\t\t\t\t<a class=\"fusion-link-wrapper\" href=\"https:\/\/jamonesibericosmadrid.com\/en\/producto\/gabriel-castano-iberian-ham-cebo-de-campo-hand-sliced\/\" aria-label=\"Gabriel Casta\u00f1o iberian ham &#8220;cebo de campo&#8221; hand sliced\"><\/a>\n\t<\/div>\n<\/div>\n<\/div>\n<\/div>\n<div class=\"fusion-product-content\">\n\t<div class=\"product-details\">\n\t\t<div class=\"product-details-container\">\n<h3 class=\"product-title\">\n\t<a href=\"https:\/\/jamonesibericosmadrid.com\/en\/producto\/gabriel-castano-iberian-ham-cebo-de-campo-hand-sliced\/\">\n\t\tGabriel Casta\u00f1o iberian ham &#8220;cebo de campo&#8221; hand sliced\t<\/a>\n<\/h3>\n<div class=\"fusion-price-rating\">\n\n\t<span class=\"price\"><span class=\"woocommerce-Price-amount amount\" aria-hidden=\"true\"><bdi>14,00<span class=\"woocommerce-Price-currencySymbol\">&euro;<\/span><\/bdi><\/span> <span aria-hidden=\"true\">&ndash;<\/span> <span class=\"woocommerce-Price-amount amount\" aria-hidden=\"true\"><bdi>135,00<span class=\"woocommerce-Price-currencySymbol\">&euro;<\/span><\/bdi><\/span><span class=\"screen-reader-text\">Price range: 14,00&euro; through 135,00&euro;<\/span> <small><\/small><\/span>\n\t\t<\/div>\n\t<\/div>\n<\/div>\n\n\t<\/div> \n\n\n<\/div>\n<\/li>\n<li class=\"product type-product post-4328 status-publish last instock product_cat-ham-hand-sliced product_cat-iberian-hams has-post-thumbnail taxable shipping-taxable purchasable product-type-variable has-default-attributes product-grid-view\">\n\t<div class=\"fusion-product-wrapper\">\n\n<div class=\"fusion-clean-product-image-wrapper \">\n\t<div  class=\"fusion-image-wrapper fusion-image-size-fixed\" aria-haspopup=\"true\">\n\t\t\t\t<img decoding=\"async\" width=\"500\" height=\"500\" src=\"https:\/\/jamonesibericosmadrid.com\/wp-content\/uploads\/2021\/02\/PN-anos-1-500x500.png\" class=\"attachment-woocommerce_thumbnail size-woocommerce_thumbnail lazyload wp-post-image\" alt=\"Iberian acorn-fed Vintage 2018 ham from Guijuelo\" srcset=\"data:image\/svg+xml,%3Csvg%20xmlns%3D%27http%3A%2F%2Fwww.w3.org%2F2000%2Fsvg%27%20width%3D%27850%27%20height%3D%27850%27%20viewBox%3D%270%200%20850%20850%27%3E%3Crect%20width%3D%27850%27%20height%3D%27850%27%20fill-opacity%3D%220%22%2F%3E%3C%2Fsvg%3E\" data-orig-src=\"https:\/\/jamonesibericosmadrid.com\/wp-content\/uploads\/2021\/02\/PN-anos-1-500x500.png\" data-srcset=\"https:\/\/jamonesibericosmadrid.com\/wp-content\/uploads\/2021\/02\/PN-anos-1-66x66.png 66w, https:\/\/jamonesibericosmadrid.com\/wp-content\/uploads\/2021\/02\/PN-anos-1-100x100.png 100w, https:\/\/jamonesibericosmadrid.com\/wp-content\/uploads\/2021\/02\/PN-anos-1-150x150.png 150w, https:\/\/jamonesibericosmadrid.com\/wp-content\/uploads\/2021\/02\/PN-anos-1-200x200.png 200w, https:\/\/jamonesibericosmadrid.com\/wp-content\/uploads\/2021\/02\/PN-anos-1-300x300.png 300w, https:\/\/jamonesibericosmadrid.com\/wp-content\/uploads\/2021\/02\/PN-anos-1-400x400.png 400w, https:\/\/jamonesibericosmadrid.com\/wp-content\/uploads\/2021\/02\/PN-anos-1-500x500.png 500w, https:\/\/jamonesibericosmadrid.com\/wp-content\/uploads\/2021\/02\/PN-anos-1-600x600.png 600w, https:\/\/jamonesibericosmadrid.com\/wp-content\/uploads\/2021\/02\/PN-anos-1-700x700.png 700w, https:\/\/jamonesibericosmadrid.com\/wp-content\/uploads\/2021\/02\/PN-anos-1-768x768.png 768w, https:\/\/jamonesibericosmadrid.com\/wp-content\/uploads\/2021\/02\/PN-anos-1-800x800.png 800w, https:\/\/jamonesibericosmadrid.com\/wp-content\/uploads\/2021\/02\/PN-anos-1.png 850w\" data-sizes=\"auto\" \/><div class=\"fusion-rollover\">\n\t<div class=\"fusion-rollover-content\">\n\n\t\t\t\t\n\t\t\n\t\t\t\t\t\t\t\t\n\t\t\t\t\t\t\t\t\n\t\t\n\t\t\t\t\t\t\t\t\t\t\t\t\t\t\t\n\t\t\t\t\t\t\n\t\t\t\t\t\t\t\t\t\t<div class=\"fusion-product-buttons\">\n\t\t\t\t\t<a href=\"https:\/\/jamonesibericosmadrid.com\/en\/producto\/iberian-acorn-fed-vintage-2018-ham-from-guijuelo\/\" aria-describedby=\"woocommerce_loop_add_to_cart_link_describedby_4328\" data-quantity=\"1\" class=\"button product_type_variable add_to_cart_button\" data-product_id=\"4328\" data-product_sku=\"\" aria-label=\"Select options for &ldquo;Iberian acorn-fed Vintage ham from Guijuelo&rdquo;\" rel=\"nofollow\">Select options<\/a>\t<span id=\"woocommerce_loop_add_to_cart_link_describedby_4328\" class=\"screen-reader-text\">\n\t\tThis product has multiple variants. The options may be chosen on the product page\t<\/span>\n<span class=\"fusion-rollover-linebreak\">\n\t\/<\/span>\n\n<a href=\"https:\/\/jamonesibericosmadrid.com\/en\/producto\/iberian-acorn-fed-vintage-2018-ham-from-guijuelo\/\" class=\"show_details_button\">\n\tDetails<\/a>\n\n\t\t\t\t<\/div>\n\t\t\t\t\t\t\t\t\t<a class=\"fusion-link-wrapper\" href=\"https:\/\/jamonesibericosmadrid.com\/en\/producto\/iberian-acorn-fed-vintage-2018-ham-from-guijuelo\/\" aria-label=\"Iberian acorn-fed Vintage ham from Guijuelo\"><\/a>\n\t<\/div>\n<\/div>\n<\/div>\n<\/div>\n<div class=\"fusion-product-content\">\n\t<div class=\"product-details\">\n\t\t<div class=\"product-details-container\">\n<h3 class=\"product-title\">\n\t<a href=\"https:\/\/jamonesibericosmadrid.com\/en\/producto\/iberian-acorn-fed-vintage-2018-ham-from-guijuelo\/\">\n\t\tIberian acorn-fed Vintage ham from Guijuelo\t<\/a>\n<\/h3>\n<div class=\"fusion-price-rating\">\n\n\t<span class=\"price\"><span class=\"woocommerce-Price-amount amount\" aria-hidden=\"true\"><bdi>20,00<span class=\"woocommerce-Price-currencySymbol\">&euro;<\/span><\/bdi><\/span> <span aria-hidden=\"true\">&ndash;<\/span> <span class=\"woocommerce-Price-amount amount\" aria-hidden=\"true\"><bdi>200,00<span class=\"woocommerce-Price-currencySymbol\">&euro;<\/span><\/bdi><\/span><span class=\"screen-reader-text\">Price range: 20,00&euro; through 200,00&euro;<\/span> <small><\/small><\/span>\n\t\t<\/div>\n\t<\/div>\n<\/div>\n\n\t<\/div> \n\n\n<\/div>\n<\/li>\n<li class=\"product type-product post-4280 status-publish first instock product_cat-ham-hand-sliced product_cat-iberian-hams has-post-thumbnail taxable shipping-taxable purchasable product-type-variable product-grid-view\">\n\t<div class=\"fusion-product-wrapper\">\n\n<div class=\"fusion-clean-product-image-wrapper \">\n\t<div  class=\"fusion-image-wrapper fusion-image-size-fixed\" aria-haspopup=\"true\">\n\t\t\t\t<img decoding=\"async\" width=\"500\" height=\"500\" src=\"https:\/\/jamonesibericosmadrid.com\/wp-content\/uploads\/2018\/02\/jamon-1-castano-det1-1.png\" class=\"attachment-woocommerce_thumbnail size-woocommerce_thumbnail lazyload wp-post-image\" alt=\"Pure Iberian ham Vintage 2020 hand carved\" srcset=\"data:image\/svg+xml,%3Csvg%20xmlns%3D%27http%3A%2F%2Fwww.w3.org%2F2000%2Fsvg%27%20width%3D%27850%27%20height%3D%27850%27%20viewBox%3D%270%200%20850%20850%27%3E%3Crect%20width%3D%27850%27%20height%3D%27850%27%20fill-opacity%3D%220%22%2F%3E%3C%2Fsvg%3E\" data-orig-src=\"https:\/\/jamonesibericosmadrid.com\/wp-content\/uploads\/2018\/02\/jamon-1-castano-det1-1.png\" data-srcset=\"https:\/\/jamonesibericosmadrid.com\/wp-content\/uploads\/2018\/02\/jamon-1-castano-det1-1-100x100.png 100w, https:\/\/jamonesibericosmadrid.com\/wp-content\/uploads\/2018\/02\/jamon-1-castano-det1-1.png 850w\" data-sizes=\"auto\" \/><div class=\"fusion-rollover\">\n\t<div class=\"fusion-rollover-content\">\n\n\t\t\t\t\n\t\t\n\t\t\t\t\t\t\t\t\n\t\t\t\t\t\t\t\t\n\t\t\n\t\t\t\t\t\t\t\t\t\t\t\t\t\t\t\n\t\t\t\t\t\t\n\t\t\t\t\t\t\t\t\t\t<div class=\"fusion-product-buttons\">\n\t\t\t\t\t<a href=\"https:\/\/jamonesibericosmadrid.com\/en\/producto\/gabriel-castano-acorn-fed-iberian-ham-2019-hand-sliced\/\" aria-describedby=\"woocommerce_loop_add_to_cart_link_describedby_4280\" data-quantity=\"1\" class=\"button product_type_variable add_to_cart_button\" data-product_id=\"4280\" data-product_sku=\"\" aria-label=\"Select options for &ldquo;Gabriel Casta\u00f1o acorn-fed Iberian ham 2019 hand sliced&rdquo;\" rel=\"nofollow\">Select options<\/a>\t<span id=\"woocommerce_loop_add_to_cart_link_describedby_4280\" class=\"screen-reader-text\">\n\t\tThis product has multiple variants. The options may be chosen on the product page\t<\/span>\n<span class=\"fusion-rollover-linebreak\">\n\t\/<\/span>\n\n<a href=\"https:\/\/jamonesibericosmadrid.com\/en\/producto\/gabriel-castano-acorn-fed-iberian-ham-2019-hand-sliced\/\" class=\"show_details_button\">\n\tDetails<\/a>\n\n\t\t\t\t<\/div>\n\t\t\t\t\t\t\t\t\t<a class=\"fusion-link-wrapper\" href=\"https:\/\/jamonesibericosmadrid.com\/en\/producto\/gabriel-castano-acorn-fed-iberian-ham-2019-hand-sliced\/\" aria-label=\"Gabriel Casta\u00f1o acorn-fed Iberian ham 2019 hand sliced\"><\/a>\n\t<\/div>\n<\/div>\n<\/div>\n<\/div>\n<div class=\"fusion-product-content\">\n\t<div class=\"product-details\">\n\t\t<div class=\"product-details-container\">\n<h3 class=\"product-title\">\n\t<a href=\"https:\/\/jamonesibericosmadrid.com\/en\/producto\/gabriel-castano-acorn-fed-iberian-ham-2019-hand-sliced\/\">\n\t\tGabriel Casta\u00f1o acorn-fed Iberian ham 2019 hand sliced\t<\/a>\n<\/h3>\n<div class=\"fusion-price-rating\">\n\n\t<span class=\"price\"><span class=\"woocommerce-Price-amount amount\" aria-hidden=\"true\"><bdi>23,50<span class=\"woocommerce-Price-currencySymbol\">&euro;<\/span><\/bdi><\/span> <span aria-hidden=\"true\">&ndash;<\/span> <span class=\"woocommerce-Price-amount amount\" aria-hidden=\"true\"><bdi>230,00<span class=\"woocommerce-Price-currencySymbol\">&euro;<\/span><\/bdi><\/span><span class=\"screen-reader-text\">Price range: 23,50&euro; through 230,00&euro;<\/span> <small><\/small><\/span>\n\t\t<\/div>\n\t<\/div>\n<\/div>\n\n\t<\/div> \n\n\n<\/div>\n<\/li>\n<li class=\"product type-product post-4151 status-publish instock product_cat-ham-hand-sliced product_cat-iberian-hams has-post-thumbnail taxable shipping-taxable purchasable product-type-variable product-grid-view\">\n\t<div class=\"fusion-product-wrapper\">\n\n<div class=\"fusion-clean-product-image-wrapper \">\n\t<div  class=\"fusion-image-wrapper fusion-image-size-fixed\" aria-haspopup=\"true\">\n\t\t\t\t<img decoding=\"async\" width=\"500\" height=\"500\" src=\"https:\/\/jamonesibericosmadrid.com\/wp-content\/uploads\/2018\/02\/jamon-1-castano-det1-1.png\" class=\"attachment-woocommerce_thumbnail size-woocommerce_thumbnail lazyload wp-post-image\" alt=\"Pure Iberian ham Vintage 2020 hand carved\" srcset=\"data:image\/svg+xml,%3Csvg%20xmlns%3D%27http%3A%2F%2Fwww.w3.org%2F2000%2Fsvg%27%20width%3D%27850%27%20height%3D%27850%27%20viewBox%3D%270%200%20850%20850%27%3E%3Crect%20width%3D%27850%27%20height%3D%27850%27%20fill-opacity%3D%220%22%2F%3E%3C%2Fsvg%3E\" data-orig-src=\"https:\/\/jamonesibericosmadrid.com\/wp-content\/uploads\/2018\/02\/jamon-1-castano-det1-1.png\" data-srcset=\"https:\/\/jamonesibericosmadrid.com\/wp-content\/uploads\/2018\/02\/jamon-1-castano-det1-1-100x100.png 100w, https:\/\/jamonesibericosmadrid.com\/wp-content\/uploads\/2018\/02\/jamon-1-castano-det1-1.png 850w\" data-sizes=\"auto\" \/><div class=\"fusion-rollover\">\n\t<div class=\"fusion-rollover-content\">\n\n\t\t\t\t\n\t\t\n\t\t\t\t\t\t\t\t\n\t\t\t\t\t\t\t\t\n\t\t\n\t\t\t\t\t\t\t\t\t\t\t\t\t\t\t\n\t\t\t\t\t\t\n\t\t\t\t\t\t\t\t\t\t<div class=\"fusion-product-buttons\">\n\t\t\t\t\t<a href=\"https:\/\/jamonesibericosmadrid.com\/en\/producto\/pure-iberian-ham-vintage-2020-hand-carved\/\" aria-describedby=\"woocommerce_loop_add_to_cart_link_describedby_4151\" data-quantity=\"1\" class=\"button product_type_variable add_to_cart_button\" data-product_id=\"4151\" data-product_sku=\"\" aria-label=\"Select options for &ldquo;Pure Iberian ham Vintage 2020 hand carved&rdquo;\" rel=\"nofollow\">Select options<\/a>\t<span id=\"woocommerce_loop_add_to_cart_link_describedby_4151\" class=\"screen-reader-text\">\n\t\tThis product has multiple variants. The options may be chosen on the product page\t<\/span>\n<span class=\"fusion-rollover-linebreak\">\n\t\/<\/span>\n\n<a href=\"https:\/\/jamonesibericosmadrid.com\/en\/producto\/pure-iberian-ham-vintage-2020-hand-carved\/\" class=\"show_details_button\">\n\tDetails<\/a>\n\n\t\t\t\t<\/div>\n\t\t\t\t\t\t\t\t\t<a class=\"fusion-link-wrapper\" href=\"https:\/\/jamonesibericosmadrid.com\/en\/producto\/pure-iberian-ham-vintage-2020-hand-carved\/\" aria-label=\"Pure Iberian ham Vintage 2020 hand carved\"><\/a>\n\t<\/div>\n<\/div>\n<\/div>\n<\/div>\n<div class=\"fusion-product-content\">\n\t<div class=\"product-details\">\n\t\t<div class=\"product-details-container\">\n<h3 class=\"product-title\">\n\t<a href=\"https:\/\/jamonesibericosmadrid.com\/en\/producto\/pure-iberian-ham-vintage-2020-hand-carved\/\">\n\t\tPure Iberian ham Vintage 2020 hand carved\t<\/a>\n<\/h3>\n<div class=\"fusion-price-rating\">\n\n\t<span class=\"price\"><span class=\"woocommerce-Price-amount amount\" aria-hidden=\"true\"><bdi>24,00<span class=\"woocommerce-Price-currencySymbol\">&euro;<\/span><\/bdi><\/span> <span aria-hidden=\"true\">&ndash;<\/span> <span class=\"woocommerce-Price-amount amount\" aria-hidden=\"true\"><bdi>235,00<span class=\"woocommerce-Price-currencySymbol\">&euro;<\/span><\/bdi><\/span><span class=\"screen-reader-text\">Price range: 24,00&euro; through 235,00&euro;<\/span> <small><\/small><\/span>\n\t\t<\/div>\n\t<\/div>\n<\/div>\n\n\t<\/div> \n\n\n<\/div>\n<\/li>\n<\/ul>\n<\/div><\/div><div class=\"nav fusion-mobile-tab-nav\"><ul class=\"nav-tabs nav-justified\" role=\"tablist\"><li role=\"presentation\"><a class=\"tab-link\" data-toggle=\"tab\" role=\"tab\" aria-controls=\"tab-183fe7f67a5bd101b3c\" aria-selected=\"false\" tabindex=\"-1\" id=\"mobile-fusion-tab-wholehams\" href=\"#tab-183fe7f67a5bd101b3c\"><h4 class=\"fusion-tab-heading\">WHOLE HAMS<\/h4><\/a><\/li><\/ul><\/div><div class=\"tab-pane fade fusion-clearfix\" role=\"tabpanel\" tabindex=\"0\" aria-labelledby=\"fusion-tab-wholehams\" id=\"tab-183fe7f67a5bd101b3c\">\n<p style=\"text-align: center;\">We offer you an exclusive selection of Iberian hams chosen according to our requirements in terms of quality and origin. You can buy the whole ham or order it cut by knife by our master cutters and vacuum packed under high pressure.<\/p>\n<div class=\"woocommerce columns-3 \"><ul class=\"products clearfix products-3\">\n<li class=\"product type-product post-8026 status-publish first instock product_cat-iberian-hams product_cat-whole-hams has-post-thumbnail taxable shipping-taxable purchasable product-type-variable product-grid-view\">\n\t<div class=\"fusion-product-wrapper\">\n\n<div class=\"fusion-clean-product-image-wrapper \">\n\t<div  class=\"fusion-image-wrapper fusion-image-size-fixed\" aria-haspopup=\"true\">\n\t\t\t\t<img decoding=\"async\" width=\"500\" height=\"353\" src=\"https:\/\/jamonesibericosmadrid.com\/wp-content\/uploads\/2025\/03\/vintage-500x353.png\" class=\"attachment-woocommerce_thumbnail size-woocommerce_thumbnail lazyload wp-post-image\" alt=\"Jam\u00f3n ib\u00e9rico de bellota vintage 2018\" srcset=\"data:image\/svg+xml,%3Csvg%20xmlns%3D%27http%3A%2F%2Fwww.w3.org%2F2000%2Fsvg%27%20width%3D%27850%27%20height%3D%27600%27%20viewBox%3D%270%200%20850%20600%27%3E%3Crect%20width%3D%27850%27%20height%3D%27600%27%20fill-opacity%3D%220%22%2F%3E%3C%2Fsvg%3E\" data-orig-src=\"https:\/\/jamonesibericosmadrid.com\/wp-content\/uploads\/2025\/03\/vintage-500x353.png\" data-srcset=\"https:\/\/jamonesibericosmadrid.com\/wp-content\/uploads\/2025\/03\/vintage-200x141.png 200w, https:\/\/jamonesibericosmadrid.com\/wp-content\/uploads\/2025\/03\/vintage-300x212.png 300w, https:\/\/jamonesibericosmadrid.com\/wp-content\/uploads\/2025\/03\/vintage-400x282.png 400w, https:\/\/jamonesibericosmadrid.com\/wp-content\/uploads\/2025\/03\/vintage-500x353.png 500w, https:\/\/jamonesibericosmadrid.com\/wp-content\/uploads\/2025\/03\/vintage-600x424.png 600w, https:\/\/jamonesibericosmadrid.com\/wp-content\/uploads\/2025\/03\/vintage-700x494.png 700w, https:\/\/jamonesibericosmadrid.com\/wp-content\/uploads\/2025\/03\/vintage-768x542.png 768w, https:\/\/jamonesibericosmadrid.com\/wp-content\/uploads\/2025\/03\/vintage-800x565.png 800w, https:\/\/jamonesibericosmadrid.com\/wp-content\/uploads\/2025\/03\/vintage.png 850w\" data-sizes=\"auto\" \/><div class=\"fusion-rollover\">\n\t<div class=\"fusion-rollover-content\">\n\n\t\t\t\t\n\t\t\n\t\t\t\t\t\t\t\t\n\t\t\t\t\t\t\t\t\n\t\t\n\t\t\t\t\t\t\t\t\t\t\t\t\t\t\t\n\t\t\t\t\t\t\n\t\t\t\t\t\t\t\t\t\t<div class=\"fusion-product-buttons\">\n\t\t\t\t\t<a href=\"https:\/\/jamonesibericosmadrid.com\/en\/producto\/jamon-iberico-de-bellota-vintage-2018-copia\/\" aria-describedby=\"woocommerce_loop_add_to_cart_link_describedby_8026\" data-quantity=\"1\" class=\"button product_type_variable add_to_cart_button\" data-product_id=\"8026\" data-product_sku=\"\" aria-label=\"Select options for &ldquo;Jam\u00f3n Ib\u00e9rico de bellota Vintage 2018 (copia)&rdquo;\" rel=\"nofollow\">Select options<\/a>\t<span id=\"woocommerce_loop_add_to_cart_link_describedby_8026\" class=\"screen-reader-text\">\n\t\tThis product has multiple variants. The options may be chosen on the product page\t<\/span>\n<span class=\"fusion-rollover-linebreak\">\n\t\/<\/span>\n\n<a href=\"https:\/\/jamonesibericosmadrid.com\/en\/producto\/jamon-iberico-de-bellota-vintage-2018-copia\/\" class=\"show_details_button\">\n\tDetails<\/a>\n\n\t\t\t\t<\/div>\n\t\t\t\t\t\t\t\t\t<a class=\"fusion-link-wrapper\" href=\"https:\/\/jamonesibericosmadrid.com\/en\/producto\/jamon-iberico-de-bellota-vintage-2018-copia\/\" aria-label=\"Jam\u00f3n Ib\u00e9rico de bellota Vintage 2018 (copia)\"><\/a>\n\t<\/div>\n<\/div>\n<\/div>\n<\/div>\n<div class=\"fusion-product-content\">\n\t<div class=\"product-details\">\n\t\t<div class=\"product-details-container\">\n<h3 class=\"product-title\">\n\t<a href=\"https:\/\/jamonesibericosmadrid.com\/en\/producto\/jamon-iberico-de-bellota-vintage-2018-copia\/\">\n\t\tJam\u00f3n Ib\u00e9rico de bellota Vintage 2018 (copia)\t<\/a>\n<\/h3>\n<div class=\"fusion-price-rating\">\n\n\t<span class=\"price\"><span class=\"woocommerce-Price-amount amount\" aria-hidden=\"true\"><bdi>990,00<span class=\"woocommerce-Price-currencySymbol\">&euro;<\/span><\/bdi><\/span> <span aria-hidden=\"true\">&ndash;<\/span> <span class=\"woocommerce-Price-amount amount\" aria-hidden=\"true\"><bdi>1.050,00<span class=\"woocommerce-Price-currencySymbol\">&euro;<\/span><\/bdi><\/span><span class=\"screen-reader-text\">Price range: 990,00&euro; through 1.050,00&euro;<\/span> <small><\/small><\/span>\n\t\t<\/div>\n\t<\/div>\n<\/div>\n\n\t<\/div> \n\n\n<\/div>\n<\/li>\n<li class=\"product type-product post-7333 status-publish instock product_cat-iberian-hams product_cat-whole-hams has-post-thumbnail taxable shipping-taxable purchasable product-type-variable has-default-attributes product-grid-view\">\n\t<div class=\"fusion-product-wrapper\">\n\n<div class=\"fusion-clean-product-image-wrapper \">\n\t<div  class=\"fusion-image-wrapper fusion-image-size-fixed\" aria-haspopup=\"true\">\n\t\t\t\t<img decoding=\"async\" width=\"500\" height=\"500\" src=\"https:\/\/jamonesibericosmadrid.com\/wp-content\/uploads\/2024\/02\/jamon-joselito-gran-reserva-2019-500x500.webp\" class=\"attachment-woocommerce_thumbnail size-woocommerce_thumbnail lazyload wp-post-image\" alt=\"Jam\u00f3n Joselito Gran Reserva 2019, 100% natural, curado m\u00e1s de 4 a\u00f1os en secaderos naturales. Sabor intenso y jugosidad \u00fanica. Compra online con env\u00edo r\u00e1pido.\" srcset=\"data:image\/svg+xml,%3Csvg%20xmlns%3D%27http%3A%2F%2Fwww.w3.org%2F2000%2Fsvg%27%20width%3D%27850%27%20height%3D%27850%27%20viewBox%3D%270%200%20850%20850%27%3E%3Crect%20width%3D%27850%27%20height%3D%27850%27%20fill-opacity%3D%220%22%2F%3E%3C%2Fsvg%3E\" data-orig-src=\"https:\/\/jamonesibericosmadrid.com\/wp-content\/uploads\/2024\/02\/jamon-joselito-gran-reserva-2019-500x500.webp\" data-srcset=\"https:\/\/jamonesibericosmadrid.com\/wp-content\/uploads\/2024\/02\/jamon-joselito-gran-reserva-2019-100x100.webp 100w, https:\/\/jamonesibericosmadrid.com\/wp-content\/uploads\/2024\/02\/jamon-joselito-gran-reserva-2019-150x150.webp 150w, https:\/\/jamonesibericosmadrid.com\/wp-content\/uploads\/2024\/02\/jamon-joselito-gran-reserva-2019-200x200.webp 200w, https:\/\/jamonesibericosmadrid.com\/wp-content\/uploads\/2024\/02\/jamon-joselito-gran-reserva-2019-300x300.webp 300w, https:\/\/jamonesibericosmadrid.com\/wp-content\/uploads\/2024\/02\/jamon-joselito-gran-reserva-2019-400x400.webp 400w, https:\/\/jamonesibericosmadrid.com\/wp-content\/uploads\/2024\/02\/jamon-joselito-gran-reserva-2019-500x500.webp 500w, https:\/\/jamonesibericosmadrid.com\/wp-content\/uploads\/2024\/02\/jamon-joselito-gran-reserva-2019-600x600.webp 600w, https:\/\/jamonesibericosmadrid.com\/wp-content\/uploads\/2024\/02\/jamon-joselito-gran-reserva-2019-700x700.webp 700w, https:\/\/jamonesibericosmadrid.com\/wp-content\/uploads\/2024\/02\/jamon-joselito-gran-reserva-2019-768x768.webp 768w, https:\/\/jamonesibericosmadrid.com\/wp-content\/uploads\/2024\/02\/jamon-joselito-gran-reserva-2019-800x800.webp 800w, https:\/\/jamonesibericosmadrid.com\/wp-content\/uploads\/2024\/02\/jamon-joselito-gran-reserva-2019.webp 850w\" data-sizes=\"auto\" \/><div class=\"fusion-rollover\">\n\t<div class=\"fusion-rollover-content\">\n\n\t\t\t\t\n\t\t\n\t\t\t\t\t\t\t\t\n\t\t\t\t\t\t\t\t\n\t\t\n\t\t\t\t\t\t\t\t\t\t\t\t\t\t\t\n\t\t\t\t\t\t\n\t\t\t\t\t\t\t\t\t\t<div class=\"fusion-product-buttons\">\n\t\t\t\t\t<a href=\"https:\/\/jamonesibericosmadrid.com\/en\/producto\/gran-reserva-joselito-ham-2019\/\" aria-describedby=\"woocommerce_loop_add_to_cart_link_describedby_7333\" data-quantity=\"1\" class=\"button product_type_variable add_to_cart_button\" data-product_id=\"7333\" data-product_sku=\"\" aria-label=\"Select options for &ldquo;Gran Reserva Joselito Ham 2019&rdquo;\" rel=\"nofollow\">Select options<\/a>\t<span id=\"woocommerce_loop_add_to_cart_link_describedby_7333\" class=\"screen-reader-text\">\n\t\tThis product has multiple variants. The options may be chosen on the product page\t<\/span>\n<span class=\"fusion-rollover-linebreak\">\n\t\/<\/span>\n\n<a href=\"https:\/\/jamonesibericosmadrid.com\/en\/producto\/gran-reserva-joselito-ham-2019\/\" class=\"show_details_button\">\n\tDetails<\/a>\n\n\t\t\t\t<\/div>\n\t\t\t\t\t\t\t\t\t<a class=\"fusion-link-wrapper\" href=\"https:\/\/jamonesibericosmadrid.com\/en\/producto\/gran-reserva-joselito-ham-2019\/\" aria-label=\"Gran Reserva Joselito Ham 2019\"><\/a>\n\t<\/div>\n<\/div>\n<\/div>\n<\/div>\n<div class=\"fusion-product-content\">\n\t<div class=\"product-details\">\n\t\t<div class=\"product-details-container\">\n<h3 class=\"product-title\">\n\t<a href=\"https:\/\/jamonesibericosmadrid.com\/en\/producto\/gran-reserva-joselito-ham-2019\/\">\n\t\tGran Reserva Joselito Ham 2019\t<\/a>\n<\/h3>\n<div class=\"fusion-price-rating\">\n\n\t<span class=\"price\"><span class=\"woocommerce-Price-amount amount\"><bdi>720,00<span class=\"woocommerce-Price-currencySymbol\">&euro;<\/span><\/bdi><\/span> <small><\/small><\/span>\n\t\t<\/div>\n\t<\/div>\n<\/div>\n\n\t<\/div> \n\n\n<\/div>\n<\/li>\n<li class=\"product type-product post-6770 status-publish last instock product_cat-iberian-hams product_cat-whole-hams has-post-thumbnail taxable shipping-taxable purchasable product-type-variable has-default-attributes product-grid-view\">\n\t<div class=\"fusion-product-wrapper\">\n\n<div class=\"fusion-clean-product-image-wrapper \">\n\t<div  class=\"fusion-image-wrapper fusion-image-size-fixed\" aria-haspopup=\"true\">\n\t\t\t\t<img decoding=\"async\" width=\"500\" height=\"500\" src=\"https:\/\/jamonesibericosmadrid.com\/wp-content\/uploads\/2023\/04\/puro-bellota-2021-500x500.webp\" class=\"attachment-woocommerce_thumbnail size-woocommerce_thumbnail lazyload wp-post-image\" alt=\"Jam\u00f3n de bellota 100% ib\u00e9rico D.O. Guijuelo 2021, a\u00f1ada excelente. Curado m\u00e1s de 36 meses. Sabor intenso y calidad garantizada. Compra online y disfruta.\" srcset=\"data:image\/svg+xml,%3Csvg%20xmlns%3D%27http%3A%2F%2Fwww.w3.org%2F2000%2Fsvg%27%20width%3D%27850%27%20height%3D%27850%27%20viewBox%3D%270%200%20850%20850%27%3E%3Crect%20width%3D%27850%27%20height%3D%27850%27%20fill-opacity%3D%220%22%2F%3E%3C%2Fsvg%3E\" data-orig-src=\"https:\/\/jamonesibericosmadrid.com\/wp-content\/uploads\/2023\/04\/puro-bellota-2021-500x500.webp\" data-srcset=\"https:\/\/jamonesibericosmadrid.com\/wp-content\/uploads\/2023\/04\/puro-bellota-2021-100x100.webp 100w, https:\/\/jamonesibericosmadrid.com\/wp-content\/uploads\/2023\/04\/puro-bellota-2021-150x150.webp 150w, https:\/\/jamonesibericosmadrid.com\/wp-content\/uploads\/2023\/04\/puro-bellota-2021-200x200.webp 200w, https:\/\/jamonesibericosmadrid.com\/wp-content\/uploads\/2023\/04\/puro-bellota-2021-300x300.webp 300w, https:\/\/jamonesibericosmadrid.com\/wp-content\/uploads\/2023\/04\/puro-bellota-2021-400x400.webp 400w, https:\/\/jamonesibericosmadrid.com\/wp-content\/uploads\/2023\/04\/puro-bellota-2021-500x500.webp 500w, https:\/\/jamonesibericosmadrid.com\/wp-content\/uploads\/2023\/04\/puro-bellota-2021-600x600.webp 600w, https:\/\/jamonesibericosmadrid.com\/wp-content\/uploads\/2023\/04\/puro-bellota-2021-700x700.webp 700w, https:\/\/jamonesibericosmadrid.com\/wp-content\/uploads\/2023\/04\/puro-bellota-2021-768x768.webp 768w, https:\/\/jamonesibericosmadrid.com\/wp-content\/uploads\/2023\/04\/puro-bellota-2021-800x800.webp 800w, https:\/\/jamonesibericosmadrid.com\/wp-content\/uploads\/2023\/04\/puro-bellota-2021.webp 850w\" data-sizes=\"auto\" \/><div class=\"fusion-rollover\">\n\t<div class=\"fusion-rollover-content\">\n\n\t\t\t\t\n\t\t\n\t\t\t\t\t\t\t\t\n\t\t\t\t\t\t\t\t\n\t\t\n\t\t\t\t\t\t\t\t\t\t\t\t\t\t\t\n\t\t\t\t\t\t\n\t\t\t\t\t\t\t\t\t\t<div class=\"fusion-product-buttons\">\n\t\t\t\t\t<a href=\"https:\/\/jamonesibericosmadrid.com\/en\/producto\/acorn-fed-100-iberian-ham-guijuelo-do-2021\/\" aria-describedby=\"woocommerce_loop_add_to_cart_link_describedby_6770\" data-quantity=\"1\" class=\"button product_type_variable add_to_cart_button\" data-product_id=\"6770\" data-product_sku=\"\" aria-label=\"Select options for &ldquo;Acorn-fed 100% Iberian ham Guijuelo (DO) 2021&rdquo;\" rel=\"nofollow\">Select options<\/a>\t<span id=\"woocommerce_loop_add_to_cart_link_describedby_6770\" class=\"screen-reader-text\">\n\t\tThis product has multiple variants. The options may be chosen on the product page\t<\/span>\n<span class=\"fusion-rollover-linebreak\">\n\t\/<\/span>\n\n<a href=\"https:\/\/jamonesibericosmadrid.com\/en\/producto\/acorn-fed-100-iberian-ham-guijuelo-do-2021\/\" class=\"show_details_button\">\n\tDetails<\/a>\n\n\t\t\t\t<\/div>\n\t\t\t\t\t\t\t\t\t<a class=\"fusion-link-wrapper\" href=\"https:\/\/jamonesibericosmadrid.com\/en\/producto\/acorn-fed-100-iberian-ham-guijuelo-do-2021\/\" aria-label=\"Acorn-fed 100% Iberian ham Guijuelo (DO) 2021\"><\/a>\n\t<\/div>\n<\/div>\n<\/div>\n<\/div>\n<div class=\"fusion-product-content\">\n\t<div class=\"product-details\">\n\t\t<div class=\"product-details-container\">\n<h3 class=\"product-title\">\n\t<a href=\"https:\/\/jamonesibericosmadrid.com\/en\/producto\/acorn-fed-100-iberian-ham-guijuelo-do-2021\/\">\n\t\tAcorn-fed 100% Iberian ham Guijuelo (DO) 2021\t<\/a>\n<\/h3>\n<div class=\"fusion-price-rating\">\n\n\t<span class=\"price\"><span class=\"woocommerce-Price-amount amount\" aria-hidden=\"true\"><bdi>485,00<span class=\"woocommerce-Price-currencySymbol\">&euro;<\/span><\/bdi><\/span> <span aria-hidden=\"true\">&ndash;<\/span> <span class=\"woocommerce-Price-amount amount\" aria-hidden=\"true\"><bdi>685,00<span class=\"woocommerce-Price-currencySymbol\">&euro;<\/span><\/bdi><\/span><span class=\"screen-reader-text\">Price range: 485,00&euro; through 685,00&euro;<\/span> <small><\/small><\/span>\n\t\t<\/div>\n\t<\/div>\n<\/div>\n\n\t<\/div> \n\n\n<\/div>\n<\/li>\n<li class=\"product type-product post-6714 status-publish first instock product_cat-iberian-hams product_cat-whole-hams has-post-thumbnail taxable shipping-taxable purchasable product-type-variable product-grid-view\">\n\t<div class=\"fusion-product-wrapper\">\n\n<div class=\"fusion-clean-product-image-wrapper \">\n\t<div  class=\"fusion-image-wrapper fusion-image-size-fixed\" aria-haspopup=\"true\">\n\t\t\t\t<img decoding=\"async\" width=\"500\" height=\"500\" src=\"https:\/\/jamonesibericosmadrid.com\/wp-content\/uploads\/2023\/03\/Jamon-Iberico-de-bellota-75-DO-Guijuelo-500x500.webp\" class=\"attachment-woocommerce_thumbnail size-woocommerce_thumbnail lazyload wp-post-image\" alt=\"\" srcset=\"data:image\/svg+xml,%3Csvg%20xmlns%3D%27http%3A%2F%2Fwww.w3.org%2F2000%2Fsvg%27%20width%3D%27850%27%20height%3D%27850%27%20viewBox%3D%270%200%20850%20850%27%3E%3Crect%20width%3D%27850%27%20height%3D%27850%27%20fill-opacity%3D%220%22%2F%3E%3C%2Fsvg%3E\" data-orig-src=\"https:\/\/jamonesibericosmadrid.com\/wp-content\/uploads\/2023\/03\/Jamon-Iberico-de-bellota-75-DO-Guijuelo-500x500.webp\" data-srcset=\"https:\/\/jamonesibericosmadrid.com\/wp-content\/uploads\/2023\/03\/Jamon-Iberico-de-bellota-75-DO-Guijuelo-100x100.webp 100w, https:\/\/jamonesibericosmadrid.com\/wp-content\/uploads\/2023\/03\/Jamon-Iberico-de-bellota-75-DO-Guijuelo-150x150.webp 150w, https:\/\/jamonesibericosmadrid.com\/wp-content\/uploads\/2023\/03\/Jamon-Iberico-de-bellota-75-DO-Guijuelo-200x200.webp 200w, https:\/\/jamonesibericosmadrid.com\/wp-content\/uploads\/2023\/03\/Jamon-Iberico-de-bellota-75-DO-Guijuelo-300x300.webp 300w, https:\/\/jamonesibericosmadrid.com\/wp-content\/uploads\/2023\/03\/Jamon-Iberico-de-bellota-75-DO-Guijuelo-400x400.webp 400w, https:\/\/jamonesibericosmadrid.com\/wp-content\/uploads\/2023\/03\/Jamon-Iberico-de-bellota-75-DO-Guijuelo-500x500.webp 500w, https:\/\/jamonesibericosmadrid.com\/wp-content\/uploads\/2023\/03\/Jamon-Iberico-de-bellota-75-DO-Guijuelo-600x600.webp 600w, https:\/\/jamonesibericosmadrid.com\/wp-content\/uploads\/2023\/03\/Jamon-Iberico-de-bellota-75-DO-Guijuelo-700x700.webp 700w, https:\/\/jamonesibericosmadrid.com\/wp-content\/uploads\/2023\/03\/Jamon-Iberico-de-bellota-75-DO-Guijuelo-768x768.webp 768w, https:\/\/jamonesibericosmadrid.com\/wp-content\/uploads\/2023\/03\/Jamon-Iberico-de-bellota-75-DO-Guijuelo-800x800.webp 800w, https:\/\/jamonesibericosmadrid.com\/wp-content\/uploads\/2023\/03\/Jamon-Iberico-de-bellota-75-DO-Guijuelo.webp 850w\" data-sizes=\"auto\" \/><div class=\"fusion-rollover\">\n\t<div class=\"fusion-rollover-content\">\n\n\t\t\t\t\n\t\t\n\t\t\t\t\t\t\t\t\n\t\t\t\t\t\t\t\t\n\t\t\n\t\t\t\t\t\t\t\t\t\t\t\t\t\t\t\n\t\t\t\t\t\t\n\t\t\t\t\t\t\t\t\t\t<div class=\"fusion-product-buttons\">\n\t\t\t\t\t<a href=\"https:\/\/jamonesibericosmadrid.com\/en\/producto\/jamon-de-guijuelo-pureza\/\" aria-describedby=\"woocommerce_loop_add_to_cart_link_describedby_6714\" data-quantity=\"1\" class=\"button product_type_variable add_to_cart_button\" data-product_id=\"6714\" data-product_sku=\"\" aria-label=\"Select options for &ldquo;Jam\u00f3n Ib\u00e9rico de bellota 75 % DO Guijuelo&rdquo;\" rel=\"nofollow\">Select options<\/a>\t<span id=\"woocommerce_loop_add_to_cart_link_describedby_6714\" class=\"screen-reader-text\">\n\t\tThis product has multiple variants. The options may be chosen on the product page\t<\/span>\n<span class=\"fusion-rollover-linebreak\">\n\t\/<\/span>\n\n<a href=\"https:\/\/jamonesibericosmadrid.com\/en\/producto\/jamon-de-guijuelo-pureza\/\" class=\"show_details_button\">\n\tDetails<\/a>\n\n\t\t\t\t<\/div>\n\t\t\t\t\t\t\t\t\t<a class=\"fusion-link-wrapper\" href=\"https:\/\/jamonesibericosmadrid.com\/en\/producto\/jamon-de-guijuelo-pureza\/\" aria-label=\"Jam\u00f3n Ib\u00e9rico de bellota 75 % DO Guijuelo\"><\/a>\n\t<\/div>\n<\/div>\n<\/div>\n<\/div>\n<div class=\"fusion-product-content\">\n\t<div class=\"product-details\">\n\t\t<div class=\"product-details-container\">\n<h3 class=\"product-title\">\n\t<a href=\"https:\/\/jamonesibericosmadrid.com\/en\/producto\/jamon-de-guijuelo-pureza\/\">\n\t\tJam\u00f3n Ib\u00e9rico de bellota 75 % DO Guijuelo\t<\/a>\n<\/h3>\n<div class=\"fusion-price-rating\">\n\n\t<span class=\"price\"><span class=\"woocommerce-Price-amount amount\"><bdi>600,00<span class=\"woocommerce-Price-currencySymbol\">&euro;<\/span><\/bdi><\/span> <small><\/small><\/span>\n\t\t<\/div>\n\t<\/div>\n<\/div>\n\n\t<\/div> \n\n\n<\/div>\n<\/li>\n<li class=\"product type-product post-6239 status-publish instock product_cat-iberian-hams product_cat-whole-hams has-post-thumbnail taxable shipping-taxable purchasable product-type-variable product-grid-view\">\n\t<div class=\"fusion-product-wrapper\">\n\n<div class=\"fusion-clean-product-image-wrapper \">\n\t<div  class=\"fusion-image-wrapper fusion-image-size-fixed\" aria-haspopup=\"true\">\n\t\t\t\t<img decoding=\"async\" width=\"500\" height=\"500\" src=\"https:\/\/jamonesibericosmadrid.com\/wp-content\/uploads\/2022\/03\/Jamon-iberico-de-bellota-2020-superior-500x500.webp\" class=\"attachment-woocommerce_thumbnail size-woocommerce_thumbnail lazyload wp-post-image\" alt=\"Jam\u00f3n ib\u00e9rico de bellota 2022 superior\" srcset=\"data:image\/svg+xml,%3Csvg%20xmlns%3D%27http%3A%2F%2Fwww.w3.org%2F2000%2Fsvg%27%20width%3D%27850%27%20height%3D%27850%27%20viewBox%3D%270%200%20850%20850%27%3E%3Crect%20width%3D%27850%27%20height%3D%27850%27%20fill-opacity%3D%220%22%2F%3E%3C%2Fsvg%3E\" data-orig-src=\"https:\/\/jamonesibericosmadrid.com\/wp-content\/uploads\/2022\/03\/Jamon-iberico-de-bellota-2020-superior-500x500.webp\" data-srcset=\"https:\/\/jamonesibericosmadrid.com\/wp-content\/uploads\/2022\/03\/Jamon-iberico-de-bellota-2020-superior-100x100.webp 100w, https:\/\/jamonesibericosmadrid.com\/wp-content\/uploads\/2022\/03\/Jamon-iberico-de-bellota-2020-superior-150x150.webp 150w, https:\/\/jamonesibericosmadrid.com\/wp-content\/uploads\/2022\/03\/Jamon-iberico-de-bellota-2020-superior-200x200.webp 200w, https:\/\/jamonesibericosmadrid.com\/wp-content\/uploads\/2022\/03\/Jamon-iberico-de-bellota-2020-superior-300x300.webp 300w, https:\/\/jamonesibericosmadrid.com\/wp-content\/uploads\/2022\/03\/Jamon-iberico-de-bellota-2020-superior-400x400.webp 400w, https:\/\/jamonesibericosmadrid.com\/wp-content\/uploads\/2022\/03\/Jamon-iberico-de-bellota-2020-superior-500x500.webp 500w, https:\/\/jamonesibericosmadrid.com\/wp-content\/uploads\/2022\/03\/Jamon-iberico-de-bellota-2020-superior-600x600.webp 600w, https:\/\/jamonesibericosmadrid.com\/wp-content\/uploads\/2022\/03\/Jamon-iberico-de-bellota-2020-superior-700x700.webp 700w, https:\/\/jamonesibericosmadrid.com\/wp-content\/uploads\/2022\/03\/Jamon-iberico-de-bellota-2020-superior-768x768.webp 768w, https:\/\/jamonesibericosmadrid.com\/wp-content\/uploads\/2022\/03\/Jamon-iberico-de-bellota-2020-superior-800x800.webp 800w, https:\/\/jamonesibericosmadrid.com\/wp-content\/uploads\/2022\/03\/Jamon-iberico-de-bellota-2020-superior.webp 850w\" data-sizes=\"auto\" \/><div class=\"fusion-rollover\">\n\t<div class=\"fusion-rollover-content\">\n\n\t\t\t\t\n\t\t\n\t\t\t\t\t\t\t\t\n\t\t\t\t\t\t\t\t\n\t\t\n\t\t\t\t\t\t\t\t\t\t\t\t\t\t\t\n\t\t\t\t\t\t\n\t\t\t\t\t\t\t\t\t\t<div class=\"fusion-product-buttons\">\n\t\t\t\t\t<a href=\"https:\/\/jamonesibericosmadrid.com\/en\/producto\/gabriel-castano-acorn-fed-iberian-ham-2020\/\" aria-describedby=\"woocommerce_loop_add_to_cart_link_describedby_6239\" data-quantity=\"1\" class=\"button product_type_variable add_to_cart_button\" data-product_id=\"6239\" data-product_sku=\"\" aria-label=\"Select options for &ldquo;Gabriel Casta\u00f1o acorn-fed Iberian ham 2020&rdquo;\" rel=\"nofollow\">Select options<\/a>\t<span id=\"woocommerce_loop_add_to_cart_link_describedby_6239\" class=\"screen-reader-text\">\n\t\tThis product has multiple variants. The options may be chosen on the product page\t<\/span>\n<span class=\"fusion-rollover-linebreak\">\n\t\/<\/span>\n\n<a href=\"https:\/\/jamonesibericosmadrid.com\/en\/producto\/gabriel-castano-acorn-fed-iberian-ham-2020\/\" class=\"show_details_button\">\n\tDetails<\/a>\n\n\t\t\t\t<\/div>\n\t\t\t\t\t\t\t\t\t<a class=\"fusion-link-wrapper\" href=\"https:\/\/jamonesibericosmadrid.com\/en\/producto\/gabriel-castano-acorn-fed-iberian-ham-2020\/\" aria-label=\"Gabriel Casta\u00f1o acorn-fed Iberian ham 2020\"><\/a>\n\t<\/div>\n<\/div>\n<\/div>\n<\/div>\n<div class=\"fusion-product-content\">\n\t<div class=\"product-details\">\n\t\t<div class=\"product-details-container\">\n<h3 class=\"product-title\">\n\t<a href=\"https:\/\/jamonesibericosmadrid.com\/en\/producto\/gabriel-castano-acorn-fed-iberian-ham-2020\/\">\n\t\tGabriel Casta\u00f1o acorn-fed Iberian ham 2020\t<\/a>\n<\/h3>\n<div class=\"fusion-price-rating\">\n\n\t<span class=\"price\"><span class=\"woocommerce-Price-amount amount\" aria-hidden=\"true\"><bdi>495,00<span class=\"woocommerce-Price-currencySymbol\">&euro;<\/span><\/bdi><\/span> <span aria-hidden=\"true\">&ndash;<\/span> <span class=\"woocommerce-Price-amount amount\" aria-hidden=\"true\"><bdi>695,00<span class=\"woocommerce-Price-currencySymbol\">&euro;<\/span><\/bdi><\/span><span class=\"screen-reader-text\">Price range: 495,00&euro; through 695,00&euro;<\/span> <small><\/small><\/span>\n\t\t<\/div>\n\t<\/div>\n<\/div>\n\n\t<\/div> \n\n\n<\/div>\n<\/li>\n<li class=\"product type-product post-3292 status-publish last instock product_cat-iberian-hams product_cat-whole-hams has-post-thumbnail taxable shipping-taxable purchasable product-type-variable product-grid-view\">\n\t<div class=\"fusion-product-wrapper\">\n\n<div class=\"fusion-clean-product-image-wrapper \">\n\t<div  class=\"fusion-image-wrapper fusion-image-size-fixed\" aria-haspopup=\"true\">\n\t\t\t\t<img decoding=\"async\" width=\"500\" height=\"500\" src=\"https:\/\/jamonesibericosmadrid.com\/wp-content\/uploads\/2020\/11\/Jamon-iberico-autentico-de-bellota-2021-500x500.webp\" class=\"attachment-woocommerce_thumbnail size-woocommerce_thumbnail lazyload wp-post-image\" alt=\"Jam\u00f3n ib\u00e9rico de bellota 100% puro, curado 36 meses. Sabor intenso y artesanal. Env\u00edo r\u00e1pido. Sin aditivos ni al\u00e9rgenos. Calidad Cumbres Mayores.\" srcset=\"data:image\/svg+xml,%3Csvg%20xmlns%3D%27http%3A%2F%2Fwww.w3.org%2F2000%2Fsvg%27%20width%3D%27850%27%20height%3D%27850%27%20viewBox%3D%270%200%20850%20850%27%3E%3Crect%20width%3D%27850%27%20height%3D%27850%27%20fill-opacity%3D%220%22%2F%3E%3C%2Fsvg%3E\" data-orig-src=\"https:\/\/jamonesibericosmadrid.com\/wp-content\/uploads\/2020\/11\/Jamon-iberico-autentico-de-bellota-2021-500x500.webp\" data-srcset=\"https:\/\/jamonesibericosmadrid.com\/wp-content\/uploads\/2020\/11\/Jamon-iberico-autentico-de-bellota-2021-100x100.webp 100w, https:\/\/jamonesibericosmadrid.com\/wp-content\/uploads\/2020\/11\/Jamon-iberico-autentico-de-bellota-2021-150x150.webp 150w, https:\/\/jamonesibericosmadrid.com\/wp-content\/uploads\/2020\/11\/Jamon-iberico-autentico-de-bellota-2021-200x200.webp 200w, https:\/\/jamonesibericosmadrid.com\/wp-content\/uploads\/2020\/11\/Jamon-iberico-autentico-de-bellota-2021-300x300.webp 300w, https:\/\/jamonesibericosmadrid.com\/wp-content\/uploads\/2020\/11\/Jamon-iberico-autentico-de-bellota-2021-400x400.webp 400w, https:\/\/jamonesibericosmadrid.com\/wp-content\/uploads\/2020\/11\/Jamon-iberico-autentico-de-bellota-2021-500x500.webp 500w, https:\/\/jamonesibericosmadrid.com\/wp-content\/uploads\/2020\/11\/Jamon-iberico-autentico-de-bellota-2021-600x600.webp 600w, https:\/\/jamonesibericosmadrid.com\/wp-content\/uploads\/2020\/11\/Jamon-iberico-autentico-de-bellota-2021-700x700.webp 700w, https:\/\/jamonesibericosmadrid.com\/wp-content\/uploads\/2020\/11\/Jamon-iberico-autentico-de-bellota-2021-768x768.webp 768w, https:\/\/jamonesibericosmadrid.com\/wp-content\/uploads\/2020\/11\/Jamon-iberico-autentico-de-bellota-2021-800x800.webp 800w, https:\/\/jamonesibericosmadrid.com\/wp-content\/uploads\/2020\/11\/Jamon-iberico-autentico-de-bellota-2021.webp 850w\" data-sizes=\"auto\" \/><div class=\"fusion-rollover\">\n\t<div class=\"fusion-rollover-content\">\n\n\t\t\t\t\n\t\t\n\t\t\t\t\t\t\t\t\n\t\t\t\t\t\t\t\t\n\t\t\n\t\t\t\t\t\t\t\t\t\t\t\t\t\t\t\n\t\t\t\t\t\t\n\t\t\t\t\t\t\t\t\t\t<div class=\"fusion-product-buttons\">\n\t\t\t\t\t<a href=\"https:\/\/jamonesibericosmadrid.com\/en\/producto\/gabriel-castano-acorn-fed-iberian-ham-2021\/\" aria-describedby=\"woocommerce_loop_add_to_cart_link_describedby_3292\" data-quantity=\"1\" class=\"button product_type_variable add_to_cart_button\" data-product_id=\"3292\" data-product_sku=\"\" aria-label=\"Select options for &ldquo;Gabriel Casta\u00f1o acorn-fed Iberian ham 2021&rdquo;\" rel=\"nofollow\">Select options<\/a>\t<span id=\"woocommerce_loop_add_to_cart_link_describedby_3292\" class=\"screen-reader-text\">\n\t\tThis product has multiple variants. The options may be chosen on the product page\t<\/span>\n<span class=\"fusion-rollover-linebreak\">\n\t\/<\/span>\n\n<a href=\"https:\/\/jamonesibericosmadrid.com\/en\/producto\/gabriel-castano-acorn-fed-iberian-ham-2021\/\" class=\"show_details_button\">\n\tDetails<\/a>\n\n\t\t\t\t<\/div>\n\t\t\t\t\t\t\t\t\t<a class=\"fusion-link-wrapper\" href=\"https:\/\/jamonesibericosmadrid.com\/en\/producto\/gabriel-castano-acorn-fed-iberian-ham-2021\/\" aria-label=\"Gabriel Casta\u00f1o acorn-fed Iberian ham 2021\"><\/a>\n\t<\/div>\n<\/div>\n<\/div>\n<\/div>\n<div class=\"fusion-product-content\">\n\t<div class=\"product-details\">\n\t\t<div class=\"product-details-container\">\n<h3 class=\"product-title\">\n\t<a href=\"https:\/\/jamonesibericosmadrid.com\/en\/producto\/gabriel-castano-acorn-fed-iberian-ham-2021\/\">\n\t\tGabriel Casta\u00f1o acorn-fed Iberian ham 2021\t<\/a>\n<\/h3>\n<div class=\"fusion-price-rating\">\n\n\t<span class=\"price\"><span class=\"woocommerce-Price-amount amount\" aria-hidden=\"true\"><bdi>500,00<span class=\"woocommerce-Price-currencySymbol\">&euro;<\/span><\/bdi><\/span> <span aria-hidden=\"true\">&ndash;<\/span> <span class=\"woocommerce-Price-amount amount\" aria-hidden=\"true\"><bdi>820,00<span class=\"woocommerce-Price-currencySymbol\">&euro;<\/span><\/bdi><\/span><span class=\"screen-reader-text\">Price range: 500,00&euro; through 820,00&euro;<\/span> <small><\/small><\/span>\n\t\t<\/div>\n\t<\/div>\n<\/div>\n\n\t<\/div> \n\n\n<\/div>\n<\/li>\n<li class=\"product type-product post-2296 status-publish first instock product_cat-iberian-hams product_cat-whole-hams has-post-thumbnail taxable shipping-taxable purchasable product-type-variable has-default-attributes product-grid-view\">\n\t<div class=\"fusion-product-wrapper\">\n\n<div class=\"fusion-clean-product-image-wrapper \">\n\t<div  class=\"fusion-image-wrapper fusion-image-size-fixed\" aria-haspopup=\"true\">\n\t\t\t\t<img decoding=\"async\" width=\"500\" height=\"500\" src=\"https:\/\/jamonesibericosmadrid.com\/wp-content\/uploads\/2019\/04\/Jamon-Jabu-Arte-500x500.webp\" class=\"attachment-woocommerce_thumbnail size-woocommerce_thumbnail lazyload wp-post-image\" alt=\"Jam\u00f3n Jabu Arte\" srcset=\"data:image\/svg+xml,%3Csvg%20xmlns%3D%27http%3A%2F%2Fwww.w3.org%2F2000%2Fsvg%27%20width%3D%27850%27%20height%3D%27850%27%20viewBox%3D%270%200%20850%20850%27%3E%3Crect%20width%3D%27850%27%20height%3D%27850%27%20fill-opacity%3D%220%22%2F%3E%3C%2Fsvg%3E\" data-orig-src=\"https:\/\/jamonesibericosmadrid.com\/wp-content\/uploads\/2019\/04\/Jamon-Jabu-Arte-500x500.webp\" data-srcset=\"https:\/\/jamonesibericosmadrid.com\/wp-content\/uploads\/2019\/04\/Jamon-Jabu-Arte-100x100.webp 100w, https:\/\/jamonesibericosmadrid.com\/wp-content\/uploads\/2019\/04\/Jamon-Jabu-Arte-150x150.webp 150w, https:\/\/jamonesibericosmadrid.com\/wp-content\/uploads\/2019\/04\/Jamon-Jabu-Arte-200x200.webp 200w, https:\/\/jamonesibericosmadrid.com\/wp-content\/uploads\/2019\/04\/Jamon-Jabu-Arte-300x300.webp 300w, https:\/\/jamonesibericosmadrid.com\/wp-content\/uploads\/2019\/04\/Jamon-Jabu-Arte-400x400.webp 400w, https:\/\/jamonesibericosmadrid.com\/wp-content\/uploads\/2019\/04\/Jamon-Jabu-Arte-500x500.webp 500w, https:\/\/jamonesibericosmadrid.com\/wp-content\/uploads\/2019\/04\/Jamon-Jabu-Arte-600x600.webp 600w, https:\/\/jamonesibericosmadrid.com\/wp-content\/uploads\/2019\/04\/Jamon-Jabu-Arte-700x700.webp 700w, https:\/\/jamonesibericosmadrid.com\/wp-content\/uploads\/2019\/04\/Jamon-Jabu-Arte-768x768.webp 768w, https:\/\/jamonesibericosmadrid.com\/wp-content\/uploads\/2019\/04\/Jamon-Jabu-Arte-800x800.webp 800w, https:\/\/jamonesibericosmadrid.com\/wp-content\/uploads\/2019\/04\/Jamon-Jabu-Arte.webp 850w\" data-sizes=\"auto\" \/><div class=\"fusion-rollover\">\n\t<div class=\"fusion-rollover-content\">\n\n\t\t\t\t\n\t\t\n\t\t\t\t\t\t\t\t\n\t\t\t\t\t\t\t\t\n\t\t\n\t\t\t\t\t\t\t\t\t\t\t\t\t\t\t\n\t\t\t\t\t\t\n\t\t\t\t\t\t\t\t\t\t<div class=\"fusion-product-buttons\">\n\t\t\t\t\t<a href=\"https:\/\/jamonesibericosmadrid.com\/en\/producto\/artisan-ham-jabu\/\" aria-describedby=\"woocommerce_loop_add_to_cart_link_describedby_2296\" data-quantity=\"1\" class=\"button product_type_variable add_to_cart_button\" data-product_id=\"2296\" data-product_sku=\"\" aria-label=\"Select options for &ldquo;Artisan Ham &quot;Jabu&quot;&rdquo;\" rel=\"nofollow\">Select options<\/a>\t<span id=\"woocommerce_loop_add_to_cart_link_describedby_2296\" class=\"screen-reader-text\">\n\t\tThis product has multiple variants. The options may be chosen on the product page\t<\/span>\n<span class=\"fusion-rollover-linebreak\">\n\t\/<\/span>\n\n<a href=\"https:\/\/jamonesibericosmadrid.com\/en\/producto\/artisan-ham-jabu\/\" class=\"show_details_button\">\n\tDetails<\/a>\n\n\t\t\t\t<\/div>\n\t\t\t\t\t\t\t\t\t<a class=\"fusion-link-wrapper\" href=\"https:\/\/jamonesibericosmadrid.com\/en\/producto\/artisan-ham-jabu\/\" aria-label=\"Artisan Ham &#8220;Jabu&#8221;\"><\/a>\n\t<\/div>\n<\/div>\n<\/div>\n<\/div>\n<div class=\"fusion-product-content\">\n\t<div class=\"product-details\">\n\t\t<div class=\"product-details-container\">\n<h3 class=\"product-title\">\n\t<a href=\"https:\/\/jamonesibericosmadrid.com\/en\/producto\/artisan-ham-jabu\/\">\n\t\tArtisan Ham &#8220;Jabu&#8221;\t<\/a>\n<\/h3>\n<div class=\"fusion-price-rating\">\n\n\t<span class=\"price\"> <small><\/small><\/span>\n\t\t<\/div>\n\t<\/div>\n<\/div>\n\n\t<\/div> \n\n\n<\/div>\n<\/li>\n<li class=\"product type-product post-1317 status-publish instock product_cat-iberian-hams product_cat-ofertas-en product_cat-whole-hams has-post-thumbnail sale taxable shipping-taxable purchasable product-type-variable has-default-attributes product-grid-view\">\n\t<div class=\"fusion-product-wrapper\">\n<div class=\"fusion-woo-badges-wrapper\">\n\n\t<span class=\"onsale\">Oferta!<\/span>\n\t<\/div><div class=\"fusion-clean-product-image-wrapper \">\n\t<div  class=\"fusion-image-wrapper fusion-image-size-fixed\" aria-haspopup=\"true\">\n\t\t\t\t<img decoding=\"async\" width=\"500\" height=\"500\" src=\"https:\/\/jamonesibericosmadrid.com\/wp-content\/uploads\/2018\/02\/jamon-cinco-j-500x500.webp\" class=\"attachment-woocommerce_thumbnail size-woocommerce_thumbnail lazyload wp-post-image\" alt=\"Jam\u00f3n 5 Jotas 100% ib\u00e9rico de bellota, curado +36 meses en Jabugo. Tradici\u00f3n y sabor incomparables. Env\u00edo r\u00e1pido y presentaci\u00f3n perfecta.\" srcset=\"data:image\/svg+xml,%3Csvg%20xmlns%3D%27http%3A%2F%2Fwww.w3.org%2F2000%2Fsvg%27%20width%3D%27850%27%20height%3D%27850%27%20viewBox%3D%270%200%20850%20850%27%3E%3Crect%20width%3D%27850%27%20height%3D%27850%27%20fill-opacity%3D%220%22%2F%3E%3C%2Fsvg%3E\" data-orig-src=\"https:\/\/jamonesibericosmadrid.com\/wp-content\/uploads\/2018\/02\/jamon-cinco-j-500x500.webp\" data-srcset=\"https:\/\/jamonesibericosmadrid.com\/wp-content\/uploads\/2018\/02\/jamon-cinco-j-100x100.webp 100w, https:\/\/jamonesibericosmadrid.com\/wp-content\/uploads\/2018\/02\/jamon-cinco-j-150x150.webp 150w, https:\/\/jamonesibericosmadrid.com\/wp-content\/uploads\/2018\/02\/jamon-cinco-j-200x200.webp 200w, https:\/\/jamonesibericosmadrid.com\/wp-content\/uploads\/2018\/02\/jamon-cinco-j-300x300.webp 300w, https:\/\/jamonesibericosmadrid.com\/wp-content\/uploads\/2018\/02\/jamon-cinco-j-400x400.webp 400w, https:\/\/jamonesibericosmadrid.com\/wp-content\/uploads\/2018\/02\/jamon-cinco-j-500x500.webp 500w, https:\/\/jamonesibericosmadrid.com\/wp-content\/uploads\/2018\/02\/jamon-cinco-j-600x600.webp 600w, https:\/\/jamonesibericosmadrid.com\/wp-content\/uploads\/2018\/02\/jamon-cinco-j-700x700.webp 700w, https:\/\/jamonesibericosmadrid.com\/wp-content\/uploads\/2018\/02\/jamon-cinco-j-768x768.webp 768w, https:\/\/jamonesibericosmadrid.com\/wp-content\/uploads\/2018\/02\/jamon-cinco-j-800x800.webp 800w, https:\/\/jamonesibericosmadrid.com\/wp-content\/uploads\/2018\/02\/jamon-cinco-j.webp 850w\" data-sizes=\"auto\" \/><div class=\"fusion-rollover\">\n\t<div class=\"fusion-rollover-content\">\n\n\t\t\t\t\n\t\t\n\t\t\t\t\t\t\t\t\n\t\t\t\t\t\t\t\t\n\t\t\n\t\t\t\t\t\t\t\t\t\t\t\t\t\t\t\n\t\t\t\t\t\t\n\t\t\t\t\t\t\t\t\t\t<div class=\"fusion-product-buttons\">\n\t\t\t\t\t<a href=\"https:\/\/jamonesibericosmadrid.com\/en\/producto\/5-jotas-acorn-fed-iberian-ham\/\" aria-describedby=\"woocommerce_loop_add_to_cart_link_describedby_1317\" data-quantity=\"1\" class=\"button product_type_variable add_to_cart_button\" data-product_id=\"1317\" data-product_sku=\"\" aria-label=\"Select options for &ldquo;5 Jotas acorn-fed Iberian ham&rdquo;\" rel=\"nofollow\">Select options<\/a>\t<span id=\"woocommerce_loop_add_to_cart_link_describedby_1317\" class=\"screen-reader-text\">\n\t\tThis product has multiple variants. The options may be chosen on the product page\t<\/span>\n<span class=\"fusion-rollover-linebreak\">\n\t\/<\/span>\n\n<a href=\"https:\/\/jamonesibericosmadrid.com\/en\/producto\/5-jotas-acorn-fed-iberian-ham\/\" class=\"show_details_button\">\n\tDetails<\/a>\n\n\t\t\t\t<\/div>\n\t\t\t\t\t\t\t\t\t<a class=\"fusion-link-wrapper\" href=\"https:\/\/jamonesibericosmadrid.com\/en\/producto\/5-jotas-acorn-fed-iberian-ham\/\" aria-label=\"5 Jotas acorn-fed Iberian ham\"><\/a>\n\t<\/div>\n<\/div>\n<\/div>\n<\/div>\n<div class=\"fusion-product-content\">\n\t<div class=\"product-details\">\n\t\t<div class=\"product-details-container\">\n<h3 class=\"product-title\">\n\t<a href=\"https:\/\/jamonesibericosmadrid.com\/en\/producto\/5-jotas-acorn-fed-iberian-ham\/\">\n\t\t5 Jotas acorn-fed Iberian ham\t<\/a>\n<\/h3>\n<div class=\"fusion-price-rating\">\n\n\t<span class=\"price\"><span class=\"woocommerce-Price-amount amount\" aria-hidden=\"true\"><bdi>520,00<span class=\"woocommerce-Price-currencySymbol\">&euro;<\/span><\/bdi><\/span> <span aria-hidden=\"true\">&ndash;<\/span> <span class=\"woocommerce-Price-amount amount\" aria-hidden=\"true\"><bdi>600,00<span class=\"woocommerce-Price-currencySymbol\">&euro;<\/span><\/bdi><\/span><span class=\"screen-reader-text\">Price range: 520,00&euro; through 600,00&euro;<\/span> <small><\/small><\/span>\n\t\t<\/div>\n\t<\/div>\n<\/div>\n\n\t<\/div> \n\n\n<\/div>\n<\/li>\n<li class=\"product type-product post-1281 status-publish last instock product_cat-iberian-hams product_cat-whole-hams has-post-thumbnail taxable shipping-taxable purchasable product-type-variable product-grid-view\">\n\t<div class=\"fusion-product-wrapper\">\n\n<div class=\"fusion-clean-product-image-wrapper \">\n\t<div  class=\"fusion-image-wrapper fusion-image-size-fixed\" aria-haspopup=\"true\">\n\t\t\t\t<img decoding=\"async\" width=\"500\" height=\"500\" src=\"https:\/\/jamonesibericosmadrid.com\/wp-content\/uploads\/2018\/02\/amon-100-iberico-cebo-de-campo-500x500.webp\" class=\"attachment-woocommerce_thumbnail size-woocommerce_thumbnail lazyload wp-post-image\" alt=\"Jam\u00f3n 100% ib\u00e9rico cebo de campo curado en cuevas naturales. Sabor aut\u00e9ntico desde Cumbres Mayores. Env\u00edo r\u00e1pido y calidad garantizada.\" srcset=\"data:image\/svg+xml,%3Csvg%20xmlns%3D%27http%3A%2F%2Fwww.w3.org%2F2000%2Fsvg%27%20width%3D%27850%27%20height%3D%27850%27%20viewBox%3D%270%200%20850%20850%27%3E%3Crect%20width%3D%27850%27%20height%3D%27850%27%20fill-opacity%3D%220%22%2F%3E%3C%2Fsvg%3E\" data-orig-src=\"https:\/\/jamonesibericosmadrid.com\/wp-content\/uploads\/2018\/02\/amon-100-iberico-cebo-de-campo-500x500.webp\" data-srcset=\"https:\/\/jamonesibericosmadrid.com\/wp-content\/uploads\/2018\/02\/amon-100-iberico-cebo-de-campo-100x100.webp 100w, https:\/\/jamonesibericosmadrid.com\/wp-content\/uploads\/2018\/02\/amon-100-iberico-cebo-de-campo-150x150.webp 150w, https:\/\/jamonesibericosmadrid.com\/wp-content\/uploads\/2018\/02\/amon-100-iberico-cebo-de-campo-200x200.webp 200w, https:\/\/jamonesibericosmadrid.com\/wp-content\/uploads\/2018\/02\/amon-100-iberico-cebo-de-campo-300x300.webp 300w, https:\/\/jamonesibericosmadrid.com\/wp-content\/uploads\/2018\/02\/amon-100-iberico-cebo-de-campo-400x400.webp 400w, https:\/\/jamonesibericosmadrid.com\/wp-content\/uploads\/2018\/02\/amon-100-iberico-cebo-de-campo-500x500.webp 500w, https:\/\/jamonesibericosmadrid.com\/wp-content\/uploads\/2018\/02\/amon-100-iberico-cebo-de-campo-600x600.webp 600w, https:\/\/jamonesibericosmadrid.com\/wp-content\/uploads\/2018\/02\/amon-100-iberico-cebo-de-campo-700x700.webp 700w, https:\/\/jamonesibericosmadrid.com\/wp-content\/uploads\/2018\/02\/amon-100-iberico-cebo-de-campo-768x768.webp 768w, https:\/\/jamonesibericosmadrid.com\/wp-content\/uploads\/2018\/02\/amon-100-iberico-cebo-de-campo-800x800.webp 800w, https:\/\/jamonesibericosmadrid.com\/wp-content\/uploads\/2018\/02\/amon-100-iberico-cebo-de-campo.webp 850w\" data-sizes=\"auto\" \/><div class=\"fusion-rollover\">\n\t<div class=\"fusion-rollover-content\">\n\n\t\t\t\t\n\t\t\n\t\t\t\t\t\t\t\t\n\t\t\t\t\t\t\t\t\n\t\t\n\t\t\t\t\t\t\t\t\t\t\t\t\t\t\t\n\t\t\t\t\t\t\n\t\t\t\t\t\t\t\t\t\t<div class=\"fusion-product-buttons\">\n\t\t\t\t\t<a href=\"https:\/\/jamonesibericosmadrid.com\/en\/producto\/gabriel-castano-cebo-de-campo-100-iberian-ham\/\" aria-describedby=\"woocommerce_loop_add_to_cart_link_describedby_1281\" data-quantity=\"1\" class=\"button product_type_variable add_to_cart_button\" data-product_id=\"1281\" data-product_sku=\"\" aria-label=\"Select options for &ldquo;Gabriel cebo de campo 100 Iberian ham&rdquo;\" rel=\"nofollow\">Select options<\/a>\t<span id=\"woocommerce_loop_add_to_cart_link_describedby_1281\" class=\"screen-reader-text\">\n\t\tThis product has multiple variants. The options may be chosen on the product page\t<\/span>\n<span class=\"fusion-rollover-linebreak\">\n\t\/<\/span>\n\n<a href=\"https:\/\/jamonesibericosmadrid.com\/en\/producto\/gabriel-castano-cebo-de-campo-100-iberian-ham\/\" class=\"show_details_button\">\n\tDetails<\/a>\n\n\t\t\t\t<\/div>\n\t\t\t\t\t\t\t\t\t<a class=\"fusion-link-wrapper\" href=\"https:\/\/jamonesibericosmadrid.com\/en\/producto\/gabriel-castano-cebo-de-campo-100-iberian-ham\/\" aria-label=\"Gabriel cebo de campo 100 Iberian ham\"><\/a>\n\t<\/div>\n<\/div>\n<\/div>\n<\/div>\n<div class=\"fusion-product-content\">\n\t<div class=\"product-details\">\n\t\t<div class=\"product-details-container\">\n<h3 class=\"product-title\">\n\t<a href=\"https:\/\/jamonesibericosmadrid.com\/en\/producto\/gabriel-castano-cebo-de-campo-100-iberian-ham\/\">\n\t\tGabriel cebo de campo 100 Iberian ham\t<\/a>\n<\/h3>\n<div class=\"fusion-price-rating\">\n\n\t<span class=\"price\"><span class=\"woocommerce-Price-amount amount\" aria-hidden=\"true\"><bdi>290,00<span class=\"woocommerce-Price-currencySymbol\">&euro;<\/span><\/bdi><\/span> <span aria-hidden=\"true\">&ndash;<\/span> <span class=\"woocommerce-Price-amount amount\" aria-hidden=\"true\"><bdi>350,00<span class=\"woocommerce-Price-currencySymbol\">&euro;<\/span><\/bdi><\/span><span class=\"screen-reader-text\">Price range: 290,00&euro; through 350,00&euro;<\/span> <small><\/small><\/span>\n\t\t<\/div>\n\t<\/div>\n<\/div>\n\n\t<\/div> \n\n\n<\/div>\n<\/li>\n<li class=\"product type-product post-1271 status-publish first instock product_cat-iberian-hams product_cat-whole-hams has-post-thumbnail taxable shipping-taxable purchasable product-type-variable has-default-attributes product-grid-view\">\n\t<div class=\"fusion-product-wrapper\">\n\n<div class=\"fusion-clean-product-image-wrapper \">\n\t<div  class=\"fusion-image-wrapper fusion-image-size-fixed\" aria-haspopup=\"true\">\n\t\t\t\t<img decoding=\"async\" width=\"500\" height=\"500\" src=\"https:\/\/jamonesibericosmadrid.com\/wp-content\/uploads\/2018\/02\/jamon-75-cebo-campo-500x500.webp\" class=\"attachment-woocommerce_thumbnail size-woocommerce_thumbnail lazyload wp-post-image\" alt=\"Jam\u00f3n 75 raza ib\u00e9rica cebo de campo 4 a\u00f1os PN\" srcset=\"data:image\/svg+xml,%3Csvg%20xmlns%3D%27http%3A%2F%2Fwww.w3.org%2F2000%2Fsvg%27%20width%3D%27850%27%20height%3D%27850%27%20viewBox%3D%270%200%20850%20850%27%3E%3Crect%20width%3D%27850%27%20height%3D%27850%27%20fill-opacity%3D%220%22%2F%3E%3C%2Fsvg%3E\" data-orig-src=\"https:\/\/jamonesibericosmadrid.com\/wp-content\/uploads\/2018\/02\/jamon-75-cebo-campo-500x500.webp\" data-srcset=\"https:\/\/jamonesibericosmadrid.com\/wp-content\/uploads\/2018\/02\/jamon-75-cebo-campo-100x100.webp 100w, https:\/\/jamonesibericosmadrid.com\/wp-content\/uploads\/2018\/02\/jamon-75-cebo-campo-150x150.webp 150w, https:\/\/jamonesibericosmadrid.com\/wp-content\/uploads\/2018\/02\/jamon-75-cebo-campo-200x200.webp 200w, https:\/\/jamonesibericosmadrid.com\/wp-content\/uploads\/2018\/02\/jamon-75-cebo-campo-300x300.webp 300w, https:\/\/jamonesibericosmadrid.com\/wp-content\/uploads\/2018\/02\/jamon-75-cebo-campo-400x400.webp 400w, https:\/\/jamonesibericosmadrid.com\/wp-content\/uploads\/2018\/02\/jamon-75-cebo-campo-500x500.webp 500w, https:\/\/jamonesibericosmadrid.com\/wp-content\/uploads\/2018\/02\/jamon-75-cebo-campo-600x600.webp 600w, https:\/\/jamonesibericosmadrid.com\/wp-content\/uploads\/2018\/02\/jamon-75-cebo-campo-700x700.webp 700w, https:\/\/jamonesibericosmadrid.com\/wp-content\/uploads\/2018\/02\/jamon-75-cebo-campo-768x768.webp 768w, https:\/\/jamonesibericosmadrid.com\/wp-content\/uploads\/2018\/02\/jamon-75-cebo-campo-800x800.webp 800w, https:\/\/jamonesibericosmadrid.com\/wp-content\/uploads\/2018\/02\/jamon-75-cebo-campo.webp 850w\" data-sizes=\"auto\" \/><div class=\"fusion-rollover\">\n\t<div class=\"fusion-rollover-content\">\n\n\t\t\t\t\n\t\t\n\t\t\t\t\t\t\t\t\n\t\t\t\t\t\t\t\t\n\t\t\n\t\t\t\t\t\t\t\t\t\t\t\t\t\t\t\n\t\t\t\t\t\t\n\t\t\t\t\t\t\t\t\t\t<div class=\"fusion-product-buttons\">\n\t\t\t\t\t<a href=\"https:\/\/jamonesibericosmadrid.com\/en\/producto\/jamon-raza-iberica-de-cebo-de-campo\/\" aria-describedby=\"woocommerce_loop_add_to_cart_link_describedby_1271\" data-quantity=\"1\" class=\"button product_type_variable add_to_cart_button\" data-product_id=\"1271\" data-product_sku=\"\" aria-label=\"Select options for &ldquo;Pedro Nieto 75% Iberian ham 3 years&rdquo;\" rel=\"nofollow\">Select options<\/a>\t<span id=\"woocommerce_loop_add_to_cart_link_describedby_1271\" class=\"screen-reader-text\">\n\t\tThis product has multiple variants. The options may be chosen on the product page\t<\/span>\n<span class=\"fusion-rollover-linebreak\">\n\t\/<\/span>\n\n<a href=\"https:\/\/jamonesibericosmadrid.com\/en\/producto\/jamon-raza-iberica-de-cebo-de-campo\/\" class=\"show_details_button\">\n\tDetails<\/a>\n\n\t\t\t\t<\/div>\n\t\t\t\t\t\t\t\t\t<a class=\"fusion-link-wrapper\" href=\"https:\/\/jamonesibericosmadrid.com\/en\/producto\/jamon-raza-iberica-de-cebo-de-campo\/\" aria-label=\"Pedro Nieto 75% Iberian ham 3 years\"><\/a>\n\t<\/div>\n<\/div>\n<\/div>\n<\/div>\n<div class=\"fusion-product-content\">\n\t<div class=\"product-details\">\n\t\t<div class=\"product-details-container\">\n<h3 class=\"product-title\">\n\t<a href=\"https:\/\/jamonesibericosmadrid.com\/en\/producto\/jamon-raza-iberica-de-cebo-de-campo\/\">\n\t\tPedro Nieto 75% Iberian ham 3 years\t<\/a>\n<\/h3>\n<div class=\"fusion-price-rating\">\n\n\t<span class=\"price\"><span class=\"woocommerce-Price-amount amount\" aria-hidden=\"true\"><bdi>320,00<span class=\"woocommerce-Price-currencySymbol\">&euro;<\/span><\/bdi><\/span> <span aria-hidden=\"true\">&ndash;<\/span> <span class=\"woocommerce-Price-amount amount\" aria-hidden=\"true\"><bdi>360,00<span class=\"woocommerce-Price-currencySymbol\">&euro;<\/span><\/bdi><\/span><span class=\"screen-reader-text\">Price range: 320,00&euro; through 360,00&euro;<\/span> <small><\/small><\/span>\n\t\t<\/div>\n\t<\/div>\n<\/div>\n\n\t<\/div> \n\n\n<\/div>\n<\/li>\n<\/ul>\n<\/div><\/div><div class=\"nav fusion-mobile-tab-nav\"><ul class=\"nav-tabs nav-justified\" role=\"tablist\"><li role=\"presentation\"><a class=\"tab-link\" data-toggle=\"tab\" role=\"tab\" aria-controls=\"tab-71328282aefae0635ec\" aria-selected=\"false\" tabindex=\"-1\" id=\"mobile-fusion-tab-slicedshoulder\" href=\"#tab-71328282aefae0635ec\"><h4 class=\"fusion-tab-heading\">SLICED SHOULDER<\/h4><\/a><\/li><\/ul><\/div><div class=\"tab-pane fade fusion-clearfix\" role=\"tabpanel\" tabindex=\"0\" aria-labelledby=\"fusion-tab-slicedshoulder\" id=\"tab-71328282aefae0635ec\">\n<p style=\"text-align: center;\">All sliced packs on our website \u201cL\u00f3pez Pascual 1.919\u201d are sliced with a knife exclusively at the time of receiving your order. It is delicately presented in thin slices and immediately vacuum packed to preserve its incredible aromatic richness. It is then identified by mentioning its origin, maturing and best-before date. The maximum and necessary precision: each package contains the best of L\u00f3pez Pascual and must be an intense flavor experience. True craftsmanship.<\/p>\n<div class=\"woocommerce columns-3 \"><ul class=\"products clearfix products-3\">\n<li class=\"product type-product post-4720 status-publish first instock product_cat-hand-sliced product_cat-iberian-ham-shoulder has-post-thumbnail taxable shipping-taxable purchasable product-type-variable product-grid-view\">\n\t<div class=\"fusion-product-wrapper\">\n\n<div class=\"fusion-clean-product-image-wrapper \">\n\t<div  class=\"fusion-image-wrapper fusion-image-size-fixed\" aria-haspopup=\"true\">\n\t\t\t\t<img decoding=\"async\" width=\"500\" height=\"500\" src=\"https:\/\/jamonesibericosmadrid.com\/wp-content\/uploads\/2021\/03\/paleta-PN-500x500.png\" class=\"attachment-woocommerce_thumbnail size-woocommerce_thumbnail lazyload wp-post-image\" alt=\"Pedro Nieto D.O. acorn-fed Iberian shoulder hand sliced . True craftsmanship\" srcset=\"data:image\/svg+xml,%3Csvg%20xmlns%3D%27http%3A%2F%2Fwww.w3.org%2F2000%2Fsvg%27%20width%3D%27850%27%20height%3D%27850%27%20viewBox%3D%270%200%20850%20850%27%3E%3Crect%20width%3D%27850%27%20height%3D%27850%27%20fill-opacity%3D%220%22%2F%3E%3C%2Fsvg%3E\" data-orig-src=\"https:\/\/jamonesibericosmadrid.com\/wp-content\/uploads\/2021\/03\/paleta-PN-500x500.png\" data-srcset=\"https:\/\/jamonesibericosmadrid.com\/wp-content\/uploads\/2021\/03\/paleta-PN-66x66.png 66w, https:\/\/jamonesibericosmadrid.com\/wp-content\/uploads\/2021\/03\/paleta-PN-100x100.png 100w, https:\/\/jamonesibericosmadrid.com\/wp-content\/uploads\/2021\/03\/paleta-PN-150x150.png 150w, https:\/\/jamonesibericosmadrid.com\/wp-content\/uploads\/2021\/03\/paleta-PN-200x200.png 200w, https:\/\/jamonesibericosmadrid.com\/wp-content\/uploads\/2021\/03\/paleta-PN-300x300.png 300w, https:\/\/jamonesibericosmadrid.com\/wp-content\/uploads\/2021\/03\/paleta-PN-400x400.png 400w, https:\/\/jamonesibericosmadrid.com\/wp-content\/uploads\/2021\/03\/paleta-PN-500x500.png 500w, https:\/\/jamonesibericosmadrid.com\/wp-content\/uploads\/2021\/03\/paleta-PN-600x600.png 600w, https:\/\/jamonesibericosmadrid.com\/wp-content\/uploads\/2021\/03\/paleta-PN-700x700.png 700w, https:\/\/jamonesibericosmadrid.com\/wp-content\/uploads\/2021\/03\/paleta-PN-768x768.png 768w, https:\/\/jamonesibericosmadrid.com\/wp-content\/uploads\/2021\/03\/paleta-PN-800x800.png 800w, https:\/\/jamonesibericosmadrid.com\/wp-content\/uploads\/2021\/03\/paleta-PN.png 850w\" data-sizes=\"auto\" \/><div class=\"fusion-rollover\">\n\t<div class=\"fusion-rollover-content\">\n\n\t\t\t\t\n\t\t\n\t\t\t\t\t\t\t\t\n\t\t\t\t\t\t\t\t\n\t\t\n\t\t\t\t\t\t\t\t\t\t\t\t\t\t\t\n\t\t\t\t\t\t\n\t\t\t\t\t\t\t\t\t\t<div class=\"fusion-product-buttons\">\n\t\t\t\t\t<a href=\"https:\/\/jamonesibericosmadrid.com\/en\/producto\/pedro-nieto-d-o-acorn-fed-100-iberian-shoulder-hand-sliced\/\" aria-describedby=\"woocommerce_loop_add_to_cart_link_describedby_4720\" data-quantity=\"1\" class=\"button product_type_variable add_to_cart_button\" data-product_id=\"4720\" data-product_sku=\"\" aria-label=\"Select options for &ldquo;Pedro Nieto D.O. acorn-fed 100% Iberian shoulder hand sliced&rdquo;\" rel=\"nofollow\">Select options<\/a>\t<span id=\"woocommerce_loop_add_to_cart_link_describedby_4720\" class=\"screen-reader-text\">\n\t\tThis product has multiple variants. The options may be chosen on the product page\t<\/span>\n<span class=\"fusion-rollover-linebreak\">\n\t\/<\/span>\n\n<a href=\"https:\/\/jamonesibericosmadrid.com\/en\/producto\/pedro-nieto-d-o-acorn-fed-100-iberian-shoulder-hand-sliced\/\" class=\"show_details_button\">\n\tDetails<\/a>\n\n\t\t\t\t<\/div>\n\t\t\t\t\t\t\t\t\t<a class=\"fusion-link-wrapper\" href=\"https:\/\/jamonesibericosmadrid.com\/en\/producto\/pedro-nieto-d-o-acorn-fed-100-iberian-shoulder-hand-sliced\/\" aria-label=\"Pedro Nieto D.O. acorn-fed 100% Iberian shoulder hand sliced\"><\/a>\n\t<\/div>\n<\/div>\n<\/div>\n<\/div>\n<div class=\"fusion-product-content\">\n\t<div class=\"product-details\">\n\t\t<div class=\"product-details-container\">\n<h3 class=\"product-title\">\n\t<a href=\"https:\/\/jamonesibericosmadrid.com\/en\/producto\/pedro-nieto-d-o-acorn-fed-100-iberian-shoulder-hand-sliced\/\">\n\t\tPedro Nieto D.O. acorn-fed 100% Iberian shoulder hand sliced\t<\/a>\n<\/h3>\n<div class=\"fusion-price-rating\">\n\n\t<span class=\"price\"><span class=\"woocommerce-Price-amount amount\" aria-hidden=\"true\"><bdi>12,00<span class=\"woocommerce-Price-currencySymbol\">&euro;<\/span><\/bdi><\/span> <span aria-hidden=\"true\">&ndash;<\/span> <span class=\"woocommerce-Price-amount amount\" aria-hidden=\"true\"><bdi>110,00<span class=\"woocommerce-Price-currencySymbol\">&euro;<\/span><\/bdi><\/span><span class=\"screen-reader-text\">Price range: 12,00&euro; through 110,00&euro;<\/span> <small><\/small><\/span>\n\t\t<\/div>\n\t<\/div>\n<\/div>\n\n\t<\/div> \n\n\n<\/div>\n<\/li>\n<li class=\"product type-product post-4682 status-publish instock product_cat-hand-sliced product_cat-iberian-ham-shoulder has-post-thumbnail taxable shipping-taxable purchasable product-type-variable product-grid-view\">\n\t<div class=\"fusion-product-wrapper\">\n\n<div class=\"fusion-clean-product-image-wrapper \">\n\t<div  class=\"fusion-image-wrapper fusion-image-size-fixed\" aria-haspopup=\"true\">\n\t\t\t\t<img decoding=\"async\" width=\"500\" height=\"500\" src=\"https:\/\/jamonesibericosmadrid.com\/wp-content\/uploads\/2021\/03\/paleta-5-jotas-600x600-1-500x500.png\" class=\"attachment-woocommerce_thumbnail size-woocommerce_thumbnail lazyload wp-post-image\" alt=\"5 Jotas ham shoulder hand carved\" srcset=\"data:image\/svg+xml,%3Csvg%20xmlns%3D%27http%3A%2F%2Fwww.w3.org%2F2000%2Fsvg%27%20width%3D%27600%27%20height%3D%27600%27%20viewBox%3D%270%200%20600%20600%27%3E%3Crect%20width%3D%27600%27%20height%3D%27600%27%20fill-opacity%3D%220%22%2F%3E%3C%2Fsvg%3E\" data-orig-src=\"https:\/\/jamonesibericosmadrid.com\/wp-content\/uploads\/2021\/03\/paleta-5-jotas-600x600-1-500x500.png\" data-srcset=\"https:\/\/jamonesibericosmadrid.com\/wp-content\/uploads\/2021\/03\/paleta-5-jotas-600x600-1-66x66.png 66w, https:\/\/jamonesibericosmadrid.com\/wp-content\/uploads\/2021\/03\/paleta-5-jotas-600x600-1-100x100.png 100w, https:\/\/jamonesibericosmadrid.com\/wp-content\/uploads\/2021\/03\/paleta-5-jotas-600x600-1-150x150.png 150w, https:\/\/jamonesibericosmadrid.com\/wp-content\/uploads\/2021\/03\/paleta-5-jotas-600x600-1-200x200.png 200w, https:\/\/jamonesibericosmadrid.com\/wp-content\/uploads\/2021\/03\/paleta-5-jotas-600x600-1-300x300.png 300w, https:\/\/jamonesibericosmadrid.com\/wp-content\/uploads\/2021\/03\/paleta-5-jotas-600x600-1-400x400.png 400w, https:\/\/jamonesibericosmadrid.com\/wp-content\/uploads\/2021\/03\/paleta-5-jotas-600x600-1-500x500.png 500w, https:\/\/jamonesibericosmadrid.com\/wp-content\/uploads\/2021\/03\/paleta-5-jotas-600x600-1.png 600w\" data-sizes=\"auto\" \/><div class=\"fusion-rollover\">\n\t<div class=\"fusion-rollover-content\">\n\n\t\t\t\t\n\t\t\n\t\t\t\t\t\t\t\t\n\t\t\t\t\t\t\t\t\n\t\t\n\t\t\t\t\t\t\t\t\t\t\t\t\t\t\t\n\t\t\t\t\t\t\n\t\t\t\t\t\t\t\t\t\t<div class=\"fusion-product-buttons\">\n\t\t\t\t\t<a href=\"https:\/\/jamonesibericosmadrid.com\/en\/producto\/5-jotas-ham-shoulder-hand-carved\/\" aria-describedby=\"woocommerce_loop_add_to_cart_link_describedby_4682\" data-quantity=\"1\" class=\"button product_type_variable add_to_cart_button\" data-product_id=\"4682\" data-product_sku=\"\" aria-label=\"Select options for &ldquo;5 Jotas acorn-fed Iberian ham shoulder hand carved&rdquo;\" rel=\"nofollow\">Select options<\/a>\t<span id=\"woocommerce_loop_add_to_cart_link_describedby_4682\" class=\"screen-reader-text\">\n\t\tThis product has multiple variants. The options may be chosen on the product page\t<\/span>\n<span class=\"fusion-rollover-linebreak\">\n\t\/<\/span>\n\n<a href=\"https:\/\/jamonesibericosmadrid.com\/en\/producto\/5-jotas-ham-shoulder-hand-carved\/\" class=\"show_details_button\">\n\tDetails<\/a>\n\n\t\t\t\t<\/div>\n\t\t\t\t\t\t\t\t\t<a class=\"fusion-link-wrapper\" href=\"https:\/\/jamonesibericosmadrid.com\/en\/producto\/5-jotas-ham-shoulder-hand-carved\/\" aria-label=\"5 Jotas acorn-fed Iberian ham shoulder hand carved\"><\/a>\n\t<\/div>\n<\/div>\n<\/div>\n<\/div>\n<div class=\"fusion-product-content\">\n\t<div class=\"product-details\">\n\t\t<div class=\"product-details-container\">\n<h3 class=\"product-title\">\n\t<a href=\"https:\/\/jamonesibericosmadrid.com\/en\/producto\/5-jotas-ham-shoulder-hand-carved\/\">\n\t\t5 Jotas acorn-fed Iberian ham shoulder hand carved\t<\/a>\n<\/h3>\n<div class=\"fusion-price-rating\">\n\n\t<span class=\"price\"><span class=\"woocommerce-Price-amount amount\" aria-hidden=\"true\"><bdi>16,20<span class=\"woocommerce-Price-currencySymbol\">&euro;<\/span><\/bdi><\/span> <span aria-hidden=\"true\">&ndash;<\/span> <span class=\"woocommerce-Price-amount amount\" aria-hidden=\"true\"><bdi>160,00<span class=\"woocommerce-Price-currencySymbol\">&euro;<\/span><\/bdi><\/span><span class=\"screen-reader-text\">Price range: 16,20&euro; through 160,00&euro;<\/span> <small><\/small><\/span>\n\t\t<\/div>\n\t<\/div>\n<\/div>\n\n\t<\/div> \n\n\n<\/div>\n<\/li>\n<li class=\"product type-product post-4566 status-publish last instock product_cat-hand-sliced product_cat-iberian-ham-shoulder has-post-thumbnail taxable shipping-taxable purchasable product-type-variable product-grid-view\">\n\t<div class=\"fusion-product-wrapper\">\n\n<div class=\"fusion-clean-product-image-wrapper \">\n\t<div  class=\"fusion-image-wrapper fusion-image-size-fixed\" aria-haspopup=\"true\">\n\t\t\t\t<img decoding=\"async\" width=\"500\" height=\"500\" src=\"https:\/\/jamonesibericosmadrid.com\/wp-content\/uploads\/2021\/02\/Paleta-Castano-_det1-500x500.png\" class=\"attachment-woocommerce_thumbnail size-woocommerce_thumbnail lazyload wp-post-image\" alt=\"Acorn-fed 100% Ib\u00e9rico Shoulder Ham\" srcset=\"data:image\/svg+xml,%3Csvg%20xmlns%3D%27http%3A%2F%2Fwww.w3.org%2F2000%2Fsvg%27%20width%3D%27850%27%20height%3D%27850%27%20viewBox%3D%270%200%20850%20850%27%3E%3Crect%20width%3D%27850%27%20height%3D%27850%27%20fill-opacity%3D%220%22%2F%3E%3C%2Fsvg%3E\" data-orig-src=\"https:\/\/jamonesibericosmadrid.com\/wp-content\/uploads\/2021\/02\/Paleta-Castano-_det1-500x500.png\" data-srcset=\"https:\/\/jamonesibericosmadrid.com\/wp-content\/uploads\/2021\/02\/Paleta-Castano-_det1-66x66.png 66w, https:\/\/jamonesibericosmadrid.com\/wp-content\/uploads\/2021\/02\/Paleta-Castano-_det1-100x100.png 100w, https:\/\/jamonesibericosmadrid.com\/wp-content\/uploads\/2021\/02\/Paleta-Castano-_det1-150x150.png 150w, https:\/\/jamonesibericosmadrid.com\/wp-content\/uploads\/2021\/02\/Paleta-Castano-_det1-200x200.png 200w, https:\/\/jamonesibericosmadrid.com\/wp-content\/uploads\/2021\/02\/Paleta-Castano-_det1-300x300.png 300w, https:\/\/jamonesibericosmadrid.com\/wp-content\/uploads\/2021\/02\/Paleta-Castano-_det1-400x400.png 400w, https:\/\/jamonesibericosmadrid.com\/wp-content\/uploads\/2021\/02\/Paleta-Castano-_det1-500x500.png 500w, https:\/\/jamonesibericosmadrid.com\/wp-content\/uploads\/2021\/02\/Paleta-Castano-_det1-600x600.png 600w, https:\/\/jamonesibericosmadrid.com\/wp-content\/uploads\/2021\/02\/Paleta-Castano-_det1-700x700.png 700w, https:\/\/jamonesibericosmadrid.com\/wp-content\/uploads\/2021\/02\/Paleta-Castano-_det1-768x768.png 768w, https:\/\/jamonesibericosmadrid.com\/wp-content\/uploads\/2021\/02\/Paleta-Castano-_det1-800x800.png 800w, https:\/\/jamonesibericosmadrid.com\/wp-content\/uploads\/2021\/02\/Paleta-Castano-_det1.png 850w\" data-sizes=\"auto\" \/><div class=\"fusion-rollover\">\n\t<div class=\"fusion-rollover-content\">\n\n\t\t\t\t\n\t\t\n\t\t\t\t\t\t\t\t\n\t\t\t\t\t\t\t\t\n\t\t\n\t\t\t\t\t\t\t\t\t\t\t\t\t\t\t\n\t\t\t\t\t\t\n\t\t\t\t\t\t\t\t\t\t<div class=\"fusion-product-buttons\">\n\t\t\t\t\t<a href=\"https:\/\/jamonesibericosmadrid.com\/en\/producto\/gabriel-castano-acorn-fed-iberian-shoulder-hand-sliced\/\" aria-describedby=\"woocommerce_loop_add_to_cart_link_describedby_4566\" data-quantity=\"1\" class=\"button product_type_variable add_to_cart_button\" data-product_id=\"4566\" data-product_sku=\"\" aria-label=\"Select options for &ldquo;Gabriel Casta\u00f1o acorn-fed Iberian shoulder hand sliced&rdquo;\" rel=\"nofollow\">Select options<\/a>\t<span id=\"woocommerce_loop_add_to_cart_link_describedby_4566\" class=\"screen-reader-text\">\n\t\tThis product has multiple variants. The options may be chosen on the product page\t<\/span>\n<span class=\"fusion-rollover-linebreak\">\n\t\/<\/span>\n\n<a href=\"https:\/\/jamonesibericosmadrid.com\/en\/producto\/gabriel-castano-acorn-fed-iberian-shoulder-hand-sliced\/\" class=\"show_details_button\">\n\tDetails<\/a>\n\n\t\t\t\t<\/div>\n\t\t\t\t\t\t\t\t\t<a class=\"fusion-link-wrapper\" href=\"https:\/\/jamonesibericosmadrid.com\/en\/producto\/gabriel-castano-acorn-fed-iberian-shoulder-hand-sliced\/\" aria-label=\"Gabriel Casta\u00f1o acorn-fed Iberian shoulder hand sliced\"><\/a>\n\t<\/div>\n<\/div>\n<\/div>\n<\/div>\n<div class=\"fusion-product-content\">\n\t<div class=\"product-details\">\n\t\t<div class=\"product-details-container\">\n<h3 class=\"product-title\">\n\t<a href=\"https:\/\/jamonesibericosmadrid.com\/en\/producto\/gabriel-castano-acorn-fed-iberian-shoulder-hand-sliced\/\">\n\t\tGabriel Casta\u00f1o acorn-fed Iberian shoulder hand sliced\t<\/a>\n<\/h3>\n<div class=\"fusion-price-rating\">\n\n\t<span class=\"price\"><span class=\"woocommerce-Price-amount amount\" aria-hidden=\"true\"><bdi>12,00<span class=\"woocommerce-Price-currencySymbol\">&euro;<\/span><\/bdi><\/span> <span aria-hidden=\"true\">&ndash;<\/span> <span class=\"woocommerce-Price-amount amount\" aria-hidden=\"true\"><bdi>120,00<span class=\"woocommerce-Price-currencySymbol\">&euro;<\/span><\/bdi><\/span><span class=\"screen-reader-text\">Price range: 12,00&euro; through 120,00&euro;<\/span> <small><\/small><\/span>\n\t\t<\/div>\n\t<\/div>\n<\/div>\n\n\t<\/div> \n\n\n<\/div>\n<\/li>\n<\/ul>\n<\/div><\/div><div class=\"nav fusion-mobile-tab-nav\"><ul class=\"nav-tabs nav-justified\" role=\"tablist\"><li role=\"presentation\"><a class=\"tab-link\" data-toggle=\"tab\" role=\"tab\" aria-controls=\"tab-996a2814be15619851d\" aria-selected=\"false\" tabindex=\"-1\" id=\"mobile-fusion-tab-wholeshoulder\" href=\"#tab-996a2814be15619851d\"><h4 class=\"fusion-tab-heading\">WHOLE SHOULDER<\/h4><\/a><\/li><\/ul><\/div><div class=\"tab-pane fade fusion-clearfix\" role=\"tabpanel\" tabindex=\"0\" aria-labelledby=\"fusion-tab-wholeshoulder\" id=\"tab-996a2814be15619851d\">\n<p style=\"text-align: center;\">We offer you an exclusive selection of Iberian hams chosen according to our requirements in terms of quality and origin. You can buy the whole ham or order it cut by knife by our master cutters and vacuum packed under high pressure.<\/p>\n<div class=\"woocommerce columns-3 \"><ul class=\"products clearfix products-3\">\n<li class=\"product type-product post-1765 status-publish first instock product_cat-iberian-ham-shoulder product_cat-whole has-post-thumbnail taxable shipping-taxable purchasable product-type-variable product-grid-view\">\n\t<div class=\"fusion-product-wrapper\">\n\n<div class=\"fusion-clean-product-image-wrapper \">\n\t<div  class=\"fusion-image-wrapper fusion-image-size-fixed\" aria-haspopup=\"true\">\n\t\t\t\t<img decoding=\"async\" width=\"500\" height=\"500\" src=\"https:\/\/jamonesibericosmadrid.com\/wp-content\/uploads\/2018\/05\/paleta-bellota-autentica-raza-iberica-2022-500x500.webp\" class=\"attachment-woocommerce_thumbnail size-woocommerce_thumbnail lazyload wp-post-image\" alt=\"\" srcset=\"data:image\/svg+xml,%3Csvg%20xmlns%3D%27http%3A%2F%2Fwww.w3.org%2F2000%2Fsvg%27%20width%3D%27850%27%20height%3D%27850%27%20viewBox%3D%270%200%20850%20850%27%3E%3Crect%20width%3D%27850%27%20height%3D%27850%27%20fill-opacity%3D%220%22%2F%3E%3C%2Fsvg%3E\" data-orig-src=\"https:\/\/jamonesibericosmadrid.com\/wp-content\/uploads\/2018\/05\/paleta-bellota-autentica-raza-iberica-2022-500x500.webp\" data-srcset=\"https:\/\/jamonesibericosmadrid.com\/wp-content\/uploads\/2018\/05\/paleta-bellota-autentica-raza-iberica-2022-100x100.webp 100w, https:\/\/jamonesibericosmadrid.com\/wp-content\/uploads\/2018\/05\/paleta-bellota-autentica-raza-iberica-2022-150x150.webp 150w, https:\/\/jamonesibericosmadrid.com\/wp-content\/uploads\/2018\/05\/paleta-bellota-autentica-raza-iberica-2022-200x200.webp 200w, https:\/\/jamonesibericosmadrid.com\/wp-content\/uploads\/2018\/05\/paleta-bellota-autentica-raza-iberica-2022-300x300.webp 300w, https:\/\/jamonesibericosmadrid.com\/wp-content\/uploads\/2018\/05\/paleta-bellota-autentica-raza-iberica-2022-400x400.webp 400w, https:\/\/jamonesibericosmadrid.com\/wp-content\/uploads\/2018\/05\/paleta-bellota-autentica-raza-iberica-2022-500x500.webp 500w, https:\/\/jamonesibericosmadrid.com\/wp-content\/uploads\/2018\/05\/paleta-bellota-autentica-raza-iberica-2022-600x600.webp 600w, https:\/\/jamonesibericosmadrid.com\/wp-content\/uploads\/2018\/05\/paleta-bellota-autentica-raza-iberica-2022-700x700.webp 700w, https:\/\/jamonesibericosmadrid.com\/wp-content\/uploads\/2018\/05\/paleta-bellota-autentica-raza-iberica-2022-768x768.webp 768w, https:\/\/jamonesibericosmadrid.com\/wp-content\/uploads\/2018\/05\/paleta-bellota-autentica-raza-iberica-2022-800x800.webp 800w, https:\/\/jamonesibericosmadrid.com\/wp-content\/uploads\/2018\/05\/paleta-bellota-autentica-raza-iberica-2022.webp 850w\" data-sizes=\"auto\" \/><div class=\"fusion-rollover\">\n\t<div class=\"fusion-rollover-content\">\n\n\t\t\t\t\n\t\t\n\t\t\t\t\t\t\t\t\n\t\t\t\t\t\t\t\t\n\t\t\n\t\t\t\t\t\t\t\t\t\t\t\t\t\t\t\n\t\t\t\t\t\t\n\t\t\t\t\t\t\t\t\t\t<div class=\"fusion-product-buttons\">\n\t\t\t\t\t<a href=\"https:\/\/jamonesibericosmadrid.com\/en\/producto\/pedro-nieto-do-acorn-fed-iberian-shoulder-2021\/\" aria-describedby=\"woocommerce_loop_add_to_cart_link_describedby_1765\" data-quantity=\"1\" class=\"button product_type_variable add_to_cart_button\" data-product_id=\"1765\" data-product_sku=\"\" aria-label=\"Select options for &ldquo;Pedro Nieto D.O. acorn-fed Iberian shoulder 2021&rdquo;\" rel=\"nofollow\">Select options<\/a>\t<span id=\"woocommerce_loop_add_to_cart_link_describedby_1765\" class=\"screen-reader-text\">\n\t\tThis product has multiple variants. The options may be chosen on the product page\t<\/span>\n<span class=\"fusion-rollover-linebreak\">\n\t\/<\/span>\n\n<a href=\"https:\/\/jamonesibericosmadrid.com\/en\/producto\/pedro-nieto-do-acorn-fed-iberian-shoulder-2021\/\" class=\"show_details_button\">\n\tDetails<\/a>\n\n\t\t\t\t<\/div>\n\t\t\t\t\t\t\t\t\t<a class=\"fusion-link-wrapper\" href=\"https:\/\/jamonesibericosmadrid.com\/en\/producto\/pedro-nieto-do-acorn-fed-iberian-shoulder-2021\/\" aria-label=\"Pedro Nieto D.O. acorn-fed Iberian shoulder 2021\"><\/a>\n\t<\/div>\n<\/div>\n<\/div>\n<\/div>\n<div class=\"fusion-product-content\">\n\t<div class=\"product-details\">\n\t\t<div class=\"product-details-container\">\n<h3 class=\"product-title\">\n\t<a href=\"https:\/\/jamonesibericosmadrid.com\/en\/producto\/pedro-nieto-do-acorn-fed-iberian-shoulder-2021\/\">\n\t\tPedro Nieto D.O. acorn-fed Iberian shoulder 2021\t<\/a>\n<\/h3>\n<div class=\"fusion-price-rating\">\n\n\t<span class=\"price\"><span class=\"woocommerce-Price-amount amount\" aria-hidden=\"true\"><bdi>225,00<span class=\"woocommerce-Price-currencySymbol\">&euro;<\/span><\/bdi><\/span> <span aria-hidden=\"true\">&ndash;<\/span> <span class=\"woocommerce-Price-amount amount\" aria-hidden=\"true\"><bdi>245,00<span class=\"woocommerce-Price-currencySymbol\">&euro;<\/span><\/bdi><\/span><span class=\"screen-reader-text\">Price range: 225,00&euro; through 245,00&euro;<\/span> <small><\/small><\/span>\n\t\t<\/div>\n\t<\/div>\n<\/div>\n\n\t<\/div> \n\n\n<\/div>\n<\/li>\n<li class=\"product type-product post-1335 status-publish instock product_cat-iberian-ham-shoulder product_cat-whole has-post-thumbnail taxable shipping-taxable purchasable product-type-variable product-grid-view\">\n\t<div class=\"fusion-product-wrapper\">\n\n<div class=\"fusion-clean-product-image-wrapper \">\n\t<div  class=\"fusion-image-wrapper fusion-image-size-fixed\" aria-haspopup=\"true\">\n\t\t\t\t<img decoding=\"async\" width=\"500\" height=\"500\" src=\"https:\/\/jamonesibericosmadrid.com\/wp-content\/uploads\/2018\/02\/paleta-cinco-jotas-500x500.webp\" class=\"attachment-woocommerce_thumbnail size-woocommerce_thumbnail lazyload wp-post-image\" alt=\"Paleta 5 Jotas 100\u202f% ib\u00e9rica, cortada a cuchillo artesanalmente. Sabor intenso y jugoso desde Jabugo. Aut\u00e9ntica joya gastron\u00f3mica en tu mesa.\" srcset=\"data:image\/svg+xml,%3Csvg%20xmlns%3D%27http%3A%2F%2Fwww.w3.org%2F2000%2Fsvg%27%20width%3D%27850%27%20height%3D%27850%27%20viewBox%3D%270%200%20850%20850%27%3E%3Crect%20width%3D%27850%27%20height%3D%27850%27%20fill-opacity%3D%220%22%2F%3E%3C%2Fsvg%3E\" data-orig-src=\"https:\/\/jamonesibericosmadrid.com\/wp-content\/uploads\/2018\/02\/paleta-cinco-jotas-500x500.webp\" data-srcset=\"https:\/\/jamonesibericosmadrid.com\/wp-content\/uploads\/2018\/02\/paleta-cinco-jotas-100x100.webp 100w, https:\/\/jamonesibericosmadrid.com\/wp-content\/uploads\/2018\/02\/paleta-cinco-jotas-150x150.webp 150w, https:\/\/jamonesibericosmadrid.com\/wp-content\/uploads\/2018\/02\/paleta-cinco-jotas-200x200.webp 200w, https:\/\/jamonesibericosmadrid.com\/wp-content\/uploads\/2018\/02\/paleta-cinco-jotas-300x300.webp 300w, https:\/\/jamonesibericosmadrid.com\/wp-content\/uploads\/2018\/02\/paleta-cinco-jotas-400x400.webp 400w, https:\/\/jamonesibericosmadrid.com\/wp-content\/uploads\/2018\/02\/paleta-cinco-jotas-500x500.webp 500w, https:\/\/jamonesibericosmadrid.com\/wp-content\/uploads\/2018\/02\/paleta-cinco-jotas-600x600.webp 600w, https:\/\/jamonesibericosmadrid.com\/wp-content\/uploads\/2018\/02\/paleta-cinco-jotas-700x700.webp 700w, https:\/\/jamonesibericosmadrid.com\/wp-content\/uploads\/2018\/02\/paleta-cinco-jotas-768x768.webp 768w, https:\/\/jamonesibericosmadrid.com\/wp-content\/uploads\/2018\/02\/paleta-cinco-jotas-800x800.webp 800w, https:\/\/jamonesibericosmadrid.com\/wp-content\/uploads\/2018\/02\/paleta-cinco-jotas.webp 850w\" data-sizes=\"auto\" \/><div class=\"fusion-rollover\">\n\t<div class=\"fusion-rollover-content\">\n\n\t\t\t\t\n\t\t\n\t\t\t\t\t\t\t\t\n\t\t\t\t\t\t\t\t\n\t\t\n\t\t\t\t\t\t\t\t\t\t\t\t\t\t\t\n\t\t\t\t\t\t\n\t\t\t\t\t\t\t\t\t\t<div class=\"fusion-product-buttons\">\n\t\t\t\t\t<a href=\"https:\/\/jamonesibericosmadrid.com\/en\/producto\/5-jotas-acorn-fed-iberian-shoulder\/\" aria-describedby=\"woocommerce_loop_add_to_cart_link_describedby_1335\" data-quantity=\"1\" class=\"button product_type_variable add_to_cart_button\" data-product_id=\"1335\" data-product_sku=\"\" aria-label=\"Select options for &ldquo;5 Jotas acorn-fed Iberian shoulder&rdquo;\" rel=\"nofollow\">Select options<\/a>\t<span id=\"woocommerce_loop_add_to_cart_link_describedby_1335\" class=\"screen-reader-text\">\n\t\tThis product has multiple variants. The options may be chosen on the product page\t<\/span>\n<span class=\"fusion-rollover-linebreak\">\n\t\/<\/span>\n\n<a href=\"https:\/\/jamonesibericosmadrid.com\/en\/producto\/5-jotas-acorn-fed-iberian-shoulder\/\" class=\"show_details_button\">\n\tDetails<\/a>\n\n\t\t\t\t<\/div>\n\t\t\t\t\t\t\t\t\t<a class=\"fusion-link-wrapper\" href=\"https:\/\/jamonesibericosmadrid.com\/en\/producto\/5-jotas-acorn-fed-iberian-shoulder\/\" aria-label=\"5 Jotas acorn-fed Iberian shoulder\"><\/a>\n\t<\/div>\n<\/div>\n<\/div>\n<\/div>\n<div class=\"fusion-product-content\">\n\t<div class=\"product-details\">\n\t\t<div class=\"product-details-container\">\n<h3 class=\"product-title\">\n\t<a href=\"https:\/\/jamonesibericosmadrid.com\/en\/producto\/5-jotas-acorn-fed-iberian-shoulder\/\">\n\t\t5 Jotas acorn-fed Iberian shoulder\t<\/a>\n<\/h3>\n<div class=\"fusion-price-rating\">\n\n\t<span class=\"price\"><span class=\"woocommerce-Price-amount amount\"><bdi>255,00<span class=\"woocommerce-Price-currencySymbol\">&euro;<\/span><\/bdi><\/span> <small><\/small><\/span>\n\t\t<\/div>\n\t<\/div>\n<\/div>\n\n\t<\/div> \n\n\n<\/div>\n<\/li>\n<li class=\"product type-product post-1329 status-publish last instock product_cat-iberian-ham-shoulder product_cat-whole has-post-thumbnail taxable shipping-taxable purchasable product-type-variable product-grid-view\">\n\t<div class=\"fusion-product-wrapper\">\n\n<div class=\"fusion-clean-product-image-wrapper \">\n\t<div  class=\"fusion-image-wrapper fusion-image-size-fixed\" aria-haspopup=\"true\">\n\t\t\t\t<img decoding=\"async\" width=\"500\" height=\"500\" src=\"https:\/\/jamonesibericosmadrid.com\/wp-content\/uploads\/2018\/02\/Paleta-50-iberica-cebo-de-campo-500x500.webp\" class=\"attachment-woocommerce_thumbnail size-woocommerce_thumbnail lazyload wp-post-image\" alt=\"curada en cuevas de Cumbres Mayores. Sabor intenso, aroma natural y calidad artesanal.\" srcset=\"data:image\/svg+xml,%3Csvg%20xmlns%3D%27http%3A%2F%2Fwww.w3.org%2F2000%2Fsvg%27%20width%3D%27850%27%20height%3D%27850%27%20viewBox%3D%270%200%20850%20850%27%3E%3Crect%20width%3D%27850%27%20height%3D%27850%27%20fill-opacity%3D%220%22%2F%3E%3C%2Fsvg%3E\" data-orig-src=\"https:\/\/jamonesibericosmadrid.com\/wp-content\/uploads\/2018\/02\/Paleta-50-iberica-cebo-de-campo-500x500.webp\" data-srcset=\"https:\/\/jamonesibericosmadrid.com\/wp-content\/uploads\/2018\/02\/Paleta-50-iberica-cebo-de-campo-100x100.webp 100w, https:\/\/jamonesibericosmadrid.com\/wp-content\/uploads\/2018\/02\/Paleta-50-iberica-cebo-de-campo-150x150.webp 150w, https:\/\/jamonesibericosmadrid.com\/wp-content\/uploads\/2018\/02\/Paleta-50-iberica-cebo-de-campo-200x200.webp 200w, https:\/\/jamonesibericosmadrid.com\/wp-content\/uploads\/2018\/02\/Paleta-50-iberica-cebo-de-campo-300x300.webp 300w, https:\/\/jamonesibericosmadrid.com\/wp-content\/uploads\/2018\/02\/Paleta-50-iberica-cebo-de-campo-400x400.webp 400w, https:\/\/jamonesibericosmadrid.com\/wp-content\/uploads\/2018\/02\/Paleta-50-iberica-cebo-de-campo-500x500.webp 500w, https:\/\/jamonesibericosmadrid.com\/wp-content\/uploads\/2018\/02\/Paleta-50-iberica-cebo-de-campo-600x600.webp 600w, https:\/\/jamonesibericosmadrid.com\/wp-content\/uploads\/2018\/02\/Paleta-50-iberica-cebo-de-campo-700x700.webp 700w, https:\/\/jamonesibericosmadrid.com\/wp-content\/uploads\/2018\/02\/Paleta-50-iberica-cebo-de-campo-768x768.webp 768w, https:\/\/jamonesibericosmadrid.com\/wp-content\/uploads\/2018\/02\/Paleta-50-iberica-cebo-de-campo-800x800.webp 800w, https:\/\/jamonesibericosmadrid.com\/wp-content\/uploads\/2018\/02\/Paleta-50-iberica-cebo-de-campo.webp 850w\" data-sizes=\"auto\" \/><div class=\"fusion-rollover\">\n\t<div class=\"fusion-rollover-content\">\n\n\t\t\t\t\n\t\t\n\t\t\t\t\t\t\t\t\n\t\t\t\t\t\t\t\t\n\t\t\n\t\t\t\t\t\t\t\t\t\t\t\t\t\t\t\n\t\t\t\t\t\t\n\t\t\t\t\t\t\t\t\t\t<div class=\"fusion-product-buttons\">\n\t\t\t\t\t<a href=\"https:\/\/jamonesibericosmadrid.com\/en\/producto\/gabriel-castano-cebo-de-campo-iberian-ham-shoulder\/\" aria-describedby=\"woocommerce_loop_add_to_cart_link_describedby_1329\" data-quantity=\"1\" class=\"button product_type_variable add_to_cart_button\" data-product_id=\"1329\" data-product_sku=\"\" aria-label=\"Select options for &ldquo;Gabriel Casta\u00f1o cebo de campo Iberian ham shoulder&rdquo;\" rel=\"nofollow\">Select options<\/a>\t<span id=\"woocommerce_loop_add_to_cart_link_describedby_1329\" class=\"screen-reader-text\">\n\t\tThis product has multiple variants. The options may be chosen on the product page\t<\/span>\n<span class=\"fusion-rollover-linebreak\">\n\t\/<\/span>\n\n<a href=\"https:\/\/jamonesibericosmadrid.com\/en\/producto\/gabriel-castano-cebo-de-campo-iberian-ham-shoulder\/\" class=\"show_details_button\">\n\tDetails<\/a>\n\n\t\t\t\t<\/div>\n\t\t\t\t\t\t\t\t\t<a class=\"fusion-link-wrapper\" href=\"https:\/\/jamonesibericosmadrid.com\/en\/producto\/gabriel-castano-cebo-de-campo-iberian-ham-shoulder\/\" aria-label=\"Gabriel Casta\u00f1o cebo de campo Iberian ham shoulder\"><\/a>\n\t<\/div>\n<\/div>\n<\/div>\n<\/div>\n<div class=\"fusion-product-content\">\n\t<div class=\"product-details\">\n\t\t<div class=\"product-details-container\">\n<h3 class=\"product-title\">\n\t<a href=\"https:\/\/jamonesibericosmadrid.com\/en\/producto\/gabriel-castano-cebo-de-campo-iberian-ham-shoulder\/\">\n\t\tGabriel Casta\u00f1o cebo de campo Iberian ham shoulder\t<\/a>\n<\/h3>\n<div class=\"fusion-price-rating\">\n\n\t<span class=\"price\"><span class=\"woocommerce-Price-amount amount\" aria-hidden=\"true\"><bdi>145,50<span class=\"woocommerce-Price-currencySymbol\">&euro;<\/span><\/bdi><\/span> <span aria-hidden=\"true\">&ndash;<\/span> <span class=\"woocommerce-Price-amount amount\" aria-hidden=\"true\"><bdi>165,00<span class=\"woocommerce-Price-currencySymbol\">&euro;<\/span><\/bdi><\/span><span class=\"screen-reader-text\">Price range: 145,50&euro; through 165,00&euro;<\/span> <small><\/small><\/span>\n\t\t<\/div>\n\t<\/div>\n<\/div>\n\n\t<\/div> \n\n\n<\/div>\n<\/li>\n<li class=\"product type-product post-1038 status-publish first instock product_cat-iberian-ham-shoulder product_cat-ofertas-en product_cat-whole has-post-thumbnail sale taxable shipping-taxable purchasable product-type-variable product-grid-view\">\n\t<div class=\"fusion-product-wrapper\">\n<div class=\"fusion-woo-badges-wrapper\">\n\n\t<span class=\"onsale\">Oferta!<\/span>\n\t<\/div><div class=\"fusion-clean-product-image-wrapper \">\n\t<div  class=\"fusion-image-wrapper fusion-image-size-fixed\" aria-haspopup=\"true\">\n\t\t\t\t<img decoding=\"async\" width=\"500\" height=\"500\" src=\"https:\/\/jamonesibericosmadrid.com\/wp-content\/uploads\/2018\/02\/Paleta-Iberica-de-Bellota-100-Raza-Iberica-500x500.webp\" class=\"attachment-woocommerce_thumbnail size-woocommerce_thumbnail lazyload wp-post-image\" alt=\"Paleta Ib\u00e9rica de Bellota 100% Raza Ib\u00e9rica\" srcset=\"data:image\/svg+xml,%3Csvg%20xmlns%3D%27http%3A%2F%2Fwww.w3.org%2F2000%2Fsvg%27%20width%3D%27850%27%20height%3D%27850%27%20viewBox%3D%270%200%20850%20850%27%3E%3Crect%20width%3D%27850%27%20height%3D%27850%27%20fill-opacity%3D%220%22%2F%3E%3C%2Fsvg%3E\" data-orig-src=\"https:\/\/jamonesibericosmadrid.com\/wp-content\/uploads\/2018\/02\/Paleta-Iberica-de-Bellota-100-Raza-Iberica-500x500.webp\" data-srcset=\"https:\/\/jamonesibericosmadrid.com\/wp-content\/uploads\/2018\/02\/Paleta-Iberica-de-Bellota-100-Raza-Iberica-100x100.webp 100w, https:\/\/jamonesibericosmadrid.com\/wp-content\/uploads\/2018\/02\/Paleta-Iberica-de-Bellota-100-Raza-Iberica-150x150.webp 150w, https:\/\/jamonesibericosmadrid.com\/wp-content\/uploads\/2018\/02\/Paleta-Iberica-de-Bellota-100-Raza-Iberica-200x200.webp 200w, https:\/\/jamonesibericosmadrid.com\/wp-content\/uploads\/2018\/02\/Paleta-Iberica-de-Bellota-100-Raza-Iberica-300x300.webp 300w, https:\/\/jamonesibericosmadrid.com\/wp-content\/uploads\/2018\/02\/Paleta-Iberica-de-Bellota-100-Raza-Iberica-400x400.webp 400w, https:\/\/jamonesibericosmadrid.com\/wp-content\/uploads\/2018\/02\/Paleta-Iberica-de-Bellota-100-Raza-Iberica-500x500.webp 500w, https:\/\/jamonesibericosmadrid.com\/wp-content\/uploads\/2018\/02\/Paleta-Iberica-de-Bellota-100-Raza-Iberica-600x600.webp 600w, https:\/\/jamonesibericosmadrid.com\/wp-content\/uploads\/2018\/02\/Paleta-Iberica-de-Bellota-100-Raza-Iberica-700x700.webp 700w, https:\/\/jamonesibericosmadrid.com\/wp-content\/uploads\/2018\/02\/Paleta-Iberica-de-Bellota-100-Raza-Iberica-768x768.webp 768w, https:\/\/jamonesibericosmadrid.com\/wp-content\/uploads\/2018\/02\/Paleta-Iberica-de-Bellota-100-Raza-Iberica-800x800.webp 800w, https:\/\/jamonesibericosmadrid.com\/wp-content\/uploads\/2018\/02\/Paleta-Iberica-de-Bellota-100-Raza-Iberica.webp 850w\" data-sizes=\"auto\" \/><div class=\"fusion-rollover\">\n\t<div class=\"fusion-rollover-content\">\n\n\t\t\t\t\n\t\t\n\t\t\t\t\t\t\t\t\n\t\t\t\t\t\t\t\t\n\t\t\n\t\t\t\t\t\t\t\t\t\t\t\t\t\t\t\n\t\t\t\t\t\t\n\t\t\t\t\t\t\t\t\t\t<div class=\"fusion-product-buttons\">\n\t\t\t\t\t<a href=\"https:\/\/jamonesibericosmadrid.com\/en\/producto\/gabriel-castano-acorn-fed-iberian-shoulder-2021\/\" aria-describedby=\"woocommerce_loop_add_to_cart_link_describedby_1038\" data-quantity=\"1\" class=\"button product_type_variable add_to_cart_button\" data-product_id=\"1038\" data-product_sku=\"\" aria-label=\"Select options for &ldquo;Gabriel Casta\u00f1o acorn-fed Iberian shoulder 2021&rdquo;\" rel=\"nofollow\">Select options<\/a>\t<span id=\"woocommerce_loop_add_to_cart_link_describedby_1038\" class=\"screen-reader-text\">\n\t\tThis product has multiple variants. The options may be chosen on the product page\t<\/span>\n<span class=\"fusion-rollover-linebreak\">\n\t\/<\/span>\n\n<a href=\"https:\/\/jamonesibericosmadrid.com\/en\/producto\/gabriel-castano-acorn-fed-iberian-shoulder-2021\/\" class=\"show_details_button\">\n\tDetails<\/a>\n\n\t\t\t\t<\/div>\n\t\t\t\t\t\t\t\t\t<a class=\"fusion-link-wrapper\" href=\"https:\/\/jamonesibericosmadrid.com\/en\/producto\/gabriel-castano-acorn-fed-iberian-shoulder-2021\/\" aria-label=\"Gabriel Casta\u00f1o acorn-fed Iberian shoulder 2021\"><\/a>\n\t<\/div>\n<\/div>\n<\/div>\n<\/div>\n<div class=\"fusion-product-content\">\n\t<div class=\"product-details\">\n\t\t<div class=\"product-details-container\">\n<h3 class=\"product-title\">\n\t<a href=\"https:\/\/jamonesibericosmadrid.com\/en\/producto\/gabriel-castano-acorn-fed-iberian-shoulder-2021\/\">\n\t\tGabriel Casta\u00f1o acorn-fed Iberian shoulder 2021\t<\/a>\n<\/h3>\n<div class=\"fusion-price-rating\">\n\n\t<span class=\"price\"><span class=\"woocommerce-Price-amount amount\" aria-hidden=\"true\"><bdi>185,00<span class=\"woocommerce-Price-currencySymbol\">&euro;<\/span><\/bdi><\/span> <span aria-hidden=\"true\">&ndash;<\/span> <span class=\"woocommerce-Price-amount amount\" aria-hidden=\"true\"><bdi>214,00<span class=\"woocommerce-Price-currencySymbol\">&euro;<\/span><\/bdi><\/span><span class=\"screen-reader-text\">Price range: 185,00&euro; through 214,00&euro;<\/span> <small><\/small><\/span>\n\t\t<\/div>\n\t<\/div>\n<\/div>\n\n\t<\/div> \n\n\n<\/div>\n<\/li>\n<\/ul>\n<\/div><\/div><div class=\"nav fusion-mobile-tab-nav\"><ul class=\"nav-tabs nav-justified\" role=\"tablist\"><li role=\"presentation\"><a class=\"tab-link\" data-toggle=\"tab\" role=\"tab\" aria-controls=\"tab-2a405f524e285686653\" aria-selected=\"false\" tabindex=\"-1\" id=\"mobile-fusion-tab-coldmeat\" href=\"#tab-2a405f524e285686653\"><h4 class=\"fusion-tab-heading\">COLD MEAT<\/h4><\/a><\/li><\/ul><\/div><div class=\"tab-pane fade fusion-clearfix\" role=\"tabpanel\" tabindex=\"0\" aria-labelledby=\"fusion-tab-coldmeat\" id=\"tab-2a405f524e285686653\">\n<div class=\"woocommerce columns-3 \"><ul class=\"products clearfix products-3\">\n<li class=\"product type-product post-7274 status-publish first instock product_cat-iberian-cold-meat has-post-thumbnail taxable shipping-taxable purchasable product-type-simple product-grid-view\">\n\t<div class=\"fusion-product-wrapper\">\n\n<div class=\"fusion-clean-product-image-wrapper \">\n\t<div  class=\"fusion-image-wrapper fusion-image-size-fixed\" aria-haspopup=\"true\">\n\t\t\t\t<img decoding=\"async\" width=\"500\" height=\"500\" src=\"https:\/\/jamonesibericosmadrid.com\/wp-content\/uploads\/2021\/03\/cecina-500x500.png\" class=\"attachment-woocommerce_thumbnail size-woocommerce_thumbnail lazyload wp-post-image\" alt=\"Cecina extra de vacuno\" srcset=\"data:image\/svg+xml,%3Csvg%20xmlns%3D%27http%3A%2F%2Fwww.w3.org%2F2000%2Fsvg%27%20width%3D%27850%27%20height%3D%27850%27%20viewBox%3D%270%200%20850%20850%27%3E%3Crect%20width%3D%27850%27%20height%3D%27850%27%20fill-opacity%3D%220%22%2F%3E%3C%2Fsvg%3E\" data-orig-src=\"https:\/\/jamonesibericosmadrid.com\/wp-content\/uploads\/2021\/03\/cecina-500x500.png\" data-srcset=\"https:\/\/jamonesibericosmadrid.com\/wp-content\/uploads\/2021\/03\/cecina-66x66.png 66w, https:\/\/jamonesibericosmadrid.com\/wp-content\/uploads\/2021\/03\/cecina-100x100.png 100w, https:\/\/jamonesibericosmadrid.com\/wp-content\/uploads\/2021\/03\/cecina-150x150.png 150w, https:\/\/jamonesibericosmadrid.com\/wp-content\/uploads\/2021\/03\/cecina-200x200.png 200w, https:\/\/jamonesibericosmadrid.com\/wp-content\/uploads\/2021\/03\/cecina-300x300.png 300w, https:\/\/jamonesibericosmadrid.com\/wp-content\/uploads\/2021\/03\/cecina-400x400.png 400w, https:\/\/jamonesibericosmadrid.com\/wp-content\/uploads\/2021\/03\/cecina-500x500.png 500w, https:\/\/jamonesibericosmadrid.com\/wp-content\/uploads\/2021\/03\/cecina-600x600.png 600w, https:\/\/jamonesibericosmadrid.com\/wp-content\/uploads\/2021\/03\/cecina-700x700.png 700w, https:\/\/jamonesibericosmadrid.com\/wp-content\/uploads\/2021\/03\/cecina-768x768.png 768w, https:\/\/jamonesibericosmadrid.com\/wp-content\/uploads\/2021\/03\/cecina-800x800.png 800w, https:\/\/jamonesibericosmadrid.com\/wp-content\/uploads\/2021\/03\/cecina.png 850w\" data-sizes=\"auto\" \/><div class=\"fusion-rollover\">\n\t<div class=\"fusion-rollover-content\">\n\n\t\t\t\t\n\t\t\n\t\t\t\t\t\t\t\t\n\t\t\t\t\t\t\t\t\n\t\t\n\t\t\t\t\t\t\t\t\t\t\t\t\t\t\t\n\t\t\t\t\t\t\n\t\t\t\t\t\t\t\t\t\t<div class=\"fusion-product-buttons\">\n\t\t\t\t\t<a href=\"\/en\/wp-json\/wp\/v2\/pages\/1368?add-to-cart=7274\" aria-describedby=\"woocommerce_loop_add_to_cart_link_describedby_7274\" data-quantity=\"1\" class=\"button product_type_simple add_to_cart_button ajax_add_to_cart\" data-product_id=\"7274\" data-product_sku=\"\" aria-label=\"Add to cart: &ldquo;Morc\u00f3n de lomo bellota loncheado&rdquo;\" rel=\"nofollow\">Add to cart<\/a>\t<span id=\"woocommerce_loop_add_to_cart_link_describedby_7274\" class=\"screen-reader-text\">\n\t\t\t<\/span>\n<span class=\"fusion-rollover-linebreak\">\n\t\/<\/span>\n\n<a href=\"https:\/\/jamonesibericosmadrid.com\/en\/producto\/super-sausage-sliced\/\" class=\"show_details_button\">\n\tDetails<\/a>\n\n\t\t\t\t<\/div>\n\t\t\t\t\t\t\t\t\t<a class=\"fusion-link-wrapper\" href=\"https:\/\/jamonesibericosmadrid.com\/en\/producto\/super-sausage-sliced\/\" aria-label=\"Morc\u00f3n de lomo bellota loncheado\"><\/a>\n\t<\/div>\n<\/div>\n<\/div>\n<\/div>\n<div class=\"fusion-product-content\">\n\t<div class=\"product-details\">\n\t\t<div class=\"product-details-container\">\n<h3 class=\"product-title\">\n\t<a href=\"https:\/\/jamonesibericosmadrid.com\/en\/producto\/super-sausage-sliced\/\">\n\t\tMorc\u00f3n de lomo bellota loncheado\t<\/a>\n<\/h3>\n<div class=\"fusion-price-rating\">\n\n\t<span class=\"price\"><span class=\"woocommerce-Price-amount amount\"><bdi>7,80<span class=\"woocommerce-Price-currencySymbol\">&euro;<\/span><\/bdi><\/span> <small><\/small><\/span>\n\t\t<\/div>\n\t<\/div>\n<\/div>\n\n\t<\/div> \n\n\n<\/div>\n<\/li>\n<li class=\"product type-product post-7271 status-publish instock product_cat-iberian-cold-meat has-post-thumbnail taxable shipping-taxable purchasable product-type-simple product-grid-view\">\n\t<div class=\"fusion-product-wrapper\">\n\n<div class=\"fusion-clean-product-image-wrapper \">\n\t<div  class=\"fusion-image-wrapper fusion-image-size-fixed\" aria-haspopup=\"true\">\n\t\t\t\t<img decoding=\"async\" width=\"500\" height=\"500\" src=\"https:\/\/jamonesibericosmadrid.com\/wp-content\/uploads\/2018\/02\/2-10-chorizo-picante-castano.png\" class=\"attachment-woocommerce_thumbnail size-woocommerce_thumbnail lazyload wp-post-image\" alt=\"Se elabora con un picado de carne grueso y se embute en tripa natural cular de cerdo. Es intenso y tiene un reconocible sabor al piment\u00f3n que contiene, ligeramente picante.\" srcset=\"data:image\/svg+xml,%3Csvg%20xmlns%3D%27http%3A%2F%2Fwww.w3.org%2F2000%2Fsvg%27%20width%3D%27850%27%20height%3D%27850%27%20viewBox%3D%270%200%20850%20850%27%3E%3Crect%20width%3D%27850%27%20height%3D%27850%27%20fill-opacity%3D%220%22%2F%3E%3C%2Fsvg%3E\" data-orig-src=\"https:\/\/jamonesibericosmadrid.com\/wp-content\/uploads\/2018\/02\/2-10-chorizo-picante-castano.png\" data-srcset=\"https:\/\/jamonesibericosmadrid.com\/wp-content\/uploads\/2018\/02\/2-10-chorizo-picante-castano-100x100.png 100w, https:\/\/jamonesibericosmadrid.com\/wp-content\/uploads\/2018\/02\/2-10-chorizo-picante-castano.png 850w\" data-sizes=\"auto\" \/><div class=\"fusion-rollover\">\n\t<div class=\"fusion-rollover-content\">\n\n\t\t\t\t\n\t\t\n\t\t\t\t\t\t\t\t\n\t\t\t\t\t\t\t\t\n\t\t\n\t\t\t\t\t\t\t\t\t\t\t\t\t\t\t\n\t\t\t\t\t\t\n\t\t\t\t\t\t\t\t\t\t<div class=\"fusion-product-buttons\">\n\t\t\t\t\t<a href=\"\/en\/wp-json\/wp\/v2\/pages\/1368?add-to-cart=7271\" aria-describedby=\"woocommerce_loop_add_to_cart_link_describedby_7271\" data-quantity=\"1\" class=\"button product_type_simple add_to_cart_button ajax_add_to_cart\" data-product_id=\"7271\" data-product_sku=\"\" aria-label=\"Add to cart: &ldquo;Candle-shaped acorn-fed chorizo&rdquo;\" rel=\"nofollow\">Add to cart<\/a>\t<span id=\"woocommerce_loop_add_to_cart_link_describedby_7271\" class=\"screen-reader-text\">\n\t\t\t<\/span>\n<span class=\"fusion-rollover-linebreak\">\n\t\/<\/span>\n\n<a href=\"https:\/\/jamonesibericosmadrid.com\/en\/producto\/candle-shaped-acorn-fed-chorizo\/\" class=\"show_details_button\">\n\tDetails<\/a>\n\n\t\t\t\t<\/div>\n\t\t\t\t\t\t\t\t\t<a class=\"fusion-link-wrapper\" href=\"https:\/\/jamonesibericosmadrid.com\/en\/producto\/candle-shaped-acorn-fed-chorizo\/\" aria-label=\"Candle-shaped acorn-fed chorizo\"><\/a>\n\t<\/div>\n<\/div>\n<\/div>\n<\/div>\n<div class=\"fusion-product-content\">\n\t<div class=\"product-details\">\n\t\t<div class=\"product-details-container\">\n<h3 class=\"product-title\">\n\t<a href=\"https:\/\/jamonesibericosmadrid.com\/en\/producto\/candle-shaped-acorn-fed-chorizo\/\">\n\t\tCandle-shaped acorn-fed chorizo\t<\/a>\n<\/h3>\n<div class=\"fusion-price-rating\">\n\n\t<span class=\"price\"><span class=\"woocommerce-Price-amount amount\"><bdi>13,90<span class=\"woocommerce-Price-currencySymbol\">&euro;<\/span><\/bdi><\/span> <small><\/small><\/span>\n\t\t<\/div>\n\t<\/div>\n<\/div>\n\n\t<\/div> \n\n\n<\/div>\n<\/li>\n<li class=\"product type-product post-7236 status-publish last instock product_cat-iberian-cold-meat has-post-thumbnail taxable shipping-taxable purchasable product-type-variable product-grid-view\">\n\t<div class=\"fusion-product-wrapper\">\n\n<div class=\"fusion-clean-product-image-wrapper \">\n\t<div  class=\"fusion-image-wrapper fusion-image-size-fixed\" aria-haspopup=\"true\">\n\t\t\t\t<img decoding=\"async\" width=\"500\" height=\"500\" src=\"https:\/\/jamonesibericosmadrid.com\/wp-content\/uploads\/2018\/02\/2-11-salchichon-castano.png\" class=\"attachment-woocommerce_thumbnail size-woocommerce_thumbnail lazyload wp-post-image\" alt=\"Salchich\u00f3n de bellota ib\u00e9rico trufado\" srcset=\"data:image\/svg+xml,%3Csvg%20xmlns%3D%27http%3A%2F%2Fwww.w3.org%2F2000%2Fsvg%27%20width%3D%27850%27%20height%3D%27850%27%20viewBox%3D%270%200%20850%20850%27%3E%3Crect%20width%3D%27850%27%20height%3D%27850%27%20fill-opacity%3D%220%22%2F%3E%3C%2Fsvg%3E\" data-orig-src=\"https:\/\/jamonesibericosmadrid.com\/wp-content\/uploads\/2018\/02\/2-11-salchichon-castano.png\" data-srcset=\"https:\/\/jamonesibericosmadrid.com\/wp-content\/uploads\/2018\/02\/2-11-salchichon-castano-100x100.png 100w, https:\/\/jamonesibericosmadrid.com\/wp-content\/uploads\/2018\/02\/2-11-salchichon-castano.png 850w\" data-sizes=\"auto\" \/><div class=\"fusion-rollover\">\n\t<div class=\"fusion-rollover-content\">\n\n\t\t\t\t\n\t\t\n\t\t\t\t\t\t\t\t\n\t\t\t\t\t\t\t\t\n\t\t\n\t\t\t\t\t\t\t\t\t\t\t\t\t\t\t\n\t\t\t\t\t\t\n\t\t\t\t\t\t\t\t\t\t<div class=\"fusion-product-buttons\">\n\t\t\t\t\t<a href=\"https:\/\/jamonesibericosmadrid.com\/en\/producto\/acorn-fed-iberian-salchichon-in-natural-casing\/\" aria-describedby=\"woocommerce_loop_add_to_cart_link_describedby_7236\" data-quantity=\"1\" class=\"button product_type_variable add_to_cart_button\" data-product_id=\"7236\" data-product_sku=\"\" aria-label=\"Select options for &ldquo;Acorn-fed Iberian salchich\u00f3n in natural casing&rdquo;\" rel=\"nofollow\">Select options<\/a>\t<span id=\"woocommerce_loop_add_to_cart_link_describedby_7236\" class=\"screen-reader-text\">\n\t\tThis product has multiple variants. The options may be chosen on the product page\t<\/span>\n<span class=\"fusion-rollover-linebreak\">\n\t\/<\/span>\n\n<a href=\"https:\/\/jamonesibericosmadrid.com\/en\/producto\/acorn-fed-iberian-salchichon-in-natural-casing\/\" class=\"show_details_button\">\n\tDetails<\/a>\n\n\t\t\t\t<\/div>\n\t\t\t\t\t\t\t\t\t<a class=\"fusion-link-wrapper\" href=\"https:\/\/jamonesibericosmadrid.com\/en\/producto\/acorn-fed-iberian-salchichon-in-natural-casing\/\" aria-label=\"Acorn-fed Iberian salchich\u00f3n in natural casing\"><\/a>\n\t<\/div>\n<\/div>\n<\/div>\n<\/div>\n<div class=\"fusion-product-content\">\n\t<div class=\"product-details\">\n\t\t<div class=\"product-details-container\">\n<h3 class=\"product-title\">\n\t<a href=\"https:\/\/jamonesibericosmadrid.com\/en\/producto\/acorn-fed-iberian-salchichon-in-natural-casing\/\">\n\t\tAcorn-fed Iberian salchich\u00f3n in natural casing\t<\/a>\n<\/h3>\n<div class=\"fusion-price-rating\">\n\n\t<span class=\"price\"><span class=\"woocommerce-Price-amount amount\" aria-hidden=\"true\"><bdi>5,50<span class=\"woocommerce-Price-currencySymbol\">&euro;<\/span><\/bdi><\/span> <span aria-hidden=\"true\">&ndash;<\/span> <span class=\"woocommerce-Price-amount amount\" aria-hidden=\"true\"><bdi>52,00<span class=\"woocommerce-Price-currencySymbol\">&euro;<\/span><\/bdi><\/span><span class=\"screen-reader-text\">Price range: 5,50&euro; through 52,00&euro;<\/span> <small><\/small><\/span>\n\t\t<\/div>\n\t<\/div>\n<\/div>\n\n\t<\/div> \n\n\n<\/div>\n<\/li>\n<li class=\"product type-product post-6299 status-publish first instock product_cat-iberian-cold-meat has-post-thumbnail taxable shipping-taxable purchasable product-type-variable product-grid-view\">\n\t<div class=\"fusion-product-wrapper\">\n\n<div class=\"fusion-clean-product-image-wrapper \">\n\t<div  class=\"fusion-image-wrapper fusion-image-size-fixed\" aria-haspopup=\"true\">\n\t\t\t\t<img decoding=\"async\" width=\"500\" height=\"500\" src=\"https:\/\/jamonesibericosmadrid.com\/wp-content\/uploads\/2018\/02\/2-7-chorizo-castano.png\" class=\"attachment-woocommerce_thumbnail size-woocommerce_thumbnail lazyload wp-post-image\" alt=\"Gabriel Casta\u00f1o thick-casing acorn-fed Iberian chorizo\" srcset=\"data:image\/svg+xml,%3Csvg%20xmlns%3D%27http%3A%2F%2Fwww.w3.org%2F2000%2Fsvg%27%20width%3D%27850%27%20height%3D%27850%27%20viewBox%3D%270%200%20850%20850%27%3E%3Crect%20width%3D%27850%27%20height%3D%27850%27%20fill-opacity%3D%220%22%2F%3E%3C%2Fsvg%3E\" data-orig-src=\"https:\/\/jamonesibericosmadrid.com\/wp-content\/uploads\/2018\/02\/2-7-chorizo-castano.png\" data-srcset=\"https:\/\/jamonesibericosmadrid.com\/wp-content\/uploads\/2018\/02\/2-7-chorizo-castano-100x100.png 100w, https:\/\/jamonesibericosmadrid.com\/wp-content\/uploads\/2018\/02\/2-7-chorizo-castano.png 850w\" data-sizes=\"auto\" \/><div class=\"fusion-rollover\">\n\t<div class=\"fusion-rollover-content\">\n\n\t\t\t\t\n\t\t\n\t\t\t\t\t\t\t\t\n\t\t\t\t\t\t\t\t\n\t\t\n\t\t\t\t\t\t\t\t\t\t\t\t\t\t\t\n\t\t\t\t\t\t\n\t\t\t\t\t\t\t\t\t\t<div class=\"fusion-product-buttons\">\n\t\t\t\t\t<a href=\"https:\/\/jamonesibericosmadrid.com\/en\/producto\/gabriel-castano-thick-casing-acorn-fed-iberian-chorizo-copia\/\" aria-describedby=\"woocommerce_loop_add_to_cart_link_describedby_6299\" data-quantity=\"1\" class=\"button product_type_variable add_to_cart_button\" data-product_id=\"6299\" data-product_sku=\"\" aria-label=\"Select options for &ldquo;FISAN thick-casing acorn-fed Iberian chorizo&rdquo;\" rel=\"nofollow\">Select options<\/a>\t<span id=\"woocommerce_loop_add_to_cart_link_describedby_6299\" class=\"screen-reader-text\">\n\t\tThis product has multiple variants. The options may be chosen on the product page\t<\/span>\n<span class=\"fusion-rollover-linebreak\">\n\t\/<\/span>\n\n<a href=\"https:\/\/jamonesibericosmadrid.com\/en\/producto\/gabriel-castano-thick-casing-acorn-fed-iberian-chorizo-copia\/\" class=\"show_details_button\">\n\tDetails<\/a>\n\n\t\t\t\t<\/div>\n\t\t\t\t\t\t\t\t\t<a class=\"fusion-link-wrapper\" href=\"https:\/\/jamonesibericosmadrid.com\/en\/producto\/gabriel-castano-thick-casing-acorn-fed-iberian-chorizo-copia\/\" aria-label=\"FISAN thick-casing acorn-fed Iberian chorizo\"><\/a>\n\t<\/div>\n<\/div>\n<\/div>\n<\/div>\n<div class=\"fusion-product-content\">\n\t<div class=\"product-details\">\n\t\t<div class=\"product-details-container\">\n<h3 class=\"product-title\">\n\t<a href=\"https:\/\/jamonesibericosmadrid.com\/en\/producto\/gabriel-castano-thick-casing-acorn-fed-iberian-chorizo-copia\/\">\n\t\tFISAN thick-casing acorn-fed Iberian chorizo\t<\/a>\n<\/h3>\n<div class=\"fusion-price-rating\">\n\n\t<span class=\"price\"><span class=\"woocommerce-Price-amount amount\" aria-hidden=\"true\"><bdi>5,50<span class=\"woocommerce-Price-currencySymbol\">&euro;<\/span><\/bdi><\/span> <span aria-hidden=\"true\">&ndash;<\/span> <span class=\"woocommerce-Price-amount amount\" aria-hidden=\"true\"><bdi>46,00<span class=\"woocommerce-Price-currencySymbol\">&euro;<\/span><\/bdi><\/span><span class=\"screen-reader-text\">Price range: 5,50&euro; through 46,00&euro;<\/span> <small><\/small><\/span>\n\t\t<\/div>\n\t<\/div>\n<\/div>\n\n\t<\/div> \n\n\n<\/div>\n<\/li>\n<li class=\"product type-product post-5789 status-publish instock product_cat-iberian-cold-meat has-post-thumbnail taxable shipping-taxable purchasable product-type-variable product-grid-view\">\n\t<div class=\"fusion-product-wrapper\">\n\n<div class=\"fusion-clean-product-image-wrapper \">\n\t<div  class=\"fusion-image-wrapper fusion-image-size-fixed\" aria-haspopup=\"true\">\n\t\t\t\t<img decoding=\"async\" width=\"500\" height=\"600\" src=\"https:\/\/jamonesibericosmadrid.com\/wp-content\/uploads\/2021\/06\/lomo-iberico-100.png\" class=\"attachment-woocommerce_thumbnail size-woocommerce_thumbnail lazyload wp-post-image\" alt=\"Lomo de bellota 100% ib\u00e9rico\" srcset=\"data:image\/svg+xml,%3Csvg%20xmlns%3D%27http%3A%2F%2Fwww.w3.org%2F2000%2Fsvg%27%20width%3D%27500%27%20height%3D%27600%27%20viewBox%3D%270%200%20500%20600%27%3E%3Crect%20width%3D%27500%27%20height%3D%27600%27%20fill-opacity%3D%220%22%2F%3E%3C%2Fsvg%3E\" data-orig-src=\"https:\/\/jamonesibericosmadrid.com\/wp-content\/uploads\/2021\/06\/lomo-iberico-100.png\" data-srcset=\"https:\/\/jamonesibericosmadrid.com\/wp-content\/uploads\/2021\/06\/lomo-iberico-100-200x240.png 200w, https:\/\/jamonesibericosmadrid.com\/wp-content\/uploads\/2021\/06\/lomo-iberico-100-250x300.png 250w, https:\/\/jamonesibericosmadrid.com\/wp-content\/uploads\/2021\/06\/lomo-iberico-100-400x480.png 400w, https:\/\/jamonesibericosmadrid.com\/wp-content\/uploads\/2021\/06\/lomo-iberico-100.png 500w\" data-sizes=\"auto\" \/><div class=\"fusion-rollover\">\n\t<div class=\"fusion-rollover-content\">\n\n\t\t\t\t\n\t\t\n\t\t\t\t\t\t\t\t\n\t\t\t\t\t\t\t\t\n\t\t\n\t\t\t\t\t\t\t\t\t\t\t\t\t\t\t\n\t\t\t\t\t\t\n\t\t\t\t\t\t\t\t\t\t<div class=\"fusion-product-buttons\">\n\t\t\t\t\t<a href=\"https:\/\/jamonesibericosmadrid.com\/en\/producto\/pure-acorn-fed-iberian-loin\/\" aria-describedby=\"woocommerce_loop_add_to_cart_link_describedby_5789\" data-quantity=\"1\" class=\"button product_type_variable add_to_cart_button\" data-product_id=\"5789\" data-product_sku=\"\" aria-label=\"Select options for &ldquo;Pure acorn-fed Iberian loin&rdquo;\" rel=\"nofollow\">Select options<\/a>\t<span id=\"woocommerce_loop_add_to_cart_link_describedby_5789\" class=\"screen-reader-text\">\n\t\tThis product has multiple variants. The options may be chosen on the product page\t<\/span>\n<span class=\"fusion-rollover-linebreak\">\n\t\/<\/span>\n\n<a href=\"https:\/\/jamonesibericosmadrid.com\/en\/producto\/pure-acorn-fed-iberian-loin\/\" class=\"show_details_button\">\n\tDetails<\/a>\n\n\t\t\t\t<\/div>\n\t\t\t\t\t\t\t\t\t<a class=\"fusion-link-wrapper\" href=\"https:\/\/jamonesibericosmadrid.com\/en\/producto\/pure-acorn-fed-iberian-loin\/\" aria-label=\"Pure acorn-fed Iberian loin\"><\/a>\n\t<\/div>\n<\/div>\n<\/div>\n<\/div>\n<div class=\"fusion-product-content\">\n\t<div class=\"product-details\">\n\t\t<div class=\"product-details-container\">\n<h3 class=\"product-title\">\n\t<a href=\"https:\/\/jamonesibericosmadrid.com\/en\/producto\/pure-acorn-fed-iberian-loin\/\">\n\t\tPure acorn-fed Iberian loin\t<\/a>\n<\/h3>\n<div class=\"fusion-price-rating\">\n\n\t<span class=\"price\"><span class=\"woocommerce-Price-amount amount\"><bdi>49,00<span class=\"woocommerce-Price-currencySymbol\">&euro;<\/span><\/bdi><\/span> <small><\/small><\/span>\n\t\t<\/div>\n\t<\/div>\n<\/div>\n\n\t<\/div> \n\n\n<\/div>\n<\/li>\n<li class=\"product type-product post-5701 status-publish last instock product_cat-iberian-cold-meat has-post-thumbnail taxable shipping-taxable purchasable product-type-simple product-grid-view\">\n\t<div class=\"fusion-product-wrapper\">\n\n<div class=\"fusion-clean-product-image-wrapper \">\n\t<div  class=\"fusion-image-wrapper fusion-image-size-fixed\" aria-haspopup=\"true\">\n\t\t\t\t<img decoding=\"async\" width=\"500\" height=\"500\" src=\"https:\/\/jamonesibericosmadrid.com\/wp-content\/uploads\/2021\/03\/cecina-500x500.png\" class=\"attachment-woocommerce_thumbnail size-woocommerce_thumbnail lazyload wp-post-image\" alt=\"Cecina extra de vacuno\" srcset=\"data:image\/svg+xml,%3Csvg%20xmlns%3D%27http%3A%2F%2Fwww.w3.org%2F2000%2Fsvg%27%20width%3D%27850%27%20height%3D%27850%27%20viewBox%3D%270%200%20850%20850%27%3E%3Crect%20width%3D%27850%27%20height%3D%27850%27%20fill-opacity%3D%220%22%2F%3E%3C%2Fsvg%3E\" data-orig-src=\"https:\/\/jamonesibericosmadrid.com\/wp-content\/uploads\/2021\/03\/cecina-500x500.png\" data-srcset=\"https:\/\/jamonesibericosmadrid.com\/wp-content\/uploads\/2021\/03\/cecina-66x66.png 66w, https:\/\/jamonesibericosmadrid.com\/wp-content\/uploads\/2021\/03\/cecina-100x100.png 100w, https:\/\/jamonesibericosmadrid.com\/wp-content\/uploads\/2021\/03\/cecina-150x150.png 150w, https:\/\/jamonesibericosmadrid.com\/wp-content\/uploads\/2021\/03\/cecina-200x200.png 200w, https:\/\/jamonesibericosmadrid.com\/wp-content\/uploads\/2021\/03\/cecina-300x300.png 300w, https:\/\/jamonesibericosmadrid.com\/wp-content\/uploads\/2021\/03\/cecina-400x400.png 400w, https:\/\/jamonesibericosmadrid.com\/wp-content\/uploads\/2021\/03\/cecina-500x500.png 500w, https:\/\/jamonesibericosmadrid.com\/wp-content\/uploads\/2021\/03\/cecina-600x600.png 600w, https:\/\/jamonesibericosmadrid.com\/wp-content\/uploads\/2021\/03\/cecina-700x700.png 700w, https:\/\/jamonesibericosmadrid.com\/wp-content\/uploads\/2021\/03\/cecina-768x768.png 768w, https:\/\/jamonesibericosmadrid.com\/wp-content\/uploads\/2021\/03\/cecina-800x800.png 800w, https:\/\/jamonesibericosmadrid.com\/wp-content\/uploads\/2021\/03\/cecina.png 850w\" data-sizes=\"auto\" \/><div class=\"fusion-rollover\">\n\t<div class=\"fusion-rollover-content\">\n\n\t\t\t\t\n\t\t\n\t\t\t\t\t\t\t\t\n\t\t\t\t\t\t\t\t\n\t\t\n\t\t\t\t\t\t\t\t\t\t\t\t\t\t\t\n\t\t\t\t\t\t\n\t\t\t\t\t\t\t\t\t\t<div class=\"fusion-product-buttons\">\n\t\t\t\t\t<a href=\"\/en\/wp-json\/wp\/v2\/pages\/1368?add-to-cart=5701\" aria-describedby=\"woocommerce_loop_add_to_cart_link_describedby_5701\" data-quantity=\"1\" class=\"button product_type_simple add_to_cart_button ajax_add_to_cart\" data-product_id=\"5701\" data-product_sku=\"\" aria-label=\"Add to cart: &ldquo;Extra beef cecina&rdquo;\" rel=\"nofollow\">Add to cart<\/a>\t<span id=\"woocommerce_loop_add_to_cart_link_describedby_5701\" class=\"screen-reader-text\">\n\t\t\t<\/span>\n<span class=\"fusion-rollover-linebreak\">\n\t\/<\/span>\n\n<a href=\"https:\/\/jamonesibericosmadrid.com\/en\/producto\/extra-beef-cecina\/\" class=\"show_details_button\">\n\tDetails<\/a>\n\n\t\t\t\t<\/div>\n\t\t\t\t\t\t\t\t\t<a class=\"fusion-link-wrapper\" href=\"https:\/\/jamonesibericosmadrid.com\/en\/producto\/extra-beef-cecina\/\" aria-label=\"Extra beef cecina\"><\/a>\n\t<\/div>\n<\/div>\n<\/div>\n<\/div>\n<div class=\"fusion-product-content\">\n\t<div class=\"product-details\">\n\t\t<div class=\"product-details-container\">\n<h3 class=\"product-title\">\n\t<a href=\"https:\/\/jamonesibericosmadrid.com\/en\/producto\/extra-beef-cecina\/\">\n\t\tExtra beef cecina\t<\/a>\n<\/h3>\n<div class=\"fusion-price-rating\">\n\n\t<span class=\"price\"><span class=\"woocommerce-Price-amount amount\"><bdi>6,90<span class=\"woocommerce-Price-currencySymbol\">&euro;<\/span><\/bdi><\/span> <small><\/small><\/span>\n\t\t<\/div>\n\t<\/div>\n<\/div>\n\n\t<\/div> \n\n\n<\/div>\n<\/li>\n<li class=\"product type-product post-2580 status-publish first instock product_cat-iberian-cold-meat has-post-thumbnail taxable shipping-taxable purchasable product-type-simple product-grid-view\">\n\t<div class=\"fusion-product-wrapper\">\n\n<div class=\"fusion-clean-product-image-wrapper \">\n\t<div  class=\"fusion-image-wrapper fusion-image-size-fixed\" aria-haspopup=\"true\">\n\t\t\t\t<img decoding=\"async\" width=\"500\" height=\"500\" src=\"https:\/\/jamonesibericosmadrid.com\/wp-content\/uploads\/2019\/10\/2-12-morcon-det2-700x700-500x500.jpg\" class=\"attachment-woocommerce_thumbnail size-woocommerce_thumbnail lazyload wp-post-image\" alt=\"Morc\u00f3n de lomo 100 raza ib\u00e9rica bellota\" srcset=\"data:image\/svg+xml,%3Csvg%20xmlns%3D%27http%3A%2F%2Fwww.w3.org%2F2000%2Fsvg%27%20width%3D%27700%27%20height%3D%27700%27%20viewBox%3D%270%200%20700%20700%27%3E%3Crect%20width%3D%27700%27%20height%3D%27700%27%20fill-opacity%3D%220%22%2F%3E%3C%2Fsvg%3E\" data-orig-src=\"https:\/\/jamonesibericosmadrid.com\/wp-content\/uploads\/2019\/10\/2-12-morcon-det2-700x700-500x500.jpg\" data-srcset=\"https:\/\/jamonesibericosmadrid.com\/wp-content\/uploads\/2019\/10\/2-12-morcon-det2-700x700-66x66.jpg 66w, https:\/\/jamonesibericosmadrid.com\/wp-content\/uploads\/2019\/10\/2-12-morcon-det2-700x700-100x100.jpg 100w, https:\/\/jamonesibericosmadrid.com\/wp-content\/uploads\/2019\/10\/2-12-morcon-det2-700x700-150x150.jpg 150w, https:\/\/jamonesibericosmadrid.com\/wp-content\/uploads\/2019\/10\/2-12-morcon-det2-700x700-200x200.jpg 200w, https:\/\/jamonesibericosmadrid.com\/wp-content\/uploads\/2019\/10\/2-12-morcon-det2-700x700-300x300.jpg 300w, https:\/\/jamonesibericosmadrid.com\/wp-content\/uploads\/2019\/10\/2-12-morcon-det2-700x700-400x400.jpg 400w, https:\/\/jamonesibericosmadrid.com\/wp-content\/uploads\/2019\/10\/2-12-morcon-det2-700x700-500x500.jpg 500w, https:\/\/jamonesibericosmadrid.com\/wp-content\/uploads\/2019\/10\/2-12-morcon-det2-700x700-600x600.jpg 600w, https:\/\/jamonesibericosmadrid.com\/wp-content\/uploads\/2019\/10\/2-12-morcon-det2-700x700.jpg 700w\" data-sizes=\"auto\" \/><div class=\"fusion-rollover\">\n\t<div class=\"fusion-rollover-content\">\n\n\t\t\t\t\n\t\t\n\t\t\t\t\t\t\t\t\n\t\t\t\t\t\t\t\t\n\t\t\n\t\t\t\t\t\t\t\t\t\t\t\t\t\t\t\n\t\t\t\t\t\t\n\t\t\t\t\t\t\t\t\t\t<div class=\"fusion-product-buttons\">\n\t\t\t\t\t<a href=\"\/en\/wp-json\/wp\/v2\/pages\/1368?add-to-cart=2580\" aria-describedby=\"woocommerce_loop_add_to_cart_link_describedby_2580\" data-quantity=\"1\" class=\"button product_type_simple add_to_cart_button ajax_add_to_cart\" data-product_id=\"2580\" data-product_sku=\"\" aria-label=\"Add to cart: &ldquo;Morc\u00f3n&rdquo;\" rel=\"nofollow\">Add to cart<\/a>\t<span id=\"woocommerce_loop_add_to_cart_link_describedby_2580\" class=\"screen-reader-text\">\n\t\t\t<\/span>\n<span class=\"fusion-rollover-linebreak\">\n\t\/<\/span>\n\n<a href=\"https:\/\/jamonesibericosmadrid.com\/en\/producto\/morcon-5-jotas\/\" class=\"show_details_button\">\n\tDetails<\/a>\n\n\t\t\t\t<\/div>\n\t\t\t\t\t\t\t\t\t<a class=\"fusion-link-wrapper\" href=\"https:\/\/jamonesibericosmadrid.com\/en\/producto\/morcon-5-jotas\/\" aria-label=\"Morc\u00f3n\"><\/a>\n\t<\/div>\n<\/div>\n<\/div>\n<\/div>\n<div class=\"fusion-product-content\">\n\t<div class=\"product-details\">\n\t\t<div class=\"product-details-container\">\n<h3 class=\"product-title\">\n\t<a href=\"https:\/\/jamonesibericosmadrid.com\/en\/producto\/morcon-5-jotas\/\">\n\t\tMorc\u00f3n\t<\/a>\n<\/h3>\n<div class=\"fusion-price-rating\">\n\n\t<span class=\"price\"><span class=\"woocommerce-Price-amount amount\"><bdi>58,80<span class=\"woocommerce-Price-currencySymbol\">&euro;<\/span><\/bdi><\/span> <small><\/small><\/span>\n\t\t<\/div>\n\t<\/div>\n<\/div>\n\n\t<\/div> \n\n\n<\/div>\n<\/li>\n<li class=\"product type-product post-1618 status-publish instock product_cat-iberian-cold-meat has-post-thumbnail taxable shipping-taxable purchasable product-type-variable product-grid-view\">\n\t<div class=\"fusion-product-wrapper\">\n\n<div class=\"fusion-clean-product-image-wrapper \">\n\t<div  class=\"fusion-image-wrapper fusion-image-size-fixed\" aria-haspopup=\"true\">\n\t\t\t\t<img decoding=\"async\" width=\"500\" height=\"500\" src=\"https:\/\/jamonesibericosmadrid.com\/wp-content\/uploads\/2018\/02\/2-11-salchichon-castano-det1.png\" class=\"attachment-woocommerce_thumbnail size-woocommerce_thumbnail lazyload wp-post-image\" alt=\"Acorn-fed Salchich\u00f3n Gran Reserva\" srcset=\"data:image\/svg+xml,%3Csvg%20xmlns%3D%27http%3A%2F%2Fwww.w3.org%2F2000%2Fsvg%27%20width%3D%27850%27%20height%3D%27850%27%20viewBox%3D%270%200%20850%20850%27%3E%3Crect%20width%3D%27850%27%20height%3D%27850%27%20fill-opacity%3D%220%22%2F%3E%3C%2Fsvg%3E\" data-orig-src=\"https:\/\/jamonesibericosmadrid.com\/wp-content\/uploads\/2018\/02\/2-11-salchichon-castano-det1.png\" data-srcset=\"https:\/\/jamonesibericosmadrid.com\/wp-content\/uploads\/2018\/02\/2-11-salchichon-castano-det1-100x100.png 100w, https:\/\/jamonesibericosmadrid.com\/wp-content\/uploads\/2018\/02\/2-11-salchichon-castano-det1.png 850w\" data-sizes=\"auto\" \/><div class=\"fusion-rollover\">\n\t<div class=\"fusion-rollover-content\">\n\n\t\t\t\t\n\t\t\n\t\t\t\t\t\t\t\t\n\t\t\t\t\t\t\t\t\n\t\t\n\t\t\t\t\t\t\t\t\t\t\t\t\t\t\t\n\t\t\t\t\t\t\n\t\t\t\t\t\t\t\t\t\t<div class=\"fusion-product-buttons\">\n\t\t\t\t\t<a href=\"https:\/\/jamonesibericosmadrid.com\/en\/producto\/acorn-fed-salchichon-gran-reserva\/\" aria-describedby=\"woocommerce_loop_add_to_cart_link_describedby_1618\" data-quantity=\"1\" class=\"button product_type_variable add_to_cart_button\" data-product_id=\"1618\" data-product_sku=\"\" aria-label=\"Select options for &ldquo;Acorn-fed Salchich\u00f3n Gran Reserva&rdquo;\" rel=\"nofollow\">Select options<\/a>\t<span id=\"woocommerce_loop_add_to_cart_link_describedby_1618\" class=\"screen-reader-text\">\n\t\tThis product has multiple variants. The options may be chosen on the product page\t<\/span>\n<span class=\"fusion-rollover-linebreak\">\n\t\/<\/span>\n\n<a href=\"https:\/\/jamonesibericosmadrid.com\/en\/producto\/acorn-fed-salchichon-gran-reserva\/\" class=\"show_details_button\">\n\tDetails<\/a>\n\n\t\t\t\t<\/div>\n\t\t\t\t\t\t\t\t\t<a class=\"fusion-link-wrapper\" href=\"https:\/\/jamonesibericosmadrid.com\/en\/producto\/acorn-fed-salchichon-gran-reserva\/\" aria-label=\"Acorn-fed Salchich\u00f3n Gran Reserva\"><\/a>\n\t<\/div>\n<\/div>\n<\/div>\n<\/div>\n<div class=\"fusion-product-content\">\n\t<div class=\"product-details\">\n\t\t<div class=\"product-details-container\">\n<h3 class=\"product-title\">\n\t<a href=\"https:\/\/jamonesibericosmadrid.com\/en\/producto\/acorn-fed-salchichon-gran-reserva\/\">\n\t\tAcorn-fed Salchich\u00f3n Gran Reserva\t<\/a>\n<\/h3>\n<div class=\"fusion-price-rating\">\n\n\t<span class=\"price\"><span class=\"woocommerce-Price-amount amount\" aria-hidden=\"true\"><bdi>5,50<span class=\"woocommerce-Price-currencySymbol\">&euro;<\/span><\/bdi><\/span> <span aria-hidden=\"true\">&ndash;<\/span> <span class=\"woocommerce-Price-amount amount\" aria-hidden=\"true\"><bdi>52,00<span class=\"woocommerce-Price-currencySymbol\">&euro;<\/span><\/bdi><\/span><span class=\"screen-reader-text\">Price range: 5,50&euro; through 52,00&euro;<\/span> <small><\/small><\/span>\n\t\t<\/div>\n\t<\/div>\n<\/div>\n\n\t<\/div> \n\n\n<\/div>\n<\/li>\n<li class=\"product type-product post-1568 status-publish last instock product_cat-iberian-cold-meat has-post-thumbnail taxable shipping-taxable purchasable product-type-variable product-grid-view\">\n\t<div class=\"fusion-product-wrapper\">\n\n<div class=\"fusion-clean-product-image-wrapper \">\n\t<div  class=\"fusion-image-wrapper fusion-image-size-fixed\" aria-haspopup=\"true\">\n\t\t\t\t<img decoding=\"async\" width=\"500\" height=\"500\" src=\"https:\/\/jamonesibericosmadrid.com\/wp-content\/uploads\/2018\/02\/2-3-lomo-fisan.png\" class=\"attachment-woocommerce_thumbnail size-woocommerce_thumbnail lazyload wp-post-image\" alt=\"Fisan acorn-fed Iberian lomo\" srcset=\"data:image\/svg+xml,%3Csvg%20xmlns%3D%27http%3A%2F%2Fwww.w3.org%2F2000%2Fsvg%27%20width%3D%27850%27%20height%3D%27850%27%20viewBox%3D%270%200%20850%20850%27%3E%3Crect%20width%3D%27850%27%20height%3D%27850%27%20fill-opacity%3D%220%22%2F%3E%3C%2Fsvg%3E\" data-orig-src=\"https:\/\/jamonesibericosmadrid.com\/wp-content\/uploads\/2018\/02\/2-3-lomo-fisan.png\" data-srcset=\"https:\/\/jamonesibericosmadrid.com\/wp-content\/uploads\/2018\/02\/2-3-lomo-fisan-100x100.png 100w, https:\/\/jamonesibericosmadrid.com\/wp-content\/uploads\/2018\/02\/2-3-lomo-fisan.png 850w\" data-sizes=\"auto\" \/><div class=\"fusion-rollover\">\n\t<div class=\"fusion-rollover-content\">\n\n\t\t\t\t\n\t\t\n\t\t\t\t\t\t\t\t\n\t\t\t\t\t\t\t\t\n\t\t\n\t\t\t\t\t\t\t\t\t\t\t\t\t\t\t\n\t\t\t\t\t\t\n\t\t\t\t\t\t\t\t\t\t<div class=\"fusion-product-buttons\">\n\t\t\t\t\t<a href=\"https:\/\/jamonesibericosmadrid.com\/en\/producto\/fisan-acorn-fed-iberian-lomo\/\" aria-describedby=\"woocommerce_loop_add_to_cart_link_describedby_1568\" data-quantity=\"1\" class=\"button product_type_variable add_to_cart_button\" data-product_id=\"1568\" data-product_sku=\"\" aria-label=\"Select options for &ldquo;Fis\u00e1n acorn-fed Iberian lomo&rdquo;\" rel=\"nofollow\">Select options<\/a>\t<span id=\"woocommerce_loop_add_to_cart_link_describedby_1568\" class=\"screen-reader-text\">\n\t\tThis product has multiple variants. The options may be chosen on the product page\t<\/span>\n<span class=\"fusion-rollover-linebreak\">\n\t\/<\/span>\n\n<a href=\"https:\/\/jamonesibericosmadrid.com\/en\/producto\/fisan-acorn-fed-iberian-lomo\/\" class=\"show_details_button\">\n\tDetails<\/a>\n\n\t\t\t\t<\/div>\n\t\t\t\t\t\t\t\t\t<a class=\"fusion-link-wrapper\" href=\"https:\/\/jamonesibericosmadrid.com\/en\/producto\/fisan-acorn-fed-iberian-lomo\/\" aria-label=\"Fis\u00e1n acorn-fed Iberian lomo\"><\/a>\n\t<\/div>\n<\/div>\n<\/div>\n<\/div>\n<div class=\"fusion-product-content\">\n\t<div class=\"product-details\">\n\t\t<div class=\"product-details-container\">\n<h3 class=\"product-title\">\n\t<a href=\"https:\/\/jamonesibericosmadrid.com\/en\/producto\/fisan-acorn-fed-iberian-lomo\/\">\n\t\tFis\u00e1n acorn-fed Iberian lomo\t<\/a>\n<\/h3>\n<div class=\"fusion-price-rating\">\n\n\t<span class=\"price\"><span class=\"woocommerce-Price-amount amount\" aria-hidden=\"true\"><bdi>9,80<span class=\"woocommerce-Price-currencySymbol\">&euro;<\/span><\/bdi><\/span> <span aria-hidden=\"true\">&ndash;<\/span> <span class=\"woocommerce-Price-amount amount\" aria-hidden=\"true\"><bdi>110,00<span class=\"woocommerce-Price-currencySymbol\">&euro;<\/span><\/bdi><\/span><span class=\"screen-reader-text\">Price range: 9,80&euro; through 110,00&euro;<\/span> <small><\/small><\/span>\n\t\t<\/div>\n\t<\/div>\n<\/div>\n\n\t<\/div> \n\n\n<\/div>\n<\/li>\n<li class=\"product type-product post-1537 status-publish first instock product_cat-iberian-cold-meat has-post-thumbnail taxable shipping-taxable purchasable product-type-variable product-grid-view\">\n\t<div class=\"fusion-product-wrapper\">\n\n<div class=\"fusion-clean-product-image-wrapper \">\n\t<div  class=\"fusion-image-wrapper fusion-image-size-fixed\" aria-haspopup=\"true\">\n\t\t\t\t<img decoding=\"async\" width=\"500\" height=\"500\" src=\"https:\/\/jamonesibericosmadrid.com\/wp-content\/uploads\/2018\/02\/2.6-Chorizo-Joselito-det-1.png\" class=\"attachment-woocommerce_thumbnail size-woocommerce_thumbnail lazyload wp-post-image\" alt=\"Salchich\u00f3n Joselito\" srcset=\"data:image\/svg+xml,%3Csvg%20xmlns%3D%27http%3A%2F%2Fwww.w3.org%2F2000%2Fsvg%27%20width%3D%27850%27%20height%3D%27850%27%20viewBox%3D%270%200%20850%20850%27%3E%3Crect%20width%3D%27850%27%20height%3D%27850%27%20fill-opacity%3D%220%22%2F%3E%3C%2Fsvg%3E\" data-orig-src=\"https:\/\/jamonesibericosmadrid.com\/wp-content\/uploads\/2018\/02\/2.6-Chorizo-Joselito-det-1.png\" data-srcset=\"https:\/\/jamonesibericosmadrid.com\/wp-content\/uploads\/2018\/02\/2.6-Chorizo-Joselito-det-1-100x100.png 100w, https:\/\/jamonesibericosmadrid.com\/wp-content\/uploads\/2018\/02\/2.6-Chorizo-Joselito-det-1.png 850w\" data-sizes=\"auto\" \/><div class=\"fusion-rollover\">\n\t<div class=\"fusion-rollover-content\">\n\n\t\t\t\t\n\t\t\n\t\t\t\t\t\t\t\t\n\t\t\t\t\t\t\t\t\n\t\t\n\t\t\t\t\t\t\t\t\t\t\t\t\t\t\t\n\t\t\t\t\t\t\n\t\t\t\t\t\t\t\t\t\t<div class=\"fusion-product-buttons\">\n\t\t\t\t\t<a href=\"https:\/\/jamonesibericosmadrid.com\/en\/producto\/joselito-salchichon\/\" aria-describedby=\"woocommerce_loop_add_to_cart_link_describedby_1537\" data-quantity=\"1\" class=\"button product_type_variable add_to_cart_button\" data-product_id=\"1537\" data-product_sku=\"\" aria-label=\"Select options for &ldquo;Joselito salchich\u00f3n&rdquo;\" rel=\"nofollow\">Select options<\/a>\t<span id=\"woocommerce_loop_add_to_cart_link_describedby_1537\" class=\"screen-reader-text\">\n\t\tThis product has multiple variants. The options may be chosen on the product page\t<\/span>\n<span class=\"fusion-rollover-linebreak\">\n\t\/<\/span>\n\n<a href=\"https:\/\/jamonesibericosmadrid.com\/en\/producto\/joselito-salchichon\/\" class=\"show_details_button\">\n\tDetails<\/a>\n\n\t\t\t\t<\/div>\n\t\t\t\t\t\t\t\t\t<a class=\"fusion-link-wrapper\" href=\"https:\/\/jamonesibericosmadrid.com\/en\/producto\/joselito-salchichon\/\" aria-label=\"Joselito salchich\u00f3n\"><\/a>\n\t<\/div>\n<\/div>\n<\/div>\n<\/div>\n<div class=\"fusion-product-content\">\n\t<div class=\"product-details\">\n\t\t<div class=\"product-details-container\">\n<h3 class=\"product-title\">\n\t<a href=\"https:\/\/jamonesibericosmadrid.com\/en\/producto\/joselito-salchichon\/\">\n\t\tJoselito salchich\u00f3n\t<\/a>\n<\/h3>\n<div class=\"fusion-price-rating\">\n\n\t<span class=\"price\"><span class=\"woocommerce-Price-amount amount\"><bdi>6,80<span class=\"woocommerce-Price-currencySymbol\">&euro;<\/span><\/bdi><\/span> <small><\/small><\/span>\n\t\t<\/div>\n\t<\/div>\n<\/div>\n\n\t<\/div> \n\n\n<\/div>\n<\/li>\n<li class=\"product type-product post-1132 status-publish instock product_cat-iberian-cold-meat has-post-thumbnail taxable shipping-taxable purchasable product-type-variable product-grid-view\">\n\t<div class=\"fusion-product-wrapper\">\n\n<div class=\"fusion-clean-product-image-wrapper \">\n\t<div  class=\"fusion-image-wrapper fusion-image-size-fixed\" aria-haspopup=\"true\">\n\t\t\t\t<img decoding=\"async\" width=\"500\" height=\"500\" src=\"https:\/\/jamonesibericosmadrid.com\/wp-content\/uploads\/2018\/02\/2.1-Solomillo-Castano.png\" class=\"attachment-woocommerce_thumbnail size-woocommerce_thumbnail lazyload wp-post-image\" alt=\"Solomillo bellota\" srcset=\"data:image\/svg+xml,%3Csvg%20xmlns%3D%27http%3A%2F%2Fwww.w3.org%2F2000%2Fsvg%27%20width%3D%27850%27%20height%3D%27850%27%20viewBox%3D%270%200%20850%20850%27%3E%3Crect%20width%3D%27850%27%20height%3D%27850%27%20fill-opacity%3D%220%22%2F%3E%3C%2Fsvg%3E\" data-orig-src=\"https:\/\/jamonesibericosmadrid.com\/wp-content\/uploads\/2018\/02\/2.1-Solomillo-Castano.png\" data-srcset=\"https:\/\/jamonesibericosmadrid.com\/wp-content\/uploads\/2018\/02\/2.1-Solomillo-Castano-100x100.png 100w, https:\/\/jamonesibericosmadrid.com\/wp-content\/uploads\/2018\/02\/2.1-Solomillo-Castano.png 850w\" data-sizes=\"auto\" \/><div class=\"fusion-rollover\">\n\t<div class=\"fusion-rollover-content\">\n\n\t\t\t\t\n\t\t\n\t\t\t\t\t\t\t\t\n\t\t\t\t\t\t\t\t\n\t\t\n\t\t\t\t\t\t\t\t\t\t\t\t\t\t\t\n\t\t\t\t\t\t\n\t\t\t\t\t\t\t\t\t\t<div class=\"fusion-product-buttons\">\n\t\t\t\t\t<a href=\"https:\/\/jamonesibericosmadrid.com\/en\/producto\/gabriel-castano-acorn-fed-iberian-small-lomo\/\" aria-describedby=\"woocommerce_loop_add_to_cart_link_describedby_1132\" data-quantity=\"1\" class=\"button product_type_variable add_to_cart_button\" data-product_id=\"1132\" data-product_sku=\"\" aria-label=\"Select options for &ldquo;Gabriel Casta\u00f1o acorn-fed Iberian small lomo&rdquo;\" rel=\"nofollow\">Select options<\/a>\t<span id=\"woocommerce_loop_add_to_cart_link_describedby_1132\" class=\"screen-reader-text\">\n\t\tThis product has multiple variants. The options may be chosen on the product page\t<\/span>\n<span class=\"fusion-rollover-linebreak\">\n\t\/<\/span>\n\n<a href=\"https:\/\/jamonesibericosmadrid.com\/en\/producto\/gabriel-castano-acorn-fed-iberian-small-lomo\/\" class=\"show_details_button\">\n\tDetails<\/a>\n\n\t\t\t\t<\/div>\n\t\t\t\t\t\t\t\t\t<a class=\"fusion-link-wrapper\" href=\"https:\/\/jamonesibericosmadrid.com\/en\/producto\/gabriel-castano-acorn-fed-iberian-small-lomo\/\" aria-label=\"Gabriel Casta\u00f1o acorn-fed Iberian small lomo\"><\/a>\n\t<\/div>\n<\/div>\n<\/div>\n<\/div>\n<div class=\"fusion-product-content\">\n\t<div class=\"product-details\">\n\t\t<div class=\"product-details-container\">\n<h3 class=\"product-title\">\n\t<a href=\"https:\/\/jamonesibericosmadrid.com\/en\/producto\/gabriel-castano-acorn-fed-iberian-small-lomo\/\">\n\t\tGabriel Casta\u00f1o acorn-fed Iberian small lomo\t<\/a>\n<\/h3>\n<div class=\"fusion-price-rating\">\n\n\t<span class=\"price\"><span class=\"woocommerce-Price-amount amount\" aria-hidden=\"true\"><bdi>9,90<span class=\"woocommerce-Price-currencySymbol\">&euro;<\/span><\/bdi><\/span> <span aria-hidden=\"true\">&ndash;<\/span> <span class=\"woocommerce-Price-amount amount\" aria-hidden=\"true\"><bdi>48,00<span class=\"woocommerce-Price-currencySymbol\">&euro;<\/span><\/bdi><\/span><span class=\"screen-reader-text\">Price range: 9,90&euro; through 48,00&euro;<\/span> <small><\/small><\/span>\n\t\t<\/div>\n\t<\/div>\n<\/div>\n\n\t<\/div> \n\n\n<\/div>\n<\/li>\n<li class=\"product type-product post-1157 status-publish last instock product_cat-iberian-cold-meat has-post-thumbnail taxable shipping-taxable purchasable product-type-variable product-grid-view\">\n\t<div class=\"fusion-product-wrapper\">\n\n<div class=\"fusion-clean-product-image-wrapper \">\n\t<div  class=\"fusion-image-wrapper fusion-image-size-fixed\" aria-haspopup=\"true\">\n\t\t\t\t<img decoding=\"async\" width=\"500\" height=\"500\" src=\"https:\/\/jamonesibericosmadrid.com\/wp-content\/uploads\/2018\/02\/2-2-lomo-castano.png\" class=\"attachment-woocommerce_thumbnail size-woocommerce_thumbnail lazyload wp-post-image\" alt=\"Lomo de bellota\" srcset=\"data:image\/svg+xml,%3Csvg%20xmlns%3D%27http%3A%2F%2Fwww.w3.org%2F2000%2Fsvg%27%20width%3D%27850%27%20height%3D%27850%27%20viewBox%3D%270%200%20850%20850%27%3E%3Crect%20width%3D%27850%27%20height%3D%27850%27%20fill-opacity%3D%220%22%2F%3E%3C%2Fsvg%3E\" data-orig-src=\"https:\/\/jamonesibericosmadrid.com\/wp-content\/uploads\/2018\/02\/2-2-lomo-castano.png\" data-srcset=\"https:\/\/jamonesibericosmadrid.com\/wp-content\/uploads\/2018\/02\/2-2-lomo-castano-100x100.png 100w, https:\/\/jamonesibericosmadrid.com\/wp-content\/uploads\/2018\/02\/2-2-lomo-castano.png 850w\" data-sizes=\"auto\" \/><div class=\"fusion-rollover\">\n\t<div class=\"fusion-rollover-content\">\n\n\t\t\t\t\n\t\t\n\t\t\t\t\t\t\t\t\n\t\t\t\t\t\t\t\t\n\t\t\n\t\t\t\t\t\t\t\t\t\t\t\t\t\t\t\n\t\t\t\t\t\t\n\t\t\t\t\t\t\t\t\t\t<div class=\"fusion-product-buttons\">\n\t\t\t\t\t<a href=\"https:\/\/jamonesibericosmadrid.com\/en\/producto\/gabriel-castano-acorn-fed-iberian-loin\/\" aria-describedby=\"woocommerce_loop_add_to_cart_link_describedby_1157\" data-quantity=\"1\" class=\"button product_type_variable add_to_cart_button\" data-product_id=\"1157\" data-product_sku=\"\" aria-label=\"Select options for &ldquo;Gabriel Casta\u00f1o acorn-fed Iberian loin&rdquo;\" rel=\"nofollow\">Select options<\/a>\t<span id=\"woocommerce_loop_add_to_cart_link_describedby_1157\" class=\"screen-reader-text\">\n\t\tThis product has multiple variants. The options may be chosen on the product page\t<\/span>\n<span class=\"fusion-rollover-linebreak\">\n\t\/<\/span>\n\n<a href=\"https:\/\/jamonesibericosmadrid.com\/en\/producto\/gabriel-castano-acorn-fed-iberian-loin\/\" class=\"show_details_button\">\n\tDetails<\/a>\n\n\t\t\t\t<\/div>\n\t\t\t\t\t\t\t\t\t<a class=\"fusion-link-wrapper\" href=\"https:\/\/jamonesibericosmadrid.com\/en\/producto\/gabriel-castano-acorn-fed-iberian-loin\/\" aria-label=\"Gabriel Casta\u00f1o acorn-fed Iberian loin\"><\/a>\n\t<\/div>\n<\/div>\n<\/div>\n<\/div>\n<div class=\"fusion-product-content\">\n\t<div class=\"product-details\">\n\t\t<div class=\"product-details-container\">\n<h3 class=\"product-title\">\n\t<a href=\"https:\/\/jamonesibericosmadrid.com\/en\/producto\/gabriel-castano-acorn-fed-iberian-loin\/\">\n\t\tGabriel Casta\u00f1o acorn-fed Iberian loin\t<\/a>\n<\/h3>\n<div class=\"fusion-price-rating\">\n\n\t<span class=\"price\"><span class=\"woocommerce-Price-amount amount\" aria-hidden=\"true\"><bdi>10,00<span class=\"woocommerce-Price-currencySymbol\">&euro;<\/span><\/bdi><\/span> <span aria-hidden=\"true\">&ndash;<\/span> <span class=\"woocommerce-Price-amount amount\" aria-hidden=\"true\"><bdi>115,00<span class=\"woocommerce-Price-currencySymbol\">&euro;<\/span><\/bdi><\/span><span class=\"screen-reader-text\">Price range: 10,00&euro; through 115,00&euro;<\/span> <small><\/small><\/span>\n\t\t<\/div>\n\t<\/div>\n<\/div>\n\n\t<\/div> \n\n\n<\/div>\n<\/li>\n<li class=\"product type-product post-1177 status-publish first instock product_cat-iberian-cold-meat has-post-thumbnail taxable shipping-taxable purchasable product-type-variable product-grid-view\">\n\t<div class=\"fusion-product-wrapper\">\n\n<div class=\"fusion-clean-product-image-wrapper \">\n\t<div  class=\"fusion-image-wrapper fusion-image-size-fixed\" aria-haspopup=\"true\">\n\t\t\t\t<img decoding=\"async\" width=\"500\" height=\"500\" src=\"https:\/\/jamonesibericosmadrid.com\/wp-content\/uploads\/2018\/02\/2.4-Lomo-Joselito.png\" class=\"attachment-woocommerce_thumbnail size-woocommerce_thumbnail lazyload wp-post-image\" alt=\"Lomo Joselito\" srcset=\"data:image\/svg+xml,%3Csvg%20xmlns%3D%27http%3A%2F%2Fwww.w3.org%2F2000%2Fsvg%27%20width%3D%27850%27%20height%3D%27850%27%20viewBox%3D%270%200%20850%20850%27%3E%3Crect%20width%3D%27850%27%20height%3D%27850%27%20fill-opacity%3D%220%22%2F%3E%3C%2Fsvg%3E\" data-orig-src=\"https:\/\/jamonesibericosmadrid.com\/wp-content\/uploads\/2018\/02\/2.4-Lomo-Joselito.png\" data-srcset=\"https:\/\/jamonesibericosmadrid.com\/wp-content\/uploads\/2018\/02\/2.4-Lomo-Joselito-100x100.png 100w, https:\/\/jamonesibericosmadrid.com\/wp-content\/uploads\/2018\/02\/2.4-Lomo-Joselito.png 850w\" data-sizes=\"auto\" \/><div class=\"fusion-rollover\">\n\t<div class=\"fusion-rollover-content\">\n\n\t\t\t\t\n\t\t\n\t\t\t\t\t\t\t\t\n\t\t\t\t\t\t\t\t\n\t\t\n\t\t\t\t\t\t\t\t\t\t\t\t\t\t\t\n\t\t\t\t\t\t\n\t\t\t\t\t\t\t\t\t\t<div class=\"fusion-product-buttons\">\n\t\t\t\t\t<a href=\"https:\/\/jamonesibericosmadrid.com\/en\/producto\/joselito-acorn-fed-iberian-lomo\/\" aria-describedby=\"woocommerce_loop_add_to_cart_link_describedby_1177\" data-quantity=\"1\" class=\"button product_type_variable add_to_cart_button\" data-product_id=\"1177\" data-product_sku=\"\" aria-label=\"Select options for &ldquo;Joselito acorn-fed Iberian lomo&rdquo;\" rel=\"nofollow\">Select options<\/a>\t<span id=\"woocommerce_loop_add_to_cart_link_describedby_1177\" class=\"screen-reader-text\">\n\t\tThis product has multiple variants. The options may be chosen on the product page\t<\/span>\n<span class=\"fusion-rollover-linebreak\">\n\t\/<\/span>\n\n<a href=\"https:\/\/jamonesibericosmadrid.com\/en\/producto\/joselito-acorn-fed-iberian-lomo\/\" class=\"show_details_button\">\n\tDetails<\/a>\n\n\t\t\t\t<\/div>\n\t\t\t\t\t\t\t\t\t<a class=\"fusion-link-wrapper\" href=\"https:\/\/jamonesibericosmadrid.com\/en\/producto\/joselito-acorn-fed-iberian-lomo\/\" aria-label=\"Joselito acorn-fed Iberian lomo\"><\/a>\n\t<\/div>\n<\/div>\n<\/div>\n<\/div>\n<div class=\"fusion-product-content\">\n\t<div class=\"product-details\">\n\t\t<div class=\"product-details-container\">\n<h3 class=\"product-title\">\n\t<a href=\"https:\/\/jamonesibericosmadrid.com\/en\/producto\/joselito-acorn-fed-iberian-lomo\/\">\n\t\tJoselito acorn-fed Iberian lomo\t<\/a>\n<\/h3>\n<div class=\"fusion-price-rating\">\n\n\t<span class=\"price\"><span class=\"woocommerce-Price-amount amount\"><bdi>10,50<span class=\"woocommerce-Price-currencySymbol\">&euro;<\/span><\/bdi><\/span> <small><\/small><\/span>\n\t\t<\/div>\n\t<\/div>\n<\/div>\n\n\t<\/div> \n\n\n<\/div>\n<\/li>\n<li class=\"product type-product post-1183 status-publish instock product_cat-iberian-cold-meat has-post-thumbnail taxable shipping-taxable purchasable product-type-variable product-grid-view\">\n\t<div class=\"fusion-product-wrapper\">\n\n<div class=\"fusion-clean-product-image-wrapper \">\n\t<div  class=\"fusion-image-wrapper fusion-image-size-fixed\" aria-haspopup=\"true\">\n\t\t\t\t<img decoding=\"async\" width=\"500\" height=\"500\" src=\"https:\/\/jamonesibericosmadrid.com\/wp-content\/uploads\/2018\/02\/2.5-Lomo-5-Jotas.png\" class=\"attachment-woocommerce_thumbnail size-woocommerce_thumbnail lazyload wp-post-image\" alt=\"Lomo ib\u00e9rico de bellota 5 Jotas\" srcset=\"data:image\/svg+xml,%3Csvg%20xmlns%3D%27http%3A%2F%2Fwww.w3.org%2F2000%2Fsvg%27%20width%3D%27850%27%20height%3D%27850%27%20viewBox%3D%270%200%20850%20850%27%3E%3Crect%20width%3D%27850%27%20height%3D%27850%27%20fill-opacity%3D%220%22%2F%3E%3C%2Fsvg%3E\" data-orig-src=\"https:\/\/jamonesibericosmadrid.com\/wp-content\/uploads\/2018\/02\/2.5-Lomo-5-Jotas.png\" data-srcset=\"https:\/\/jamonesibericosmadrid.com\/wp-content\/uploads\/2018\/02\/2.5-Lomo-5-Jotas-100x100.png 100w, https:\/\/jamonesibericosmadrid.com\/wp-content\/uploads\/2018\/02\/2.5-Lomo-5-Jotas.png 850w\" data-sizes=\"auto\" \/><div class=\"fusion-rollover\">\n\t<div class=\"fusion-rollover-content\">\n\n\t\t\t\t\n\t\t\n\t\t\t\t\t\t\t\t\n\t\t\t\t\t\t\t\t\n\t\t\n\t\t\t\t\t\t\t\t\t\t\t\t\t\t\t\n\t\t\t\t\t\t\n\t\t\t\t\t\t\t\t\t\t<div class=\"fusion-product-buttons\">\n\t\t\t\t\t<a href=\"https:\/\/jamonesibericosmadrid.com\/en\/producto\/5-jotas-acorn-fed-iberian-loin\/\" aria-describedby=\"woocommerce_loop_add_to_cart_link_describedby_1183\" data-quantity=\"1\" class=\"button product_type_variable add_to_cart_button\" data-product_id=\"1183\" data-product_sku=\"\" aria-label=\"Select options for &ldquo;5 Jotas acorn-fed Iberian loin&rdquo;\" rel=\"nofollow\">Select options<\/a>\t<span id=\"woocommerce_loop_add_to_cart_link_describedby_1183\" class=\"screen-reader-text\">\n\t\tThis product has multiple variants. The options may be chosen on the product page\t<\/span>\n<span class=\"fusion-rollover-linebreak\">\n\t\/<\/span>\n\n<a href=\"https:\/\/jamonesibericosmadrid.com\/en\/producto\/5-jotas-acorn-fed-iberian-loin\/\" class=\"show_details_button\">\n\tDetails<\/a>\n\n\t\t\t\t<\/div>\n\t\t\t\t\t\t\t\t\t<a class=\"fusion-link-wrapper\" href=\"https:\/\/jamonesibericosmadrid.com\/en\/producto\/5-jotas-acorn-fed-iberian-loin\/\" aria-label=\"5 Jotas acorn-fed Iberian loin\"><\/a>\n\t<\/div>\n<\/div>\n<\/div>\n<\/div>\n<div class=\"fusion-product-content\">\n\t<div class=\"product-details\">\n\t\t<div class=\"product-details-container\">\n<h3 class=\"product-title\">\n\t<a href=\"https:\/\/jamonesibericosmadrid.com\/en\/producto\/5-jotas-acorn-fed-iberian-loin\/\">\n\t\t5 Jotas acorn-fed Iberian loin\t<\/a>\n<\/h3>\n<div class=\"fusion-price-rating\">\n\n\t<span class=\"price\"><span class=\"woocommerce-Price-amount amount\" aria-hidden=\"true\"><bdi>10,20<span class=\"woocommerce-Price-currencySymbol\">&euro;<\/span><\/bdi><\/span> <span aria-hidden=\"true\">&ndash;<\/span> <span class=\"woocommerce-Price-amount amount\" aria-hidden=\"true\"><bdi>48,00<span class=\"woocommerce-Price-currencySymbol\">&euro;<\/span><\/bdi><\/span><span class=\"screen-reader-text\">Price range: 10,20&euro; through 48,00&euro;<\/span> <small><\/small><\/span>\n\t\t<\/div>\n\t<\/div>\n<\/div>\n\n\t<\/div> \n\n\n<\/div>\n<\/li>\n<li class=\"product type-product post-1193 status-publish last instock product_cat-iberian-cold-meat has-post-thumbnail taxable shipping-taxable purchasable product-type-variable product-grid-view\">\n\t<div class=\"fusion-product-wrapper\">\n\n<div class=\"fusion-clean-product-image-wrapper \">\n\t<div  class=\"fusion-image-wrapper fusion-image-size-fixed\" aria-haspopup=\"true\">\n\t\t\t\t<img decoding=\"async\" width=\"500\" height=\"500\" src=\"https:\/\/jamonesibericosmadrid.com\/wp-content\/uploads\/2018\/02\/2.6-Chorizo-Joselito.png\" class=\"attachment-woocommerce_thumbnail size-woocommerce_thumbnail lazyload wp-post-image\" alt=\"Joselito Acorn-fed Chorizo \u200b\u200bGrand Reserve\" srcset=\"data:image\/svg+xml,%3Csvg%20xmlns%3D%27http%3A%2F%2Fwww.w3.org%2F2000%2Fsvg%27%20width%3D%27850%27%20height%3D%27850%27%20viewBox%3D%270%200%20850%20850%27%3E%3Crect%20width%3D%27850%27%20height%3D%27850%27%20fill-opacity%3D%220%22%2F%3E%3C%2Fsvg%3E\" data-orig-src=\"https:\/\/jamonesibericosmadrid.com\/wp-content\/uploads\/2018\/02\/2.6-Chorizo-Joselito.png\" data-srcset=\"https:\/\/jamonesibericosmadrid.com\/wp-content\/uploads\/2018\/02\/2.6-Chorizo-Joselito-100x100.png 100w, https:\/\/jamonesibericosmadrid.com\/wp-content\/uploads\/2018\/02\/2.6-Chorizo-Joselito.png 850w\" data-sizes=\"auto\" \/><div class=\"fusion-rollover\">\n\t<div class=\"fusion-rollover-content\">\n\n\t\t\t\t\n\t\t\n\t\t\t\t\t\t\t\t\n\t\t\t\t\t\t\t\t\n\t\t\n\t\t\t\t\t\t\t\t\t\t\t\t\t\t\t\n\t\t\t\t\t\t\n\t\t\t\t\t\t\t\t\t\t<div class=\"fusion-product-buttons\">\n\t\t\t\t\t<a href=\"https:\/\/jamonesibericosmadrid.com\/en\/producto\/joselito-acorn-fed-chorizo-grand-reserve\/\" aria-describedby=\"woocommerce_loop_add_to_cart_link_describedby_1193\" data-quantity=\"1\" class=\"button product_type_variable add_to_cart_button\" data-product_id=\"1193\" data-product_sku=\"\" aria-label=\"Select options for &ldquo;Joselito Acorn-fed Chorizo \u200b\u200bGrand Reserve&rdquo;\" rel=\"nofollow\">Select options<\/a>\t<span id=\"woocommerce_loop_add_to_cart_link_describedby_1193\" class=\"screen-reader-text\">\n\t\tThis product has multiple variants. The options may be chosen on the product page\t<\/span>\n<span class=\"fusion-rollover-linebreak\">\n\t\/<\/span>\n\n<a href=\"https:\/\/jamonesibericosmadrid.com\/en\/producto\/joselito-acorn-fed-chorizo-grand-reserve\/\" class=\"show_details_button\">\n\tDetails<\/a>\n\n\t\t\t\t<\/div>\n\t\t\t\t\t\t\t\t\t<a class=\"fusion-link-wrapper\" href=\"https:\/\/jamonesibericosmadrid.com\/en\/producto\/joselito-acorn-fed-chorizo-grand-reserve\/\" aria-label=\"Joselito Acorn-fed Chorizo \u200b\u200bGrand Reserve\"><\/a>\n\t<\/div>\n<\/div>\n<\/div>\n<\/div>\n<div class=\"fusion-product-content\">\n\t<div class=\"product-details\">\n\t\t<div class=\"product-details-container\">\n<h3 class=\"product-title\">\n\t<a href=\"https:\/\/jamonesibericosmadrid.com\/en\/producto\/joselito-acorn-fed-chorizo-grand-reserve\/\">\n\t\tJoselito Acorn-fed Chorizo \u200b\u200bGrand Reserve\t<\/a>\n<\/h3>\n<div class=\"fusion-price-rating\">\n\n\t<span class=\"price\"><span class=\"woocommerce-Price-amount amount\"><bdi>6,90<span class=\"woocommerce-Price-currencySymbol\">&euro;<\/span><\/bdi><\/span> <small><\/small><\/span>\n\t\t<\/div>\n\t<\/div>\n<\/div>\n\n\t<\/div> \n\n\n<\/div>\n<\/li>\n<li class=\"product type-product post-1207 status-publish first instock product_cat-iberian-cold-meat has-post-thumbnail taxable shipping-taxable purchasable product-type-simple product-grid-view\">\n\t<div class=\"fusion-product-wrapper\">\n\n<div class=\"fusion-clean-product-image-wrapper \">\n\t<div  class=\"fusion-image-wrapper fusion-image-size-fixed\" aria-haspopup=\"true\">\n\t\t\t\t<img decoding=\"async\" width=\"500\" height=\"500\" src=\"https:\/\/jamonesibericosmadrid.com\/wp-content\/uploads\/2018\/02\/2.8-Longaniza-Joselito.png\" class=\"attachment-woocommerce_thumbnail size-woocommerce_thumbnail lazyload wp-post-image\" alt=\"Carnes seleccionadas de diferentes partes de cerdo Ib\u00e9rico criado en libertad en Dehesas y alimentado de bellotas y productos naturales del campo.\" srcset=\"data:image\/svg+xml,%3Csvg%20xmlns%3D%27http%3A%2F%2Fwww.w3.org%2F2000%2Fsvg%27%20width%3D%27850%27%20height%3D%27850%27%20viewBox%3D%270%200%20850%20850%27%3E%3Crect%20width%3D%27850%27%20height%3D%27850%27%20fill-opacity%3D%220%22%2F%3E%3C%2Fsvg%3E\" data-orig-src=\"https:\/\/jamonesibericosmadrid.com\/wp-content\/uploads\/2018\/02\/2.8-Longaniza-Joselito.png\" data-srcset=\"https:\/\/jamonesibericosmadrid.com\/wp-content\/uploads\/2018\/02\/2.8-Longaniza-Joselito-100x100.png 100w, https:\/\/jamonesibericosmadrid.com\/wp-content\/uploads\/2018\/02\/2.8-Longaniza-Joselito.png 850w\" data-sizes=\"auto\" \/><div class=\"fusion-rollover\">\n\t<div class=\"fusion-rollover-content\">\n\n\t\t\t\t\n\t\t\n\t\t\t\t\t\t\t\t\n\t\t\t\t\t\t\t\t\n\t\t\n\t\t\t\t\t\t\t\t\t\t\t\t\t\t\t\n\t\t\t\t\t\t\n\t\t\t\t\t\t\t\t\t\t<div class=\"fusion-product-buttons\">\n\t\t\t\t\t<a href=\"\/en\/wp-json\/wp\/v2\/pages\/1368?add-to-cart=1207\" aria-describedby=\"woocommerce_loop_add_to_cart_link_describedby_1207\" data-quantity=\"1\" class=\"button product_type_simple add_to_cart_button ajax_add_to_cart\" data-product_id=\"1207\" data-product_sku=\"\" aria-label=\"Add to cart: &ldquo;Small Chorizo Joselito&rdquo;\" rel=\"nofollow\">Add to cart<\/a>\t<span id=\"woocommerce_loop_add_to_cart_link_describedby_1207\" class=\"screen-reader-text\">\n\t\t\t<\/span>\n<span class=\"fusion-rollover-linebreak\">\n\t\/<\/span>\n\n<a href=\"https:\/\/jamonesibericosmadrid.com\/en\/producto\/small-chorizo-joselito\/\" class=\"show_details_button\">\n\tDetails<\/a>\n\n\t\t\t\t<\/div>\n\t\t\t\t\t\t\t\t\t<a class=\"fusion-link-wrapper\" href=\"https:\/\/jamonesibericosmadrid.com\/en\/producto\/small-chorizo-joselito\/\" aria-label=\"Small Chorizo Joselito\"><\/a>\n\t<\/div>\n<\/div>\n<\/div>\n<\/div>\n<div class=\"fusion-product-content\">\n\t<div class=\"product-details\">\n\t\t<div class=\"product-details-container\">\n<h3 class=\"product-title\">\n\t<a href=\"https:\/\/jamonesibericosmadrid.com\/en\/producto\/small-chorizo-joselito\/\">\n\t\tSmall Chorizo Joselito\t<\/a>\n<\/h3>\n<div class=\"fusion-price-rating\">\n\n\t<span class=\"price\"><span class=\"woocommerce-Price-amount amount\"><bdi>13,50<span class=\"woocommerce-Price-currencySymbol\">&euro;<\/span><\/bdi><\/span> <small><\/small><\/span>\n\t\t<\/div>\n\t<\/div>\n<\/div>\n\n\t<\/div> \n\n\n<\/div>\n<\/li>\n<li class=\"product type-product post-1209 status-publish instock product_cat-iberian-cold-meat has-post-thumbnail taxable shipping-taxable purchasable product-type-variable product-grid-view\">\n\t<div class=\"fusion-product-wrapper\">\n\n<div class=\"fusion-clean-product-image-wrapper \">\n\t<div  class=\"fusion-image-wrapper fusion-image-size-fixed\" aria-haspopup=\"true\">\n\t\t\t\t<img decoding=\"async\" width=\"500\" height=\"500\" src=\"https:\/\/jamonesibericosmadrid.com\/wp-content\/uploads\/2018\/02\/2-11-salchichon-castano.png\" class=\"attachment-woocommerce_thumbnail size-woocommerce_thumbnail lazyload wp-post-image\" alt=\"Salchich\u00f3n de bellota ib\u00e9rico trufado\" srcset=\"data:image\/svg+xml,%3Csvg%20xmlns%3D%27http%3A%2F%2Fwww.w3.org%2F2000%2Fsvg%27%20width%3D%27850%27%20height%3D%27850%27%20viewBox%3D%270%200%20850%20850%27%3E%3Crect%20width%3D%27850%27%20height%3D%27850%27%20fill-opacity%3D%220%22%2F%3E%3C%2Fsvg%3E\" data-orig-src=\"https:\/\/jamonesibericosmadrid.com\/wp-content\/uploads\/2018\/02\/2-11-salchichon-castano.png\" data-srcset=\"https:\/\/jamonesibericosmadrid.com\/wp-content\/uploads\/2018\/02\/2-11-salchichon-castano-100x100.png 100w, https:\/\/jamonesibericosmadrid.com\/wp-content\/uploads\/2018\/02\/2-11-salchichon-castano.png 850w\" data-sizes=\"auto\" \/><div class=\"fusion-rollover\">\n\t<div class=\"fusion-rollover-content\">\n\n\t\t\t\t\n\t\t\n\t\t\t\t\t\t\t\t\n\t\t\t\t\t\t\t\t\n\t\t\n\t\t\t\t\t\t\t\t\t\t\t\t\t\t\t\n\t\t\t\t\t\t\n\t\t\t\t\t\t\t\t\t\t<div class=\"fusion-product-buttons\">\n\t\t\t\t\t<a href=\"https:\/\/jamonesibericosmadrid.com\/en\/producto\/acorn-fed-truffled-iberian-salchichon-in-natural-casing\/\" aria-describedby=\"woocommerce_loop_add_to_cart_link_describedby_1209\" data-quantity=\"1\" class=\"button product_type_variable add_to_cart_button\" data-product_id=\"1209\" data-product_sku=\"\" aria-label=\"Select options for &ldquo;Acorn-fed truffled Iberian salchich\u00f3n in natural casing&rdquo;\" rel=\"nofollow\">Select options<\/a>\t<span id=\"woocommerce_loop_add_to_cart_link_describedby_1209\" class=\"screen-reader-text\">\n\t\tThis product has multiple variants. The options may be chosen on the product page\t<\/span>\n<span class=\"fusion-rollover-linebreak\">\n\t\/<\/span>\n\n<a href=\"https:\/\/jamonesibericosmadrid.com\/en\/producto\/acorn-fed-truffled-iberian-salchichon-in-natural-casing\/\" class=\"show_details_button\">\n\tDetails<\/a>\n\n\t\t\t\t<\/div>\n\t\t\t\t\t\t\t\t\t<a class=\"fusion-link-wrapper\" href=\"https:\/\/jamonesibericosmadrid.com\/en\/producto\/acorn-fed-truffled-iberian-salchichon-in-natural-casing\/\" aria-label=\"Acorn-fed truffled Iberian salchich\u00f3n in natural casing\"><\/a>\n\t<\/div>\n<\/div>\n<\/div>\n<\/div>\n<div class=\"fusion-product-content\">\n\t<div class=\"product-details\">\n\t\t<div class=\"product-details-container\">\n<h3 class=\"product-title\">\n\t<a href=\"https:\/\/jamonesibericosmadrid.com\/en\/producto\/acorn-fed-truffled-iberian-salchichon-in-natural-casing\/\">\n\t\tAcorn-fed truffled Iberian salchich\u00f3n in natural casing\t<\/a>\n<\/h3>\n<div class=\"fusion-price-rating\">\n\n\t<span class=\"price\"><span class=\"woocommerce-Price-amount amount\" aria-hidden=\"true\"><bdi>6,50<span class=\"woocommerce-Price-currencySymbol\">&euro;<\/span><\/bdi><\/span> <span aria-hidden=\"true\">&ndash;<\/span> <span class=\"woocommerce-Price-amount amount\" aria-hidden=\"true\"><bdi>76,00<span class=\"woocommerce-Price-currencySymbol\">&euro;<\/span><\/bdi><\/span><span class=\"screen-reader-text\">Price range: 6,50&euro; through 76,00&euro;<\/span> <small><\/small><\/span>\n\t\t<\/div>\n\t<\/div>\n<\/div>\n\n\t<\/div> \n\n\n<\/div>\n<\/li>\n<li class=\"product type-product post-1225 status-publish last instock product_cat-iberian-cold-meat has-post-thumbnail taxable shipping-taxable purchasable product-type-simple product-grid-view\">\n\t<div class=\"fusion-product-wrapper\">\n\n<div class=\"fusion-clean-product-image-wrapper \">\n\t<div  class=\"fusion-image-wrapper fusion-image-size-fixed\" aria-haspopup=\"true\">\n\t\t\t\t<img decoding=\"async\" width=\"500\" height=\"500\" src=\"https:\/\/jamonesibericosmadrid.com\/wp-content\/uploads\/2018\/02\/2-10-chorizo-picante-castano.png\" class=\"attachment-woocommerce_thumbnail size-woocommerce_thumbnail lazyload wp-post-image\" alt=\"Se elabora con un picado de carne grueso y se embute en tripa natural cular de cerdo. Es intenso y tiene un reconocible sabor al piment\u00f3n que contiene, ligeramente picante.\" srcset=\"data:image\/svg+xml,%3Csvg%20xmlns%3D%27http%3A%2F%2Fwww.w3.org%2F2000%2Fsvg%27%20width%3D%27850%27%20height%3D%27850%27%20viewBox%3D%270%200%20850%20850%27%3E%3Crect%20width%3D%27850%27%20height%3D%27850%27%20fill-opacity%3D%220%22%2F%3E%3C%2Fsvg%3E\" data-orig-src=\"https:\/\/jamonesibericosmadrid.com\/wp-content\/uploads\/2018\/02\/2-10-chorizo-picante-castano.png\" data-srcset=\"https:\/\/jamonesibericosmadrid.com\/wp-content\/uploads\/2018\/02\/2-10-chorizo-picante-castano-100x100.png 100w, https:\/\/jamonesibericosmadrid.com\/wp-content\/uploads\/2018\/02\/2-10-chorizo-picante-castano.png 850w\" data-sizes=\"auto\" \/><div class=\"fusion-rollover\">\n\t<div class=\"fusion-rollover-content\">\n\n\t\t\t\t\n\t\t\n\t\t\t\t\t\t\t\t\n\t\t\t\t\t\t\t\t\n\t\t\n\t\t\t\t\t\t\t\t\t\t\t\t\t\t\t\n\t\t\t\t\t\t\n\t\t\t\t\t\t\t\t\t\t<div class=\"fusion-product-buttons\">\n\t\t\t\t\t<a href=\"\/en\/wp-json\/wp\/v2\/pages\/1368?add-to-cart=1225\" aria-describedby=\"woocommerce_loop_add_to_cart_link_describedby_1225\" data-quantity=\"1\" class=\"button product_type_simple add_to_cart_button ajax_add_to_cart\" data-product_id=\"1225\" data-product_sku=\"\" aria-label=\"Add to cart: &ldquo;Spicy acorn-fed chorizo&rdquo;\" rel=\"nofollow\">Add to cart<\/a>\t<span id=\"woocommerce_loop_add_to_cart_link_describedby_1225\" class=\"screen-reader-text\">\n\t\t\t<\/span>\n<span class=\"fusion-rollover-linebreak\">\n\t\/<\/span>\n\n<a href=\"https:\/\/jamonesibericosmadrid.com\/en\/producto\/spicy-acorn-fed-chorizo\/\" class=\"show_details_button\">\n\tDetails<\/a>\n\n\t\t\t\t<\/div>\n\t\t\t\t\t\t\t\t\t<a class=\"fusion-link-wrapper\" href=\"https:\/\/jamonesibericosmadrid.com\/en\/producto\/spicy-acorn-fed-chorizo\/\" aria-label=\"Spicy acorn-fed chorizo\"><\/a>\n\t<\/div>\n<\/div>\n<\/div>\n<\/div>\n<div class=\"fusion-product-content\">\n\t<div class=\"product-details\">\n\t\t<div class=\"product-details-container\">\n<h3 class=\"product-title\">\n\t<a href=\"https:\/\/jamonesibericosmadrid.com\/en\/producto\/spicy-acorn-fed-chorizo\/\">\n\t\tSpicy acorn-fed chorizo\t<\/a>\n<\/h3>\n<div class=\"fusion-price-rating\">\n\n\t<span class=\"price\"><span class=\"woocommerce-Price-amount amount\"><bdi>14,90<span class=\"woocommerce-Price-currencySymbol\">&euro;<\/span><\/bdi><\/span> <small><\/small><\/span>\n\t\t<\/div>\n\t<\/div>\n<\/div>\n\n\t<\/div> \n\n\n<\/div>\n<\/li>\n<li class=\"product type-product post-1227 status-publish first instock product_cat-iberian-cold-meat has-post-thumbnail taxable shipping-taxable purchasable product-type-variable product-grid-view\">\n\t<div class=\"fusion-product-wrapper\">\n\n<div class=\"fusion-clean-product-image-wrapper \">\n\t<div  class=\"fusion-image-wrapper fusion-image-size-fixed\" aria-haspopup=\"true\">\n\t\t\t\t<img decoding=\"async\" width=\"500\" height=\"500\" src=\"https:\/\/jamonesibericosmadrid.com\/wp-content\/uploads\/2018\/02\/2-7-chorizo-castano.png\" class=\"attachment-woocommerce_thumbnail size-woocommerce_thumbnail lazyload wp-post-image\" alt=\"Gabriel Casta\u00f1o thick-casing acorn-fed Iberian chorizo\" srcset=\"data:image\/svg+xml,%3Csvg%20xmlns%3D%27http%3A%2F%2Fwww.w3.org%2F2000%2Fsvg%27%20width%3D%27850%27%20height%3D%27850%27%20viewBox%3D%270%200%20850%20850%27%3E%3Crect%20width%3D%27850%27%20height%3D%27850%27%20fill-opacity%3D%220%22%2F%3E%3C%2Fsvg%3E\" data-orig-src=\"https:\/\/jamonesibericosmadrid.com\/wp-content\/uploads\/2018\/02\/2-7-chorizo-castano.png\" data-srcset=\"https:\/\/jamonesibericosmadrid.com\/wp-content\/uploads\/2018\/02\/2-7-chorizo-castano-100x100.png 100w, https:\/\/jamonesibericosmadrid.com\/wp-content\/uploads\/2018\/02\/2-7-chorizo-castano.png 850w\" data-sizes=\"auto\" \/><div class=\"fusion-rollover\">\n\t<div class=\"fusion-rollover-content\">\n\n\t\t\t\t\n\t\t\n\t\t\t\t\t\t\t\t\n\t\t\t\t\t\t\t\t\n\t\t\n\t\t\t\t\t\t\t\t\t\t\t\t\t\t\t\n\t\t\t\t\t\t\n\t\t\t\t\t\t\t\t\t\t<div class=\"fusion-product-buttons\">\n\t\t\t\t\t<a href=\"https:\/\/jamonesibericosmadrid.com\/en\/producto\/thick-casing-acorn-fed-iberian-chorizo\/\" aria-describedby=\"woocommerce_loop_add_to_cart_link_describedby_1227\" data-quantity=\"1\" class=\"button product_type_variable add_to_cart_button\" data-product_id=\"1227\" data-product_sku=\"\" aria-label=\"Select options for &ldquo;Gabriel Casta\u00f1o thick-casing acorn-fed Iberian chorizo&rdquo;\" rel=\"nofollow\">Select options<\/a>\t<span id=\"woocommerce_loop_add_to_cart_link_describedby_1227\" class=\"screen-reader-text\">\n\t\tThis product has multiple variants. The options may be chosen on the product page\t<\/span>\n<span class=\"fusion-rollover-linebreak\">\n\t\/<\/span>\n\n<a href=\"https:\/\/jamonesibericosmadrid.com\/en\/producto\/thick-casing-acorn-fed-iberian-chorizo\/\" class=\"show_details_button\">\n\tDetails<\/a>\n\n\t\t\t\t<\/div>\n\t\t\t\t\t\t\t\t\t<a class=\"fusion-link-wrapper\" href=\"https:\/\/jamonesibericosmadrid.com\/en\/producto\/thick-casing-acorn-fed-iberian-chorizo\/\" aria-label=\"Gabriel Casta\u00f1o thick-casing acorn-fed Iberian chorizo\"><\/a>\n\t<\/div>\n<\/div>\n<\/div>\n<\/div>\n<div class=\"fusion-product-content\">\n\t<div class=\"product-details\">\n\t\t<div class=\"product-details-container\">\n<h3 class=\"product-title\">\n\t<a href=\"https:\/\/jamonesibericosmadrid.com\/en\/producto\/thick-casing-acorn-fed-iberian-chorizo\/\">\n\t\tGabriel Casta\u00f1o thick-casing acorn-fed Iberian chorizo\t<\/a>\n<\/h3>\n<div class=\"fusion-price-rating\">\n\n\t<span class=\"price\"><span class=\"woocommerce-Price-amount amount\" aria-hidden=\"true\"><bdi>5,80<span class=\"woocommerce-Price-currencySymbol\">&euro;<\/span><\/bdi><\/span> <span aria-hidden=\"true\">&ndash;<\/span> <span class=\"woocommerce-Price-amount amount\" aria-hidden=\"true\"><bdi>62,50<span class=\"woocommerce-Price-currencySymbol\">&euro;<\/span><\/bdi><\/span><span class=\"screen-reader-text\">Price range: 5,80&euro; through 62,50&euro;<\/span> <small><\/small><\/span>\n\t\t<\/div>\n\t<\/div>\n<\/div>\n\n\t<\/div> \n\n\n<\/div>\n<\/li>\n<\/ul>\n<\/div>\n<\/div><div class=\"nav fusion-mobile-tab-nav\"><ul class=\"nav-tabs nav-justified\" role=\"tablist\"><li role=\"presentation\"><a class=\"tab-link\" data-toggle=\"tab\" role=\"tab\" aria-controls=\"tab-ae81e2c1c69808aaca4\" aria-selected=\"false\" tabindex=\"-1\" id=\"mobile-fusion-tab-cheeses\" href=\"#tab-ae81e2c1c69808aaca4\"><h4 class=\"fusion-tab-heading\">CHEESES<\/h4><\/a><\/li><\/ul><\/div><div class=\"tab-pane fade fusion-clearfix\" role=\"tabpanel\" tabindex=\"0\" aria-labelledby=\"fusion-tab-cheeses\" id=\"tab-ae81e2c1c69808aaca4\">\n<div class=\"woocommerce columns-3 \"><ul class=\"products clearfix products-3\">\n<\/ul>\n<\/div>\n<\/div><div class=\"nav fusion-mobile-tab-nav\"><ul class=\"nav-tabs nav-justified\" role=\"tablist\"><li role=\"presentation\"><a class=\"tab-link\" data-toggle=\"tab\" role=\"tab\" aria-controls=\"tab-5d6d5106fdf556183da\" aria-selected=\"false\" tabindex=\"-1\" id=\"mobile-fusion-tab-wines\" href=\"#tab-5d6d5106fdf556183da\"><h4 class=\"fusion-tab-heading\">WINES<\/h4><\/a><\/li><\/ul><\/div><div class=\"tab-pane fade fusion-clearfix\" role=\"tabpanel\" tabindex=\"0\" aria-labelledby=\"fusion-tab-wines\" id=\"tab-5d6d5106fdf556183da\">\n<div class=\"woocommerce columns-3 \"><ul class=\"products clearfix products-3\">\n<li class=\"product type-product post-7605 status-publish first instock product_cat-wines has-post-thumbnail taxable shipping-taxable purchasable product-type-simple product-grid-view\">\n\t<div class=\"fusion-product-wrapper\">\n\n<div class=\"fusion-clean-product-image-wrapper \">\n\t<div  class=\"fusion-image-wrapper fusion-image-size-fixed\" aria-haspopup=\"true\">\n\t\t\t\t<img decoding=\"async\" width=\"230\" height=\"318\" src=\"https:\/\/jamonesibericosmadrid.com\/wp-content\/uploads\/2024\/02\/vino-tinto-aster-el-espino-10512.jpg\" class=\"attachment-woocommerce_thumbnail size-woocommerce_thumbnail lazyload wp-post-image\" alt=\"Aster El Espino 2020\" srcset=\"data:image\/svg+xml,%3Csvg%20xmlns%3D%27http%3A%2F%2Fwww.w3.org%2F2000%2Fsvg%27%20width%3D%27230%27%20height%3D%27318%27%20viewBox%3D%270%200%20230%20318%27%3E%3Crect%20width%3D%27230%27%20height%3D%27318%27%20fill-opacity%3D%220%22%2F%3E%3C%2Fsvg%3E\" data-orig-src=\"https:\/\/jamonesibericosmadrid.com\/wp-content\/uploads\/2024\/02\/vino-tinto-aster-el-espino-10512.jpg\" data-srcset=\"https:\/\/jamonesibericosmadrid.com\/wp-content\/uploads\/2024\/02\/vino-tinto-aster-el-espino-10512-200x277.jpg 200w, https:\/\/jamonesibericosmadrid.com\/wp-content\/uploads\/2024\/02\/vino-tinto-aster-el-espino-10512-217x300.jpg 217w, https:\/\/jamonesibericosmadrid.com\/wp-content\/uploads\/2024\/02\/vino-tinto-aster-el-espino-10512.jpg 230w\" data-sizes=\"auto\" \/><div class=\"fusion-rollover\">\n\t<div class=\"fusion-rollover-content\">\n\n\t\t\t\t\n\t\t\n\t\t\t\t\t\t\t\t\n\t\t\t\t\t\t\t\t\n\t\t\n\t\t\t\t\t\t\t\t\t\t\t\t\t\t\t\n\t\t\t\t\t\t\n\t\t\t\t\t\t\t\t\t\t<div class=\"fusion-product-buttons\">\n\t\t\t\t\t<a href=\"\/en\/wp-json\/wp\/v2\/pages\/1368?add-to-cart=7605\" aria-describedby=\"woocommerce_loop_add_to_cart_link_describedby_7605\" data-quantity=\"1\" class=\"button product_type_simple add_to_cart_button ajax_add_to_cart\" data-product_id=\"7605\" data-product_sku=\"\" aria-label=\"Add to cart: &ldquo;Aster El Espino 2020&rdquo;\" rel=\"nofollow\">Add to cart<\/a>\t<span id=\"woocommerce_loop_add_to_cart_link_describedby_7605\" class=\"screen-reader-text\">\n\t\t\t<\/span>\n<span class=\"fusion-rollover-linebreak\">\n\t\/<\/span>\n\n<a href=\"https:\/\/jamonesibericosmadrid.com\/en\/producto\/aster-el-espino-2020\/\" class=\"show_details_button\">\n\tDetails<\/a>\n\n\t\t\t\t<\/div>\n\t\t\t\t\t\t\t\t\t<a class=\"fusion-link-wrapper\" href=\"https:\/\/jamonesibericosmadrid.com\/en\/producto\/aster-el-espino-2020\/\" aria-label=\"Aster El Espino 2020\"><\/a>\n\t<\/div>\n<\/div>\n<\/div>\n<\/div>\n<div class=\"fusion-product-content\">\n\t<div class=\"product-details\">\n\t\t<div class=\"product-details-container\">\n<h3 class=\"product-title\">\n\t<a href=\"https:\/\/jamonesibericosmadrid.com\/en\/producto\/aster-el-espino-2020\/\">\n\t\tAster El Espino 2020\t<\/a>\n<\/h3>\n<div class=\"fusion-price-rating\">\n\n\t<span class=\"price\"><span class=\"woocommerce-Price-amount amount\"><bdi>38,50<span class=\"woocommerce-Price-currencySymbol\">&euro;<\/span><\/bdi><\/span> <small><\/small><\/span>\n\t\t<\/div>\n\t<\/div>\n<\/div>\n\n\t<\/div> \n\n\n<\/div>\n<\/li>\n<li class=\"product type-product post-7586 status-publish instock product_cat-wines has-post-thumbnail taxable shipping-taxable purchasable product-type-simple product-grid-view\">\n\t<div class=\"fusion-product-wrapper\">\n\n<div class=\"fusion-clean-product-image-wrapper \">\n\t<div  class=\"fusion-image-wrapper fusion-image-size-fixed\" aria-haspopup=\"true\">\n\t\t\t\t<img decoding=\"async\" width=\"336\" height=\"384\" src=\"https:\/\/jamonesibericosmadrid.com\/wp-content\/uploads\/2024\/02\/numanthia.jpg\" class=\"attachment-woocommerce_thumbnail size-woocommerce_thumbnail lazyload wp-post-image\" alt=\"Numanthia 2018\" srcset=\"data:image\/svg+xml,%3Csvg%20xmlns%3D%27http%3A%2F%2Fwww.w3.org%2F2000%2Fsvg%27%20width%3D%27336%27%20height%3D%27384%27%20viewBox%3D%270%200%20336%20384%27%3E%3Crect%20width%3D%27336%27%20height%3D%27384%27%20fill-opacity%3D%220%22%2F%3E%3C%2Fsvg%3E\" data-orig-src=\"https:\/\/jamonesibericosmadrid.com\/wp-content\/uploads\/2024\/02\/numanthia.jpg\" data-srcset=\"https:\/\/jamonesibericosmadrid.com\/wp-content\/uploads\/2024\/02\/numanthia-200x229.jpg 200w, https:\/\/jamonesibericosmadrid.com\/wp-content\/uploads\/2024\/02\/numanthia-263x300.jpg 263w, https:\/\/jamonesibericosmadrid.com\/wp-content\/uploads\/2024\/02\/numanthia.jpg 336w\" data-sizes=\"auto\" \/><div class=\"fusion-rollover\">\n\t<div class=\"fusion-rollover-content\">\n\n\t\t\t\t\n\t\t\n\t\t\t\t\t\t\t\t\n\t\t\t\t\t\t\t\t\n\t\t\n\t\t\t\t\t\t\t\t\t\t\t\t\t\t\t\n\t\t\t\t\t\t\n\t\t\t\t\t\t\t\t\t\t<div class=\"fusion-product-buttons\">\n\t\t\t\t\t<a href=\"\/en\/wp-json\/wp\/v2\/pages\/1368?add-to-cart=7586\" aria-describedby=\"woocommerce_loop_add_to_cart_link_describedby_7586\" data-quantity=\"1\" class=\"button product_type_simple add_to_cart_button ajax_add_to_cart\" data-product_id=\"7586\" data-product_sku=\"\" aria-label=\"Add to cart: &ldquo;Numanthia 2018&rdquo;\" rel=\"nofollow\">Add to cart<\/a>\t<span id=\"woocommerce_loop_add_to_cart_link_describedby_7586\" class=\"screen-reader-text\">\n\t\t\t<\/span>\n<span class=\"fusion-rollover-linebreak\">\n\t\/<\/span>\n\n<a href=\"https:\/\/jamonesibericosmadrid.com\/en\/producto\/numanthia-2018\/\" class=\"show_details_button\">\n\tDetails<\/a>\n\n\t\t\t\t<\/div>\n\t\t\t\t\t\t\t\t\t<a class=\"fusion-link-wrapper\" href=\"https:\/\/jamonesibericosmadrid.com\/en\/producto\/numanthia-2018\/\" aria-label=\"Numanthia 2018\"><\/a>\n\t<\/div>\n<\/div>\n<\/div>\n<\/div>\n<div class=\"fusion-product-content\">\n\t<div class=\"product-details\">\n\t\t<div class=\"product-details-container\">\n<h3 class=\"product-title\">\n\t<a href=\"https:\/\/jamonesibericosmadrid.com\/en\/producto\/numanthia-2018\/\">\n\t\tNumanthia 2018\t<\/a>\n<\/h3>\n<div class=\"fusion-price-rating\">\n\n\t<span class=\"price\"><span class=\"woocommerce-Price-amount amount\"><bdi>70,00<span class=\"woocommerce-Price-currencySymbol\">&euro;<\/span><\/bdi><\/span> <small><\/small><\/span>\n\t\t<\/div>\n\t<\/div>\n<\/div>\n\n\t<\/div> \n\n\n<\/div>\n<\/li>\n<li class=\"product type-product post-7483 status-publish last instock product_cat-wines has-post-thumbnail taxable shipping-taxable purchasable product-type-simple product-grid-view\">\n\t<div class=\"fusion-product-wrapper\">\n\n<div class=\"fusion-clean-product-image-wrapper \">\n\t<div  class=\"fusion-image-wrapper fusion-image-size-fixed\" aria-haspopup=\"true\">\n\t\t\t\t<img decoding=\"async\" width=\"500\" height=\"500\" src=\"https:\/\/jamonesibericosmadrid.com\/wp-content\/uploads\/2018\/02\/Vino-904-Gran-Reserva-1994-Magnum..png\" class=\"attachment-woocommerce_thumbnail size-woocommerce_thumbnail lazyload wp-post-image\" alt=\"904 Gran Reserva 2005\" srcset=\"data:image\/svg+xml,%3Csvg%20xmlns%3D%27http%3A%2F%2Fwww.w3.org%2F2000%2Fsvg%27%20width%3D%27850%27%20height%3D%27850%27%20viewBox%3D%270%200%20850%20850%27%3E%3Crect%20width%3D%27850%27%20height%3D%27850%27%20fill-opacity%3D%220%22%2F%3E%3C%2Fsvg%3E\" data-orig-src=\"https:\/\/jamonesibericosmadrid.com\/wp-content\/uploads\/2018\/02\/Vino-904-Gran-Reserva-1994-Magnum..png\" data-srcset=\"https:\/\/jamonesibericosmadrid.com\/wp-content\/uploads\/2018\/02\/Vino-904-Gran-Reserva-1994-Magnum.-100x100.png 100w, https:\/\/jamonesibericosmadrid.com\/wp-content\/uploads\/2018\/02\/Vino-904-Gran-Reserva-1994-Magnum..png 850w\" data-sizes=\"auto\" \/><div class=\"fusion-rollover\">\n\t<div class=\"fusion-rollover-content\">\n\n\t\t\t\t\n\t\t\n\t\t\t\t\t\t\t\t\n\t\t\t\t\t\t\t\t\n\t\t\n\t\t\t\t\t\t\t\t\t\t\t\t\t\t\t\n\t\t\t\t\t\t\n\t\t\t\t\t\t\t\t\t\t<div class=\"fusion-product-buttons\">\n\t\t\t\t\t<a href=\"\/en\/wp-json\/wp\/v2\/pages\/1368?add-to-cart=7483\" aria-describedby=\"woocommerce_loop_add_to_cart_link_describedby_7483\" data-quantity=\"1\" class=\"button product_type_simple add_to_cart_button ajax_add_to_cart\" data-product_id=\"7483\" data-product_sku=\"\" aria-label=\"Add to cart: &ldquo;904 Gran Reserva 2015&rdquo;\" rel=\"nofollow\">Add to cart<\/a>\t<span id=\"woocommerce_loop_add_to_cart_link_describedby_7483\" class=\"screen-reader-text\">\n\t\t\t<\/span>\n<span class=\"fusion-rollover-linebreak\">\n\t\/<\/span>\n\n<a href=\"https:\/\/jamonesibericosmadrid.com\/en\/producto\/904-gran-reserva-2015\/\" class=\"show_details_button\">\n\tDetails<\/a>\n\n\t\t\t\t<\/div>\n\t\t\t\t\t\t\t\t\t<a class=\"fusion-link-wrapper\" href=\"https:\/\/jamonesibericosmadrid.com\/en\/producto\/904-gran-reserva-2015\/\" aria-label=\"904 Gran Reserva 2015\"><\/a>\n\t<\/div>\n<\/div>\n<\/div>\n<\/div>\n<div class=\"fusion-product-content\">\n\t<div class=\"product-details\">\n\t\t<div class=\"product-details-container\">\n<h3 class=\"product-title\">\n\t<a href=\"https:\/\/jamonesibericosmadrid.com\/en\/producto\/904-gran-reserva-2015\/\">\n\t\t904 Gran Reserva 2015\t<\/a>\n<\/h3>\n<div class=\"fusion-price-rating\">\n\n\t<span class=\"price\"><span class=\"woocommerce-Price-amount amount\"><bdi>90,00<span class=\"woocommerce-Price-currencySymbol\">&euro;<\/span><\/bdi><\/span> <small><\/small><\/span>\n\t\t<\/div>\n\t<\/div>\n<\/div>\n\n\t<\/div> \n\n\n<\/div>\n<\/li>\n<li class=\"product type-product post-7356 status-publish first instock product_cat-wines has-post-thumbnail taxable shipping-taxable purchasable product-type-simple product-grid-view\">\n\t<div class=\"fusion-product-wrapper\">\n\n<div class=\"fusion-clean-product-image-wrapper \">\n\t<div  class=\"fusion-image-wrapper fusion-image-size-fixed\" aria-haspopup=\"true\">\n\t\t\t\t<img decoding=\"async\" width=\"250\" height=\"313\" src=\"data:image\/svg+xml,%3Csvg%20xmlns%3D%27http%3A%2F%2Fwww.w3.org%2F2000%2Fsvg%27%20width%3D%27250%27%20height%3D%27313%27%20viewBox%3D%270%200%20250%20313%27%3E%3Crect%20width%3D%27250%27%20height%3D%27313%27%20fill-opacity%3D%220%22%2F%3E%3C%2Fsvg%3E\" class=\"attachment-woocommerce_thumbnail size-woocommerce_thumbnail lazyload wp-post-image\" alt=\"Bar\u00f3n de Ley Gran Reserva 2014\" data-orig-src=\"https:\/\/jamonesibericosmadrid.com\/wp-content\/uploads\/2024\/02\/baron-de-ley-gran-reserva-vino-tinto-e1708536836673.png\" \/><div class=\"fusion-rollover\">\n\t<div class=\"fusion-rollover-content\">\n\n\t\t\t\t\n\t\t\n\t\t\t\t\t\t\t\t\n\t\t\t\t\t\t\t\t\n\t\t\n\t\t\t\t\t\t\t\t\t\t\t\t\t\t\t\n\t\t\t\t\t\t\n\t\t\t\t\t\t\t\t\t\t<div class=\"fusion-product-buttons\">\n\t\t\t\t\t<a href=\"\/en\/wp-json\/wp\/v2\/pages\/1368?add-to-cart=7356\" aria-describedby=\"woocommerce_loop_add_to_cart_link_describedby_7356\" data-quantity=\"1\" class=\"button product_type_simple add_to_cart_button ajax_add_to_cart\" data-product_id=\"7356\" data-product_sku=\"\" aria-label=\"Add to cart: &ldquo;Bar\u00f3n de Ley Gran Reserva 2014&rdquo;\" rel=\"nofollow\">Add to cart<\/a>\t<span id=\"woocommerce_loop_add_to_cart_link_describedby_7356\" class=\"screen-reader-text\">\n\t\t\t<\/span>\n<span class=\"fusion-rollover-linebreak\">\n\t\/<\/span>\n\n<a href=\"https:\/\/jamonesibericosmadrid.com\/en\/producto\/baron-de-ley-gran-reserva-2014\/\" class=\"show_details_button\">\n\tDetails<\/a>\n\n\t\t\t\t<\/div>\n\t\t\t\t\t\t\t\t\t<a class=\"fusion-link-wrapper\" href=\"https:\/\/jamonesibericosmadrid.com\/en\/producto\/baron-de-ley-gran-reserva-2014\/\" aria-label=\"Bar\u00f3n de Ley Gran Reserva 2014\"><\/a>\n\t<\/div>\n<\/div>\n<\/div>\n<\/div>\n<div class=\"fusion-product-content\">\n\t<div class=\"product-details\">\n\t\t<div class=\"product-details-container\">\n<h3 class=\"product-title\">\n\t<a href=\"https:\/\/jamonesibericosmadrid.com\/en\/producto\/baron-de-ley-gran-reserva-2014\/\">\n\t\tBar\u00f3n de Ley Gran Reserva 2014\t<\/a>\n<\/h3>\n<div class=\"fusion-price-rating\">\n\n\t<span class=\"price\"><span class=\"woocommerce-Price-amount amount\"><bdi>24,50<span class=\"woocommerce-Price-currencySymbol\">&euro;<\/span><\/bdi><\/span> <small><\/small><\/span>\n\t\t<\/div>\n\t<\/div>\n<\/div>\n\n\t<\/div> \n\n\n<\/div>\n<\/li>\n<li class=\"product type-product post-7310 status-publish instock product_cat-wines has-post-thumbnail taxable shipping-taxable purchasable product-type-simple product-grid-view\">\n\t<div class=\"fusion-product-wrapper\">\n\n<div class=\"fusion-clean-product-image-wrapper \">\n\t<div  class=\"fusion-image-wrapper fusion-image-size-fixed\" aria-haspopup=\"true\">\n\t\t\t\t<img decoding=\"async\" width=\"500\" height=\"692\" src=\"https:\/\/jamonesibericosmadrid.com\/wp-content\/uploads\/2024\/01\/32070_DonPX2019-1-scaled-1-500x692.jpg\" class=\"attachment-woocommerce_thumbnail size-woocommerce_thumbnail lazyload wp-post-image\" alt=\"Don PX 2020\" srcset=\"data:image\/svg+xml,%3Csvg%20xmlns%3D%27http%3A%2F%2Fwww.w3.org%2F2000%2Fsvg%27%20width%3D%271849%27%20height%3D%272560%27%20viewBox%3D%270%200%201849%202560%27%3E%3Crect%20width%3D%271849%27%20height%3D%272560%27%20fill-opacity%3D%220%22%2F%3E%3C%2Fsvg%3E\" data-orig-src=\"https:\/\/jamonesibericosmadrid.com\/wp-content\/uploads\/2024\/01\/32070_DonPX2019-1-scaled-1-500x692.jpg\" data-srcset=\"https:\/\/jamonesibericosmadrid.com\/wp-content\/uploads\/2024\/01\/32070_DonPX2019-1-scaled-1-200x277.jpg 200w, https:\/\/jamonesibericosmadrid.com\/wp-content\/uploads\/2024\/01\/32070_DonPX2019-1-scaled-1-217x300.jpg 217w, https:\/\/jamonesibericosmadrid.com\/wp-content\/uploads\/2024\/01\/32070_DonPX2019-1-scaled-1-400x554.jpg 400w, https:\/\/jamonesibericosmadrid.com\/wp-content\/uploads\/2024\/01\/32070_DonPX2019-1-scaled-1-500x692.jpg 500w, https:\/\/jamonesibericosmadrid.com\/wp-content\/uploads\/2024\/01\/32070_DonPX2019-1-scaled-1-600x831.jpg 600w, https:\/\/jamonesibericosmadrid.com\/wp-content\/uploads\/2024\/01\/32070_DonPX2019-1-scaled-1-700x969.jpg 700w, https:\/\/jamonesibericosmadrid.com\/wp-content\/uploads\/2024\/01\/32070_DonPX2019-1-scaled-1-740x1024.jpg 740w, https:\/\/jamonesibericosmadrid.com\/wp-content\/uploads\/2024\/01\/32070_DonPX2019-1-scaled-1-768x1063.jpg 768w, https:\/\/jamonesibericosmadrid.com\/wp-content\/uploads\/2024\/01\/32070_DonPX2019-1-scaled-1-800x1108.jpg 800w, https:\/\/jamonesibericosmadrid.com\/wp-content\/uploads\/2024\/01\/32070_DonPX2019-1-scaled-1-1109x1536.jpg 1109w, https:\/\/jamonesibericosmadrid.com\/wp-content\/uploads\/2024\/01\/32070_DonPX2019-1-scaled-1-1200x1661.jpg 1200w, https:\/\/jamonesibericosmadrid.com\/wp-content\/uploads\/2024\/01\/32070_DonPX2019-1-scaled-1-1479x2048.jpg 1479w, https:\/\/jamonesibericosmadrid.com\/wp-content\/uploads\/2024\/01\/32070_DonPX2019-1-scaled-1.jpg 1849w\" data-sizes=\"auto\" \/><div class=\"fusion-rollover\">\n\t<div class=\"fusion-rollover-content\">\n\n\t\t\t\t\n\t\t\n\t\t\t\t\t\t\t\t\n\t\t\t\t\t\t\t\t\n\t\t\n\t\t\t\t\t\t\t\t\t\t\t\t\t\t\t\n\t\t\t\t\t\t\n\t\t\t\t\t\t\t\t\t\t<div class=\"fusion-product-buttons\">\n\t\t\t\t\t<a href=\"\/en\/wp-json\/wp\/v2\/pages\/1368?add-to-cart=7310\" aria-describedby=\"woocommerce_loop_add_to_cart_link_describedby_7310\" data-quantity=\"1\" class=\"button product_type_simple add_to_cart_button ajax_add_to_cart\" data-product_id=\"7310\" data-product_sku=\"\" aria-label=\"Add to cart: &ldquo;Don P.X. 2020&rdquo;\" rel=\"nofollow\">Add to cart<\/a>\t<span id=\"woocommerce_loop_add_to_cart_link_describedby_7310\" class=\"screen-reader-text\">\n\t\t\t<\/span>\n<span class=\"fusion-rollover-linebreak\">\n\t\/<\/span>\n\n<a href=\"https:\/\/jamonesibericosmadrid.com\/en\/producto\/don-p-x-2020\/\" class=\"show_details_button\">\n\tDetails<\/a>\n\n\t\t\t\t<\/div>\n\t\t\t\t\t\t\t\t\t<a class=\"fusion-link-wrapper\" href=\"https:\/\/jamonesibericosmadrid.com\/en\/producto\/don-p-x-2020\/\" aria-label=\"Don P.X. 2020\"><\/a>\n\t<\/div>\n<\/div>\n<\/div>\n<\/div>\n<div class=\"fusion-product-content\">\n\t<div class=\"product-details\">\n\t\t<div class=\"product-details-container\">\n<h3 class=\"product-title\">\n\t<a href=\"https:\/\/jamonesibericosmadrid.com\/en\/producto\/don-p-x-2020\/\">\n\t\tDon P.X. 2020\t<\/a>\n<\/h3>\n<div class=\"fusion-price-rating\">\n\n\t<span class=\"price\"><span class=\"woocommerce-Price-amount amount\"><bdi>32,00<span class=\"woocommerce-Price-currencySymbol\">&euro;<\/span><\/bdi><\/span> <small><\/small><\/span>\n\t\t<\/div>\n\t<\/div>\n<\/div>\n\n\t<\/div> \n\n\n<\/div>\n<\/li>\n<li class=\"product type-product post-7303 status-publish last instock product_cat-wines has-post-thumbnail taxable shipping-taxable purchasable product-type-simple product-grid-view\">\n\t<div class=\"fusion-product-wrapper\">\n\n<div class=\"fusion-clean-product-image-wrapper \">\n\t<div  class=\"fusion-image-wrapper fusion-image-size-fixed\" aria-haspopup=\"true\">\n\t\t\t\t<img decoding=\"async\" width=\"500\" height=\"667\" src=\"https:\/\/jamonesibericosmadrid.com\/wp-content\/uploads\/2024\/01\/px-500x667.jpg\" class=\"attachment-woocommerce_thumbnail size-woocommerce_thumbnail lazyload wp-post-image\" alt=\"Don PX 2002\" srcset=\"data:image\/svg+xml,%3Csvg%20xmlns%3D%27http%3A%2F%2Fwww.w3.org%2F2000%2Fsvg%27%20width%3D%27750%27%20height%3D%271000%27%20viewBox%3D%270%200%20750%201000%27%3E%3Crect%20width%3D%27750%27%20height%3D%271000%27%20fill-opacity%3D%220%22%2F%3E%3C%2Fsvg%3E\" data-orig-src=\"https:\/\/jamonesibericosmadrid.com\/wp-content\/uploads\/2024\/01\/px-500x667.jpg\" data-srcset=\"https:\/\/jamonesibericosmadrid.com\/wp-content\/uploads\/2024\/01\/px-200x267.jpg 200w, https:\/\/jamonesibericosmadrid.com\/wp-content\/uploads\/2024\/01\/px-225x300.jpg 225w, https:\/\/jamonesibericosmadrid.com\/wp-content\/uploads\/2024\/01\/px-400x533.jpg 400w, https:\/\/jamonesibericosmadrid.com\/wp-content\/uploads\/2024\/01\/px-500x667.jpg 500w, https:\/\/jamonesibericosmadrid.com\/wp-content\/uploads\/2024\/01\/px-600x800.jpg 600w, https:\/\/jamonesibericosmadrid.com\/wp-content\/uploads\/2024\/01\/px-700x933.jpg 700w, https:\/\/jamonesibericosmadrid.com\/wp-content\/uploads\/2024\/01\/px.jpg 750w\" data-sizes=\"auto\" \/><div class=\"fusion-rollover\">\n\t<div class=\"fusion-rollover-content\">\n\n\t\t\t\t\n\t\t\n\t\t\t\t\t\t\t\t\n\t\t\t\t\t\t\t\t\n\t\t\n\t\t\t\t\t\t\t\t\t\t\t\t\t\t\t\n\t\t\t\t\t\t\n\t\t\t\t\t\t\t\t\t\t<div class=\"fusion-product-buttons\">\n\t\t\t\t\t<a href=\"\/en\/wp-json\/wp\/v2\/pages\/1368?add-to-cart=7303\" aria-describedby=\"woocommerce_loop_add_to_cart_link_describedby_7303\" data-quantity=\"1\" class=\"button product_type_simple add_to_cart_button ajax_add_to_cart\" data-product_id=\"7303\" data-product_sku=\"\" aria-label=\"Add to cart: &ldquo;Don P.X. 2002&rdquo;\" rel=\"nofollow\">Add to cart<\/a>\t<span id=\"woocommerce_loop_add_to_cart_link_describedby_7303\" class=\"screen-reader-text\">\n\t\t\t<\/span>\n<span class=\"fusion-rollover-linebreak\">\n\t\/<\/span>\n\n<a href=\"https:\/\/jamonesibericosmadrid.com\/en\/producto\/don-p-x-2002\/\" class=\"show_details_button\">\n\tDetails<\/a>\n\n\t\t\t\t<\/div>\n\t\t\t\t\t\t\t\t\t<a class=\"fusion-link-wrapper\" href=\"https:\/\/jamonesibericosmadrid.com\/en\/producto\/don-p-x-2002\/\" aria-label=\"Don P.X. 2002\"><\/a>\n\t<\/div>\n<\/div>\n<\/div>\n<\/div>\n<div class=\"fusion-product-content\">\n\t<div class=\"product-details\">\n\t\t<div class=\"product-details-container\">\n<h3 class=\"product-title\">\n\t<a href=\"https:\/\/jamonesibericosmadrid.com\/en\/producto\/don-p-x-2002\/\">\n\t\tDon P.X. 2002\t<\/a>\n<\/h3>\n<div class=\"fusion-price-rating\">\n\n\t<span class=\"price\"><span class=\"woocommerce-Price-amount amount\"><bdi>90,00<span class=\"woocommerce-Price-currencySymbol\">&euro;<\/span><\/bdi><\/span> <small><\/small><\/span>\n\t\t<\/div>\n\t<\/div>\n<\/div>\n\n\t<\/div> \n\n\n<\/div>\n<\/li>\n<li class=\"product type-product post-6921 status-publish first instock product_cat-wines has-post-thumbnail taxable shipping-taxable purchasable product-type-simple product-grid-view\">\n\t<div class=\"fusion-product-wrapper\">\n\n<div class=\"fusion-clean-product-image-wrapper \">\n\t<div  class=\"fusion-image-wrapper fusion-image-size-fixed\" aria-haspopup=\"true\">\n\t\t\t\t<img decoding=\"async\" width=\"500\" height=\"500\" src=\"https:\/\/jamonesibericosmadrid.com\/wp-content\/uploads\/2023\/09\/v130828-500x500.jpg\" class=\"attachment-woocommerce_thumbnail size-woocommerce_thumbnail lazyload wp-post-image\" alt=\"890 Gran Reserva 2010\" srcset=\"data:image\/svg+xml,%3Csvg%20xmlns%3D%27http%3A%2F%2Fwww.w3.org%2F2000%2Fsvg%27%20width%3D%27900%27%20height%3D%27900%27%20viewBox%3D%270%200%20900%20900%27%3E%3Crect%20width%3D%27900%27%20height%3D%27900%27%20fill-opacity%3D%220%22%2F%3E%3C%2Fsvg%3E\" data-orig-src=\"https:\/\/jamonesibericosmadrid.com\/wp-content\/uploads\/2023\/09\/v130828-500x500.jpg\" data-srcset=\"https:\/\/jamonesibericosmadrid.com\/wp-content\/uploads\/2023\/09\/v130828-66x66.jpg 66w, https:\/\/jamonesibericosmadrid.com\/wp-content\/uploads\/2023\/09\/v130828-100x100.jpg 100w, https:\/\/jamonesibericosmadrid.com\/wp-content\/uploads\/2023\/09\/v130828-150x150.jpg 150w, https:\/\/jamonesibericosmadrid.com\/wp-content\/uploads\/2023\/09\/v130828-200x200.jpg 200w, https:\/\/jamonesibericosmadrid.com\/wp-content\/uploads\/2023\/09\/v130828-300x300.jpg 300w, https:\/\/jamonesibericosmadrid.com\/wp-content\/uploads\/2023\/09\/v130828-400x400.jpg 400w, https:\/\/jamonesibericosmadrid.com\/wp-content\/uploads\/2023\/09\/v130828-500x500.jpg 500w, https:\/\/jamonesibericosmadrid.com\/wp-content\/uploads\/2023\/09\/v130828-600x600.jpg 600w, https:\/\/jamonesibericosmadrid.com\/wp-content\/uploads\/2023\/09\/v130828-700x700.jpg 700w, https:\/\/jamonesibericosmadrid.com\/wp-content\/uploads\/2023\/09\/v130828-768x768.jpg 768w, https:\/\/jamonesibericosmadrid.com\/wp-content\/uploads\/2023\/09\/v130828-800x800.jpg 800w, https:\/\/jamonesibericosmadrid.com\/wp-content\/uploads\/2023\/09\/v130828.jpg 900w\" data-sizes=\"auto\" \/><div class=\"fusion-rollover\">\n\t<div class=\"fusion-rollover-content\">\n\n\t\t\t\t\n\t\t\n\t\t\t\t\t\t\t\t\n\t\t\t\t\t\t\t\t\n\t\t\n\t\t\t\t\t\t\t\t\t\t\t\t\t\t\t\n\t\t\t\t\t\t\n\t\t\t\t\t\t\t\t\t\t<div class=\"fusion-product-buttons\">\n\t\t\t\t\t<a href=\"\/en\/wp-json\/wp\/v2\/pages\/1368?add-to-cart=6921\" aria-describedby=\"woocommerce_loop_add_to_cart_link_describedby_6921\" data-quantity=\"1\" class=\"button product_type_simple add_to_cart_button ajax_add_to_cart\" data-product_id=\"6921\" data-product_sku=\"\" aria-label=\"Add to cart: &ldquo;890 Gran Reserva 2010&rdquo;\" rel=\"nofollow\">Add to cart<\/a>\t<span id=\"woocommerce_loop_add_to_cart_link_describedby_6921\" class=\"screen-reader-text\">\n\t\t\t<\/span>\n<span class=\"fusion-rollover-linebreak\">\n\t\/<\/span>\n\n<a href=\"https:\/\/jamonesibericosmadrid.com\/en\/producto\/890-gran-reserva-2010\/\" class=\"show_details_button\">\n\tDetails<\/a>\n\n\t\t\t\t<\/div>\n\t\t\t\t\t\t\t\t\t<a class=\"fusion-link-wrapper\" href=\"https:\/\/jamonesibericosmadrid.com\/en\/producto\/890-gran-reserva-2010\/\" aria-label=\"890 Gran Reserva 2010\"><\/a>\n\t<\/div>\n<\/div>\n<\/div>\n<\/div>\n<div class=\"fusion-product-content\">\n\t<div class=\"product-details\">\n\t\t<div class=\"product-details-container\">\n<h3 class=\"product-title\">\n\t<a href=\"https:\/\/jamonesibericosmadrid.com\/en\/producto\/890-gran-reserva-2010\/\">\n\t\t890 Gran Reserva 2010\t<\/a>\n<\/h3>\n<div class=\"fusion-price-rating\">\n\n\t<span class=\"price\"><span class=\"woocommerce-Price-amount amount\"><bdi>225,00<span class=\"woocommerce-Price-currencySymbol\">&euro;<\/span><\/bdi><\/span> <small><\/small><\/span>\n\t\t<\/div>\n\t<\/div>\n<\/div>\n\n\t<\/div> \n\n\n<\/div>\n<\/li>\n<li class=\"product type-product post-6877 status-publish instock product_cat-wines has-post-thumbnail taxable shipping-taxable purchasable product-type-simple product-grid-view\">\n\t<div class=\"fusion-product-wrapper\">\n\n<div class=\"fusion-clean-product-image-wrapper \">\n\t<div  class=\"fusion-image-wrapper fusion-image-size-fixed\" aria-haspopup=\"true\">\n\t\t\t\t<img decoding=\"async\" width=\"430\" height=\"430\" src=\"https:\/\/jamonesibericosmadrid.com\/wp-content\/uploads\/2019\/05\/430x430.jpg\" class=\"attachment-woocommerce_thumbnail size-woocommerce_thumbnail lazyload wp-post-image\" alt=\"Vi\u00f1a Ardanza Reserva 2016\" srcset=\"data:image\/svg+xml,%3Csvg%20xmlns%3D%27http%3A%2F%2Fwww.w3.org%2F2000%2Fsvg%27%20width%3D%27430%27%20height%3D%27430%27%20viewBox%3D%270%200%20430%20430%27%3E%3Crect%20width%3D%27430%27%20height%3D%27430%27%20fill-opacity%3D%220%22%2F%3E%3C%2Fsvg%3E\" data-orig-src=\"https:\/\/jamonesibericosmadrid.com\/wp-content\/uploads\/2019\/05\/430x430.jpg\" data-srcset=\"https:\/\/jamonesibericosmadrid.com\/wp-content\/uploads\/2019\/05\/430x430-66x66.jpg 66w, https:\/\/jamonesibericosmadrid.com\/wp-content\/uploads\/2019\/05\/430x430-100x100.jpg 100w, https:\/\/jamonesibericosmadrid.com\/wp-content\/uploads\/2019\/05\/430x430-150x150.jpg 150w, https:\/\/jamonesibericosmadrid.com\/wp-content\/uploads\/2019\/05\/430x430-200x200.jpg 200w, https:\/\/jamonesibericosmadrid.com\/wp-content\/uploads\/2019\/05\/430x430-300x300.jpg 300w, https:\/\/jamonesibericosmadrid.com\/wp-content\/uploads\/2019\/05\/430x430-400x400.jpg 400w, https:\/\/jamonesibericosmadrid.com\/wp-content\/uploads\/2019\/05\/430x430.jpg 430w\" data-sizes=\"auto\" \/><div class=\"fusion-rollover\">\n\t<div class=\"fusion-rollover-content\">\n\n\t\t\t\t\n\t\t\n\t\t\t\t\t\t\t\t\n\t\t\t\t\t\t\t\t\n\t\t\n\t\t\t\t\t\t\t\t\t\t\t\t\t\t\t\n\t\t\t\t\t\t\n\t\t\t\t\t\t\t\t\t\t<div class=\"fusion-product-buttons\">\n\t\t\t\t\t<a href=\"\/en\/wp-json\/wp\/v2\/pages\/1368?add-to-cart=6877\" aria-describedby=\"woocommerce_loop_add_to_cart_link_describedby_6877\" data-quantity=\"1\" class=\"button product_type_simple add_to_cart_button ajax_add_to_cart\" data-product_id=\"6877\" data-product_sku=\"\" aria-label=\"Add to cart: &ldquo;Vi\u00f1a Ardanza Reserva 2016&rdquo;\" rel=\"nofollow\">Add to cart<\/a>\t<span id=\"woocommerce_loop_add_to_cart_link_describedby_6877\" class=\"screen-reader-text\">\n\t\t\t<\/span>\n<span class=\"fusion-rollover-linebreak\">\n\t\/<\/span>\n\n<a href=\"https:\/\/jamonesibericosmadrid.com\/en\/producto\/vina-ardanza-reserva-2016\/\" class=\"show_details_button\">\n\tDetails<\/a>\n\n\t\t\t\t<\/div>\n\t\t\t\t\t\t\t\t\t<a class=\"fusion-link-wrapper\" href=\"https:\/\/jamonesibericosmadrid.com\/en\/producto\/vina-ardanza-reserva-2016\/\" aria-label=\"Vi\u00f1a Ardanza Reserva 2016\"><\/a>\n\t<\/div>\n<\/div>\n<\/div>\n<\/div>\n<div class=\"fusion-product-content\">\n\t<div class=\"product-details\">\n\t\t<div class=\"product-details-container\">\n<h3 class=\"product-title\">\n\t<a href=\"https:\/\/jamonesibericosmadrid.com\/en\/producto\/vina-ardanza-reserva-2016\/\">\n\t\tVi\u00f1a Ardanza Reserva 2016\t<\/a>\n<\/h3>\n<div class=\"fusion-price-rating\">\n\n\t<span class=\"price\"><span class=\"woocommerce-Price-amount amount\"><bdi>34,50<span class=\"woocommerce-Price-currencySymbol\">&euro;<\/span><\/bdi><\/span> <small><\/small><\/span>\n\t\t<\/div>\n\t<\/div>\n<\/div>\n\n\t<\/div> \n\n\n<\/div>\n<\/li>\n<li class=\"product type-product post-5457 status-publish last instock product_cat-wines has-post-thumbnail taxable shipping-taxable purchasable product-type-simple product-grid-view\">\n\t<div class=\"fusion-product-wrapper\">\n\n<div class=\"fusion-clean-product-image-wrapper \">\n\t<div  class=\"fusion-image-wrapper fusion-image-size-fixed\" aria-haspopup=\"true\">\n\t\t\t\t<img decoding=\"async\" width=\"500\" height=\"500\" src=\"https:\/\/jamonesibericosmadrid.com\/wp-content\/uploads\/2021\/03\/botella_la_fiole_rouge_1200x1200-500x500.jpg\" class=\"attachment-woocommerce_thumbnail size-woocommerce_thumbnail lazyload wp-post-image\" alt=\"C\u00f4tes du Rh\u00f4ne La Fiole tinto\" srcset=\"data:image\/svg+xml,%3Csvg%20xmlns%3D%27http%3A%2F%2Fwww.w3.org%2F2000%2Fsvg%27%20width%3D%271200%27%20height%3D%271200%27%20viewBox%3D%270%200%201200%201200%27%3E%3Crect%20width%3D%271200%27%20height%3D%271200%27%20fill-opacity%3D%220%22%2F%3E%3C%2Fsvg%3E\" data-orig-src=\"https:\/\/jamonesibericosmadrid.com\/wp-content\/uploads\/2021\/03\/botella_la_fiole_rouge_1200x1200-500x500.jpg\" data-srcset=\"https:\/\/jamonesibericosmadrid.com\/wp-content\/uploads\/2021\/03\/botella_la_fiole_rouge_1200x1200-66x66.jpg 66w, https:\/\/jamonesibericosmadrid.com\/wp-content\/uploads\/2021\/03\/botella_la_fiole_rouge_1200x1200-100x100.jpg 100w, https:\/\/jamonesibericosmadrid.com\/wp-content\/uploads\/2021\/03\/botella_la_fiole_rouge_1200x1200-150x150.jpg 150w, https:\/\/jamonesibericosmadrid.com\/wp-content\/uploads\/2021\/03\/botella_la_fiole_rouge_1200x1200-200x200.jpg 200w, https:\/\/jamonesibericosmadrid.com\/wp-content\/uploads\/2021\/03\/botella_la_fiole_rouge_1200x1200-300x300.jpg 300w, https:\/\/jamonesibericosmadrid.com\/wp-content\/uploads\/2021\/03\/botella_la_fiole_rouge_1200x1200-400x400.jpg 400w, https:\/\/jamonesibericosmadrid.com\/wp-content\/uploads\/2021\/03\/botella_la_fiole_rouge_1200x1200-500x500.jpg 500w, https:\/\/jamonesibericosmadrid.com\/wp-content\/uploads\/2021\/03\/botella_la_fiole_rouge_1200x1200-600x600.jpg 600w, https:\/\/jamonesibericosmadrid.com\/wp-content\/uploads\/2021\/03\/botella_la_fiole_rouge_1200x1200-700x700.jpg 700w, https:\/\/jamonesibericosmadrid.com\/wp-content\/uploads\/2021\/03\/botella_la_fiole_rouge_1200x1200-768x768.jpg 768w, https:\/\/jamonesibericosmadrid.com\/wp-content\/uploads\/2021\/03\/botella_la_fiole_rouge_1200x1200-800x800.jpg 800w, https:\/\/jamonesibericosmadrid.com\/wp-content\/uploads\/2021\/03\/botella_la_fiole_rouge_1200x1200-1024x1024.jpg 1024w, https:\/\/jamonesibericosmadrid.com\/wp-content\/uploads\/2021\/03\/botella_la_fiole_rouge_1200x1200.jpg 1200w\" data-sizes=\"auto\" \/><div class=\"fusion-rollover\">\n\t<div class=\"fusion-rollover-content\">\n\n\t\t\t\t\n\t\t\n\t\t\t\t\t\t\t\t\n\t\t\t\t\t\t\t\t\n\t\t\n\t\t\t\t\t\t\t\t\t\t\t\t\t\t\t\n\t\t\t\t\t\t\n\t\t\t\t\t\t\t\t\t\t<div class=\"fusion-product-buttons\">\n\t\t\t\t\t<a href=\"\/en\/wp-json\/wp\/v2\/pages\/1368?add-to-cart=5457\" aria-describedby=\"woocommerce_loop_add_to_cart_link_describedby_5457\" data-quantity=\"1\" class=\"button product_type_simple add_to_cart_button ajax_add_to_cart\" data-product_id=\"5457\" data-product_sku=\"\" aria-label=\"Add to cart: &ldquo;C\u00f4tes du Rh\u00f4ne La Fiole red wine&rdquo;\" rel=\"nofollow\">Add to cart<\/a>\t<span id=\"woocommerce_loop_add_to_cart_link_describedby_5457\" class=\"screen-reader-text\">\n\t\t\t<\/span>\n<span class=\"fusion-rollover-linebreak\">\n\t\/<\/span>\n\n<a href=\"https:\/\/jamonesibericosmadrid.com\/en\/producto\/cotes-du-rhone-la-fiole-red-wine\/\" class=\"show_details_button\">\n\tDetails<\/a>\n\n\t\t\t\t<\/div>\n\t\t\t\t\t\t\t\t\t<a class=\"fusion-link-wrapper\" href=\"https:\/\/jamonesibericosmadrid.com\/en\/producto\/cotes-du-rhone-la-fiole-red-wine\/\" aria-label=\"C\u00f4tes du Rh\u00f4ne La Fiole red wine\"><\/a>\n\t<\/div>\n<\/div>\n<\/div>\n<\/div>\n<div class=\"fusion-product-content\">\n\t<div class=\"product-details\">\n\t\t<div class=\"product-details-container\">\n<h3 class=\"product-title\">\n\t<a href=\"https:\/\/jamonesibericosmadrid.com\/en\/producto\/cotes-du-rhone-la-fiole-red-wine\/\">\n\t\tC\u00f4tes du Rh\u00f4ne La Fiole red wine\t<\/a>\n<\/h3>\n<div class=\"fusion-price-rating\">\n\n\t<span class=\"price\"><span class=\"woocommerce-Price-amount amount\"><bdi>22,50<span class=\"woocommerce-Price-currencySymbol\">&euro;<\/span><\/bdi><\/span> <small><\/small><\/span>\n\t\t<\/div>\n\t<\/div>\n<\/div>\n\n\t<\/div> \n\n\n<\/div>\n<\/li>\n<li class=\"product type-product post-5135 status-publish first instock product_cat-wines has-post-thumbnail taxable shipping-taxable purchasable product-type-simple product-grid-view\">\n\t<div class=\"fusion-product-wrapper\">\n\n<div class=\"fusion-clean-product-image-wrapper \">\n\t<div  class=\"fusion-image-wrapper fusion-image-size-fixed\" aria-haspopup=\"true\">\n\t\t\t\t<img decoding=\"async\" width=\"500\" height=\"500\" src=\"https:\/\/jamonesibericosmadrid.com\/wp-content\/uploads\/2021\/03\/vinovnomadas-500x500.jpg\" class=\"attachment-woocommerce_thumbnail size-woocommerce_thumbnail lazyload wp-post-image\" alt=\"La Sonrisa del N\u00f3mada DO Toro\" srcset=\"data:image\/svg+xml,%3Csvg%20xmlns%3D%27http%3A%2F%2Fwww.w3.org%2F2000%2Fsvg%27%20width%3D%27850%27%20height%3D%27850%27%20viewBox%3D%270%200%20850%20850%27%3E%3Crect%20width%3D%27850%27%20height%3D%27850%27%20fill-opacity%3D%220%22%2F%3E%3C%2Fsvg%3E\" data-orig-src=\"https:\/\/jamonesibericosmadrid.com\/wp-content\/uploads\/2021\/03\/vinovnomadas-500x500.jpg\" data-srcset=\"https:\/\/jamonesibericosmadrid.com\/wp-content\/uploads\/2021\/03\/vinovnomadas-66x66.jpg 66w, https:\/\/jamonesibericosmadrid.com\/wp-content\/uploads\/2021\/03\/vinovnomadas-100x100.jpg 100w, https:\/\/jamonesibericosmadrid.com\/wp-content\/uploads\/2021\/03\/vinovnomadas-150x150.jpg 150w, https:\/\/jamonesibericosmadrid.com\/wp-content\/uploads\/2021\/03\/vinovnomadas-200x200.jpg 200w, https:\/\/jamonesibericosmadrid.com\/wp-content\/uploads\/2021\/03\/vinovnomadas-300x300.jpg 300w, https:\/\/jamonesibericosmadrid.com\/wp-content\/uploads\/2021\/03\/vinovnomadas-400x400.jpg 400w, https:\/\/jamonesibericosmadrid.com\/wp-content\/uploads\/2021\/03\/vinovnomadas-500x500.jpg 500w, https:\/\/jamonesibericosmadrid.com\/wp-content\/uploads\/2021\/03\/vinovnomadas-600x600.jpg 600w, https:\/\/jamonesibericosmadrid.com\/wp-content\/uploads\/2021\/03\/vinovnomadas-700x700.jpg 700w, https:\/\/jamonesibericosmadrid.com\/wp-content\/uploads\/2021\/03\/vinovnomadas-768x768.jpg 768w, https:\/\/jamonesibericosmadrid.com\/wp-content\/uploads\/2021\/03\/vinovnomadas-800x800.jpg 800w, https:\/\/jamonesibericosmadrid.com\/wp-content\/uploads\/2021\/03\/vinovnomadas.jpg 850w\" data-sizes=\"auto\" \/><div class=\"fusion-rollover\">\n\t<div class=\"fusion-rollover-content\">\n\n\t\t\t\t\n\t\t\n\t\t\t\t\t\t\t\t\n\t\t\t\t\t\t\t\t\n\t\t\n\t\t\t\t\t\t\t\t\t\t\t\t\t\t\t\n\t\t\t\t\t\t\n\t\t\t\t\t\t\t\t\t\t<div class=\"fusion-product-buttons\">\n\t\t\t\t\t<a href=\"\/en\/wp-json\/wp\/v2\/pages\/1368?add-to-cart=5135\" aria-describedby=\"woocommerce_loop_add_to_cart_link_describedby_5135\" data-quantity=\"1\" class=\"button product_type_simple add_to_cart_button ajax_add_to_cart\" data-product_id=\"5135\" data-product_sku=\"\" aria-label=\"Add to cart: &ldquo;La Sonrisa del N\u00f3mada DO Toro&rdquo;\" rel=\"nofollow\">Add to cart<\/a>\t<span id=\"woocommerce_loop_add_to_cart_link_describedby_5135\" class=\"screen-reader-text\">\n\t\t\t<\/span>\n<span class=\"fusion-rollover-linebreak\">\n\t\/<\/span>\n\n<a href=\"https:\/\/jamonesibericosmadrid.com\/en\/producto\/la-sonrisa-del-nomada-do-toro\/\" class=\"show_details_button\">\n\tDetails<\/a>\n\n\t\t\t\t<\/div>\n\t\t\t\t\t\t\t\t\t<a class=\"fusion-link-wrapper\" href=\"https:\/\/jamonesibericosmadrid.com\/en\/producto\/la-sonrisa-del-nomada-do-toro\/\" aria-label=\"La Sonrisa del N\u00f3mada DO Toro\"><\/a>\n\t<\/div>\n<\/div>\n<\/div>\n<\/div>\n<div class=\"fusion-product-content\">\n\t<div class=\"product-details\">\n\t\t<div class=\"product-details-container\">\n<h3 class=\"product-title\">\n\t<a href=\"https:\/\/jamonesibericosmadrid.com\/en\/producto\/la-sonrisa-del-nomada-do-toro\/\">\n\t\tLa Sonrisa del N\u00f3mada DO Toro\t<\/a>\n<\/h3>\n<div class=\"fusion-price-rating\">\n\n\t<span class=\"price\"><span class=\"woocommerce-Price-amount amount\"><bdi>12,90<span class=\"woocommerce-Price-currencySymbol\">&euro;<\/span><\/bdi><\/span> <small><\/small><\/span>\n\t\t<\/div>\n\t<\/div>\n<\/div>\n\n\t<\/div> \n\n\n<\/div>\n<\/li>\n<li class=\"product type-product post-7286 status-publish instock product_cat-wines has-post-thumbnail taxable shipping-taxable purchasable product-type-simple product-grid-view\">\n\t<div class=\"fusion-product-wrapper\">\n\n<div class=\"fusion-clean-product-image-wrapper \">\n\t<div  class=\"fusion-image-wrapper fusion-image-size-fixed\" aria-haspopup=\"true\">\n\t\t\t\t<img decoding=\"async\" width=\"500\" height=\"500\" src=\"https:\/\/jamonesibericosmadrid.com\/wp-content\/uploads\/2021\/02\/monasterio-500x500.png\" class=\"attachment-woocommerce_thumbnail size-woocommerce_thumbnail lazyload wp-post-image\" alt=\"Finca Monasterio\" srcset=\"data:image\/svg+xml,%3Csvg%20xmlns%3D%27http%3A%2F%2Fwww.w3.org%2F2000%2Fsvg%27%20width%3D%27850%27%20height%3D%27850%27%20viewBox%3D%270%200%20850%20850%27%3E%3Crect%20width%3D%27850%27%20height%3D%27850%27%20fill-opacity%3D%220%22%2F%3E%3C%2Fsvg%3E\" data-orig-src=\"https:\/\/jamonesibericosmadrid.com\/wp-content\/uploads\/2021\/02\/monasterio-500x500.png\" data-srcset=\"https:\/\/jamonesibericosmadrid.com\/wp-content\/uploads\/2021\/02\/monasterio-66x66.png 66w, https:\/\/jamonesibericosmadrid.com\/wp-content\/uploads\/2021\/02\/monasterio-100x100.png 100w, https:\/\/jamonesibericosmadrid.com\/wp-content\/uploads\/2021\/02\/monasterio-150x150.png 150w, https:\/\/jamonesibericosmadrid.com\/wp-content\/uploads\/2021\/02\/monasterio-200x200.png 200w, https:\/\/jamonesibericosmadrid.com\/wp-content\/uploads\/2021\/02\/monasterio-300x300.png 300w, https:\/\/jamonesibericosmadrid.com\/wp-content\/uploads\/2021\/02\/monasterio-400x400.png 400w, https:\/\/jamonesibericosmadrid.com\/wp-content\/uploads\/2021\/02\/monasterio-500x500.png 500w, https:\/\/jamonesibericosmadrid.com\/wp-content\/uploads\/2021\/02\/monasterio-600x600.png 600w, https:\/\/jamonesibericosmadrid.com\/wp-content\/uploads\/2021\/02\/monasterio-700x700.png 700w, https:\/\/jamonesibericosmadrid.com\/wp-content\/uploads\/2021\/02\/monasterio-768x768.png 768w, https:\/\/jamonesibericosmadrid.com\/wp-content\/uploads\/2021\/02\/monasterio-800x800.png 800w, https:\/\/jamonesibericosmadrid.com\/wp-content\/uploads\/2021\/02\/monasterio.png 850w\" data-sizes=\"auto\" \/><div class=\"fusion-rollover\">\n\t<div class=\"fusion-rollover-content\">\n\n\t\t\t\t\n\t\t\n\t\t\t\t\t\t\t\t\n\t\t\t\t\t\t\t\t\n\t\t\n\t\t\t\t\t\t\t\t\t\t\t\t\t\t\t\n\t\t\t\t\t\t\n\t\t\t\t\t\t\t\t\t\t<div class=\"fusion-product-buttons\">\n\t\t\t\t\t<a href=\"\/en\/wp-json\/wp\/v2\/pages\/1368?add-to-cart=7286\" aria-describedby=\"woocommerce_loop_add_to_cart_link_describedby_7286\" data-quantity=\"1\" class=\"button product_type_simple add_to_cart_button ajax_add_to_cart\" data-product_id=\"7286\" data-product_sku=\"\" aria-label=\"Add to cart: &ldquo;Finca Monasterio&rdquo;\" rel=\"nofollow\">Add to cart<\/a>\t<span id=\"woocommerce_loop_add_to_cart_link_describedby_7286\" class=\"screen-reader-text\">\n\t\t\t<\/span>\n<span class=\"fusion-rollover-linebreak\">\n\t\/<\/span>\n\n<a href=\"https:\/\/jamonesibericosmadrid.com\/en\/producto\/7286\/\" class=\"show_details_button\">\n\tDetails<\/a>\n\n\t\t\t\t<\/div>\n\t\t\t\t\t\t\t\t\t<a class=\"fusion-link-wrapper\" href=\"https:\/\/jamonesibericosmadrid.com\/en\/producto\/7286\/\" aria-label=\"Finca Monasterio\"><\/a>\n\t<\/div>\n<\/div>\n<\/div>\n<\/div>\n<div class=\"fusion-product-content\">\n\t<div class=\"product-details\">\n\t\t<div class=\"product-details-container\">\n<h3 class=\"product-title\">\n\t<a href=\"https:\/\/jamonesibericosmadrid.com\/en\/producto\/7286\/\">\n\t\tFinca Monasterio\t<\/a>\n<\/h3>\n<div class=\"fusion-price-rating\">\n\n\t<span class=\"price\"><span class=\"woocommerce-Price-amount amount\"><bdi>29,50<span class=\"woocommerce-Price-currencySymbol\">&euro;<\/span><\/bdi><\/span> <small><\/small><\/span>\n\t\t<\/div>\n\t<\/div>\n<\/div>\n\n\t<\/div> \n\n\n<\/div>\n<\/li>\n<li class=\"product type-product post-3510 status-publish last instock product_cat-wines has-post-thumbnail taxable shipping-taxable purchasable product-type-simple product-grid-view\">\n\t<div class=\"fusion-product-wrapper\">\n\n<div class=\"fusion-clean-product-image-wrapper \">\n\t<div  class=\"fusion-image-wrapper fusion-image-size-fixed\" aria-haspopup=\"true\">\n\t\t\t\t<img decoding=\"async\" width=\"500\" height=\"500\" src=\"data:image\/svg+xml,%3Csvg%20xmlns%3D%27http%3A%2F%2Fwww.w3.org%2F2000%2Fsvg%27%20width%3D%27850%27%20height%3D%27850%27%20viewBox%3D%270%200%20850%20850%27%3E%3Crect%20width%3D%27850%27%20height%3D%27850%27%20fill-opacity%3D%220%22%2F%3E%3C%2Fsvg%3E\" class=\"attachment-woocommerce_thumbnail size-woocommerce_thumbnail lazyload wp-post-image\" alt=\"Finca Martelo 2014\" data-orig-src=\"https:\/\/jamonesibericosmadrid.com\/wp-content\/uploads\/2018\/05\/martelo-nacional.png\" \/><div class=\"fusion-rollover\">\n\t<div class=\"fusion-rollover-content\">\n\n\t\t\t\t\n\t\t\n\t\t\t\t\t\t\t\t\n\t\t\t\t\t\t\t\t\n\t\t\n\t\t\t\t\t\t\t\t\t\t\t\t\t\t\t\n\t\t\t\t\t\t\n\t\t\t\t\t\t\t\t\t\t<div class=\"fusion-product-buttons\">\n\t\t\t\t\t<a href=\"\/en\/wp-json\/wp\/v2\/pages\/1368?add-to-cart=3510\" aria-describedby=\"woocommerce_loop_add_to_cart_link_describedby_3510\" data-quantity=\"1\" class=\"button product_type_simple add_to_cart_button ajax_add_to_cart\" data-product_id=\"3510\" data-product_sku=\"\" aria-label=\"Add to cart: &ldquo;Martelo 2014&rdquo;\" rel=\"nofollow\">Add to cart<\/a>\t<span id=\"woocommerce_loop_add_to_cart_link_describedby_3510\" class=\"screen-reader-text\">\n\t\t\t<\/span>\n<span class=\"fusion-rollover-linebreak\">\n\t\/<\/span>\n\n<a href=\"https:\/\/jamonesibericosmadrid.com\/en\/producto\/martelo-2012-copia\/\" class=\"show_details_button\">\n\tDetails<\/a>\n\n\t\t\t\t<\/div>\n\t\t\t\t\t\t\t\t\t<a class=\"fusion-link-wrapper\" href=\"https:\/\/jamonesibericosmadrid.com\/en\/producto\/martelo-2012-copia\/\" aria-label=\"Martelo 2014\"><\/a>\n\t<\/div>\n<\/div>\n<\/div>\n<\/div>\n<div class=\"fusion-product-content\">\n\t<div class=\"product-details\">\n\t\t<div class=\"product-details-container\">\n<h3 class=\"product-title\">\n\t<a href=\"https:\/\/jamonesibericosmadrid.com\/en\/producto\/martelo-2012-copia\/\">\n\t\tMartelo 2014\t<\/a>\n<\/h3>\n<div class=\"fusion-price-rating\">\n\n\t<span class=\"price\"><span class=\"woocommerce-Price-amount amount\"><bdi>38,50<span class=\"woocommerce-Price-currencySymbol\">&euro;<\/span><\/bdi><\/span> <small><\/small><\/span>\n\t\t<\/div>\n\t<\/div>\n<\/div>\n\n\t<\/div> \n\n\n<\/div>\n<\/li>\n<li class=\"product type-product post-5653 status-publish first instock product_cat-wines has-post-thumbnail taxable shipping-taxable purchasable product-type-simple product-grid-view\">\n\t<div class=\"fusion-product-wrapper\">\n\n<div class=\"fusion-clean-product-image-wrapper \">\n\t<div  class=\"fusion-image-wrapper fusion-image-size-fixed\" aria-haspopup=\"true\">\n\t\t\t\t<img decoding=\"async\" width=\"400\" height=\"400\" src=\"https:\/\/jamonesibericosmadrid.com\/wp-content\/uploads\/2019\/09\/arana-400x400-1.jpg\" class=\"attachment-woocommerce_thumbnail size-woocommerce_thumbnail lazyload wp-post-image\" alt=\"Vi\u00f1a Arana\" srcset=\"data:image\/svg+xml,%3Csvg%20xmlns%3D%27http%3A%2F%2Fwww.w3.org%2F2000%2Fsvg%27%20width%3D%27400%27%20height%3D%27400%27%20viewBox%3D%270%200%20400%20400%27%3E%3Crect%20width%3D%27400%27%20height%3D%27400%27%20fill-opacity%3D%220%22%2F%3E%3C%2Fsvg%3E\" data-orig-src=\"https:\/\/jamonesibericosmadrid.com\/wp-content\/uploads\/2019\/09\/arana-400x400-1.jpg\" data-srcset=\"https:\/\/jamonesibericosmadrid.com\/wp-content\/uploads\/2019\/09\/arana-400x400-1-66x66.jpg 66w, https:\/\/jamonesibericosmadrid.com\/wp-content\/uploads\/2019\/09\/arana-400x400-1-100x100.jpg 100w, https:\/\/jamonesibericosmadrid.com\/wp-content\/uploads\/2019\/09\/arana-400x400-1-150x150.jpg 150w, https:\/\/jamonesibericosmadrid.com\/wp-content\/uploads\/2019\/09\/arana-400x400-1-200x200.jpg 200w, https:\/\/jamonesibericosmadrid.com\/wp-content\/uploads\/2019\/09\/arana-400x400-1-300x300.jpg 300w, https:\/\/jamonesibericosmadrid.com\/wp-content\/uploads\/2019\/09\/arana-400x400-1.jpg 400w\" data-sizes=\"auto\" \/><div class=\"fusion-rollover\">\n\t<div class=\"fusion-rollover-content\">\n\n\t\t\t\t\n\t\t\n\t\t\t\t\t\t\t\t\n\t\t\t\t\t\t\t\t\n\t\t\n\t\t\t\t\t\t\t\t\t\t\t\t\t\t\t\n\t\t\t\t\t\t\n\t\t\t\t\t\t\t\t\t\t<div class=\"fusion-product-buttons\">\n\t\t\t\t\t<a href=\"\/en\/wp-json\/wp\/v2\/pages\/1368?add-to-cart=5653\" aria-describedby=\"woocommerce_loop_add_to_cart_link_describedby_5653\" data-quantity=\"1\" class=\"button product_type_simple add_to_cart_button ajax_add_to_cart\" data-product_id=\"5653\" data-product_sku=\"\" aria-label=\"Add to cart: &ldquo;Vi\u00f1a Arana Gran Reserva 2016&rdquo;\" rel=\"nofollow\">Add to cart<\/a>\t<span id=\"woocommerce_loop_add_to_cart_link_describedby_5653\" class=\"screen-reader-text\">\n\t\t\t<\/span>\n<span class=\"fusion-rollover-linebreak\">\n\t\/<\/span>\n\n<a href=\"https:\/\/jamonesibericosmadrid.com\/en\/producto\/vina-arana-gran-reserva-2012\/\" class=\"show_details_button\">\n\tDetails<\/a>\n\n\t\t\t\t<\/div>\n\t\t\t\t\t\t\t\t\t<a class=\"fusion-link-wrapper\" href=\"https:\/\/jamonesibericosmadrid.com\/en\/producto\/vina-arana-gran-reserva-2012\/\" aria-label=\"Vi\u00f1a Arana Gran Reserva 2016\"><\/a>\n\t<\/div>\n<\/div>\n<\/div>\n<\/div>\n<div class=\"fusion-product-content\">\n\t<div class=\"product-details\">\n\t\t<div class=\"product-details-container\">\n<h3 class=\"product-title\">\n\t<a href=\"https:\/\/jamonesibericosmadrid.com\/en\/producto\/vina-arana-gran-reserva-2012\/\">\n\t\tVi\u00f1a Arana Gran Reserva 2016\t<\/a>\n<\/h3>\n<div class=\"fusion-price-rating\">\n\n\t<span class=\"price\"><span class=\"woocommerce-Price-amount amount\"><bdi>42,50<span class=\"woocommerce-Price-currencySymbol\">&euro;<\/span><\/bdi><\/span> <small><\/small><\/span>\n\t\t<\/div>\n\t<\/div>\n<\/div>\n\n\t<\/div> \n\n\n<\/div>\n<\/li>\n<li class=\"product type-product post-2136 status-publish instock product_cat-wines has-post-thumbnail taxable shipping-taxable purchasable product-type-simple product-grid-view\">\n\t<div class=\"fusion-product-wrapper\">\n\n<div class=\"fusion-clean-product-image-wrapper \">\n\t<div  class=\"fusion-image-wrapper fusion-image-size-fixed\" aria-haspopup=\"true\">\n\t\t\t\t<img decoding=\"async\" width=\"500\" height=\"500\" src=\"https:\/\/jamonesibericosmadrid.com\/wp-content\/uploads\/2018\/11\/bouzy-500x500.png\" class=\"attachment-woocommerce_thumbnail size-woocommerce_thumbnail lazyload wp-post-image\" alt=\"Bouzy Rouge Pinot Noir\" srcset=\"data:image\/svg+xml,%3Csvg%20xmlns%3D%27http%3A%2F%2Fwww.w3.org%2F2000%2Fsvg%27%20width%3D%27600%27%20height%3D%27600%27%20viewBox%3D%270%200%20600%20600%27%3E%3Crect%20width%3D%27600%27%20height%3D%27600%27%20fill-opacity%3D%220%22%2F%3E%3C%2Fsvg%3E\" data-orig-src=\"https:\/\/jamonesibericosmadrid.com\/wp-content\/uploads\/2018\/11\/bouzy-500x500.png\" data-srcset=\"https:\/\/jamonesibericosmadrid.com\/wp-content\/uploads\/2018\/11\/bouzy-66x66.png 66w, https:\/\/jamonesibericosmadrid.com\/wp-content\/uploads\/2018\/11\/bouzy-100x100.png 100w, https:\/\/jamonesibericosmadrid.com\/wp-content\/uploads\/2018\/11\/bouzy-150x150.png 150w, https:\/\/jamonesibericosmadrid.com\/wp-content\/uploads\/2018\/11\/bouzy-200x200.png 200w, https:\/\/jamonesibericosmadrid.com\/wp-content\/uploads\/2018\/11\/bouzy-300x300.png 300w, https:\/\/jamonesibericosmadrid.com\/wp-content\/uploads\/2018\/11\/bouzy-400x400.png 400w, https:\/\/jamonesibericosmadrid.com\/wp-content\/uploads\/2018\/11\/bouzy-500x500.png 500w, https:\/\/jamonesibericosmadrid.com\/wp-content\/uploads\/2018\/11\/bouzy.png 600w\" data-sizes=\"auto\" \/><div class=\"fusion-rollover\">\n\t<div class=\"fusion-rollover-content\">\n\n\t\t\t\t\n\t\t\n\t\t\t\t\t\t\t\t\n\t\t\t\t\t\t\t\t\n\t\t\n\t\t\t\t\t\t\t\t\t\t\t\t\t\t\t\n\t\t\t\t\t\t\n\t\t\t\t\t\t\t\t\t\t<div class=\"fusion-product-buttons\">\n\t\t\t\t\t<a href=\"\/en\/wp-json\/wp\/v2\/pages\/1368?add-to-cart=2136\" aria-describedby=\"woocommerce_loop_add_to_cart_link_describedby_2136\" data-quantity=\"1\" class=\"button product_type_simple add_to_cart_button ajax_add_to_cart\" data-product_id=\"2136\" data-product_sku=\"\" aria-label=\"Add to cart: &ldquo;Bouzy Rouge  100% Pinot Noir&rdquo;\" rel=\"nofollow\">Add to cart<\/a>\t<span id=\"woocommerce_loop_add_to_cart_link_describedby_2136\" class=\"screen-reader-text\">\n\t\t\t<\/span>\n<span class=\"fusion-rollover-linebreak\">\n\t\/<\/span>\n\n<a href=\"https:\/\/jamonesibericosmadrid.com\/en\/producto\/bouzy-rouge-100-pinot-noir\/\" class=\"show_details_button\">\n\tDetails<\/a>\n\n\t\t\t\t<\/div>\n\t\t\t\t\t\t\t\t\t<a class=\"fusion-link-wrapper\" href=\"https:\/\/jamonesibericosmadrid.com\/en\/producto\/bouzy-rouge-100-pinot-noir\/\" aria-label=\"Bouzy Rouge  100% Pinot Noir\"><\/a>\n\t<\/div>\n<\/div>\n<\/div>\n<\/div>\n<div class=\"fusion-product-content\">\n\t<div class=\"product-details\">\n\t\t<div class=\"product-details-container\">\n<h3 class=\"product-title\">\n\t<a href=\"https:\/\/jamonesibericosmadrid.com\/en\/producto\/bouzy-rouge-100-pinot-noir\/\">\n\t\tBouzy Rouge  100% Pinot Noir\t<\/a>\n<\/h3>\n<div class=\"fusion-price-rating\">\n\n\t<span class=\"price\"><span class=\"woocommerce-Price-amount amount\"><bdi>42,00<span class=\"woocommerce-Price-currencySymbol\">&euro;<\/span><\/bdi><\/span> <small><\/small><\/span>\n\t\t<\/div>\n\t<\/div>\n<\/div>\n\n\t<\/div> \n\n\n<\/div>\n<\/li>\n<li class=\"product type-product post-1812 status-publish last instock product_cat-ofertas-en product_cat-wines has-post-thumbnail sale taxable shipping-taxable purchasable product-type-simple product-grid-view\">\n\t<div class=\"fusion-product-wrapper\">\n<div class=\"fusion-woo-badges-wrapper\">\n\n\t<span class=\"onsale\">Oferta!<\/span>\n\t<\/div><div class=\"fusion-clean-product-image-wrapper \">\n\t<div  class=\"fusion-image-wrapper fusion-image-size-fixed\" aria-haspopup=\"true\">\n\t\t\t\t<img decoding=\"async\" width=\"458\" height=\"458\" src=\"https:\/\/jamonesibericosmadrid.com\/wp-content\/uploads\/2018\/05\/pesquera-crianza.jpg\" class=\"attachment-woocommerce_thumbnail size-woocommerce_thumbnail lazyload wp-post-image\" alt=\"Pesquera Crianza 2021\" srcset=\"data:image\/svg+xml,%3Csvg%20xmlns%3D%27http%3A%2F%2Fwww.w3.org%2F2000%2Fsvg%27%20width%3D%27458%27%20height%3D%27458%27%20viewBox%3D%270%200%20458%20458%27%3E%3Crect%20width%3D%27458%27%20height%3D%27458%27%20fill-opacity%3D%220%22%2F%3E%3C%2Fsvg%3E\" data-orig-src=\"https:\/\/jamonesibericosmadrid.com\/wp-content\/uploads\/2018\/05\/pesquera-crianza.jpg\" data-srcset=\"https:\/\/jamonesibericosmadrid.com\/wp-content\/uploads\/2018\/05\/pesquera-crianza-66x66.jpg 66w, https:\/\/jamonesibericosmadrid.com\/wp-content\/uploads\/2018\/05\/pesquera-crianza-100x100.jpg 100w, https:\/\/jamonesibericosmadrid.com\/wp-content\/uploads\/2018\/05\/pesquera-crianza-150x150.jpg 150w, https:\/\/jamonesibericosmadrid.com\/wp-content\/uploads\/2018\/05\/pesquera-crianza-200x200.jpg 200w, https:\/\/jamonesibericosmadrid.com\/wp-content\/uploads\/2018\/05\/pesquera-crianza-300x300.jpg 300w, https:\/\/jamonesibericosmadrid.com\/wp-content\/uploads\/2018\/05\/pesquera-crianza-400x400.jpg 400w, https:\/\/jamonesibericosmadrid.com\/wp-content\/uploads\/2018\/05\/pesquera-crianza.jpg 458w\" data-sizes=\"auto\" \/><div class=\"fusion-rollover\">\n\t<div class=\"fusion-rollover-content\">\n\n\t\t\t\t\n\t\t\n\t\t\t\t\t\t\t\t\n\t\t\t\t\t\t\t\t\n\t\t\n\t\t\t\t\t\t\t\t\t\t\t\t\t\t\t\n\t\t\t\t\t\t\n\t\t\t\t\t\t\t\t\t\t<div class=\"fusion-product-buttons\">\n\t\t\t\t\t<a href=\"\/en\/wp-json\/wp\/v2\/pages\/1368?add-to-cart=1812\" aria-describedby=\"woocommerce_loop_add_to_cart_link_describedby_1812\" data-quantity=\"1\" class=\"button product_type_simple add_to_cart_button ajax_add_to_cart\" data-product_id=\"1812\" data-product_sku=\"\" aria-label=\"Add to cart: &ldquo;Pesquera Crianza 2021&rdquo;\" rel=\"nofollow\">Add to cart<\/a>\t<span id=\"woocommerce_loop_add_to_cart_link_describedby_1812\" class=\"screen-reader-text\">\n\t\t\t<\/span>\n<span class=\"fusion-rollover-linebreak\">\n\t\/<\/span>\n\n<a href=\"https:\/\/jamonesibericosmadrid.com\/en\/producto\/pesquera-crianza-2021\/\" class=\"show_details_button\">\n\tDetails<\/a>\n\n\t\t\t\t<\/div>\n\t\t\t\t\t\t\t\t\t<a class=\"fusion-link-wrapper\" href=\"https:\/\/jamonesibericosmadrid.com\/en\/producto\/pesquera-crianza-2021\/\" aria-label=\"Pesquera Crianza 2021\"><\/a>\n\t<\/div>\n<\/div>\n<\/div>\n<\/div>\n<div class=\"fusion-product-content\">\n\t<div class=\"product-details\">\n\t\t<div class=\"product-details-container\">\n<h3 class=\"product-title\">\n\t<a href=\"https:\/\/jamonesibericosmadrid.com\/en\/producto\/pesquera-crianza-2021\/\">\n\t\tPesquera Crianza 2021\t<\/a>\n<\/h3>\n<div class=\"fusion-price-rating\">\n\n\t<span class=\"price\"><del aria-hidden=\"true\"><span class=\"woocommerce-Price-amount amount\"><bdi>24,50<span class=\"woocommerce-Price-currencySymbol\">&euro;<\/span><\/bdi><\/span><\/del> <span class=\"screen-reader-text\">Original price was: 24,50&euro;.<\/span><ins aria-hidden=\"true\"><span class=\"woocommerce-Price-amount amount\"><bdi>20,00<span class=\"woocommerce-Price-currencySymbol\">&euro;<\/span><\/bdi><\/span><\/ins><span class=\"screen-reader-text\">Current price is: 20,00&euro;.<\/span> <small><\/small><\/span>\n\t\t<\/div>\n\t<\/div>\n<\/div>\n\n\t<\/div> \n\n\n<\/div>\n<\/li>\n<li class=\"product type-product post-1806 status-publish first instock product_cat-wines has-post-thumbnail taxable shipping-taxable purchasable product-type-simple product-grid-view\">\n\t<div class=\"fusion-product-wrapper\">\n\n<div class=\"fusion-clean-product-image-wrapper \">\n\t<div  class=\"fusion-image-wrapper fusion-image-size-fixed\" aria-haspopup=\"true\">\n\t\t\t\t<img decoding=\"async\" width=\"500\" height=\"500\" src=\"https:\/\/jamonesibericosmadrid.com\/wp-content\/uploads\/2018\/05\/carra-500x500.webp\" class=\"attachment-woocommerce_thumbnail size-woocommerce_thumbnail lazyload wp-post-image\" alt=\"Pago de Carraovejas\" srcset=\"data:image\/svg+xml,%3Csvg%20xmlns%3D%27http%3A%2F%2Fwww.w3.org%2F2000%2Fsvg%27%20width%3D%27600%27%20height%3D%27600%27%20viewBox%3D%270%200%20600%20600%27%3E%3Crect%20width%3D%27600%27%20height%3D%27600%27%20fill-opacity%3D%220%22%2F%3E%3C%2Fsvg%3E\" data-orig-src=\"https:\/\/jamonesibericosmadrid.com\/wp-content\/uploads\/2018\/05\/carra-500x500.webp\" data-srcset=\"https:\/\/jamonesibericosmadrid.com\/wp-content\/uploads\/2018\/05\/carra-66x66.webp 66w, https:\/\/jamonesibericosmadrid.com\/wp-content\/uploads\/2018\/05\/carra-100x100.webp 100w, https:\/\/jamonesibericosmadrid.com\/wp-content\/uploads\/2018\/05\/carra-150x150.webp 150w, https:\/\/jamonesibericosmadrid.com\/wp-content\/uploads\/2018\/05\/carra-200x200.webp 200w, https:\/\/jamonesibericosmadrid.com\/wp-content\/uploads\/2018\/05\/carra-300x300.webp 300w, https:\/\/jamonesibericosmadrid.com\/wp-content\/uploads\/2018\/05\/carra-400x400.webp 400w, https:\/\/jamonesibericosmadrid.com\/wp-content\/uploads\/2018\/05\/carra-500x500.webp 500w, https:\/\/jamonesibericosmadrid.com\/wp-content\/uploads\/2018\/05\/carra.webp 600w\" data-sizes=\"auto\" \/><div class=\"fusion-rollover\">\n\t<div class=\"fusion-rollover-content\">\n\n\t\t\t\t\n\t\t\n\t\t\t\t\t\t\t\t\n\t\t\t\t\t\t\t\t\n\t\t\n\t\t\t\t\t\t\t\t\t\t\t\t\t\t\t\n\t\t\t\t\t\t\n\t\t\t\t\t\t\t\t\t\t<div class=\"fusion-product-buttons\">\n\t\t\t\t\t<a href=\"\/en\/wp-json\/wp\/v2\/pages\/1368?add-to-cart=1806\" aria-describedby=\"woocommerce_loop_add_to_cart_link_describedby_1806\" data-quantity=\"1\" class=\"button product_type_simple add_to_cart_button ajax_add_to_cart\" data-product_id=\"1806\" data-product_sku=\"\" aria-label=\"Add to cart: &ldquo;Pago de Carraovejas&rdquo;\" rel=\"nofollow\">Add to cart<\/a>\t<span id=\"woocommerce_loop_add_to_cart_link_describedby_1806\" class=\"screen-reader-text\">\n\t\t\t<\/span>\n<span class=\"fusion-rollover-linebreak\">\n\t\/<\/span>\n\n<a href=\"https:\/\/jamonesibericosmadrid.com\/en\/producto\/pago-de-carraovejas\/\" class=\"show_details_button\">\n\tDetails<\/a>\n\n\t\t\t\t<\/div>\n\t\t\t\t\t\t\t\t\t<a class=\"fusion-link-wrapper\" href=\"https:\/\/jamonesibericosmadrid.com\/en\/producto\/pago-de-carraovejas\/\" aria-label=\"Pago de Carraovejas\"><\/a>\n\t<\/div>\n<\/div>\n<\/div>\n<\/div>\n<div class=\"fusion-product-content\">\n\t<div class=\"product-details\">\n\t\t<div class=\"product-details-container\">\n<h3 class=\"product-title\">\n\t<a href=\"https:\/\/jamonesibericosmadrid.com\/en\/producto\/pago-de-carraovejas\/\">\n\t\tPago de Carraovejas\t<\/a>\n<\/h3>\n<div class=\"fusion-price-rating\">\n\n\t<span class=\"price\"><span class=\"woocommerce-Price-amount amount\"><bdi>44,50<span class=\"woocommerce-Price-currencySymbol\">&euro;<\/span><\/bdi><\/span> <small><\/small><\/span>\n\t\t<\/div>\n\t<\/div>\n<\/div>\n\n\t<\/div> \n\n\n<\/div>\n<\/li>\n<li class=\"product type-product post-1599 status-publish instock product_cat-wines has-post-thumbnail taxable shipping-taxable purchasable product-type-simple product-grid-view\">\n\t<div class=\"fusion-product-wrapper\">\n\n<div class=\"fusion-clean-product-image-wrapper \">\n\t<div  class=\"fusion-image-wrapper fusion-image-size-fixed\" aria-haspopup=\"true\">\n\t\t\t\t<img decoding=\"async\" width=\"500\" height=\"500\" src=\"https:\/\/jamonesibericosmadrid.com\/wp-content\/uploads\/2018\/02\/Vino-904-Gran-Reserva-1994-Magnum..png\" class=\"attachment-woocommerce_thumbnail size-woocommerce_thumbnail lazyload wp-post-image\" alt=\"904 Gran Reserva 2005\" srcset=\"data:image\/svg+xml,%3Csvg%20xmlns%3D%27http%3A%2F%2Fwww.w3.org%2F2000%2Fsvg%27%20width%3D%27850%27%20height%3D%27850%27%20viewBox%3D%270%200%20850%20850%27%3E%3Crect%20width%3D%27850%27%20height%3D%27850%27%20fill-opacity%3D%220%22%2F%3E%3C%2Fsvg%3E\" data-orig-src=\"https:\/\/jamonesibericosmadrid.com\/wp-content\/uploads\/2018\/02\/Vino-904-Gran-Reserva-1994-Magnum..png\" data-srcset=\"https:\/\/jamonesibericosmadrid.com\/wp-content\/uploads\/2018\/02\/Vino-904-Gran-Reserva-1994-Magnum.-100x100.png 100w, https:\/\/jamonesibericosmadrid.com\/wp-content\/uploads\/2018\/02\/Vino-904-Gran-Reserva-1994-Magnum..png 850w\" data-sizes=\"auto\" \/><div class=\"fusion-rollover\">\n\t<div class=\"fusion-rollover-content\">\n\n\t\t\t\t\n\t\t\n\t\t\t\t\t\t\t\t\n\t\t\t\t\t\t\t\t\n\t\t\n\t\t\t\t\t\t\t\t\t\t\t\t\t\t\t\n\t\t\t\t\t\t\n\t\t\t\t\t\t\t\t\t\t<div class=\"fusion-product-buttons\">\n\t\t\t\t\t<a href=\"\/en\/wp-json\/wp\/v2\/pages\/1368?add-to-cart=1599\" aria-describedby=\"woocommerce_loop_add_to_cart_link_describedby_1599\" data-quantity=\"1\" class=\"button product_type_simple add_to_cart_button ajax_add_to_cart\" data-product_id=\"1599\" data-product_sku=\"\" aria-label=\"Add to cart: &ldquo;904 Gran Reserva 2005&rdquo;\" rel=\"nofollow\">Add to cart<\/a>\t<span id=\"woocommerce_loop_add_to_cart_link_describedby_1599\" class=\"screen-reader-text\">\n\t\t\t<\/span>\n<span class=\"fusion-rollover-linebreak\">\n\t\/<\/span>\n\n<a href=\"https:\/\/jamonesibericosmadrid.com\/en\/producto\/904-gran-reserva-2005\/\" class=\"show_details_button\">\n\tDetails<\/a>\n\n\t\t\t\t<\/div>\n\t\t\t\t\t\t\t\t\t<a class=\"fusion-link-wrapper\" href=\"https:\/\/jamonesibericosmadrid.com\/en\/producto\/904-gran-reserva-2005\/\" aria-label=\"904 Gran Reserva 2005\"><\/a>\n\t<\/div>\n<\/div>\n<\/div>\n<\/div>\n<div class=\"fusion-product-content\">\n\t<div class=\"product-details\">\n\t\t<div class=\"product-details-container\">\n<h3 class=\"product-title\">\n\t<a href=\"https:\/\/jamonesibericosmadrid.com\/en\/producto\/904-gran-reserva-2005\/\">\n\t\t904 Gran Reserva 2005\t<\/a>\n<\/h3>\n<div class=\"fusion-price-rating\">\n\n\t<span class=\"price\"><span class=\"woocommerce-Price-amount amount\"><bdi>195,00<span class=\"woocommerce-Price-currencySymbol\">&euro;<\/span><\/bdi><\/span> <small><\/small><\/span>\n\t\t<\/div>\n\t<\/div>\n<\/div>\n\n\t<\/div> \n\n\n<\/div>\n<\/li>\n<li class=\"product type-product post-1593 status-publish last instock product_cat-ofertas-en product_cat-wines has-post-thumbnail sale taxable shipping-taxable purchasable product-type-simple product-grid-view\">\n\t<div class=\"fusion-product-wrapper\">\n<div class=\"fusion-woo-badges-wrapper\">\n\n\t<span class=\"onsale\">Oferta!<\/span>\n\t<\/div><div class=\"fusion-clean-product-image-wrapper \">\n\t<div  class=\"fusion-image-wrapper fusion-image-size-fixed\" aria-haspopup=\"true\">\n\t\t\t\t<img decoding=\"async\" width=\"500\" height=\"500\" src=\"data:image\/svg+xml,%3Csvg%20xmlns%3D%27http%3A%2F%2Fwww.w3.org%2F2000%2Fsvg%27%20width%3D%27850%27%20height%3D%27850%27%20viewBox%3D%270%200%20850%20850%27%3E%3Crect%20width%3D%27850%27%20height%3D%27850%27%20fill-opacity%3D%220%22%2F%3E%3C%2Fsvg%3E\" class=\"attachment-woocommerce_thumbnail size-woocommerce_thumbnail lazyload wp-post-image\" alt=\"Aster\" data-orig-src=\"https:\/\/jamonesibericosmadrid.com\/wp-content\/uploads\/2018\/05\/aster-finca-el-otero.png\" \/><div class=\"fusion-rollover\">\n\t<div class=\"fusion-rollover-content\">\n\n\t\t\t\t\n\t\t\n\t\t\t\t\t\t\t\t\n\t\t\t\t\t\t\t\t\n\t\t\n\t\t\t\t\t\t\t\t\t\t\t\t\t\t\t\n\t\t\t\t\t\t\n\t\t\t\t\t\t\t\t\t\t<div class=\"fusion-product-buttons\">\n\t\t\t\t\t<a href=\"\/en\/wp-json\/wp\/v2\/pages\/1368?add-to-cart=1593\" aria-describedby=\"woocommerce_loop_add_to_cart_link_describedby_1593\" data-quantity=\"1\" class=\"button product_type_simple add_to_cart_button ajax_add_to_cart\" data-product_id=\"1593\" data-product_sku=\"\" aria-label=\"Add to cart: &ldquo;Aster El Ca\u00f1o Reserva 2019&rdquo;\" rel=\"nofollow\">Add to cart<\/a>\t<span id=\"woocommerce_loop_add_to_cart_link_describedby_1593\" class=\"screen-reader-text\">\n\t\t\t<\/span>\n<span class=\"fusion-rollover-linebreak\">\n\t\/<\/span>\n\n<a href=\"https:\/\/jamonesibericosmadrid.com\/en\/producto\/aster-finca-el-otero\/\" class=\"show_details_button\">\n\tDetails<\/a>\n\n\t\t\t\t<\/div>\n\t\t\t\t\t\t\t\t\t<a class=\"fusion-link-wrapper\" href=\"https:\/\/jamonesibericosmadrid.com\/en\/producto\/aster-finca-el-otero\/\" aria-label=\"Aster El Ca\u00f1o Reserva 2019\"><\/a>\n\t<\/div>\n<\/div>\n<\/div>\n<\/div>\n<div class=\"fusion-product-content\">\n\t<div class=\"product-details\">\n\t\t<div class=\"product-details-container\">\n<h3 class=\"product-title\">\n\t<a href=\"https:\/\/jamonesibericosmadrid.com\/en\/producto\/aster-finca-el-otero\/\">\n\t\tAster El Ca\u00f1o Reserva 2019\t<\/a>\n<\/h3>\n<div class=\"fusion-price-rating\">\n\n\t<span class=\"price\"><del aria-hidden=\"true\"><span class=\"woocommerce-Price-amount amount\"><bdi>29,00<span class=\"woocommerce-Price-currencySymbol\">&euro;<\/span><\/bdi><\/span><\/del> <span class=\"screen-reader-text\">Original price was: 29,00&euro;.<\/span><ins aria-hidden=\"true\"><span class=\"woocommerce-Price-amount amount\"><bdi>22,00<span class=\"woocommerce-Price-currencySymbol\">&euro;<\/span><\/bdi><\/span><\/ins><span class=\"screen-reader-text\">Current price is: 22,00&euro;.<\/span> <small><\/small><\/span>\n\t\t<\/div>\n\t<\/div>\n<\/div>\n\n\t<\/div> \n\n\n<\/div>\n<\/li>\n<li class=\"product type-product post-1102 status-publish first instock product_cat-wines has-post-thumbnail taxable shipping-taxable purchasable product-type-simple product-grid-view\">\n\t<div class=\"fusion-product-wrapper\">\n\n<div class=\"fusion-clean-product-image-wrapper \">\n\t<div  class=\"fusion-image-wrapper fusion-image-size-fixed\" aria-haspopup=\"true\">\n\t\t\t\t<img decoding=\"async\" width=\"500\" height=\"500\" src=\"https:\/\/jamonesibericosmadrid.com\/wp-content\/uploads\/2018\/02\/rioja-gran-albina-2005.png\" class=\"attachment-woocommerce_thumbnail size-woocommerce_thumbnail lazyload wp-post-image\" alt=\"Gran Albina Reserva 2005\" srcset=\"data:image\/svg+xml,%3Csvg%20xmlns%3D%27http%3A%2F%2Fwww.w3.org%2F2000%2Fsvg%27%20width%3D%27850%27%20height%3D%27850%27%20viewBox%3D%270%200%20850%20850%27%3E%3Crect%20width%3D%27850%27%20height%3D%27850%27%20fill-opacity%3D%220%22%2F%3E%3C%2Fsvg%3E\" data-orig-src=\"https:\/\/jamonesibericosmadrid.com\/wp-content\/uploads\/2018\/02\/rioja-gran-albina-2005.png\" data-srcset=\"https:\/\/jamonesibericosmadrid.com\/wp-content\/uploads\/2018\/02\/rioja-gran-albina-2005-100x100.png 100w, https:\/\/jamonesibericosmadrid.com\/wp-content\/uploads\/2018\/02\/rioja-gran-albina-2005.png 850w\" data-sizes=\"auto\" \/><div class=\"fusion-rollover\">\n\t<div class=\"fusion-rollover-content\">\n\n\t\t\t\t\n\t\t\n\t\t\t\t\t\t\t\t\n\t\t\t\t\t\t\t\t\n\t\t\n\t\t\t\t\t\t\t\t\t\t\t\t\t\t\t\n\t\t\t\t\t\t\n\t\t\t\t\t\t\t\t\t\t<div class=\"fusion-product-buttons\">\n\t\t\t\t\t<a href=\"\/en\/wp-json\/wp\/v2\/pages\/1368?add-to-cart=1102\" aria-describedby=\"woocommerce_loop_add_to_cart_link_describedby_1102\" data-quantity=\"1\" class=\"button product_type_simple add_to_cart_button ajax_add_to_cart\" data-product_id=\"1102\" data-product_sku=\"\" aria-label=\"Add to cart: &ldquo;2005 Gran Albina Reserva&rdquo;\" rel=\"nofollow\">Add to cart<\/a>\t<span id=\"woocommerce_loop_add_to_cart_link_describedby_1102\" class=\"screen-reader-text\">\n\t\t\t<\/span>\n<span class=\"fusion-rollover-linebreak\">\n\t\/<\/span>\n\n<a href=\"https:\/\/jamonesibericosmadrid.com\/en\/producto\/2005-gran-albina-reserva\/\" class=\"show_details_button\">\n\tDetails<\/a>\n\n\t\t\t\t<\/div>\n\t\t\t\t\t\t\t\t\t<a class=\"fusion-link-wrapper\" href=\"https:\/\/jamonesibericosmadrid.com\/en\/producto\/2005-gran-albina-reserva\/\" aria-label=\"2005 Gran Albina Reserva\"><\/a>\n\t<\/div>\n<\/div>\n<\/div>\n<\/div>\n<div class=\"fusion-product-content\">\n\t<div class=\"product-details\">\n\t\t<div class=\"product-details-container\">\n<h3 class=\"product-title\">\n\t<a href=\"https:\/\/jamonesibericosmadrid.com\/en\/producto\/2005-gran-albina-reserva\/\">\n\t\t2005 Gran Albina Reserva\t<\/a>\n<\/h3>\n<div class=\"fusion-price-rating\">\n\n\t<span class=\"price\"><span class=\"woocommerce-Price-amount amount\"><bdi>44,00<span class=\"woocommerce-Price-currencySymbol\">&euro;<\/span><\/bdi><\/span> <small><\/small><\/span>\n\t\t<\/div>\n\t<\/div>\n<\/div>\n\n\t<\/div> \n\n\n<\/div>\n<\/li>\n<li class=\"product type-product post-1098 status-publish instock product_cat-wines has-post-thumbnail taxable shipping-taxable purchasable product-type-simple product-grid-view\">\n\t<div class=\"fusion-product-wrapper\">\n\n<div class=\"fusion-clean-product-image-wrapper \">\n\t<div  class=\"fusion-image-wrapper fusion-image-size-fixed\" aria-haspopup=\"true\">\n\t\t\t\t<img decoding=\"async\" width=\"500\" height=\"500\" src=\"https:\/\/jamonesibericosmadrid.com\/wp-content\/uploads\/2018\/02\/castillo_de_ygay_gran_reserva-500x500.jpg\" class=\"attachment-woocommerce_thumbnail size-woocommerce_thumbnail lazyload wp-post-image\" alt=\"Castillo YgaY 2011\" srcset=\"data:image\/svg+xml,%3Csvg%20xmlns%3D%27http%3A%2F%2Fwww.w3.org%2F2000%2Fsvg%27%20width%3D%271200%27%20height%3D%271200%27%20viewBox%3D%270%200%201200%201200%27%3E%3Crect%20width%3D%271200%27%20height%3D%271200%27%20fill-opacity%3D%220%22%2F%3E%3C%2Fsvg%3E\" data-orig-src=\"https:\/\/jamonesibericosmadrid.com\/wp-content\/uploads\/2018\/02\/castillo_de_ygay_gran_reserva-500x500.jpg\" data-srcset=\"https:\/\/jamonesibericosmadrid.com\/wp-content\/uploads\/2018\/02\/castillo_de_ygay_gran_reserva-66x66.jpg 66w, https:\/\/jamonesibericosmadrid.com\/wp-content\/uploads\/2018\/02\/castillo_de_ygay_gran_reserva-100x100.jpg 100w, https:\/\/jamonesibericosmadrid.com\/wp-content\/uploads\/2018\/02\/castillo_de_ygay_gran_reserva-150x150.jpg 150w, https:\/\/jamonesibericosmadrid.com\/wp-content\/uploads\/2018\/02\/castillo_de_ygay_gran_reserva-200x200.jpg 200w, https:\/\/jamonesibericosmadrid.com\/wp-content\/uploads\/2018\/02\/castillo_de_ygay_gran_reserva-300x300.jpg 300w, https:\/\/jamonesibericosmadrid.com\/wp-content\/uploads\/2018\/02\/castillo_de_ygay_gran_reserva-400x400.jpg 400w, https:\/\/jamonesibericosmadrid.com\/wp-content\/uploads\/2018\/02\/castillo_de_ygay_gran_reserva-500x500.jpg 500w, https:\/\/jamonesibericosmadrid.com\/wp-content\/uploads\/2018\/02\/castillo_de_ygay_gran_reserva-600x600.jpg 600w, https:\/\/jamonesibericosmadrid.com\/wp-content\/uploads\/2018\/02\/castillo_de_ygay_gran_reserva-700x700.jpg 700w, https:\/\/jamonesibericosmadrid.com\/wp-content\/uploads\/2018\/02\/castillo_de_ygay_gran_reserva-768x768.jpg 768w, https:\/\/jamonesibericosmadrid.com\/wp-content\/uploads\/2018\/02\/castillo_de_ygay_gran_reserva-800x800.jpg 800w, https:\/\/jamonesibericosmadrid.com\/wp-content\/uploads\/2018\/02\/castillo_de_ygay_gran_reserva-1024x1024.jpg 1024w, https:\/\/jamonesibericosmadrid.com\/wp-content\/uploads\/2018\/02\/castillo_de_ygay_gran_reserva.jpg 1200w\" data-sizes=\"auto\" \/><div class=\"fusion-rollover\">\n\t<div class=\"fusion-rollover-content\">\n\n\t\t\t\t\n\t\t\n\t\t\t\t\t\t\t\t\n\t\t\t\t\t\t\t\t\n\t\t\n\t\t\t\t\t\t\t\t\t\t\t\t\t\t\t\n\t\t\t\t\t\t\n\t\t\t\t\t\t\t\t\t\t<div class=\"fusion-product-buttons\">\n\t\t\t\t\t<a href=\"\/en\/wp-json\/wp\/v2\/pages\/1368?add-to-cart=1098\" aria-describedby=\"woocommerce_loop_add_to_cart_link_describedby_1098\" data-quantity=\"1\" class=\"button product_type_simple add_to_cart_button ajax_add_to_cart\" data-product_id=\"1098\" data-product_sku=\"\" aria-label=\"Add to cart: &ldquo;Castillo YgaY 2011&rdquo;\" rel=\"nofollow\">Add to cart<\/a>\t<span id=\"woocommerce_loop_add_to_cart_link_describedby_1098\" class=\"screen-reader-text\">\n\t\t\t<\/span>\n<span class=\"fusion-rollover-linebreak\">\n\t\/<\/span>\n\n<a href=\"https:\/\/jamonesibericosmadrid.com\/en\/producto\/castillo-ygay-2011\/\" class=\"show_details_button\">\n\tDetails<\/a>\n\n\t\t\t\t<\/div>\n\t\t\t\t\t\t\t\t\t<a class=\"fusion-link-wrapper\" href=\"https:\/\/jamonesibericosmadrid.com\/en\/producto\/castillo-ygay-2011\/\" aria-label=\"Castillo YgaY 2011\"><\/a>\n\t<\/div>\n<\/div>\n<\/div>\n<\/div>\n<div class=\"fusion-product-content\">\n\t<div class=\"product-details\">\n\t\t<div class=\"product-details-container\">\n<h3 class=\"product-title\">\n\t<a href=\"https:\/\/jamonesibericosmadrid.com\/en\/producto\/castillo-ygay-2011\/\">\n\t\tCastillo YgaY 2011\t<\/a>\n<\/h3>\n<div class=\"fusion-price-rating\">\n\n\t<span class=\"price\"><span class=\"woocommerce-Price-amount amount\"><bdi>260,00<span class=\"woocommerce-Price-currencySymbol\">&euro;<\/span><\/bdi><\/span> <small><\/small><\/span>\n\t\t<\/div>\n\t<\/div>\n<\/div>\n\n\t<\/div> \n\n\n<\/div>\n<\/li>\n<li class=\"product type-product post-1078 status-publish last instock product_cat-wines has-post-thumbnail taxable shipping-taxable purchasable product-type-simple product-grid-view\">\n\t<div class=\"fusion-product-wrapper\">\n\n<div class=\"fusion-clean-product-image-wrapper \">\n\t<div  class=\"fusion-image-wrapper fusion-image-size-fixed\" aria-haspopup=\"true\">\n\t\t\t\t<img decoding=\"async\" width=\"500\" height=\"500\" src=\"https:\/\/jamonesibericosmadrid.com\/wp-content\/uploads\/2018\/02\/murrieta-reserva-2019-500x500.jpg\" class=\"attachment-woocommerce_thumbnail size-woocommerce_thumbnail lazyload wp-post-image\" alt=\"Marqu\u00e9s de Murrieta Reserva 2019\" srcset=\"data:image\/svg+xml,%3Csvg%20xmlns%3D%27http%3A%2F%2Fwww.w3.org%2F2000%2Fsvg%27%20width%3D%27655%27%20height%3D%27655%27%20viewBox%3D%270%200%20655%20655%27%3E%3Crect%20width%3D%27655%27%20height%3D%27655%27%20fill-opacity%3D%220%22%2F%3E%3C%2Fsvg%3E\" data-orig-src=\"https:\/\/jamonesibericosmadrid.com\/wp-content\/uploads\/2018\/02\/murrieta-reserva-2019-500x500.jpg\" data-srcset=\"https:\/\/jamonesibericosmadrid.com\/wp-content\/uploads\/2018\/02\/murrieta-reserva-2019-66x66.jpg 66w, https:\/\/jamonesibericosmadrid.com\/wp-content\/uploads\/2018\/02\/murrieta-reserva-2019-100x100.jpg 100w, https:\/\/jamonesibericosmadrid.com\/wp-content\/uploads\/2018\/02\/murrieta-reserva-2019-150x150.jpg 150w, https:\/\/jamonesibericosmadrid.com\/wp-content\/uploads\/2018\/02\/murrieta-reserva-2019-200x200.jpg 200w, https:\/\/jamonesibericosmadrid.com\/wp-content\/uploads\/2018\/02\/murrieta-reserva-2019-300x300.jpg 300w, https:\/\/jamonesibericosmadrid.com\/wp-content\/uploads\/2018\/02\/murrieta-reserva-2019-400x400.jpg 400w, https:\/\/jamonesibericosmadrid.com\/wp-content\/uploads\/2018\/02\/murrieta-reserva-2019-500x500.jpg 500w, https:\/\/jamonesibericosmadrid.com\/wp-content\/uploads\/2018\/02\/murrieta-reserva-2019-600x600.jpg 600w, https:\/\/jamonesibericosmadrid.com\/wp-content\/uploads\/2018\/02\/murrieta-reserva-2019.jpg 655w\" data-sizes=\"auto\" \/><div class=\"fusion-rollover\">\n\t<div class=\"fusion-rollover-content\">\n\n\t\t\t\t\n\t\t\n\t\t\t\t\t\t\t\t\n\t\t\t\t\t\t\t\t\n\t\t\n\t\t\t\t\t\t\t\t\t\t\t\t\t\t\t\n\t\t\t\t\t\t\n\t\t\t\t\t\t\t\t\t\t<div class=\"fusion-product-buttons\">\n\t\t\t\t\t<a href=\"\/en\/wp-json\/wp\/v2\/pages\/1368?add-to-cart=1078\" aria-describedby=\"woocommerce_loop_add_to_cart_link_describedby_1078\" data-quantity=\"1\" class=\"button product_type_simple add_to_cart_button ajax_add_to_cart\" data-product_id=\"1078\" data-product_sku=\"\" aria-label=\"Add to cart: &ldquo;Marqu\u00e9s de Murrieta 2019&rdquo;\" rel=\"nofollow\">Add to cart<\/a>\t<span id=\"woocommerce_loop_add_to_cart_link_describedby_1078\" class=\"screen-reader-text\">\n\t\t\t<\/span>\n<span class=\"fusion-rollover-linebreak\">\n\t\/<\/span>\n\n<a href=\"https:\/\/jamonesibericosmadrid.com\/en\/producto\/marques-de-murrieta-2019\/\" class=\"show_details_button\">\n\tDetails<\/a>\n\n\t\t\t\t<\/div>\n\t\t\t\t\t\t\t\t\t<a class=\"fusion-link-wrapper\" href=\"https:\/\/jamonesibericosmadrid.com\/en\/producto\/marques-de-murrieta-2019\/\" aria-label=\"Marqu\u00e9s de Murrieta 2019\"><\/a>\n\t<\/div>\n<\/div>\n<\/div>\n<\/div>\n<div class=\"fusion-product-content\">\n\t<div class=\"product-details\">\n\t\t<div class=\"product-details-container\">\n<h3 class=\"product-title\">\n\t<a href=\"https:\/\/jamonesibericosmadrid.com\/en\/producto\/marques-de-murrieta-2019\/\">\n\t\tMarqu\u00e9s de Murrieta 2019\t<\/a>\n<\/h3>\n<div class=\"fusion-price-rating\">\n\n\t<span class=\"price\"><span class=\"woocommerce-Price-amount amount\"><bdi>32,50<span class=\"woocommerce-Price-currencySymbol\">&euro;<\/span><\/bdi><\/span> <small><\/small><\/span>\n\t\t<\/div>\n\t<\/div>\n<\/div>\n\n\t<\/div> \n\n\n<\/div>\n<\/li>\n<li class=\"product type-product post-1076 status-publish first instock product_cat-wines has-post-thumbnail taxable shipping-taxable purchasable product-type-simple product-grid-view\">\n\t<div class=\"fusion-product-wrapper\">\n\n<div class=\"fusion-clean-product-image-wrapper \">\n\t<div  class=\"fusion-image-wrapper fusion-image-size-fixed\" aria-haspopup=\"true\">\n\t\t\t\t<img decoding=\"async\" width=\"500\" height=\"500\" src=\"https:\/\/jamonesibericosmadrid.com\/wp-content\/uploads\/2018\/02\/Vino-904-Gran-Reserva-1994-Magnum..png\" class=\"attachment-woocommerce_thumbnail size-woocommerce_thumbnail lazyload wp-post-image\" alt=\"904 Gran Reserva 2005\" srcset=\"data:image\/svg+xml,%3Csvg%20xmlns%3D%27http%3A%2F%2Fwww.w3.org%2F2000%2Fsvg%27%20width%3D%27850%27%20height%3D%27850%27%20viewBox%3D%270%200%20850%20850%27%3E%3Crect%20width%3D%27850%27%20height%3D%27850%27%20fill-opacity%3D%220%22%2F%3E%3C%2Fsvg%3E\" data-orig-src=\"https:\/\/jamonesibericosmadrid.com\/wp-content\/uploads\/2018\/02\/Vino-904-Gran-Reserva-1994-Magnum..png\" data-srcset=\"https:\/\/jamonesibericosmadrid.com\/wp-content\/uploads\/2018\/02\/Vino-904-Gran-Reserva-1994-Magnum.-100x100.png 100w, https:\/\/jamonesibericosmadrid.com\/wp-content\/uploads\/2018\/02\/Vino-904-Gran-Reserva-1994-Magnum..png 850w\" data-sizes=\"auto\" \/><div class=\"fusion-rollover\">\n\t<div class=\"fusion-rollover-content\">\n\n\t\t\t\t\n\t\t\n\t\t\t\t\t\t\t\t\n\t\t\t\t\t\t\t\t\n\t\t\n\t\t\t\t\t\t\t\t\t\t\t\t\t\t\t\n\t\t\t\t\t\t\n\t\t\t\t\t\t\t\t\t\t<div class=\"fusion-product-buttons\">\n\t\t\t\t\t<a href=\"\/en\/wp-json\/wp\/v2\/pages\/1368?add-to-cart=1076\" aria-describedby=\"woocommerce_loop_add_to_cart_link_describedby_1076\" data-quantity=\"1\" class=\"button product_type_simple add_to_cart_button ajax_add_to_cart\" data-product_id=\"1076\" data-product_sku=\"\" aria-label=\"Add to cart: &ldquo;1994 Gran Reserva 904 Magnum&rdquo;\" rel=\"nofollow\">Add to cart<\/a>\t<span id=\"woocommerce_loop_add_to_cart_link_describedby_1076\" class=\"screen-reader-text\">\n\t\t\t<\/span>\n<span class=\"fusion-rollover-linebreak\">\n\t\/<\/span>\n\n<a href=\"https:\/\/jamonesibericosmadrid.com\/en\/producto\/1994-gran-reserva-904-magnum\/\" class=\"show_details_button\">\n\tDetails<\/a>\n\n\t\t\t\t<\/div>\n\t\t\t\t\t\t\t\t\t<a class=\"fusion-link-wrapper\" href=\"https:\/\/jamonesibericosmadrid.com\/en\/producto\/1994-gran-reserva-904-magnum\/\" aria-label=\"1994 Gran Reserva 904 Magnum\"><\/a>\n\t<\/div>\n<\/div>\n<\/div>\n<\/div>\n<div class=\"fusion-product-content\">\n\t<div class=\"product-details\">\n\t\t<div class=\"product-details-container\">\n<h3 class=\"product-title\">\n\t<a href=\"https:\/\/jamonesibericosmadrid.com\/en\/producto\/1994-gran-reserva-904-magnum\/\">\n\t\t1994 Gran Reserva 904 Magnum\t<\/a>\n<\/h3>\n<div class=\"fusion-price-rating\">\n\n\t<span class=\"price\"><span class=\"woocommerce-Price-amount amount\"><bdi>290,00<span class=\"woocommerce-Price-currencySymbol\">&euro;<\/span><\/bdi><\/span> <small><\/small><\/span>\n\t\t<\/div>\n\t<\/div>\n<\/div>\n\n\t<\/div> \n\n\n<\/div>\n<\/li>\n<li class=\"product type-product post-1070 status-publish instock product_cat-wines has-post-thumbnail taxable shipping-taxable purchasable product-type-simple product-grid-view\">\n\t<div class=\"fusion-product-wrapper\">\n\n<div class=\"fusion-clean-product-image-wrapper \">\n\t<div  class=\"fusion-image-wrapper fusion-image-size-fixed\" aria-haspopup=\"true\">\n\t\t\t\t<img decoding=\"async\" width=\"500\" height=\"500\" src=\"https:\/\/jamonesibericosmadrid.com\/wp-content\/uploads\/2018\/02\/barondechirel2001.png\" class=\"attachment-woocommerce_thumbnail size-woocommerce_thumbnail lazyload wp-post-image\" alt=\"Bar\u00f3n de Chirel Reserva 2005\" srcset=\"data:image\/svg+xml,%3Csvg%20xmlns%3D%27http%3A%2F%2Fwww.w3.org%2F2000%2Fsvg%27%20width%3D%27850%27%20height%3D%27850%27%20viewBox%3D%270%200%20850%20850%27%3E%3Crect%20width%3D%27850%27%20height%3D%27850%27%20fill-opacity%3D%220%22%2F%3E%3C%2Fsvg%3E\" data-orig-src=\"https:\/\/jamonesibericosmadrid.com\/wp-content\/uploads\/2018\/02\/barondechirel2001.png\" data-srcset=\"https:\/\/jamonesibericosmadrid.com\/wp-content\/uploads\/2018\/02\/barondechirel2001-100x100.png 100w, https:\/\/jamonesibericosmadrid.com\/wp-content\/uploads\/2018\/02\/barondechirel2001.png 850w\" data-sizes=\"auto\" \/><div class=\"fusion-rollover\">\n\t<div class=\"fusion-rollover-content\">\n\n\t\t\t\t\n\t\t\n\t\t\t\t\t\t\t\t\n\t\t\t\t\t\t\t\t\n\t\t\n\t\t\t\t\t\t\t\t\t\t\t\t\t\t\t\n\t\t\t\t\t\t\n\t\t\t\t\t\t\t\t\t\t<div class=\"fusion-product-buttons\">\n\t\t\t\t\t<a href=\"\/en\/wp-json\/wp\/v2\/pages\/1368?add-to-cart=1070\" aria-describedby=\"woocommerce_loop_add_to_cart_link_describedby_1070\" data-quantity=\"1\" class=\"button product_type_simple add_to_cart_button ajax_add_to_cart\" data-product_id=\"1070\" data-product_sku=\"\" aria-label=\"Add to cart: &ldquo;2016 Bar\u00f3n de Chirel Reserva&rdquo;\" rel=\"nofollow\">Add to cart<\/a>\t<span id=\"woocommerce_loop_add_to_cart_link_describedby_1070\" class=\"screen-reader-text\">\n\t\t\t<\/span>\n<span class=\"fusion-rollover-linebreak\">\n\t\/<\/span>\n\n<a href=\"https:\/\/jamonesibericosmadrid.com\/en\/producto\/2016-baron-de-chirel-reserva\/\" class=\"show_details_button\">\n\tDetails<\/a>\n\n\t\t\t\t<\/div>\n\t\t\t\t\t\t\t\t\t<a class=\"fusion-link-wrapper\" href=\"https:\/\/jamonesibericosmadrid.com\/en\/producto\/2016-baron-de-chirel-reserva\/\" aria-label=\"2016 Bar\u00f3n de Chirel Reserva\"><\/a>\n\t<\/div>\n<\/div>\n<\/div>\n<\/div>\n<div class=\"fusion-product-content\">\n\t<div class=\"product-details\">\n\t\t<div class=\"product-details-container\">\n<h3 class=\"product-title\">\n\t<a href=\"https:\/\/jamonesibericosmadrid.com\/en\/producto\/2016-baron-de-chirel-reserva\/\">\n\t\t2016 Bar\u00f3n de Chirel Reserva\t<\/a>\n<\/h3>\n<div class=\"fusion-price-rating\">\n\n\t<span class=\"price\"><span class=\"woocommerce-Price-amount amount\"><bdi>110,00<span class=\"woocommerce-Price-currencySymbol\">&euro;<\/span><\/bdi><\/span> <small><\/small><\/span>\n\t\t<\/div>\n\t<\/div>\n<\/div>\n\n\t<\/div> \n\n\n<\/div>\n<\/li>\n<\/ul>\n<\/div>\n<\/div><div class=\"nav fusion-mobile-tab-nav\"><ul class=\"nav-tabs nav-justified\" role=\"tablist\"><li role=\"presentation\"><a class=\"tab-link\" data-toggle=\"tab\" role=\"tab\" aria-controls=\"tab-6dcdf1c4d4eb8c73e63\" aria-selected=\"false\" tabindex=\"-1\" id=\"mobile-fusion-tab-champagnes\" href=\"#tab-6dcdf1c4d4eb8c73e63\"><h4 class=\"fusion-tab-heading\">CHAMPAGNES<\/h4><\/a><\/li><\/ul><\/div><div class=\"tab-pane fade fusion-clearfix\" role=\"tabpanel\" tabindex=\"0\" aria-labelledby=\"fusion-tab-champagnes\" id=\"tab-6dcdf1c4d4eb8c73e63\">\n<div class=\"woocommerce columns-3 \"><ul class=\"products clearfix products-3\">\n<li class=\"product type-product post-7408 status-publish first instock product_cat-champagnes-en has-post-thumbnail taxable shipping-taxable purchasable product-type-simple product-grid-view\">\n\t<div class=\"fusion-product-wrapper\">\n\n<div class=\"fusion-clean-product-image-wrapper \">\n\t<div  class=\"fusion-image-wrapper fusion-image-size-fixed\" aria-haspopup=\"true\">\n\t\t\t\t<img decoding=\"async\" width=\"140\" height=\"280\" src=\"data:image\/svg+xml,%3Csvg%20xmlns%3D%27http%3A%2F%2Fwww.w3.org%2F2000%2Fsvg%27%20width%3D%27140%27%20height%3D%27280%27%20viewBox%3D%270%200%20140%20280%27%3E%3Crect%20width%3D%27140%27%20height%3D%27280%27%20fill-opacity%3D%220%22%2F%3E%3C%2Fsvg%3E\" class=\"attachment-woocommerce_thumbnail size-woocommerce_thumbnail lazyload wp-post-image\" alt=\"Allue Reserva Blanc de Blancs 2018\" data-orig-src=\"https:\/\/jamonesibericosmadrid.com\/wp-content\/uploads\/2024\/02\/0925000184-1-e1707408930730.jpg\" \/><div class=\"fusion-rollover\">\n\t<div class=\"fusion-rollover-content\">\n\n\t\t\t\t\n\t\t\n\t\t\t\t\t\t\t\t\n\t\t\t\t\t\t\t\t\n\t\t\n\t\t\t\t\t\t\t\t\t\t\t\t\t\t\t\n\t\t\t\t\t\t\n\t\t\t\t\t\t\t\t\t\t<div class=\"fusion-product-buttons\">\n\t\t\t\t\t<a href=\"\/en\/wp-json\/wp\/v2\/pages\/1368?add-to-cart=7408\" aria-describedby=\"woocommerce_loop_add_to_cart_link_describedby_7408\" data-quantity=\"1\" class=\"button product_type_simple add_to_cart_button ajax_add_to_cart\" data-product_id=\"7408\" data-product_sku=\"\" aria-label=\"Add to cart: &ldquo;Allue Reserva Blanc de Blancs 2018&rdquo;\" rel=\"nofollow\">Add to cart<\/a>\t<span id=\"woocommerce_loop_add_to_cart_link_describedby_7408\" class=\"screen-reader-text\">\n\t\t\t<\/span>\n<span class=\"fusion-rollover-linebreak\">\n\t\/<\/span>\n\n<a href=\"https:\/\/jamonesibericosmadrid.com\/en\/producto\/grimau-reserva-familiar-copia\/\" class=\"show_details_button\">\n\tDetails<\/a>\n\n\t\t\t\t<\/div>\n\t\t\t\t\t\t\t\t\t<a class=\"fusion-link-wrapper\" href=\"https:\/\/jamonesibericosmadrid.com\/en\/producto\/grimau-reserva-familiar-copia\/\" aria-label=\"Allue Reserva Blanc de Blancs 2018\"><\/a>\n\t<\/div>\n<\/div>\n<\/div>\n<\/div>\n<div class=\"fusion-product-content\">\n\t<div class=\"product-details\">\n\t\t<div class=\"product-details-container\">\n<h3 class=\"product-title\">\n\t<a href=\"https:\/\/jamonesibericosmadrid.com\/en\/producto\/grimau-reserva-familiar-copia\/\">\n\t\tAllue Reserva Blanc de Blancs 2018\t<\/a>\n<\/h3>\n<div class=\"fusion-price-rating\">\n\n\t<span class=\"price\"><span class=\"woocommerce-Price-amount amount\"><bdi>16,50<span class=\"woocommerce-Price-currencySymbol\">&euro;<\/span><\/bdi><\/span> <small><\/small><\/span>\n\t\t<\/div>\n\t<\/div>\n<\/div>\n\n\t<\/div> \n\n\n<\/div>\n<\/li>\n<li class=\"product type-product post-7424 status-publish instock product_cat-champagnes-en has-post-thumbnail taxable shipping-taxable purchasable product-type-simple product-grid-view\">\n\t<div class=\"fusion-product-wrapper\">\n\n<div class=\"fusion-clean-product-image-wrapper \">\n\t<div  class=\"fusion-image-wrapper fusion-image-size-fixed\" aria-haspopup=\"true\">\n\t\t\t\t<img decoding=\"async\" width=\"210\" height=\"333\" src=\"data:image\/svg+xml,%3Csvg%20xmlns%3D%27http%3A%2F%2Fwww.w3.org%2F2000%2Fsvg%27%20width%3D%27210%27%20height%3D%27333%27%20viewBox%3D%270%200%20210%20333%27%3E%3Crect%20width%3D%27210%27%20height%3D%27333%27%20fill-opacity%3D%220%22%2F%3E%3C%2Fsvg%3E\" class=\"attachment-woocommerce_thumbnail size-woocommerce_thumbnail lazyload wp-post-image\" alt=\"Bernard Remy Carte Blanche\" data-orig-src=\"https:\/\/jamonesibericosmadrid.com\/wp-content\/uploads\/2019\/05\/bot-bernardremy-carteblanche-e1707415141232.jpg\" \/><div class=\"fusion-rollover\">\n\t<div class=\"fusion-rollover-content\">\n\n\t\t\t\t\n\t\t\n\t\t\t\t\t\t\t\t\n\t\t\t\t\t\t\t\t\n\t\t\n\t\t\t\t\t\t\t\t\t\t\t\t\t\t\t\n\t\t\t\t\t\t\n\t\t\t\t\t\t\t\t\t\t<div class=\"fusion-product-buttons\">\n\t\t\t\t\t<a href=\"\/en\/wp-json\/wp\/v2\/pages\/1368?add-to-cart=7424\" aria-describedby=\"woocommerce_loop_add_to_cart_link_describedby_7424\" data-quantity=\"1\" class=\"button product_type_simple add_to_cart_button ajax_add_to_cart\" data-product_id=\"7424\" data-product_sku=\"\" aria-label=\"Add to cart: &ldquo;Bernard Remy Carte Blanche&rdquo;\" rel=\"nofollow\">Add to cart<\/a>\t<span id=\"woocommerce_loop_add_to_cart_link_describedby_7424\" class=\"screen-reader-text\">\n\t\t\t<\/span>\n<span class=\"fusion-rollover-linebreak\">\n\t\/<\/span>\n\n<a href=\"https:\/\/jamonesibericosmadrid.com\/en\/producto\/bernard-remy-carte-blanche\/\" class=\"show_details_button\">\n\tDetails<\/a>\n\n\t\t\t\t<\/div>\n\t\t\t\t\t\t\t\t\t<a class=\"fusion-link-wrapper\" href=\"https:\/\/jamonesibericosmadrid.com\/en\/producto\/bernard-remy-carte-blanche\/\" aria-label=\"Bernard Remy Carte Blanche\"><\/a>\n\t<\/div>\n<\/div>\n<\/div>\n<\/div>\n<div class=\"fusion-product-content\">\n\t<div class=\"product-details\">\n\t\t<div class=\"product-details-container\">\n<h3 class=\"product-title\">\n\t<a href=\"https:\/\/jamonesibericosmadrid.com\/en\/producto\/bernard-remy-carte-blanche\/\">\n\t\tBernard Remy Carte Blanche\t<\/a>\n<\/h3>\n<div class=\"fusion-price-rating\">\n\n\t<span class=\"price\"><span class=\"woocommerce-Price-amount amount\"><bdi>38,50<span class=\"woocommerce-Price-currencySymbol\">&euro;<\/span><\/bdi><\/span> <small><\/small><\/span>\n\t\t<\/div>\n\t<\/div>\n<\/div>\n\n\t<\/div> \n\n\n<\/div>\n<\/li>\n<li class=\"product type-product post-5505 status-publish last instock product_cat-champagnes-en has-post-thumbnail taxable shipping-taxable purchasable product-type-simple product-grid-view\">\n\t<div class=\"fusion-product-wrapper\">\n\n<div class=\"fusion-clean-product-image-wrapper \">\n\t<div  class=\"fusion-image-wrapper fusion-image-size-fixed\" aria-haspopup=\"true\">\n\t\t\t\t<img decoding=\"async\" width=\"500\" height=\"500\" src=\"https:\/\/jamonesibericosmadrid.com\/wp-content\/uploads\/2018\/11\/brut-500x500.png\" class=\"attachment-woocommerce_thumbnail size-woocommerce_thumbnail lazyload wp-post-image\" alt=\"Champagne DELAVENNE  Brut Tradition\" srcset=\"data:image\/svg+xml,%3Csvg%20xmlns%3D%27http%3A%2F%2Fwww.w3.org%2F2000%2Fsvg%27%20width%3D%27600%27%20height%3D%27600%27%20viewBox%3D%270%200%20600%20600%27%3E%3Crect%20width%3D%27600%27%20height%3D%27600%27%20fill-opacity%3D%220%22%2F%3E%3C%2Fsvg%3E\" data-orig-src=\"https:\/\/jamonesibericosmadrid.com\/wp-content\/uploads\/2018\/11\/brut-500x500.png\" data-srcset=\"https:\/\/jamonesibericosmadrid.com\/wp-content\/uploads\/2018\/11\/brut-66x66.png 66w, https:\/\/jamonesibericosmadrid.com\/wp-content\/uploads\/2018\/11\/brut-100x100.png 100w, https:\/\/jamonesibericosmadrid.com\/wp-content\/uploads\/2018\/11\/brut-150x150.png 150w, https:\/\/jamonesibericosmadrid.com\/wp-content\/uploads\/2018\/11\/brut-200x200.png 200w, https:\/\/jamonesibericosmadrid.com\/wp-content\/uploads\/2018\/11\/brut-300x300.png 300w, https:\/\/jamonesibericosmadrid.com\/wp-content\/uploads\/2018\/11\/brut-400x400.png 400w, https:\/\/jamonesibericosmadrid.com\/wp-content\/uploads\/2018\/11\/brut-500x500.png 500w, https:\/\/jamonesibericosmadrid.com\/wp-content\/uploads\/2018\/11\/brut.png 600w\" data-sizes=\"auto\" \/><div class=\"fusion-rollover\">\n\t<div class=\"fusion-rollover-content\">\n\n\t\t\t\t\n\t\t\n\t\t\t\t\t\t\t\t\n\t\t\t\t\t\t\t\t\n\t\t\n\t\t\t\t\t\t\t\t\t\t\t\t\t\t\t\n\t\t\t\t\t\t\n\t\t\t\t\t\t\t\t\t\t<div class=\"fusion-product-buttons\">\n\t\t\t\t\t<a href=\"\/en\/wp-json\/wp\/v2\/pages\/1368?add-to-cart=5505\" aria-describedby=\"woocommerce_loop_add_to_cart_link_describedby_5505\" data-quantity=\"1\" class=\"button product_type_simple add_to_cart_button ajax_add_to_cart\" data-product_id=\"5505\" data-product_sku=\"\" aria-label=\"Add to cart: &ldquo;Champagne DELAVENNE  Brut Tradition&rdquo;\" rel=\"nofollow\">Add to cart<\/a>\t<span id=\"woocommerce_loop_add_to_cart_link_describedby_5505\" class=\"screen-reader-text\">\n\t\t\t<\/span>\n<span class=\"fusion-rollover-linebreak\">\n\t\/<\/span>\n\n<a href=\"https:\/\/jamonesibericosmadrid.com\/en\/producto\/champagne-delavenne-brut-tradition\/\" class=\"show_details_button\">\n\tDetails<\/a>\n\n\t\t\t\t<\/div>\n\t\t\t\t\t\t\t\t\t<a class=\"fusion-link-wrapper\" href=\"https:\/\/jamonesibericosmadrid.com\/en\/producto\/champagne-delavenne-brut-tradition\/\" aria-label=\"Champagne DELAVENNE  Brut Tradition\"><\/a>\n\t<\/div>\n<\/div>\n<\/div>\n<\/div>\n<div class=\"fusion-product-content\">\n\t<div class=\"product-details\">\n\t\t<div class=\"product-details-container\">\n<h3 class=\"product-title\">\n\t<a href=\"https:\/\/jamonesibericosmadrid.com\/en\/producto\/champagne-delavenne-brut-tradition\/\">\n\t\tChampagne DELAVENNE  Brut Tradition\t<\/a>\n<\/h3>\n<div class=\"fusion-price-rating\">\n\n\t<span class=\"price\"><span class=\"woocommerce-Price-amount amount\"><bdi>39,50<span class=\"woocommerce-Price-currencySymbol\">&euro;<\/span><\/bdi><\/span> <small><\/small><\/span>\n\t\t<\/div>\n\t<\/div>\n<\/div>\n\n\t<\/div> \n\n\n<\/div>\n<\/li>\n<li class=\"product type-product post-2157 status-publish first instock product_cat-champagnes-en has-post-thumbnail taxable shipping-taxable purchasable product-type-simple product-grid-view\">\n\t<div class=\"fusion-product-wrapper\">\n\n<div class=\"fusion-clean-product-image-wrapper \">\n\t<div  class=\"fusion-image-wrapper fusion-image-size-fixed\" aria-haspopup=\"true\">\n\t\t\t\t<img decoding=\"async\" width=\"500\" height=\"500\" src=\"https:\/\/jamonesibericosmadrid.com\/wp-content\/uploads\/2018\/11\/rose-500x500.png\" class=\"attachment-woocommerce_thumbnail size-woocommerce_thumbnail lazyload wp-post-image\" alt=\"Champagne Grand Cru Ros\u00e9\" srcset=\"data:image\/svg+xml,%3Csvg%20xmlns%3D%27http%3A%2F%2Fwww.w3.org%2F2000%2Fsvg%27%20width%3D%27600%27%20height%3D%27600%27%20viewBox%3D%270%200%20600%20600%27%3E%3Crect%20width%3D%27600%27%20height%3D%27600%27%20fill-opacity%3D%220%22%2F%3E%3C%2Fsvg%3E\" data-orig-src=\"https:\/\/jamonesibericosmadrid.com\/wp-content\/uploads\/2018\/11\/rose-500x500.png\" data-srcset=\"https:\/\/jamonesibericosmadrid.com\/wp-content\/uploads\/2018\/11\/rose-66x66.png 66w, https:\/\/jamonesibericosmadrid.com\/wp-content\/uploads\/2018\/11\/rose-100x100.png 100w, https:\/\/jamonesibericosmadrid.com\/wp-content\/uploads\/2018\/11\/rose-150x150.png 150w, https:\/\/jamonesibericosmadrid.com\/wp-content\/uploads\/2018\/11\/rose-200x200.png 200w, https:\/\/jamonesibericosmadrid.com\/wp-content\/uploads\/2018\/11\/rose-300x300.png 300w, https:\/\/jamonesibericosmadrid.com\/wp-content\/uploads\/2018\/11\/rose-400x400.png 400w, https:\/\/jamonesibericosmadrid.com\/wp-content\/uploads\/2018\/11\/rose-500x500.png 500w, https:\/\/jamonesibericosmadrid.com\/wp-content\/uploads\/2018\/11\/rose.png 600w\" data-sizes=\"auto\" \/><div class=\"fusion-rollover\">\n\t<div class=\"fusion-rollover-content\">\n\n\t\t\t\t\n\t\t\n\t\t\t\t\t\t\t\t\n\t\t\t\t\t\t\t\t\n\t\t\n\t\t\t\t\t\t\t\t\t\t\t\t\t\t\t\n\t\t\t\t\t\t\n\t\t\t\t\t\t\t\t\t\t<div class=\"fusion-product-buttons\">\n\t\t\t\t\t<a href=\"\/en\/wp-json\/wp\/v2\/pages\/1368?add-to-cart=2157\" aria-describedby=\"woocommerce_loop_add_to_cart_link_describedby_2157\" data-quantity=\"1\" class=\"button product_type_simple add_to_cart_button ajax_add_to_cart\" data-product_id=\"2157\" data-product_sku=\"\" aria-label=\"Add to cart: &ldquo;Champagne Grand Cru Ros\u00e9&rdquo;\" rel=\"nofollow\">Add to cart<\/a>\t<span id=\"woocommerce_loop_add_to_cart_link_describedby_2157\" class=\"screen-reader-text\">\n\t\t\t<\/span>\n<span class=\"fusion-rollover-linebreak\">\n\t\/<\/span>\n\n<a href=\"https:\/\/jamonesibericosmadrid.com\/en\/producto\/champagne-grand-cru-rose\/\" class=\"show_details_button\">\n\tDetails<\/a>\n\n\t\t\t\t<\/div>\n\t\t\t\t\t\t\t\t\t<a class=\"fusion-link-wrapper\" href=\"https:\/\/jamonesibericosmadrid.com\/en\/producto\/champagne-grand-cru-rose\/\" aria-label=\"Champagne Grand Cru Ros\u00e9\"><\/a>\n\t<\/div>\n<\/div>\n<\/div>\n<\/div>\n<div class=\"fusion-product-content\">\n\t<div class=\"product-details\">\n\t\t<div class=\"product-details-container\">\n<h3 class=\"product-title\">\n\t<a href=\"https:\/\/jamonesibericosmadrid.com\/en\/producto\/champagne-grand-cru-rose\/\">\n\t\tChampagne Grand Cru Ros\u00e9\t<\/a>\n<\/h3>\n<div class=\"fusion-price-rating\">\n\n\t<span class=\"price\"><span class=\"woocommerce-Price-amount amount\"><bdi>48,00<span class=\"woocommerce-Price-currencySymbol\">&euro;<\/span><\/bdi><\/span> <small><\/small><\/span>\n\t\t<\/div>\n\t<\/div>\n<\/div>\n\n\t<\/div> \n\n\n<\/div>\n<\/li>\n<li class=\"product type-product post-1130 status-publish instock product_cat-champagnes-en has-post-thumbnail taxable shipping-taxable purchasable product-type-simple product-grid-view\">\n\t<div class=\"fusion-product-wrapper\">\n\n<div class=\"fusion-clean-product-image-wrapper \">\n\t<div  class=\"fusion-image-wrapper fusion-image-size-fixed\" aria-haspopup=\"true\">\n\t\t\t\t<img decoding=\"async\" width=\"500\" height=\"500\" src=\"https:\/\/jamonesibericosmadrid.com\/wp-content\/uploads\/2018\/03\/robert-pierrel-tradition-brut-rose-pierrel-joven-rosado-do-champagne-1-500x500.jpg\" class=\"attachment-woocommerce_thumbnail size-woocommerce_thumbnail lazyload wp-post-image\" alt=\"Champagne Robert Pierrel Ros\u00e9\" srcset=\"data:image\/svg+xml,%3Csvg%20xmlns%3D%27http%3A%2F%2Fwww.w3.org%2F2000%2Fsvg%27%20width%3D%27600%27%20height%3D%27600%27%20viewBox%3D%270%200%20600%20600%27%3E%3Crect%20width%3D%27600%27%20height%3D%27600%27%20fill-opacity%3D%220%22%2F%3E%3C%2Fsvg%3E\" data-orig-src=\"https:\/\/jamonesibericosmadrid.com\/wp-content\/uploads\/2018\/03\/robert-pierrel-tradition-brut-rose-pierrel-joven-rosado-do-champagne-1-500x500.jpg\" data-srcset=\"https:\/\/jamonesibericosmadrid.com\/wp-content\/uploads\/2018\/03\/robert-pierrel-tradition-brut-rose-pierrel-joven-rosado-do-champagne-1-66x66.jpg 66w, https:\/\/jamonesibericosmadrid.com\/wp-content\/uploads\/2018\/03\/robert-pierrel-tradition-brut-rose-pierrel-joven-rosado-do-champagne-1-100x100.jpg 100w, https:\/\/jamonesibericosmadrid.com\/wp-content\/uploads\/2018\/03\/robert-pierrel-tradition-brut-rose-pierrel-joven-rosado-do-champagne-1-150x150.jpg 150w, https:\/\/jamonesibericosmadrid.com\/wp-content\/uploads\/2018\/03\/robert-pierrel-tradition-brut-rose-pierrel-joven-rosado-do-champagne-1-200x200.jpg 200w, https:\/\/jamonesibericosmadrid.com\/wp-content\/uploads\/2018\/03\/robert-pierrel-tradition-brut-rose-pierrel-joven-rosado-do-champagne-1-300x300.jpg 300w, https:\/\/jamonesibericosmadrid.com\/wp-content\/uploads\/2018\/03\/robert-pierrel-tradition-brut-rose-pierrel-joven-rosado-do-champagne-1-400x400.jpg 400w, https:\/\/jamonesibericosmadrid.com\/wp-content\/uploads\/2018\/03\/robert-pierrel-tradition-brut-rose-pierrel-joven-rosado-do-champagne-1-500x500.jpg 500w, https:\/\/jamonesibericosmadrid.com\/wp-content\/uploads\/2018\/03\/robert-pierrel-tradition-brut-rose-pierrel-joven-rosado-do-champagne-1.jpg 600w\" data-sizes=\"auto\" \/><div class=\"fusion-rollover\">\n\t<div class=\"fusion-rollover-content\">\n\n\t\t\t\t\n\t\t\n\t\t\t\t\t\t\t\t\n\t\t\t\t\t\t\t\t\n\t\t\n\t\t\t\t\t\t\t\t\t\t\t\t\t\t\t\n\t\t\t\t\t\t\n\t\t\t\t\t\t\t\t\t\t<div class=\"fusion-product-buttons\">\n\t\t\t\t\t<a href=\"\/en\/wp-json\/wp\/v2\/pages\/1368?add-to-cart=1130\" aria-describedby=\"woocommerce_loop_add_to_cart_link_describedby_1130\" data-quantity=\"1\" class=\"button product_type_simple add_to_cart_button ajax_add_to_cart\" data-product_id=\"1130\" data-product_sku=\"\" aria-label=\"Add to cart: &ldquo;Champagne Robert Pierrel Ros\u00e9&rdquo;\" rel=\"nofollow\">Add to cart<\/a>\t<span id=\"woocommerce_loop_add_to_cart_link_describedby_1130\" class=\"screen-reader-text\">\n\t\t\t<\/span>\n<span class=\"fusion-rollover-linebreak\">\n\t\/<\/span>\n\n<a href=\"https:\/\/jamonesibericosmadrid.com\/en\/producto\/robert-pierrel-blanc-de-blancs-2\/\" class=\"show_details_button\">\n\tDetails<\/a>\n\n\t\t\t\t<\/div>\n\t\t\t\t\t\t\t\t\t<a class=\"fusion-link-wrapper\" href=\"https:\/\/jamonesibericosmadrid.com\/en\/producto\/robert-pierrel-blanc-de-blancs-2\/\" aria-label=\"Champagne Robert Pierrel Ros\u00e9\"><\/a>\n\t<\/div>\n<\/div>\n<\/div>\n<\/div>\n<div class=\"fusion-product-content\">\n\t<div class=\"product-details\">\n\t\t<div class=\"product-details-container\">\n<h3 class=\"product-title\">\n\t<a href=\"https:\/\/jamonesibericosmadrid.com\/en\/producto\/robert-pierrel-blanc-de-blancs-2\/\">\n\t\tChampagne Robert Pierrel Ros\u00e9\t<\/a>\n<\/h3>\n<div class=\"fusion-price-rating\">\n\n\t<span class=\"price\"><span class=\"woocommerce-Price-amount amount\"><bdi>36,50<span class=\"woocommerce-Price-currencySymbol\">&euro;<\/span><\/bdi><\/span> <small><\/small><\/span>\n\t\t<\/div>\n\t<\/div>\n<\/div>\n\n\t<\/div> \n\n\n<\/div>\n<\/li>\n<li class=\"product type-product post-1124 status-publish last instock product_cat-champagnes-en has-post-thumbnail taxable shipping-taxable purchasable product-type-simple product-grid-view\">\n\t<div class=\"fusion-product-wrapper\">\n\n<div class=\"fusion-clean-product-image-wrapper \">\n\t<div  class=\"fusion-image-wrapper fusion-image-size-fixed\" aria-haspopup=\"true\">\n\t\t\t\t<img decoding=\"async\" width=\"500\" height=\"500\" src=\"https:\/\/jamonesibericosmadrid.com\/wp-content\/uploads\/2018\/02\/don-perignon-rose.png\" class=\"attachment-woocommerce_thumbnail size-woocommerce_thumbnail lazyload wp-post-image\" alt=\"Dom P\u00e9rignon Rose Vintage 1998\" srcset=\"data:image\/svg+xml,%3Csvg%20xmlns%3D%27http%3A%2F%2Fwww.w3.org%2F2000%2Fsvg%27%20width%3D%27850%27%20height%3D%27850%27%20viewBox%3D%270%200%20850%20850%27%3E%3Crect%20width%3D%27850%27%20height%3D%27850%27%20fill-opacity%3D%220%22%2F%3E%3C%2Fsvg%3E\" data-orig-src=\"https:\/\/jamonesibericosmadrid.com\/wp-content\/uploads\/2018\/02\/don-perignon-rose.png\" data-srcset=\"https:\/\/jamonesibericosmadrid.com\/wp-content\/uploads\/2018\/02\/don-perignon-rose-100x100.png 100w, https:\/\/jamonesibericosmadrid.com\/wp-content\/uploads\/2018\/02\/don-perignon-rose.png 850w\" data-sizes=\"auto\" \/><div class=\"fusion-rollover\">\n\t<div class=\"fusion-rollover-content\">\n\n\t\t\t\t\n\t\t\n\t\t\t\t\t\t\t\t\n\t\t\t\t\t\t\t\t\n\t\t\n\t\t\t\t\t\t\t\t\t\t\t\t\t\t\t\n\t\t\t\t\t\t\n\t\t\t\t\t\t\t\t\t\t<div class=\"fusion-product-buttons\">\n\t\t\t\t\t<a href=\"\/en\/wp-json\/wp\/v2\/pages\/1368?add-to-cart=1124\" aria-describedby=\"woocommerce_loop_add_to_cart_link_describedby_1124\" data-quantity=\"1\" class=\"button product_type_simple add_to_cart_button ajax_add_to_cart\" data-product_id=\"1124\" data-product_sku=\"\" aria-label=\"Add to cart: &ldquo;1998 Dom P\u00e9rignon Vintage Ros\u00e9&rdquo;\" rel=\"nofollow\">Add to cart<\/a>\t<span id=\"woocommerce_loop_add_to_cart_link_describedby_1124\" class=\"screen-reader-text\">\n\t\t\t<\/span>\n<span class=\"fusion-rollover-linebreak\">\n\t\/<\/span>\n\n<a href=\"https:\/\/jamonesibericosmadrid.com\/en\/producto\/1998-dom-perignon-vintage-rose\/\" class=\"show_details_button\">\n\tDetails<\/a>\n\n\t\t\t\t<\/div>\n\t\t\t\t\t\t\t\t\t<a class=\"fusion-link-wrapper\" href=\"https:\/\/jamonesibericosmadrid.com\/en\/producto\/1998-dom-perignon-vintage-rose\/\" aria-label=\"1998 Dom P\u00e9rignon Vintage Ros\u00e9\"><\/a>\n\t<\/div>\n<\/div>\n<\/div>\n<\/div>\n<div class=\"fusion-product-content\">\n\t<div class=\"product-details\">\n\t\t<div class=\"product-details-container\">\n<h3 class=\"product-title\">\n\t<a href=\"https:\/\/jamonesibericosmadrid.com\/en\/producto\/1998-dom-perignon-vintage-rose\/\">\n\t\t1998 Dom P\u00e9rignon Vintage Ros\u00e9\t<\/a>\n<\/h3>\n<div class=\"fusion-price-rating\">\n\n\t<span class=\"price\"><span class=\"woocommerce-Price-amount amount\"><bdi>650,00<span class=\"woocommerce-Price-currencySymbol\">&euro;<\/span><\/bdi><\/span> <small><\/small><\/span>\n\t\t<\/div>\n\t<\/div>\n<\/div>\n\n\t<\/div> \n\n\n<\/div>\n<\/li>\n<li class=\"product type-product post-1112 status-publish first instock product_cat-champagnes-en has-post-thumbnail taxable shipping-taxable purchasable product-type-simple product-grid-view\">\n\t<div class=\"fusion-product-wrapper\">\n\n<div class=\"fusion-clean-product-image-wrapper \">\n\t<div  class=\"fusion-image-wrapper fusion-image-size-fixed\" aria-haspopup=\"true\">\n\t\t\t\t<img decoding=\"async\" width=\"500\" height=\"500\" src=\"https:\/\/jamonesibericosmadrid.com\/wp-content\/uploads\/2018\/02\/roger-goulart.png\" class=\"attachment-woocommerce_thumbnail size-woocommerce_thumbnail lazyload wp-post-image\" alt=\"Roger Goulart Brut Gran Reserva 2018\" srcset=\"data:image\/svg+xml,%3Csvg%20xmlns%3D%27http%3A%2F%2Fwww.w3.org%2F2000%2Fsvg%27%20width%3D%27850%27%20height%3D%27850%27%20viewBox%3D%270%200%20850%20850%27%3E%3Crect%20width%3D%27850%27%20height%3D%27850%27%20fill-opacity%3D%220%22%2F%3E%3C%2Fsvg%3E\" data-orig-src=\"https:\/\/jamonesibericosmadrid.com\/wp-content\/uploads\/2018\/02\/roger-goulart.png\" data-srcset=\"https:\/\/jamonesibericosmadrid.com\/wp-content\/uploads\/2018\/02\/roger-goulart-100x100.png 100w, https:\/\/jamonesibericosmadrid.com\/wp-content\/uploads\/2018\/02\/roger-goulart.png 850w\" data-sizes=\"auto\" \/><div class=\"fusion-rollover\">\n\t<div class=\"fusion-rollover-content\">\n\n\t\t\t\t\n\t\t\n\t\t\t\t\t\t\t\t\n\t\t\t\t\t\t\t\t\n\t\t\n\t\t\t\t\t\t\t\t\t\t\t\t\t\t\t\n\t\t\t\t\t\t\n\t\t\t\t\t\t\t\t\t\t<div class=\"fusion-product-buttons\">\n\t\t\t\t\t<a href=\"\/en\/wp-json\/wp\/v2\/pages\/1368?add-to-cart=1112\" aria-describedby=\"woocommerce_loop_add_to_cart_link_describedby_1112\" data-quantity=\"1\" class=\"button product_type_simple add_to_cart_button ajax_add_to_cart\" data-product_id=\"1112\" data-product_sku=\"\" aria-label=\"Add to cart: &ldquo;Roger Goulart Brut Nature&rdquo;\" rel=\"nofollow\">Add to cart<\/a>\t<span id=\"woocommerce_loop_add_to_cart_link_describedby_1112\" class=\"screen-reader-text\">\n\t\t\t<\/span>\n<span class=\"fusion-rollover-linebreak\">\n\t\/<\/span>\n\n<a href=\"https:\/\/jamonesibericosmadrid.com\/en\/producto\/roger-goulart-brut-nature\/\" class=\"show_details_button\">\n\tDetails<\/a>\n\n\t\t\t\t<\/div>\n\t\t\t\t\t\t\t\t\t<a class=\"fusion-link-wrapper\" href=\"https:\/\/jamonesibericosmadrid.com\/en\/producto\/roger-goulart-brut-nature\/\" aria-label=\"Roger Goulart Brut Nature\"><\/a>\n\t<\/div>\n<\/div>\n<\/div>\n<\/div>\n<div class=\"fusion-product-content\">\n\t<div class=\"product-details\">\n\t\t<div class=\"product-details-container\">\n<h3 class=\"product-title\">\n\t<a href=\"https:\/\/jamonesibericosmadrid.com\/en\/producto\/roger-goulart-brut-nature\/\">\n\t\tRoger Goulart Brut Nature\t<\/a>\n<\/h3>\n<div class=\"fusion-price-rating\">\n\n\t<span class=\"price\"><span class=\"woocommerce-Price-amount amount\"><bdi>18,50<span class=\"woocommerce-Price-currencySymbol\">&euro;<\/span><\/bdi><\/span> <small><\/small><\/span>\n\t\t<\/div>\n\t<\/div>\n<\/div>\n\n\t<\/div> \n\n\n<\/div>\n<\/li>\n<li class=\"product type-product post-1110 status-publish instock product_cat-champagnes-en has-post-thumbnail taxable shipping-taxable purchasable product-type-simple product-grid-view\">\n\t<div class=\"fusion-product-wrapper\">\n\n<div class=\"fusion-clean-product-image-wrapper \">\n\t<div  class=\"fusion-image-wrapper fusion-image-size-fixed\" aria-haspopup=\"true\">\n\t\t\t\t<img decoding=\"async\" width=\"198\" height=\"314\" src=\"data:image\/svg+xml,%3Csvg%20xmlns%3D%27http%3A%2F%2Fwww.w3.org%2F2000%2Fsvg%27%20width%3D%27198%27%20height%3D%27314%27%20viewBox%3D%270%200%20198%20314%27%3E%3Crect%20width%3D%27198%27%20height%3D%27314%27%20fill-opacity%3D%220%22%2F%3E%3C%2Fsvg%3E\" class=\"attachment-woocommerce_thumbnail size-woocommerce_thumbnail lazyload wp-post-image\" alt=\"\" data-orig-src=\"https:\/\/jamonesibericosmadrid.com\/wp-content\/uploads\/2018\/02\/bot-bernard-remy-rose-fff-e1707413467728.jpg\" \/><div class=\"fusion-rollover\">\n\t<div class=\"fusion-rollover-content\">\n\n\t\t\t\t\n\t\t\n\t\t\t\t\t\t\t\t\n\t\t\t\t\t\t\t\t\n\t\t\n\t\t\t\t\t\t\t\t\t\t\t\t\t\t\t\n\t\t\t\t\t\t\n\t\t\t\t\t\t\t\t\t\t<div class=\"fusion-product-buttons\">\n\t\t\t\t\t<a href=\"\/en\/wp-json\/wp\/v2\/pages\/1368?add-to-cart=1110\" aria-describedby=\"woocommerce_loop_add_to_cart_link_describedby_1110\" data-quantity=\"1\" class=\"button product_type_simple add_to_cart_button ajax_add_to_cart\" data-product_id=\"1110\" data-product_sku=\"\" aria-label=\"Add to cart: &ldquo;Bernard Remy Ros\u00e9&rdquo;\" rel=\"nofollow\">Add to cart<\/a>\t<span id=\"woocommerce_loop_add_to_cart_link_describedby_1110\" class=\"screen-reader-text\">\n\t\t\t<\/span>\n<span class=\"fusion-rollover-linebreak\">\n\t\/<\/span>\n\n<a href=\"https:\/\/jamonesibericosmadrid.com\/en\/producto\/bernard-remy-rose\/\" class=\"show_details_button\">\n\tDetails<\/a>\n\n\t\t\t\t<\/div>\n\t\t\t\t\t\t\t\t\t<a class=\"fusion-link-wrapper\" href=\"https:\/\/jamonesibericosmadrid.com\/en\/producto\/bernard-remy-rose\/\" aria-label=\"Bernard Remy Ros\u00e9\"><\/a>\n\t<\/div>\n<\/div>\n<\/div>\n<\/div>\n<div class=\"fusion-product-content\">\n\t<div class=\"product-details\">\n\t\t<div class=\"product-details-container\">\n<h3 class=\"product-title\">\n\t<a href=\"https:\/\/jamonesibericosmadrid.com\/en\/producto\/bernard-remy-rose\/\">\n\t\tBernard Remy Ros\u00e9\t<\/a>\n<\/h3>\n<div class=\"fusion-price-rating\">\n\n\t<span class=\"price\"><span class=\"woocommerce-Price-amount amount\"><bdi>39,50<span class=\"woocommerce-Price-currencySymbol\">&euro;<\/span><\/bdi><\/span> <small><\/small><\/span>\n\t\t<\/div>\n\t<\/div>\n<\/div>\n\n\t<\/div> \n\n\n<\/div>\n<\/li>\n<li class=\"product type-product post-1108 status-publish last instock product_cat-champagnes-en has-post-thumbnail taxable shipping-taxable purchasable product-type-simple product-grid-view\">\n\t<div class=\"fusion-product-wrapper\">\n\n<div class=\"fusion-clean-product-image-wrapper \">\n\t<div  class=\"fusion-image-wrapper fusion-image-size-fixed\" aria-haspopup=\"true\">\n\t\t\t\t<img decoding=\"async\" width=\"169\" height=\"600\" src=\"data:image\/svg+xml,%3Csvg%20xmlns%3D%27http%3A%2F%2Fwww.w3.org%2F2000%2Fsvg%27%20width%3D%27169%27%20height%3D%27600%27%20viewBox%3D%270%200%20169%20600%27%3E%3Crect%20width%3D%27169%27%20height%3D%27600%27%20fill-opacity%3D%220%22%2F%3E%3C%2Fsvg%3E\" class=\"attachment-woocommerce_thumbnail size-woocommerce_thumbnail lazyload wp-post-image\" alt=\"\" data-orig-src=\"https:\/\/jamonesibericosmadrid.com\/wp-content\/uploads\/2018\/02\/BJ-e1762513963855.png\" \/><div class=\"fusion-rollover\">\n\t<div class=\"fusion-rollover-content\">\n\n\t\t\t\t\n\t\t\n\t\t\t\t\t\t\t\t\n\t\t\t\t\t\t\t\t\n\t\t\n\t\t\t\t\t\t\t\t\t\t\t\t\t\t\t\n\t\t\t\t\t\t\n\t\t\t\t\t\t\t\t\t\t<div class=\"fusion-product-buttons\">\n\t\t\t\t\t<a href=\"\/en\/wp-json\/wp\/v2\/pages\/1368?add-to-cart=1108\" aria-describedby=\"woocommerce_loop_add_to_cart_link_describedby_1108\" data-quantity=\"1\" class=\"button product_type_simple add_to_cart_button ajax_add_to_cart\" data-product_id=\"1108\" data-product_sku=\"\" aria-label=\"Add to cart: &ldquo;Bauget Jouette Carte Blanche&rdquo;\" rel=\"nofollow\">Add to cart<\/a>\t<span id=\"woocommerce_loop_add_to_cart_link_describedby_1108\" class=\"screen-reader-text\">\n\t\t\t<\/span>\n<span class=\"fusion-rollover-linebreak\">\n\t\/<\/span>\n\n<a href=\"https:\/\/jamonesibericosmadrid.com\/en\/producto\/bauget-jouette-carte-blanche\/\" class=\"show_details_button\">\n\tDetails<\/a>\n\n\t\t\t\t<\/div>\n\t\t\t\t\t\t\t\t\t<a class=\"fusion-link-wrapper\" href=\"https:\/\/jamonesibericosmadrid.com\/en\/producto\/bauget-jouette-carte-blanche\/\" aria-label=\"Bauget Jouette Carte Blanche\"><\/a>\n\t<\/div>\n<\/div>\n<\/div>\n<\/div>\n<div class=\"fusion-product-content\">\n\t<div class=\"product-details\">\n\t\t<div class=\"product-details-container\">\n<h3 class=\"product-title\">\n\t<a href=\"https:\/\/jamonesibericosmadrid.com\/en\/producto\/bauget-jouette-carte-blanche\/\">\n\t\tBauget Jouette Carte Blanche\t<\/a>\n<\/h3>\n<div class=\"fusion-price-rating\">\n\n\t<span class=\"price\"><span class=\"woocommerce-Price-amount amount\"><bdi>120,00<span class=\"woocommerce-Price-currencySymbol\">&euro;<\/span><\/bdi><\/span> <small><\/small><\/span>\n\t\t<\/div>\n\t<\/div>\n<\/div>\n\n\t<\/div> \n\n\n<\/div>\n<\/li>\n<\/ul>\n<\/div>\n<\/div><div class=\"nav fusion-mobile-tab-nav\"><ul class=\"nav-tabs nav-justified\" role=\"tablist\"><li role=\"presentation\"><a class=\"tab-link\" data-toggle=\"tab\" role=\"tab\" aria-controls=\"tab-1accb42e19b0c566232\" aria-selected=\"false\" tabindex=\"-1\" id=\"mobile-fusion-tab-oils\" href=\"#tab-1accb42e19b0c566232\"><h4 class=\"fusion-tab-heading\">OILS<\/h4><\/a><\/li><\/ul><\/div><div class=\"tab-pane fade fusion-clearfix\" role=\"tabpanel\" tabindex=\"0\" aria-labelledby=\"fusion-tab-oils\" id=\"tab-1accb42e19b0c566232\">\n<div class=\"woocommerce columns-3 \"><ul class=\"products clearfix products-3\">\n<li class=\"product type-product post-8702 status-publish first instock product_cat-oils has-post-thumbnail taxable shipping-taxable purchasable product-type-simple product-grid-view\">\n\t<div class=\"fusion-product-wrapper\">\n\n<div class=\"fusion-clean-product-image-wrapper \">\n\t<div  class=\"fusion-image-wrapper fusion-image-size-fixed\" aria-haspopup=\"true\">\n\t\t\t\t<img decoding=\"async\" width=\"500\" height=\"500\" src=\"https:\/\/jamonesibericosmadrid.com\/wp-content\/uploads\/2026\/01\/costolata_sin_filtrar-1-500x500.jpg\" class=\"attachment-woocommerce_thumbnail size-woocommerce_thumbnail lazyload wp-post-image\" alt=\"Flor de aceite sin filtrar\" srcset=\"data:image\/svg+xml,%3Csvg%20xmlns%3D%27http%3A%2F%2Fwww.w3.org%2F2000%2Fsvg%27%20width%3D%272268%27%20height%3D%272268%27%20viewBox%3D%270%200%202268%202268%27%3E%3Crect%20width%3D%272268%27%20height%3D%272268%27%20fill-opacity%3D%220%22%2F%3E%3C%2Fsvg%3E\" data-orig-src=\"https:\/\/jamonesibericosmadrid.com\/wp-content\/uploads\/2026\/01\/costolata_sin_filtrar-1-500x500.jpg\" data-srcset=\"https:\/\/jamonesibericosmadrid.com\/wp-content\/uploads\/2026\/01\/costolata_sin_filtrar-1-100x100.jpg 100w, https:\/\/jamonesibericosmadrid.com\/wp-content\/uploads\/2026\/01\/costolata_sin_filtrar-1-150x150.jpg 150w, https:\/\/jamonesibericosmadrid.com\/wp-content\/uploads\/2026\/01\/costolata_sin_filtrar-1-200x200.jpg 200w, https:\/\/jamonesibericosmadrid.com\/wp-content\/uploads\/2026\/01\/costolata_sin_filtrar-1-300x300.jpg 300w, https:\/\/jamonesibericosmadrid.com\/wp-content\/uploads\/2026\/01\/costolata_sin_filtrar-1-400x400.jpg 400w, https:\/\/jamonesibericosmadrid.com\/wp-content\/uploads\/2026\/01\/costolata_sin_filtrar-1-500x500.jpg 500w, https:\/\/jamonesibericosmadrid.com\/wp-content\/uploads\/2026\/01\/costolata_sin_filtrar-1-600x600.jpg 600w, https:\/\/jamonesibericosmadrid.com\/wp-content\/uploads\/2026\/01\/costolata_sin_filtrar-1-700x700.jpg 700w, https:\/\/jamonesibericosmadrid.com\/wp-content\/uploads\/2026\/01\/costolata_sin_filtrar-1-768x768.jpg 768w, https:\/\/jamonesibericosmadrid.com\/wp-content\/uploads\/2026\/01\/costolata_sin_filtrar-1-800x800.jpg 800w, https:\/\/jamonesibericosmadrid.com\/wp-content\/uploads\/2026\/01\/costolata_sin_filtrar-1-1024x1024.jpg 1024w, https:\/\/jamonesibericosmadrid.com\/wp-content\/uploads\/2026\/01\/costolata_sin_filtrar-1-1200x1200.jpg 1200w, https:\/\/jamonesibericosmadrid.com\/wp-content\/uploads\/2026\/01\/costolata_sin_filtrar-1-1536x1536.jpg 1536w\" data-sizes=\"auto\" \/><div class=\"fusion-rollover\">\n\t<div class=\"fusion-rollover-content\">\n\n\t\t\t\t\n\t\t\n\t\t\t\t\t\t\t\t\n\t\t\t\t\t\t\t\t\n\t\t\n\t\t\t\t\t\t\t\t\t\t\t\t\t\t\t\n\t\t\t\t\t\t\n\t\t\t\t\t\t\t\t\t\t<div class=\"fusion-product-buttons\">\n\t\t\t\t\t<a href=\"\/en\/wp-json\/wp\/v2\/pages\/1368?add-to-cart=8702\" aria-describedby=\"woocommerce_loop_add_to_cart_link_describedby_8702\" data-quantity=\"1\" class=\"button product_type_simple add_to_cart_button ajax_add_to_cart\" data-product_id=\"8702\" data-product_sku=\"\" aria-label=\"Add to cart: &ldquo;Extra virgin organic  olive oli&rdquo;\" rel=\"nofollow\">Add to cart<\/a>\t<span id=\"woocommerce_loop_add_to_cart_link_describedby_8702\" class=\"screen-reader-text\">\n\t\t\t<\/span>\n<span class=\"fusion-rollover-linebreak\">\n\t\/<\/span>\n\n<a href=\"https:\/\/jamonesibericosmadrid.com\/en\/producto\/extra-virgin-organic-arbequina-olive-oil-copia\/\" class=\"show_details_button\">\n\tDetails<\/a>\n\n\t\t\t\t<\/div>\n\t\t\t\t\t\t\t\t\t<a class=\"fusion-link-wrapper\" href=\"https:\/\/jamonesibericosmadrid.com\/en\/producto\/extra-virgin-organic-arbequina-olive-oil-copia\/\" aria-label=\"Extra virgin organic  olive oli\"><\/a>\n\t<\/div>\n<\/div>\n<\/div>\n<\/div>\n<div class=\"fusion-product-content\">\n\t<div class=\"product-details\">\n\t\t<div class=\"product-details-container\">\n<h3 class=\"product-title\">\n\t<a href=\"https:\/\/jamonesibericosmadrid.com\/en\/producto\/extra-virgin-organic-arbequina-olive-oil-copia\/\">\n\t\tExtra virgin organic  olive oli\t<\/a>\n<\/h3>\n<div class=\"fusion-price-rating\">\n\n\t<span class=\"price\"><span class=\"woocommerce-Price-amount amount\"><bdi>18,00<span class=\"woocommerce-Price-currencySymbol\">&euro;<\/span><\/bdi><\/span> <small><\/small><\/span>\n\t\t<\/div>\n\t<\/div>\n<\/div>\n\n\t<\/div> \n\n\n<\/div>\n<\/li>\n<li class=\"product type-product post-3442 status-publish instock product_cat-oils has-post-thumbnail taxable shipping-taxable purchasable product-type-simple product-grid-view\">\n\t<div class=\"fusion-product-wrapper\">\n\n<div class=\"fusion-clean-product-image-wrapper \">\n\t<div  class=\"fusion-image-wrapper fusion-image-size-fixed\" aria-haspopup=\"true\">\n\t\t\t\t<img decoding=\"async\" width=\"500\" height=\"500\" src=\"https:\/\/jamonesibericosmadrid.com\/wp-content\/uploads\/2020\/11\/vaceiteeee-500x500.png\" class=\"attachment-woocommerce_thumbnail size-woocommerce_thumbnail lazyload wp-post-image\" alt=\"Estuche regalo aceite Artajo BIO 10\" srcset=\"data:image\/svg+xml,%3Csvg%20xmlns%3D%27http%3A%2F%2Fwww.w3.org%2F2000%2Fsvg%27%20width%3D%27850%27%20height%3D%27850%27%20viewBox%3D%270%200%20850%20850%27%3E%3Crect%20width%3D%27850%27%20height%3D%27850%27%20fill-opacity%3D%220%22%2F%3E%3C%2Fsvg%3E\" data-orig-src=\"https:\/\/jamonesibericosmadrid.com\/wp-content\/uploads\/2020\/11\/vaceiteeee-500x500.png\" data-srcset=\"https:\/\/jamonesibericosmadrid.com\/wp-content\/uploads\/2020\/11\/vaceiteeee-66x66.png 66w, https:\/\/jamonesibericosmadrid.com\/wp-content\/uploads\/2020\/11\/vaceiteeee-100x100.png 100w, https:\/\/jamonesibericosmadrid.com\/wp-content\/uploads\/2020\/11\/vaceiteeee-150x150.png 150w, https:\/\/jamonesibericosmadrid.com\/wp-content\/uploads\/2020\/11\/vaceiteeee-200x200.png 200w, https:\/\/jamonesibericosmadrid.com\/wp-content\/uploads\/2020\/11\/vaceiteeee-300x300.png 300w, https:\/\/jamonesibericosmadrid.com\/wp-content\/uploads\/2020\/11\/vaceiteeee-400x400.png 400w, https:\/\/jamonesibericosmadrid.com\/wp-content\/uploads\/2020\/11\/vaceiteeee-500x500.png 500w, https:\/\/jamonesibericosmadrid.com\/wp-content\/uploads\/2020\/11\/vaceiteeee-600x600.png 600w, https:\/\/jamonesibericosmadrid.com\/wp-content\/uploads\/2020\/11\/vaceiteeee-700x700.png 700w, https:\/\/jamonesibericosmadrid.com\/wp-content\/uploads\/2020\/11\/vaceiteeee-768x768.png 768w, https:\/\/jamonesibericosmadrid.com\/wp-content\/uploads\/2020\/11\/vaceiteeee-800x800.png 800w, https:\/\/jamonesibericosmadrid.com\/wp-content\/uploads\/2020\/11\/vaceiteeee.png 850w\" data-sizes=\"auto\" \/><div class=\"fusion-rollover\">\n\t<div class=\"fusion-rollover-content\">\n\n\t\t\t\t\n\t\t\n\t\t\t\t\t\t\t\t\n\t\t\t\t\t\t\t\t\n\t\t\n\t\t\t\t\t\t\t\t\t\t\t\t\t\t\t\n\t\t\t\t\t\t\n\t\t\t\t\t\t\t\t\t\t<div class=\"fusion-product-buttons\">\n\t\t\t\t\t<a href=\"\/en\/wp-json\/wp\/v2\/pages\/1368?add-to-cart=3442\" aria-describedby=\"woocommerce_loop_add_to_cart_link_describedby_3442\" data-quantity=\"1\" class=\"button product_type_simple add_to_cart_button ajax_add_to_cart\" data-product_id=\"3442\" data-product_sku=\"\" aria-label=\"Add to cart: &ldquo;Extra virgin olive oil Gift Box&rdquo;\" rel=\"nofollow\">Add to cart<\/a>\t<span id=\"woocommerce_loop_add_to_cart_link_describedby_3442\" class=\"screen-reader-text\">\n\t\t\t<\/span>\n<span class=\"fusion-rollover-linebreak\">\n\t\/<\/span>\n\n<a href=\"https:\/\/jamonesibericosmadrid.com\/en\/producto\/artajo-coupage-extra-virgin-olive-oil\/\" class=\"show_details_button\">\n\tDetails<\/a>\n\n\t\t\t\t<\/div>\n\t\t\t\t\t\t\t\t\t<a class=\"fusion-link-wrapper\" href=\"https:\/\/jamonesibericosmadrid.com\/en\/producto\/artajo-coupage-extra-virgin-olive-oil\/\" aria-label=\"Extra virgin olive oil Gift Box\"><\/a>\n\t<\/div>\n<\/div>\n<\/div>\n<\/div>\n<div class=\"fusion-product-content\">\n\t<div class=\"product-details\">\n\t\t<div class=\"product-details-container\">\n<h3 class=\"product-title\">\n\t<a href=\"https:\/\/jamonesibericosmadrid.com\/en\/producto\/artajo-coupage-extra-virgin-olive-oil\/\">\n\t\tExtra virgin olive oil Gift Box\t<\/a>\n<\/h3>\n<div class=\"fusion-price-rating\">\n\n\t<span class=\"price\"><span class=\"woocommerce-Price-amount amount\"><bdi>65,50<span class=\"woocommerce-Price-currencySymbol\">&euro;<\/span><\/bdi><\/span> <small><\/small><\/span>\n\t\t<\/div>\n\t<\/div>\n<\/div>\n\n\t<\/div> \n\n\n<\/div>\n<\/li>\n<li class=\"product type-product post-5751 status-publish last instock product_cat-oils has-post-thumbnail taxable shipping-taxable purchasable product-type-simple product-grid-view\">\n\t<div class=\"fusion-product-wrapper\">\n\n<div class=\"fusion-clean-product-image-wrapper \">\n\t<div  class=\"fusion-image-wrapper fusion-image-size-fixed\" aria-haspopup=\"true\">\n\t\t\t\t<img decoding=\"async\" width=\"500\" height=\"500\" src=\"https:\/\/jamonesibericosmadrid.com\/wp-content\/uploads\/2020\/11\/aceite-lata-1-1-500x500.png\" class=\"attachment-woocommerce_thumbnail size-woocommerce_thumbnail lazyload wp-post-image\" alt=\"Aceite extra virgen Artajo\" srcset=\"data:image\/svg+xml,%3Csvg%20xmlns%3D%27http%3A%2F%2Fwww.w3.org%2F2000%2Fsvg%27%20width%3D%27850%27%20height%3D%27850%27%20viewBox%3D%270%200%20850%20850%27%3E%3Crect%20width%3D%27850%27%20height%3D%27850%27%20fill-opacity%3D%220%22%2F%3E%3C%2Fsvg%3E\" data-orig-src=\"https:\/\/jamonesibericosmadrid.com\/wp-content\/uploads\/2020\/11\/aceite-lata-1-1-500x500.png\" data-srcset=\"https:\/\/jamonesibericosmadrid.com\/wp-content\/uploads\/2020\/11\/aceite-lata-1-1-66x66.png 66w, https:\/\/jamonesibericosmadrid.com\/wp-content\/uploads\/2020\/11\/aceite-lata-1-1-100x100.png 100w, https:\/\/jamonesibericosmadrid.com\/wp-content\/uploads\/2020\/11\/aceite-lata-1-1-150x150.png 150w, https:\/\/jamonesibericosmadrid.com\/wp-content\/uploads\/2020\/11\/aceite-lata-1-1-200x200.png 200w, https:\/\/jamonesibericosmadrid.com\/wp-content\/uploads\/2020\/11\/aceite-lata-1-1-300x300.png 300w, https:\/\/jamonesibericosmadrid.com\/wp-content\/uploads\/2020\/11\/aceite-lata-1-1-400x400.png 400w, https:\/\/jamonesibericosmadrid.com\/wp-content\/uploads\/2020\/11\/aceite-lata-1-1-500x500.png 500w, https:\/\/jamonesibericosmadrid.com\/wp-content\/uploads\/2020\/11\/aceite-lata-1-1-600x600.png 600w, https:\/\/jamonesibericosmadrid.com\/wp-content\/uploads\/2020\/11\/aceite-lata-1-1-700x700.png 700w, https:\/\/jamonesibericosmadrid.com\/wp-content\/uploads\/2020\/11\/aceite-lata-1-1-768x768.png 768w, https:\/\/jamonesibericosmadrid.com\/wp-content\/uploads\/2020\/11\/aceite-lata-1-1-800x800.png 800w, https:\/\/jamonesibericosmadrid.com\/wp-content\/uploads\/2020\/11\/aceite-lata-1-1.png 850w\" data-sizes=\"auto\" \/><div class=\"fusion-rollover\">\n\t<div class=\"fusion-rollover-content\">\n\n\t\t\t\t\n\t\t\n\t\t\t\t\t\t\t\t\n\t\t\t\t\t\t\t\t\n\t\t\n\t\t\t\t\t\t\t\t\t\t\t\t\t\t\t\n\t\t\t\t\t\t\n\t\t\t\t\t\t\t\t\t\t<div class=\"fusion-product-buttons\">\n\t\t\t\t\t<a href=\"\/en\/wp-json\/wp\/v2\/pages\/1368?add-to-cart=5751\" aria-describedby=\"woocommerce_loop_add_to_cart_link_describedby_5751\" data-quantity=\"1\" class=\"button product_type_simple add_to_cart_button ajax_add_to_cart\" data-product_id=\"5751\" data-product_sku=\"\" aria-label=\"Add to cart: &ldquo;Organic  extra virgin Arbequina olive oil&rdquo;\" rel=\"nofollow\">Add to cart<\/a>\t<span id=\"woocommerce_loop_add_to_cart_link_describedby_5751\" class=\"screen-reader-text\">\n\t\t\t<\/span>\n<span class=\"fusion-rollover-linebreak\">\n\t\/<\/span>\n\n<a href=\"https:\/\/jamonesibericosmadrid.com\/en\/producto\/organic-extra-virgin-arbequina-olive-oil\/\" class=\"show_details_button\">\n\tDetails<\/a>\n\n\t\t\t\t<\/div>\n\t\t\t\t\t\t\t\t\t<a class=\"fusion-link-wrapper\" href=\"https:\/\/jamonesibericosmadrid.com\/en\/producto\/organic-extra-virgin-arbequina-olive-oil\/\" aria-label=\"Organic  extra virgin Arbequina olive oil\"><\/a>\n\t<\/div>\n<\/div>\n<\/div>\n<\/div>\n<div class=\"fusion-product-content\">\n\t<div class=\"product-details\">\n\t\t<div class=\"product-details-container\">\n<h3 class=\"product-title\">\n\t<a href=\"https:\/\/jamonesibericosmadrid.com\/en\/producto\/organic-extra-virgin-arbequina-olive-oil\/\">\n\t\tOrganic  extra virgin Arbequina olive oil\t<\/a>\n<\/h3>\n<div class=\"fusion-price-rating\">\n\n\t<span class=\"price\"><span class=\"woocommerce-Price-amount amount\"><bdi>6,80<span class=\"woocommerce-Price-currencySymbol\">&euro;<\/span><\/bdi><\/span> <small><\/small><\/span>\n\t\t<\/div>\n\t<\/div>\n<\/div>\n\n\t<\/div> \n\n\n<\/div>\n<\/li>\n<li class=\"product type-product post-3418 status-publish first instock product_cat-oils has-post-thumbnail taxable shipping-taxable purchasable product-type-simple product-grid-view\">\n\t<div class=\"fusion-product-wrapper\">\n\n<div class=\"fusion-clean-product-image-wrapper \">\n\t<div  class=\"fusion-image-wrapper fusion-image-size-fixed\" aria-haspopup=\"true\">\n\t\t\t\t<img decoding=\"async\" width=\"500\" height=\"500\" src=\"https:\/\/jamonesibericosmadrid.com\/wp-content\/uploads\/2020\/11\/aceite-lata2-1-1-500x500.png\" class=\"attachment-woocommerce_thumbnail size-woocommerce_thumbnail lazyload wp-post-image\" alt=\"\" srcset=\"data:image\/svg+xml,%3Csvg%20xmlns%3D%27http%3A%2F%2Fwww.w3.org%2F2000%2Fsvg%27%20width%3D%27850%27%20height%3D%27850%27%20viewBox%3D%270%200%20850%20850%27%3E%3Crect%20width%3D%27850%27%20height%3D%27850%27%20fill-opacity%3D%220%22%2F%3E%3C%2Fsvg%3E\" data-orig-src=\"https:\/\/jamonesibericosmadrid.com\/wp-content\/uploads\/2020\/11\/aceite-lata2-1-1-500x500.png\" data-srcset=\"https:\/\/jamonesibericosmadrid.com\/wp-content\/uploads\/2020\/11\/aceite-lata2-1-1-66x66.png 66w, https:\/\/jamonesibericosmadrid.com\/wp-content\/uploads\/2020\/11\/aceite-lata2-1-1-100x100.png 100w, https:\/\/jamonesibericosmadrid.com\/wp-content\/uploads\/2020\/11\/aceite-lata2-1-1-150x150.png 150w, https:\/\/jamonesibericosmadrid.com\/wp-content\/uploads\/2020\/11\/aceite-lata2-1-1-200x200.png 200w, https:\/\/jamonesibericosmadrid.com\/wp-content\/uploads\/2020\/11\/aceite-lata2-1-1-300x300.png 300w, https:\/\/jamonesibericosmadrid.com\/wp-content\/uploads\/2020\/11\/aceite-lata2-1-1-400x400.png 400w, https:\/\/jamonesibericosmadrid.com\/wp-content\/uploads\/2020\/11\/aceite-lata2-1-1-500x500.png 500w, https:\/\/jamonesibericosmadrid.com\/wp-content\/uploads\/2020\/11\/aceite-lata2-1-1-600x600.png 600w, https:\/\/jamonesibericosmadrid.com\/wp-content\/uploads\/2020\/11\/aceite-lata2-1-1-700x700.png 700w, https:\/\/jamonesibericosmadrid.com\/wp-content\/uploads\/2020\/11\/aceite-lata2-1-1-768x768.png 768w, https:\/\/jamonesibericosmadrid.com\/wp-content\/uploads\/2020\/11\/aceite-lata2-1-1-800x800.png 800w, https:\/\/jamonesibericosmadrid.com\/wp-content\/uploads\/2020\/11\/aceite-lata2-1-1.png 850w\" data-sizes=\"auto\" \/><div class=\"fusion-rollover\">\n\t<div class=\"fusion-rollover-content\">\n\n\t\t\t\t\n\t\t\n\t\t\t\t\t\t\t\t\n\t\t\t\t\t\t\t\t\n\t\t\n\t\t\t\t\t\t\t\t\t\t\t\t\t\t\t\n\t\t\t\t\t\t\n\t\t\t\t\t\t\t\t\t\t<div class=\"fusion-product-buttons\">\n\t\t\t\t\t<a href=\"\/en\/wp-json\/wp\/v2\/pages\/1368?add-to-cart=3418\" aria-describedby=\"woocommerce_loop_add_to_cart_link_describedby_3418\" data-quantity=\"1\" class=\"button product_type_simple add_to_cart_button ajax_add_to_cart\" data-product_id=\"3418\" data-product_sku=\"\" aria-label=\"Add to cart: &ldquo;Artajo 8 ECOL\u00d3GICO Koroneiki&rdquo;\" rel=\"nofollow\">Add to cart<\/a>\t<span id=\"woocommerce_loop_add_to_cart_link_describedby_3418\" class=\"screen-reader-text\">\n\t\t\t<\/span>\n<span class=\"fusion-rollover-linebreak\">\n\t\/<\/span>\n\n<a href=\"https:\/\/jamonesibericosmadrid.com\/en\/producto\/artajo-8-ecologico-koroneiki\/\" class=\"show_details_button\">\n\tDetails<\/a>\n\n\t\t\t\t<\/div>\n\t\t\t\t\t\t\t\t\t<a class=\"fusion-link-wrapper\" href=\"https:\/\/jamonesibericosmadrid.com\/en\/producto\/artajo-8-ecologico-koroneiki\/\" aria-label=\"Artajo 8 ECOL\u00d3GICO Koroneiki\"><\/a>\n\t<\/div>\n<\/div>\n<\/div>\n<\/div>\n<div class=\"fusion-product-content\">\n\t<div class=\"product-details\">\n\t\t<div class=\"product-details-container\">\n<h3 class=\"product-title\">\n\t<a href=\"https:\/\/jamonesibericosmadrid.com\/en\/producto\/artajo-8-ecologico-koroneiki\/\">\n\t\tArtajo 8 ECOL\u00d3GICO Koroneiki\t<\/a>\n<\/h3>\n<div class=\"fusion-price-rating\">\n\n\t<span class=\"price\"><span class=\"woocommerce-Price-amount amount\"><bdi>6,80<span class=\"woocommerce-Price-currencySymbol\">&euro;<\/span><\/bdi><\/span> <small><\/small><\/span>\n\t\t<\/div>\n\t<\/div>\n<\/div>\n\n\t<\/div> \n\n\n<\/div>\n<\/li>\n<li class=\"product type-product post-5752 status-publish instock product_cat-oils has-post-thumbnail taxable shipping-taxable purchasable product-type-simple product-grid-view\">\n\t<div class=\"fusion-product-wrapper\">\n\n<div class=\"fusion-clean-product-image-wrapper \">\n\t<div  class=\"fusion-image-wrapper fusion-image-size-fixed\" aria-haspopup=\"true\">\n\t\t\t\t<img decoding=\"async\" width=\"500\" height=\"500\" src=\"https:\/\/jamonesibericosmadrid.com\/wp-content\/uploads\/2020\/11\/Artajo-manzanilla-500x500.png\" class=\"attachment-woocommerce_thumbnail size-woocommerce_thumbnail lazyload wp-post-image\" alt=\"Artajo manzanilla\" srcset=\"data:image\/svg+xml,%3Csvg%20xmlns%3D%27http%3A%2F%2Fwww.w3.org%2F2000%2Fsvg%27%20width%3D%27850%27%20height%3D%27850%27%20viewBox%3D%270%200%20850%20850%27%3E%3Crect%20width%3D%27850%27%20height%3D%27850%27%20fill-opacity%3D%220%22%2F%3E%3C%2Fsvg%3E\" data-orig-src=\"https:\/\/jamonesibericosmadrid.com\/wp-content\/uploads\/2020\/11\/Artajo-manzanilla-500x500.png\" data-srcset=\"https:\/\/jamonesibericosmadrid.com\/wp-content\/uploads\/2020\/11\/Artajo-manzanilla-66x66.png 66w, https:\/\/jamonesibericosmadrid.com\/wp-content\/uploads\/2020\/11\/Artajo-manzanilla-100x100.png 100w, https:\/\/jamonesibericosmadrid.com\/wp-content\/uploads\/2020\/11\/Artajo-manzanilla-150x150.png 150w, https:\/\/jamonesibericosmadrid.com\/wp-content\/uploads\/2020\/11\/Artajo-manzanilla-200x200.png 200w, https:\/\/jamonesibericosmadrid.com\/wp-content\/uploads\/2020\/11\/Artajo-manzanilla-300x300.png 300w, https:\/\/jamonesibericosmadrid.com\/wp-content\/uploads\/2020\/11\/Artajo-manzanilla-400x400.png 400w, https:\/\/jamonesibericosmadrid.com\/wp-content\/uploads\/2020\/11\/Artajo-manzanilla-500x500.png 500w, https:\/\/jamonesibericosmadrid.com\/wp-content\/uploads\/2020\/11\/Artajo-manzanilla-600x600.png 600w, https:\/\/jamonesibericosmadrid.com\/wp-content\/uploads\/2020\/11\/Artajo-manzanilla-700x700.png 700w, https:\/\/jamonesibericosmadrid.com\/wp-content\/uploads\/2020\/11\/Artajo-manzanilla-768x768.png 768w, https:\/\/jamonesibericosmadrid.com\/wp-content\/uploads\/2020\/11\/Artajo-manzanilla-800x800.png 800w, https:\/\/jamonesibericosmadrid.com\/wp-content\/uploads\/2020\/11\/Artajo-manzanilla.png 850w\" data-sizes=\"auto\" \/><div class=\"fusion-rollover\">\n\t<div class=\"fusion-rollover-content\">\n\n\t\t\t\t\n\t\t\n\t\t\t\t\t\t\t\t\n\t\t\t\t\t\t\t\t\n\t\t\n\t\t\t\t\t\t\t\t\t\t\t\t\t\t\t\n\t\t\t\t\t\t\n\t\t\t\t\t\t\t\t\t\t<div class=\"fusion-product-buttons\">\n\t\t\t\t\t<a href=\"\/en\/wp-json\/wp\/v2\/pages\/1368?add-to-cart=5752\" aria-describedby=\"woocommerce_loop_add_to_cart_link_describedby_5752\" data-quantity=\"1\" class=\"button product_type_simple add_to_cart_button ajax_add_to_cart\" data-product_id=\"5752\" data-product_sku=\"\" aria-label=\"Add to cart: &ldquo;Organic extra virgin Manzanilla olive oil&rdquo;\" rel=\"nofollow\">Add to cart<\/a>\t<span id=\"woocommerce_loop_add_to_cart_link_describedby_5752\" class=\"screen-reader-text\">\n\t\t\t<\/span>\n<span class=\"fusion-rollover-linebreak\">\n\t\/<\/span>\n\n<a href=\"https:\/\/jamonesibericosmadrid.com\/en\/producto\/organic-extra-virgin-manzanilla-olive-oil\/\" class=\"show_details_button\">\n\tDetails<\/a>\n\n\t\t\t\t<\/div>\n\t\t\t\t\t\t\t\t\t<a class=\"fusion-link-wrapper\" href=\"https:\/\/jamonesibericosmadrid.com\/en\/producto\/organic-extra-virgin-manzanilla-olive-oil\/\" aria-label=\"Organic extra virgin Manzanilla olive oil\"><\/a>\n\t<\/div>\n<\/div>\n<\/div>\n<\/div>\n<div class=\"fusion-product-content\">\n\t<div class=\"product-details\">\n\t\t<div class=\"product-details-container\">\n<h3 class=\"product-title\">\n\t<a href=\"https:\/\/jamonesibericosmadrid.com\/en\/producto\/organic-extra-virgin-manzanilla-olive-oil\/\">\n\t\tOrganic extra virgin Manzanilla olive oil\t<\/a>\n<\/h3>\n<div class=\"fusion-price-rating\">\n\n\t<span class=\"price\"><span class=\"woocommerce-Price-amount amount\"><bdi>6,80<span class=\"woocommerce-Price-currencySymbol\">&euro;<\/span><\/bdi><\/span> <small><\/small><\/span>\n\t\t<\/div>\n\t<\/div>\n<\/div>\n\n\t<\/div> \n\n\n<\/div>\n<\/li>\n<li class=\"product type-product post-7252 status-publish last instock product_cat-oils has-post-thumbnail taxable shipping-taxable purchasable product-type-simple product-grid-view\">\n\t<div class=\"fusion-product-wrapper\">\n\n<div class=\"fusion-clean-product-image-wrapper \">\n\t<div  class=\"fusion-image-wrapper fusion-image-size-fixed\" aria-haspopup=\"true\">\n\t\t\t\t<img decoding=\"async\" width=\"500\" height=\"500\" src=\"https:\/\/jamonesibericosmadrid.com\/wp-content\/uploads\/2020\/11\/aceite-lata1-1-500x500.png\" class=\"attachment-woocommerce_thumbnail size-woocommerce_thumbnail lazyload wp-post-image\" alt=\"Arroniz\" srcset=\"data:image\/svg+xml,%3Csvg%20xmlns%3D%27http%3A%2F%2Fwww.w3.org%2F2000%2Fsvg%27%20width%3D%27850%27%20height%3D%27850%27%20viewBox%3D%270%200%20850%20850%27%3E%3Crect%20width%3D%27850%27%20height%3D%27850%27%20fill-opacity%3D%220%22%2F%3E%3C%2Fsvg%3E\" data-orig-src=\"https:\/\/jamonesibericosmadrid.com\/wp-content\/uploads\/2020\/11\/aceite-lata1-1-500x500.png\" data-srcset=\"https:\/\/jamonesibericosmadrid.com\/wp-content\/uploads\/2020\/11\/aceite-lata1-1-66x66.png 66w, https:\/\/jamonesibericosmadrid.com\/wp-content\/uploads\/2020\/11\/aceite-lata1-1-100x100.png 100w, https:\/\/jamonesibericosmadrid.com\/wp-content\/uploads\/2020\/11\/aceite-lata1-1-150x150.png 150w, https:\/\/jamonesibericosmadrid.com\/wp-content\/uploads\/2020\/11\/aceite-lata1-1-200x200.png 200w, https:\/\/jamonesibericosmadrid.com\/wp-content\/uploads\/2020\/11\/aceite-lata1-1-300x300.png 300w, https:\/\/jamonesibericosmadrid.com\/wp-content\/uploads\/2020\/11\/aceite-lata1-1-400x400.png 400w, https:\/\/jamonesibericosmadrid.com\/wp-content\/uploads\/2020\/11\/aceite-lata1-1-500x500.png 500w, https:\/\/jamonesibericosmadrid.com\/wp-content\/uploads\/2020\/11\/aceite-lata1-1-600x600.png 600w, https:\/\/jamonesibericosmadrid.com\/wp-content\/uploads\/2020\/11\/aceite-lata1-1-700x700.png 700w, https:\/\/jamonesibericosmadrid.com\/wp-content\/uploads\/2020\/11\/aceite-lata1-1-768x768.png 768w, https:\/\/jamonesibericosmadrid.com\/wp-content\/uploads\/2020\/11\/aceite-lata1-1-800x800.png 800w, https:\/\/jamonesibericosmadrid.com\/wp-content\/uploads\/2020\/11\/aceite-lata1-1.png 850w\" data-sizes=\"auto\" \/><div class=\"fusion-rollover\">\n\t<div class=\"fusion-rollover-content\">\n\n\t\t\t\t\n\t\t\n\t\t\t\t\t\t\t\t\n\t\t\t\t\t\t\t\t\n\t\t\n\t\t\t\t\t\t\t\t\t\t\t\t\t\t\t\n\t\t\t\t\t\t\n\t\t\t\t\t\t\t\t\t\t<div class=\"fusion-product-buttons\">\n\t\t\t\t\t<a href=\"\/en\/wp-json\/wp\/v2\/pages\/1368?add-to-cart=7252\" aria-describedby=\"woocommerce_loop_add_to_cart_link_describedby_7252\" data-quantity=\"1\" class=\"button product_type_simple add_to_cart_button ajax_add_to_cart\" data-product_id=\"7252\" data-product_sku=\"\" aria-label=\"Add to cart: &ldquo;Artajo 8 BIO Coupage Lata 250 cc.&rdquo;\" rel=\"nofollow\">Add to cart<\/a>\t<span id=\"woocommerce_loop_add_to_cart_link_describedby_7252\" class=\"screen-reader-text\">\n\t\t\t<\/span>\n<span class=\"fusion-rollover-linebreak\">\n\t\/<\/span>\n\n<a href=\"https:\/\/jamonesibericosmadrid.com\/en\/producto\/artajo-8-bio-coupage-lata-250-cc\/\" class=\"show_details_button\">\n\tDetails<\/a>\n\n\t\t\t\t<\/div>\n\t\t\t\t\t\t\t\t\t<a class=\"fusion-link-wrapper\" href=\"https:\/\/jamonesibericosmadrid.com\/en\/producto\/artajo-8-bio-coupage-lata-250-cc\/\" aria-label=\"Artajo 8 BIO Coupage Lata 250 cc.\"><\/a>\n\t<\/div>\n<\/div>\n<\/div>\n<\/div>\n<div class=\"fusion-product-content\">\n\t<div class=\"product-details\">\n\t\t<div class=\"product-details-container\">\n<h3 class=\"product-title\">\n\t<a href=\"https:\/\/jamonesibericosmadrid.com\/en\/producto\/artajo-8-bio-coupage-lata-250-cc\/\">\n\t\tArtajo 8 BIO Coupage Lata 250 cc.\t<\/a>\n<\/h3>\n<div class=\"fusion-price-rating\">\n\n\t<span class=\"price\"><span class=\"woocommerce-Price-amount amount\"><bdi>6,80<span class=\"woocommerce-Price-currencySymbol\">&euro;<\/span><\/bdi><\/span> <small><\/small><\/span>\n\t\t<\/div>\n\t<\/div>\n<\/div>\n\n\t<\/div> \n\n\n<\/div>\n<\/li>\n<li class=\"product type-product post-1066 status-publish first instock product_cat-oils has-post-thumbnail taxable shipping-taxable purchasable product-type-simple product-grid-view\">\n\t<div class=\"fusion-product-wrapper\">\n\n<div class=\"fusion-clean-product-image-wrapper \">\n\t<div  class=\"fusion-image-wrapper fusion-image-size-fixed\" aria-haspopup=\"true\">\n\t\t\t\t<img decoding=\"async\" width=\"500\" height=\"500\" src=\"https:\/\/jamonesibericosmadrid.com\/wp-content\/uploads\/2018\/02\/aceite-bot--500x500.png\" class=\"attachment-woocommerce_thumbnail size-woocommerce_thumbnail lazyload wp-post-image\" alt=\"Aceite sin filtrar\" srcset=\"data:image\/svg+xml,%3Csvg%20xmlns%3D%27http%3A%2F%2Fwww.w3.org%2F2000%2Fsvg%27%20width%3D%27850%27%20height%3D%27850%27%20viewBox%3D%270%200%20850%20850%27%3E%3Crect%20width%3D%27850%27%20height%3D%27850%27%20fill-opacity%3D%220%22%2F%3E%3C%2Fsvg%3E\" data-orig-src=\"https:\/\/jamonesibericosmadrid.com\/wp-content\/uploads\/2018\/02\/aceite-bot--500x500.png\" data-srcset=\"https:\/\/jamonesibericosmadrid.com\/wp-content\/uploads\/2018\/02\/aceite-bot--66x66.png 66w, https:\/\/jamonesibericosmadrid.com\/wp-content\/uploads\/2018\/02\/aceite-bot--100x100.png 100w, https:\/\/jamonesibericosmadrid.com\/wp-content\/uploads\/2018\/02\/aceite-bot--150x150.png 150w, https:\/\/jamonesibericosmadrid.com\/wp-content\/uploads\/2018\/02\/aceite-bot--200x200.png 200w, https:\/\/jamonesibericosmadrid.com\/wp-content\/uploads\/2018\/02\/aceite-bot--300x300.png 300w, https:\/\/jamonesibericosmadrid.com\/wp-content\/uploads\/2018\/02\/aceite-bot--400x400.png 400w, https:\/\/jamonesibericosmadrid.com\/wp-content\/uploads\/2018\/02\/aceite-bot--500x500.png 500w, https:\/\/jamonesibericosmadrid.com\/wp-content\/uploads\/2018\/02\/aceite-bot--600x600.png 600w, https:\/\/jamonesibericosmadrid.com\/wp-content\/uploads\/2018\/02\/aceite-bot--700x700.png 700w, https:\/\/jamonesibericosmadrid.com\/wp-content\/uploads\/2018\/02\/aceite-bot--768x768.png 768w, https:\/\/jamonesibericosmadrid.com\/wp-content\/uploads\/2018\/02\/aceite-bot--800x800.png 800w, https:\/\/jamonesibericosmadrid.com\/wp-content\/uploads\/2018\/02\/aceite-bot-.png 850w\" data-sizes=\"auto\" \/><div class=\"fusion-rollover\">\n\t<div class=\"fusion-rollover-content\">\n\n\t\t\t\t\n\t\t\n\t\t\t\t\t\t\t\t\n\t\t\t\t\t\t\t\t\n\t\t\n\t\t\t\t\t\t\t\t\t\t\t\t\t\t\t\n\t\t\t\t\t\t\n\t\t\t\t\t\t\t\t\t\t<div class=\"fusion-product-buttons\">\n\t\t\t\t\t<a href=\"\/en\/wp-json\/wp\/v2\/pages\/1368?add-to-cart=1066\" aria-describedby=\"woocommerce_loop_add_to_cart_link_describedby_1066\" data-quantity=\"1\" class=\"button product_type_simple add_to_cart_button ajax_add_to_cart\" data-product_id=\"1066\" data-product_sku=\"\" aria-label=\"Add to cart: &ldquo;Extra virgin organic Arbequina olive oil.&rdquo;\" rel=\"nofollow\">Add to cart<\/a>\t<span id=\"woocommerce_loop_add_to_cart_link_describedby_1066\" class=\"screen-reader-text\">\n\t\t\t<\/span>\n<span class=\"fusion-rollover-linebreak\">\n\t\/<\/span>\n\n<a href=\"https:\/\/jamonesibericosmadrid.com\/en\/producto\/artajo-albador-arbequina-frutado-bio-1-l-bottle\/\" class=\"show_details_button\">\n\tDetails<\/a>\n\n\t\t\t\t<\/div>\n\t\t\t\t\t\t\t\t\t<a class=\"fusion-link-wrapper\" href=\"https:\/\/jamonesibericosmadrid.com\/en\/producto\/artajo-albador-arbequina-frutado-bio-1-l-bottle\/\" aria-label=\"Extra virgin organic Arbequina olive oil.\"><\/a>\n\t<\/div>\n<\/div>\n<\/div>\n<\/div>\n<div class=\"fusion-product-content\">\n\t<div class=\"product-details\">\n\t\t<div class=\"product-details-container\">\n<h3 class=\"product-title\">\n\t<a href=\"https:\/\/jamonesibericosmadrid.com\/en\/producto\/artajo-albador-arbequina-frutado-bio-1-l-bottle\/\">\n\t\tExtra virgin organic Arbequina olive oil.\t<\/a>\n<\/h3>\n<div class=\"fusion-price-rating\">\n\n\t<span class=\"price\"><span class=\"woocommerce-Price-amount amount\"><bdi>22,90<span class=\"woocommerce-Price-currencySymbol\">&euro;<\/span><\/bdi><\/span> <small><\/small><\/span>\n\t\t<\/div>\n\t<\/div>\n<\/div>\n\n\t<\/div> \n\n\n<\/div>\n<\/li>\n<li class=\"product type-product post-1064 status-publish instock product_cat-oils has-post-thumbnail taxable shipping-taxable purchasable product-type-simple product-grid-view\">\n\t<div class=\"fusion-product-wrapper\">\n\n<div class=\"fusion-clean-product-image-wrapper \">\n\t<div  class=\"fusion-image-wrapper fusion-image-size-fixed\" aria-haspopup=\"true\">\n\t\t\t\t<img decoding=\"async\" width=\"500\" height=\"500\" src=\"https:\/\/jamonesibericosmadrid.com\/wp-content\/uploads\/2018\/02\/lata500_sin_filtrar-1-500x500.jpg\" class=\"attachment-woocommerce_thumbnail size-woocommerce_thumbnail lazyload wp-post-image\" alt=\"Aceite Extra virgen sin filtrar\" srcset=\"data:image\/svg+xml,%3Csvg%20xmlns%3D%27http%3A%2F%2Fwww.w3.org%2F2000%2Fsvg%27%20width%3D%272268%27%20height%3D%272268%27%20viewBox%3D%270%200%202268%202268%27%3E%3Crect%20width%3D%272268%27%20height%3D%272268%27%20fill-opacity%3D%220%22%2F%3E%3C%2Fsvg%3E\" data-orig-src=\"https:\/\/jamonesibericosmadrid.com\/wp-content\/uploads\/2018\/02\/lata500_sin_filtrar-1-500x500.jpg\" data-srcset=\"https:\/\/jamonesibericosmadrid.com\/wp-content\/uploads\/2018\/02\/lata500_sin_filtrar-1-66x66.jpg 66w, https:\/\/jamonesibericosmadrid.com\/wp-content\/uploads\/2018\/02\/lata500_sin_filtrar-1-100x100.jpg 100w, https:\/\/jamonesibericosmadrid.com\/wp-content\/uploads\/2018\/02\/lata500_sin_filtrar-1-150x150.jpg 150w, https:\/\/jamonesibericosmadrid.com\/wp-content\/uploads\/2018\/02\/lata500_sin_filtrar-1-200x200.jpg 200w, https:\/\/jamonesibericosmadrid.com\/wp-content\/uploads\/2018\/02\/lata500_sin_filtrar-1-300x300.jpg 300w, https:\/\/jamonesibericosmadrid.com\/wp-content\/uploads\/2018\/02\/lata500_sin_filtrar-1-400x400.jpg 400w, https:\/\/jamonesibericosmadrid.com\/wp-content\/uploads\/2018\/02\/lata500_sin_filtrar-1-500x500.jpg 500w, https:\/\/jamonesibericosmadrid.com\/wp-content\/uploads\/2018\/02\/lata500_sin_filtrar-1-600x600.jpg 600w, https:\/\/jamonesibericosmadrid.com\/wp-content\/uploads\/2018\/02\/lata500_sin_filtrar-1-700x700.jpg 700w, https:\/\/jamonesibericosmadrid.com\/wp-content\/uploads\/2018\/02\/lata500_sin_filtrar-1-768x768.jpg 768w, https:\/\/jamonesibericosmadrid.com\/wp-content\/uploads\/2018\/02\/lata500_sin_filtrar-1-800x800.jpg 800w, https:\/\/jamonesibericosmadrid.com\/wp-content\/uploads\/2018\/02\/lata500_sin_filtrar-1-1024x1024.jpg 1024w, https:\/\/jamonesibericosmadrid.com\/wp-content\/uploads\/2018\/02\/lata500_sin_filtrar-1-1200x1200.jpg 1200w, https:\/\/jamonesibericosmadrid.com\/wp-content\/uploads\/2018\/02\/lata500_sin_filtrar-1-1536x1536.jpg 1536w\" data-sizes=\"auto\" \/><div class=\"fusion-rollover\">\n\t<div class=\"fusion-rollover-content\">\n\n\t\t\t\t\n\t\t\n\t\t\t\t\t\t\t\t\n\t\t\t\t\t\t\t\t\n\t\t\n\t\t\t\t\t\t\t\t\t\t\t\t\t\t\t\n\t\t\t\t\t\t\n\t\t\t\t\t\t\t\t\t\t<div class=\"fusion-product-buttons\">\n\t\t\t\t\t<a href=\"\/en\/wp-json\/wp\/v2\/pages\/1368?add-to-cart=1064\" aria-describedby=\"woocommerce_loop_add_to_cart_link_describedby_1064\" data-quantity=\"1\" class=\"button product_type_simple add_to_cart_button ajax_add_to_cart\" data-product_id=\"1064\" data-product_sku=\"\" aria-label=\"Add to cart: &ldquo;Goldoliveoil  Merula  0.5 L. tin&rdquo;\" rel=\"nofollow\">Add to cart<\/a>\t<span id=\"woocommerce_loop_add_to_cart_link_describedby_1064\" class=\"screen-reader-text\">\n\t\t\t<\/span>\n<span class=\"fusion-rollover-linebreak\">\n\t\/<\/span>\n\n<a href=\"https:\/\/jamonesibericosmadrid.com\/en\/producto\/goldoliveoil-1752-0-5-l-tin\/\" class=\"show_details_button\">\n\tDetails<\/a>\n\n\t\t\t\t<\/div>\n\t\t\t\t\t\t\t\t\t<a class=\"fusion-link-wrapper\" href=\"https:\/\/jamonesibericosmadrid.com\/en\/producto\/goldoliveoil-1752-0-5-l-tin\/\" aria-label=\"Goldoliveoil  Merula  0.5 L. tin\"><\/a>\n\t<\/div>\n<\/div>\n<\/div>\n<\/div>\n<div class=\"fusion-product-content\">\n\t<div class=\"product-details\">\n\t\t<div class=\"product-details-container\">\n<h3 class=\"product-title\">\n\t<a href=\"https:\/\/jamonesibericosmadrid.com\/en\/producto\/goldoliveoil-1752-0-5-l-tin\/\">\n\t\tGoldoliveoil  Merula  0.5 L. tin\t<\/a>\n<\/h3>\n<div class=\"fusion-price-rating\">\n\n\t<span class=\"price\"><span class=\"woocommerce-Price-amount amount\"><bdi>12,50<span class=\"woocommerce-Price-currencySymbol\">&euro;<\/span><\/bdi><\/span> <small><\/small><\/span>\n\t\t<\/div>\n\t<\/div>\n<\/div>\n\n\t<\/div> \n\n\n<\/div>\n<\/li>\n<\/ul>\n<\/div>\n<\/div><\/div><\/div><div class=\"fusion-clearfix\"><\/div><\/div><\/div><\/div><\/div><\/p>\n","protected":false},"excerpt":{"rendered":"","protected":false},"author":1,"featured_media":0,"parent":0,"menu_order":0,"comment_status":"closed","ping_status":"closed","template":"100-width.php","meta":{"footnotes":""},"class_list":["post-1368","page","type-page","status-publish","hentry"],"_links":{"self":[{"href":"https:\/\/jamonesibericosmadrid.com\/en\/wp-json\/wp\/v2\/pages\/1368","targetHints":{"allow":["GET"]}}],"collection":[{"href":"https:\/\/jamonesibericosmadrid.com\/en\/wp-json\/wp\/v2\/pages"}],"about":[{"href":"https:\/\/jamonesibericosmadrid.com\/en\/wp-json\/wp\/v2\/types\/page"}],"author":[{"embeddable":true,"href":"https:\/\/jamonesibericosmadrid.com\/en\/wp-json\/wp\/v2\/users\/1"}],"replies":[{"embeddable":true,"href":"https:\/\/jamonesibericosmadrid.com\/en\/wp-json\/wp\/v2\/comments?post=1368"}],"version-history":[{"count":0,"href":"https:\/\/jamonesibericosmadrid.com\/en\/wp-json\/wp\/v2\/pages\/1368\/revisions"}],"wp:attachment":[{"href":"https:\/\/jamonesibericosmadrid.com\/en\/wp-json\/wp\/v2\/media?parent=1368"}],"curies":[{"name":"wp","href":"https:\/\/api.w.org\/{rel}","templated":true}]}}